{"id":3370,"date":"2025-04-02T15:28:29","date_gmt":"2025-04-02T14:28:29","guid":{"rendered":"https:\/\/stellaematutinae.org\/?page_id=3370"},"modified":"2025-04-04T08:29:10","modified_gmt":"2025-04-04T07:29:10","slug":"stars-of-tomorrow-v","status":"publish","type":"page","link":"https:\/\/stellaematutinae.org\/de\/stars-of-tomorrow-v\/","title":{"rendered":"Stars of Tomorrow V"},"content":{"rendered":"<p><\/p>\n\n\n\n<div class=\"wp-block-uagb-container uagb-block-arx5ag0e alignfull uagb-is-root-container\"><div class=\"uagb-container-inner-blocks-wrap\">\n<div class=\"wp-block-uagb-info-box uagb-block-igxnvdc6 uagb-infobox__content-wrap  uagb-infobox-icon-above-title uagb-infobox-image-valign-top\"><div class=\"uagb-ifb-content\"><div class=\"uagb-ifb-title-wrap\"><h1 class=\"uagb-ifb-title\">STARS OF TOMORROW<br>KONZERT V<\/h1><\/div><p class=\"uagb-ifb-desc\"><strong>Rosie Murphy<\/strong> \u2013 <em>\u201eBetween the Strings: Echoes of the Harp\u201d \u2013 Musik des 21. Jahrhunderts<\/em><br><br><strong>Gabriela Dudziak <\/strong>\u2013 <em>Arabesque und Neue Sachlichkeit \u2013 Zwischen Verzierung und reiner Form<\/em><\/p><\/div><\/div>\n<\/div><\/div>\n\n\n\n<div style=\"height:0px\" aria-hidden=\"true\" class=\"wp-block-spacer\"><\/div>\n\n\n\n<div style=\"height:100px\" aria-hidden=\"true\" class=\"wp-block-spacer\"><\/div>\n\n\n\n<p><\/p>\n\n\n\n<div class=\"wp-block-uagb-container uagb-block-rqorbran alignfull uagb-is-root-container\"><div class=\"uagb-container-inner-blocks-wrap\">\n<div class=\"wp-block-uagb-image alignleft uagb-block-1f2f3169 wp-block-uagb-image--layout-default wp-block-uagb-image--effect-static wp-block-uagb-image--align-left\"><figure class=\"wp-block-uagb-image__figure\"><img decoding=\"async\" srcset=\"https:\/\/stellaematutinae.org\/wp-content\/uploads\/2025\/04\/Murphy-683x1024.jpg ,https:\/\/stellaematutinae.org\/wp-content\/uploads\/2025\/04\/Murphy.jpg 780w, https:\/\/stellaematutinae.org\/wp-content\/uploads\/2025\/04\/Murphy.jpg 360w\" sizes=\"auto, (max-width: 480px) 150px\" src=\"https:\/\/stellaematutinae.org\/wp-content\/uploads\/2025\/04\/Murphy-683x1024.jpg\" alt=\"\" class=\"uag-image-3343\" width=\"564\" height=\"423\" title=\"Murphy\" loading=\"lazy\" role=\"img\"\/><\/figure><\/div>\n\n\n\n<div class=\"wp-block-uagb-container uagb-block-mivorbeu\">\n<div class=\"wp-block-uagb-info-box uagb-block-m1yykcpx uagb-infobox__content-wrap  uagb-infobox-icon-above-title uagb-infobox-image-valign-top\"><div class=\"uagb-ifb-content\"><div class=\"uagb-ifb-title-wrap\"><p class=\"uagb-ifb-title-prefix\"><strong>Rosie Murphy<\/strong> \u2013 <em>\u201eBetween the Strings: Echoes of the Harp\u201d \u2013 Musik des 21. Jahrhunderts<\/em><\/p><\/div><p class=\"uagb-ifb-desc\">1. Greg Caffrey (*1963) &#8211; Takemitsu\u2019s Dream (2008), arranged for harp Rosie Murphy 2024<br><br>2. Rosie Murphy (*2000) &#8211; paidir chi\u00fain a r\u00e1 (2024)<br><br>3. Naji Hakim (1955) &#8211; Jeu (1999)<\/p><\/div><\/div>\n<\/div>\n<\/div><\/div>\n\n\n\n<div class=\"wp-block-uagb-container uagb-block-1e3702d0 alignfull uagb-is-root-container\"><div class=\"uagb-container-inner-blocks-wrap\">\n<div class=\"wp-block-uagb-image alignleft uagb-block-f667766d wp-block-uagb-image--layout-default wp-block-uagb-image--effect-static wp-block-uagb-image--align-left\"><figure class=\"wp-block-uagb-image__figure\"><img decoding=\"async\" srcset=\"https:\/\/stellaematutinae.org\/wp-content\/uploads\/2025\/04\/Dudziak2-819x1024.jpeg ,https:\/\/stellaematutinae.org\/wp-content\/uploads\/2025\/04\/Dudziak2-scaled.jpeg 780w, https:\/\/stellaematutinae.org\/wp-content\/uploads\/2025\/04\/Dudziak2-scaled.jpeg 360w\" sizes=\"auto, (max-width: 480px) 150px\" src=\"https:\/\/stellaematutinae.org\/wp-content\/uploads\/2025\/04\/Dudziak2-819x1024.jpeg\" alt=\"\" class=\"uag-image-3338\" width=\"564\" height=\"423\" title=\"Dudziak2\" loading=\"lazy\" role=\"img\"\/><\/figure><\/div>\n\n\n\n<div class=\"wp-block-uagb-container uagb-layout-grid uagb-block-6679e300\">\n<div class=\"wp-block-uagb-info-box uagb-block-547f007a uagb-infobox__content-wrap  uagb-infobox-icon-above-title uagb-infobox-image-valign-top\"><div class=\"uagb-ifb-content\"><div class=\"uagb-ifb-title-wrap\"><p class=\"uagb-ifb-title-prefix\"><strong>Gabriela Dudziak <\/strong>\u2013 <em>Arabesque und Neue Sachlichkeit \u2013 Zwischen Verzierung und reiner Form<\/em><\/p><\/div><p class=\"uagb-ifb-desc\">1. Marcel Tournier (1879-1951) &#8211; Sonatine Op. 30&nbsp;<br><br>II. Calme et expressif<br><br>2. Marta Ptaszy\u0144ska (*1943) &#8211; Arabesque for harp solo<br><br>3. Jean-Philippe Rameau (1683-1764) &#8211; L\u2019\u00e9gyptienne<br><br>4. Paul Hindemith (1895-1963) &#8211; Sonata for Harp<br>I. M\u00e4\u00dfig schnell<br>II. Lebhaft<br>III. Sehr langsam<br><\/p><\/div><\/div>\n<\/div>\n<\/div><\/div>\n\n\n\n<p><\/p>\n\n\n\n<div class=\"wp-block-uagb-container uagb-block-wlwubypj alignfull uagb-is-root-container\"><div class=\"uagb-container-inner-blocks-wrap\">\n<div class=\"wp-block-uagb-container uagb-block-zsjip89w\">\n<div class=\"wp-block-uagb-container uagb-block-nm4jnsvt\">\n<div class=\"wp-block-uagb-image alignleft uagb-block-qhc4vbvx wp-block-uagb-image--layout-default wp-block-uagb-image--effect-static wp-block-uagb-image--align-left\"><figure class=\"wp-block-uagb-image__figure\"><img decoding=\"async\" srcset=\"https:\/\/stellaematutinae.org\/wp-content\/uploads\/2025\/04\/Murphy-2-683x1024.jpg ,https:\/\/stellaematutinae.org\/wp-content\/uploads\/2025\/04\/Murphy-2.jpg 780w, https:\/\/stellaematutinae.org\/wp-content\/uploads\/2025\/04\/Murphy-2.jpg 360w\" sizes=\"auto, (max-width: 480px) 150px\" src=\"https:\/\/stellaematutinae.org\/wp-content\/uploads\/2025\/04\/Murphy-2-683x1024.jpg\" alt=\"\" class=\"uag-image-3342\" width=\"368\" height=\"460\" title=\"Murphy 2\" loading=\"lazy\" role=\"img\"\/><\/figure><\/div>\n\n\n\n<div class=\"wp-block-uagb-info-box uagb-block-jzljlmq2 uagb-infobox__content-wrap  uagb-infobox-icon-above-title uagb-infobox-image-valign-top wp-block-uagb-info-box--has-margin\"><div class=\"uagb-infobox-margin-wrapper\"><div class=\"uagb-ifb-content\"><div class=\"uagb-ifb-title-wrap\"><p class=\"uagb-ifb-title\"><strong><strong>Rosie Murphy<\/strong><\/strong><\/p><\/div><p class=\"uagb-ifb-desc\">Rosie Murphy ist eine Harfenistin und Komponistin aus Irland. Sie schloss 2024 ihr Bachelorstudium in Klassischer Musik mit Nebenfach Sonologie am K\u00f6niglichen Konservatorium in Den Haag ab und besitzt zudem ein Certificate of Higher Music von der Guildhall School of Music and Drama in London. Au\u00dferdem erwarb sie ein Certificate in Advanced Performance an der Gaiety School of Acting in Dublin.<br><br>Murphy wurde mit mehreren Auszeichnungen und Stipendien geehrt, darunter der BBC ACNI Young Artist Platform Award f\u00fcr 2025\/2026, ein Britten Pears Young Artist Stipendium f\u00fcr 2024\/2025, der Julia Trench Award im Jahr 2024 sowie F\u00f6rdermittel des Irish Arts Council. Im Jahr 2021 wurde sie au\u00dferdem als eine der \u201e21 Artists for the 21st Century\u201c ausgew\u00e4hlt.<br><br>Als Interpretin trat sie mit dem BBC Ulster Orchestra, dem Hard Rain Soloist Ensemble und dem Irish Youth Baroque Orchestra auf und spielte in renommierten Konzerts\u00e4len wie der Ulster Hall in Belfast, der National Concert Hall in Dublin und dem Amare Concert Hall in Den Haag. Bedeutende Soloauftritte f\u00fchrten sie unter anderem in die Downing Street Nr. 10, zur Irischen Botschaft in den Niederlanden sowie in die Residenz des irischen Pr\u00e4sidenten, \u00c1ras an Uachtar\u00e1in.<br><br>Murphy ist auch als Komponistin t\u00e4tig, hat neue Werke in Zusammenarbeit mit Komponisten wie Saad Haddad und Greg Caffrey uraufgef\u00fchrt und ihre eigenen Kompositionen bei Festivals und Konzerten in Irland, dem Vereinigten K\u00f6nigreich und den Niederlanden pr\u00e4sentiert. Derzeit unterrichtet sie Harfe und ist weiterhin in den Bereichen Auff\u00fchrung, Komposition und Musikp\u00e4dagogik in ganz Europa aktiv.<\/p><\/div><\/div><\/div>\n<\/div>\n\n\n\n<div class=\"wp-block-uagb-container uagb-block-v5aiug1m\">\n<div class=\"wp-block-uagb-image alignleft uagb-block-331dda32 wp-block-uagb-image--layout-default wp-block-uagb-image--effect-static wp-block-uagb-image--align-left\"><figure class=\"wp-block-uagb-image__figure\"><img decoding=\"async\" srcset=\"https:\/\/stellaematutinae.org\/wp-content\/uploads\/2025\/04\/Dudziak.jpeg ,https:\/\/stellaematutinae.org\/wp-content\/uploads\/2025\/04\/Dudziak.jpeg 780w, https:\/\/stellaematutinae.org\/wp-content\/uploads\/2025\/04\/Dudziak.jpeg 360w\" sizes=\"auto, (max-width: 480px) 150px\" src=\"https:\/\/stellaematutinae.org\/wp-content\/uploads\/2025\/04\/Dudziak.jpeg\" alt=\"\" class=\"uag-image-3337\" width=\"368\" height=\"460\" title=\"Dudziak\" loading=\"lazy\" role=\"img\"\/><\/figure><\/div>\n\n\n\n<div class=\"wp-block-uagb-info-box uagb-block-4t2lx86y uagb-infobox__content-wrap  uagb-infobox-icon-above-title uagb-infobox-image-valign-top wp-block-uagb-info-box--has-margin\"><div class=\"uagb-infobox-margin-wrapper\"><div class=\"uagb-ifb-content\"><div class=\"uagb-ifb-title-wrap\"><p class=\"uagb-ifb-title\"><strong><strong>Gabriela Dudziak<\/strong><\/strong><\/p><\/div><p class=\"uagb-ifb-desc\">Gabriela Dudziak ist eine polnische Harfenistin, geboren 2004. Sie begann ihre musikalische Laufbahn im Alter von sieben Jahren unter der Leitung von Ewa Ja\u015blar an der Stanis\u0142aw-Moniuszko-Staatlichen Musikschule in Bielsko-Bia\u0142a. Derzeit studiert sie an der Krzysztof-Penderecki-Musikakademie in Krakau in der Klasse von Irena Czubek-Davidson und Adrian Nowak.<br><br> Sie ist Preistr\u00e4gerin zahlreicher Wettbewerbe, sowohl als Solistin als auch als Kammermusikerin. Zu ihren wichtigsten Erfolgen z\u00e4hlen der Grand Prix beim Nationalen Harfenwettbewerb in Polen, der 1. Platz beim Wettbewerb f\u00fcr Harfe solo in Graz (\u00d6sterreich), der 1. Platz beim 13. Internationalen Harfenwettbewerb \"Suoni d'Arpa\" in Italien und der 1. Platz beim 2. Ceren-Necipoglu-Istanbul-Internationalen-Harfenfestival. <br><br>Sie nahm an Meisterkursen bekannter Harfenisten wie Margit-Anna S\u00fc\u00df, Florence Sitruk, Chantal Mathieu und Catherine Michel teil. Neben dem klassischen Harfenrepertoire experimentiert Gabriela gerne mit zeitgen\u00f6ssischer Musik, f\u00fchrt Urauff\u00fchrungen auf und entdeckt zeitgen\u00f6ssische St\u00fccke f\u00fcr ungew\u00f6hnliche Instrumentalensembles mit Harfe. <br><br>Aktuell spielt sie im Dudziak &amp; W\u00f3jcik Duo (Harfe und Gitarre), mit dem sie nicht nur das Originalrepertoire f\u00fcr Harfe und Gitarre erforscht, sondern es auch durch Arrangements und Transkriptionen erweitert. Neben solistischen und kammermusikalischen Auftritten arbeitet sie mit Orchestern wie der Krakauer Philharmonie und dem Internationalen Lutos\u0142awski-Jugendorchester zusammen. Als Solistin trat sie mit der Sinfonia Iuventus und dem Kammerorchester der Krzysztof-Penderecki-Musikakademie in Krakau auf. Sie konzertierte in renommierten Spielst\u00e4tten wie dem Konzerthaus Berlin, dem Konzertsaal des Polnischen Nationalen Rundfunksymphonieorchesters und dem K\u00f6nigsschloss in Warschau.<\/p><\/div><\/div><\/div>\n<\/div>\n<\/div>\n<\/div><\/div>","protected":false},"excerpt":{"rendered":"","protected":false},"author":1,"featured_media":0,"parent":0,"menu_order":0,"comment_status":"closed","ping_status":"closed","template":"","meta":{"_surecart_dashboard_logo_width":"180px","_surecart_dashboard_show_logo":true,"_surecart_dashboard_navigation_orders":true,"_surecart_dashboard_navigation_invoices":true,"_surecart_dashboard_navigation_subscriptions":true,"_surecart_dashboard_navigation_downloads":true,"_surecart_dashboard_navigation_billing":true,"_surecart_dashboard_navigation_account":true,"_uag_custom_page_level_css":"","site-sidebar-layout":"default","site-content-layout":"","ast-site-content-layout":"default","site-content-style":"default","site-sidebar-style":"default","ast-global-header-display":"","ast-banner-title-visibility":"","ast-main-header-display":"","ast-hfb-above-header-display":"","ast-hfb-below-header-display":"","ast-hfb-mobile-header-display":"","site-post-title":"","ast-breadcrumbs-content":"","ast-featured-img":"","footer-sml-layout":"","ast-disable-related-posts":"","theme-transparent-header-meta":"","adv-header-id-meta":"","stick-header-meta":"","header-above-stick-meta":"","header-main-stick-meta":"","header-below-stick-meta":"","astra-migrate-meta-layouts":"set","ast-page-background-enabled":"default","ast-page-background-meta":{"desktop":{"background-color":"var(--ast-global-color-4)","background-image":"","background-repeat":"repeat","background-position":"center center","background-size":"auto","background-attachment":"scroll","background-type":"","background-media":"","overlay-type":"","overlay-color":"","overlay-opacity":"","overlay-gradient":""},"tablet":{"background-color":"","background-image":"","background-repeat":"repeat","background-position":"center center","background-size":"auto","background-attachment":"scroll","background-type":"","background-media":"","overlay-type":"","overlay-color":"","overlay-opacity":"","overlay-gradient":""},"mobile":{"background-color":"","background-image":"","background-repeat":"repeat","background-position":"center center","background-size":"auto","background-attachment":"scroll","background-type":"","background-media":"","overlay-type":"","overlay-color":"","overlay-opacity":"","overlay-gradient":""}},"ast-content-background-meta":{"desktop":{"background-color":"var(--ast-global-color-5)","background-image":"","background-repeat":"repeat","background-position":"center center","background-size":"auto","background-attachment":"scroll","background-type":"","background-media":"","overlay-type":"","overlay-color":"","overlay-opacity":"","overlay-gradient":""},"tablet":{"background-color":"var(--ast-global-color-5)","background-image":"","background-repeat":"repeat","background-position":"center center","background-size":"auto","background-attachment":"scroll","background-type":"","background-media":"","overlay-type":"","overlay-color":"","overlay-opacity":"","overlay-gradient":""},"mobile":{"background-color":"var(--ast-global-color-5)","background-image":"","background-repeat":"repeat","background-position":"center center","background-size":"auto","background-attachment":"scroll","background-type":"","background-media":"","overlay-type":"","overlay-color":"","overlay-opacity":"","overlay-gradient":""}},"footnotes":""},"class_list":["post-3370","page","type-page","status-publish","hentry"],"featured_image_src":null,"yoast_head":"<!-- This site is optimized with the Yoast SEO plugin v27.5 - https:\/\/yoast.com\/product\/yoast-seo-wordpress\/ -->\n<title>Stars of Tomorrow V - Stellae Matutinae - European Harp Symposium<\/title>\n<meta name=\"robots\" content=\"index, follow, max-snippet:-1, max-image-preview:large, max-video-preview:-1\" \/>\n<link rel=\"canonical\" href=\"https:\/\/stellaematutinae.org\/de\/stars-of-tomorrow-v\/\" \/>\n<meta property=\"og:locale\" content=\"de_DE\" \/>\n<meta property=\"og:type\" content=\"article\" \/>\n<meta property=\"og:title\" content=\"Stars of Tomorrow V - Stellae Matutinae - European Harp Symposium\" \/>\n<meta property=\"og:url\" content=\"https:\/\/stellaematutinae.org\/de\/stars-of-tomorrow-v\/\" \/>\n<meta property=\"og:site_name\" content=\"Stellae Matutinae - European Harp Symposium\" \/>\n<meta property=\"article:publisher\" content=\"https:\/\/www.facebook.com\/stellaematutinae\" \/>\n<meta property=\"article:modified_time\" content=\"2025-04-04T07:29:10+00:00\" \/>\n<meta property=\"og:image\" content=\"https:\/\/stellaematutinae.org\/wp-content\/uploads\/2025\/04\/Murphy-683x1024.jpg\" \/>\n<meta name=\"twitter:card\" content=\"summary_large_image\" \/>\n<meta name=\"twitter:label1\" content=\"Gesch\u00e4tzte Lesezeit\" \/>\n\t<meta name=\"twitter:data1\" content=\"4\u00a0Minuten\" \/>\n<script type=\"application\/ld+json\" class=\"yoast-schema-graph\">{\"@context\":\"https:\\\/\\\/schema.org\",\"@graph\":[{\"@type\":\"WebPage\",\"@id\":\"https:\\\/\\\/stellaematutinae.org\\\/stars-of-tomorrow-v\\\/\",\"url\":\"https:\\\/\\\/stellaematutinae.org\\\/stars-of-tomorrow-v\\\/\",\"name\":\"Stars of Tomorrow V - Stellae Matutinae - European Harp Symposium\",\"isPartOf\":{\"@id\":\"https:\\\/\\\/stellaematutinae.org\\\/#website\"},\"primaryImageOfPage\":{\"@id\":\"https:\\\/\\\/stellaematutinae.org\\\/stars-of-tomorrow-v\\\/#primaryimage\"},\"image\":{\"@id\":\"https:\\\/\\\/stellaematutinae.org\\\/stars-of-tomorrow-v\\\/#primaryimage\"},\"thumbnailUrl\":\"https:\\\/\\\/stellaematutinae.org\\\/wp-content\\\/uploads\\\/2025\\\/04\\\/Murphy-683x1024.jpg\",\"datePublished\":\"2025-04-02T14:28:29+00:00\",\"dateModified\":\"2025-04-04T07:29:10+00:00\",\"breadcrumb\":{\"@id\":\"https:\\\/\\\/stellaematutinae.org\\\/stars-of-tomorrow-v\\\/#breadcrumb\"},\"inLanguage\":\"de\",\"potentialAction\":[{\"@type\":\"ReadAction\",\"target\":[\"https:\\\/\\\/stellaematutinae.org\\\/stars-of-tomorrow-v\\\/\"]}]},{\"@type\":\"ImageObject\",\"inLanguage\":\"de\",\"@id\":\"https:\\\/\\\/stellaematutinae.org\\\/stars-of-tomorrow-v\\\/#primaryimage\",\"url\":\"https:\\\/\\\/stellaematutinae.org\\\/wp-content\\\/uploads\\\/2025\\\/04\\\/Murphy-683x1024.jpg\",\"contentUrl\":\"https:\\\/\\\/stellaematutinae.org\\\/wp-content\\\/uploads\\\/2025\\\/04\\\/Murphy-683x1024.jpg\"},{\"@type\":\"BreadcrumbList\",\"@id\":\"https:\\\/\\\/stellaematutinae.org\\\/stars-of-tomorrow-v\\\/#breadcrumb\",\"itemListElement\":[{\"@type\":\"ListItem\",\"position\":1,\"name\":\"Home\",\"item\":\"https:\\\/\\\/stellaematutinae.org\\\/\"},{\"@type\":\"ListItem\",\"position\":2,\"name\":\"Stars of Tomorrow V\"}]},{\"@type\":\"WebSite\",\"@id\":\"https:\\\/\\\/stellaematutinae.org\\\/#website\",\"url\":\"https:\\\/\\\/stellaematutinae.org\\\/\",\"name\":\"Stellae Matutinae - European Harp Symposium\",\"description\":\"Folge den Sternen - Follow the Stars\",\"publisher\":{\"@id\":\"https:\\\/\\\/stellaematutinae.org\\\/#organization\"},\"alternateName\":\"European Harp Symposium 2025\",\"potentialAction\":[{\"@type\":\"SearchAction\",\"target\":{\"@type\":\"EntryPoint\",\"urlTemplate\":\"https:\\\/\\\/stellaematutinae.org\\\/?s={search_term_string}\"},\"query-input\":{\"@type\":\"PropertyValueSpecification\",\"valueRequired\":true,\"valueName\":\"search_term_string\"}}],\"inLanguage\":\"de\"},{\"@type\":\"Organization\",\"@id\":\"https:\\\/\\\/stellaematutinae.org\\\/#organization\",\"name\":\"Stellae Matutinae\",\"url\":\"https:\\\/\\\/stellaematutinae.org\\\/\",\"logo\":{\"@type\":\"ImageObject\",\"inLanguage\":\"de\",\"@id\":\"https:\\\/\\\/stellaematutinae.org\\\/#\\\/schema\\\/logo\\\/image\\\/\",\"url\":\"http:\\\/\\\/stellaematutinae.org\\\/wp-content\\\/uploads\\\/2024\\\/09\\\/cropped-nur-Stern.png\",\"contentUrl\":\"http:\\\/\\\/stellaematutinae.org\\\/wp-content\\\/uploads\\\/2024\\\/09\\\/cropped-nur-Stern.png\",\"width\":512,\"height\":512,\"caption\":\"Stellae Matutinae\"},\"image\":{\"@id\":\"https:\\\/\\\/stellaematutinae.org\\\/#\\\/schema\\\/logo\\\/image\\\/\"},\"sameAs\":[\"https:\\\/\\\/www.facebook.com\\\/stellaematutinae\",\"https:\\\/\\\/www.youtube.com\\\/@stellae_matutinae\",\"https:\\\/\\\/instagram.com\\\/stellaematutinae\"]}]}<\/script>\n<!-- \/ Yoast SEO plugin. -->","yoast_head_json":{"title":"Stars of Tomorrow V - Stellae Matutinae - European Harp Symposium","robots":{"index":"index","follow":"follow","max-snippet":"max-snippet:-1","max-image-preview":"max-image-preview:large","max-video-preview":"max-video-preview:-1"},"canonical":"https:\/\/stellaematutinae.org\/de\/stars-of-tomorrow-v\/","og_locale":"de_DE","og_type":"article","og_title":"Stars of Tomorrow V - Stellae Matutinae - European Harp Symposium","og_url":"https:\/\/stellaematutinae.org\/de\/stars-of-tomorrow-v\/","og_site_name":"Stellae Matutinae - European Harp Symposium","article_publisher":"https:\/\/www.facebook.com\/stellaematutinae","article_modified_time":"2025-04-04T07:29:10+00:00","og_image":[{"url":"https:\/\/stellaematutinae.org\/wp-content\/uploads\/2025\/04\/Murphy-683x1024.jpg","type":"","width":"","height":""}],"twitter_card":"summary_large_image","twitter_misc":{"Gesch\u00e4tzte Lesezeit":"4\u00a0Minuten"},"schema":{"@context":"https:\/\/schema.org","@graph":[{"@type":"WebPage","@id":"https:\/\/stellaematutinae.org\/stars-of-tomorrow-v\/","url":"https:\/\/stellaematutinae.org\/stars-of-tomorrow-v\/","name":"Stars of Tomorrow V - Stellae Matutinae - European Harp Symposium","isPartOf":{"@id":"https:\/\/stellaematutinae.org\/#website"},"primaryImageOfPage":{"@id":"https:\/\/stellaematutinae.org\/stars-of-tomorrow-v\/#primaryimage"},"image":{"@id":"https:\/\/stellaematutinae.org\/stars-of-tomorrow-v\/#primaryimage"},"thumbnailUrl":"https:\/\/stellaematutinae.org\/wp-content\/uploads\/2025\/04\/Murphy-683x1024.jpg","datePublished":"2025-04-02T14:28:29+00:00","dateModified":"2025-04-04T07:29:10+00:00","breadcrumb":{"@id":"https:\/\/stellaematutinae.org\/stars-of-tomorrow-v\/#breadcrumb"},"inLanguage":"de","potentialAction":[{"@type":"ReadAction","target":["https:\/\/stellaematutinae.org\/stars-of-tomorrow-v\/"]}]},{"@type":"ImageObject","inLanguage":"de","@id":"https:\/\/stellaematutinae.org\/stars-of-tomorrow-v\/#primaryimage","url":"https:\/\/stellaematutinae.org\/wp-content\/uploads\/2025\/04\/Murphy-683x1024.jpg","contentUrl":"https:\/\/stellaematutinae.org\/wp-content\/uploads\/2025\/04\/Murphy-683x1024.jpg"},{"@type":"BreadcrumbList","@id":"https:\/\/stellaematutinae.org\/stars-of-tomorrow-v\/#breadcrumb","itemListElement":[{"@type":"ListItem","position":1,"name":"Home","item":"https:\/\/stellaematutinae.org\/"},{"@type":"ListItem","position":2,"name":"Stars of Tomorrow V"}]},{"@type":"WebSite","@id":"https:\/\/stellaematutinae.org\/#website","url":"https:\/\/stellaematutinae.org\/","name":"Stellae Matutinae - European Harp Symposium","description":"Folge den Sternen - Follow the Stars","publisher":{"@id":"https:\/\/stellaematutinae.org\/#organization"},"alternateName":"European Harp Symposium 2025","potentialAction":[{"@type":"SearchAction","target":{"@type":"EntryPoint","urlTemplate":"https:\/\/stellaematutinae.org\/?s={search_term_string}"},"query-input":{"@type":"PropertyValueSpecification","valueRequired":true,"valueName":"search_term_string"}}],"inLanguage":"de"},{"@type":"Organization","@id":"https:\/\/stellaematutinae.org\/#organization","name":"Stellae Matutinae","url":"https:\/\/stellaematutinae.org\/","logo":{"@type":"ImageObject","inLanguage":"de","@id":"https:\/\/stellaematutinae.org\/#\/schema\/logo\/image\/","url":"http:\/\/stellaematutinae.org\/wp-content\/uploads\/2024\/09\/cropped-nur-Stern.png","contentUrl":"http:\/\/stellaematutinae.org\/wp-content\/uploads\/2024\/09\/cropped-nur-Stern.png","width":512,"height":512,"caption":"Stellae Matutinae"},"image":{"@id":"https:\/\/stellaematutinae.org\/#\/schema\/logo\/image\/"},"sameAs":["https:\/\/www.facebook.com\/stellaematutinae","https:\/\/www.youtube.com\/@stellae_matutinae","https:\/\/instagram.com\/stellaematutinae"]}]}},"uagb_featured_image_src":{"full":false,"thumbnail":false,"medium":false,"medium_large":false,"large":false,"1536x1536":false,"2048x2048":false,"trp-custom-language-flag":false,"tb-timeline-landscape":false,"tb-timeline-square":false},"uagb_author_info":{"display_name":"admin","author_link":"https:\/\/stellaematutinae.org\/de\/author\/admin\/"},"uagb_comment_info":0,"uagb_excerpt":null,"_links":{"self":[{"href":"https:\/\/stellaematutinae.org\/de\/wp-json\/wp\/v2\/pages\/3370","targetHints":{"allow":["GET"]}}],"collection":[{"href":"https:\/\/stellaematutinae.org\/de\/wp-json\/wp\/v2\/pages"}],"about":[{"href":"https:\/\/stellaematutinae.org\/de\/wp-json\/wp\/v2\/types\/page"}],"author":[{"embeddable":true,"href":"https:\/\/stellaematutinae.org\/de\/wp-json\/wp\/v2\/users\/1"}],"replies":[{"embeddable":true,"href":"https:\/\/stellaematutinae.org\/de\/wp-json\/wp\/v2\/comments?post=3370"}],"version-history":[{"count":2,"href":"https:\/\/stellaematutinae.org\/de\/wp-json\/wp\/v2\/pages\/3370\/revisions"}],"predecessor-version":[{"id":3399,"href":"https:\/\/stellaematutinae.org\/de\/wp-json\/wp\/v2\/pages\/3370\/revisions\/3399"}],"wp:attachment":[{"href":"https:\/\/stellaematutinae.org\/de\/wp-json\/wp\/v2\/media?parent=3370"}],"curies":[{"name":"wp","href":"https:\/\/api.w.org\/{rel}","templated":true}]}}