{"id":3367,"date":"2025-04-02T14:59:07","date_gmt":"2025-04-02T13:59:07","guid":{"rendered":"https:\/\/stellaematutinae.org\/?page_id=3367"},"modified":"2025-04-04T08:23:22","modified_gmt":"2025-04-04T07:23:22","slug":"stars-of-tomorrow-iv","status":"publish","type":"page","link":"https:\/\/stellaematutinae.org\/de\/stars-of-tomorrow-iv\/","title":{"rendered":"Stars of Tomorrow IV"},"content":{"rendered":"<p><\/p>\n\n\n\n<div class=\"wp-block-uagb-container uagb-block-arx5ag0e alignfull uagb-is-root-container\"><div class=\"uagb-container-inner-blocks-wrap\">\n<div class=\"wp-block-uagb-info-box uagb-block-igxnvdc6 uagb-infobox__content-wrap  uagb-infobox-icon-above-title uagb-infobox-image-valign-top\"><div class=\"uagb-ifb-content\"><div class=\"uagb-ifb-title-wrap\"><h1 class=\"uagb-ifb-title\">STARS OF TOMORROW<br>KONZERT IV<\/h1><\/div><p class=\"uagb-ifb-desc\"><strong>Mizuki Namba <\/strong>\u2013 <em>traditionelle japanische Musik und die \u201eBelle \u00c9poque\u201c<\/em><br><br><strong>\u00c1lmos L\u00e1szl\u00f3 Tall\u00f3s<\/strong> \u2013 <em>Von der Interpretation zur Inspiration<\/em><\/p><\/div><\/div>\n<\/div><\/div>\n\n\n\n<div style=\"height:0px\" aria-hidden=\"true\" class=\"wp-block-spacer\"><\/div>\n\n\n\n<div style=\"height:100px\" aria-hidden=\"true\" class=\"wp-block-spacer\"><\/div>\n\n\n\n<p><\/p>\n\n\n\n<div class=\"wp-block-uagb-container uagb-block-rqorbran alignfull uagb-is-root-container\"><div class=\"uagb-container-inner-blocks-wrap\">\n<div class=\"wp-block-uagb-image alignleft uagb-block-1f2f3169 wp-block-uagb-image--layout-default wp-block-uagb-image--effect-static wp-block-uagb-image--align-left\"><figure class=\"wp-block-uagb-image__figure\"><img decoding=\"async\" srcset=\"https:\/\/stellaematutinae.org\/wp-content\/uploads\/2025\/04\/Namba-644x1024.jpg ,https:\/\/stellaematutinae.org\/wp-content\/uploads\/2025\/04\/Namba-scaled.jpg 780w, https:\/\/stellaematutinae.org\/wp-content\/uploads\/2025\/04\/Namba-scaled.jpg 360w\" sizes=\"auto, (max-width: 480px) 150px\" src=\"https:\/\/stellaematutinae.org\/wp-content\/uploads\/2025\/04\/Namba-644x1024.jpg\" alt=\"\" class=\"uag-image-3344\" width=\"564\" height=\"423\" title=\"DSC_6147\" loading=\"lazy\" role=\"img\"\/><\/figure><\/div>\n\n\n\n<div class=\"wp-block-uagb-container uagb-block-mivorbeu\">\n<div class=\"wp-block-uagb-info-box uagb-block-m1yykcpx uagb-infobox__content-wrap  uagb-infobox-icon-above-title uagb-infobox-image-valign-top\"><div class=\"uagb-ifb-content\"><div class=\"uagb-ifb-title-wrap\"><p class=\"uagb-ifb-title-prefix\"><strong>Mizuki Namba <\/strong>\u2013 <em>traditionelle japanische Musik und die \u201eBelle \u00c9poque\u201c<\/em><\/p><\/div><p class=\"uagb-ifb-desc\">1. Toshir\u014d Mayuzumi (1929-1997) &#8211; \u30cf\u30fc\u30d7\u306e\u305f\u3081\u306e\u3008ROKUDAN\u3009\/ \u9edb\u654f\u90ce, dedicated to Ayako Shinozaki<br><br>2. Henriette Reni\u00e9 (1875-1956) &#8211; Pi\u00e8ce Symphonique &#8211; En trois \u00e9pisodes (1907)&nbsp;&nbsp;&nbsp;&nbsp;&nbsp;&nbsp;&nbsp;&nbsp;&nbsp;&nbsp;<br>&nbsp;&nbsp;&nbsp;&nbsp;&nbsp;&nbsp;&nbsp;&nbsp;&nbsp;&nbsp;&nbsp;&nbsp;&nbsp;&nbsp;&nbsp;&nbsp;&nbsp;&nbsp;&nbsp;&nbsp;&nbsp;&nbsp;&nbsp;&nbsp;&nbsp;&nbsp;&nbsp;&nbsp;&nbsp;&nbsp;&nbsp;&nbsp;&nbsp;&nbsp;&nbsp;&nbsp;&nbsp;&nbsp;&nbsp;&nbsp;&nbsp;&nbsp;&nbsp;&nbsp;&nbsp;&nbsp;&nbsp;&nbsp;&nbsp;&nbsp;<br>3. Fuyuhiko Sasaki (1965-2020) &#8211; Resurrection With You, 1. Spring &#8211; Vulnerable Dreams \/\u30ec\u30b6\u30ec\u30af\u30b7\u30e7\u30f3\u30fb\u30a6\u30a3\u30ba\u30fb\u30e6\u30fc\u3088\u308a 1. \u6625 &#8211; \u511a\u3044\u5922 \/ \u4f50\u3005\u6728\u51ac\u5f66<\/p><\/div><\/div>\n<\/div>\n<\/div><\/div>\n\n\n\n<div class=\"wp-block-uagb-container uagb-block-1e3702d0 alignfull uagb-is-root-container\"><div class=\"uagb-container-inner-blocks-wrap\">\n<div class=\"wp-block-uagb-image alignleft uagb-block-f667766d wp-block-uagb-image--layout-default wp-block-uagb-image--effect-static wp-block-uagb-image--align-left\"><figure class=\"wp-block-uagb-image__figure\"><img decoding=\"async\" srcset=\"https:\/\/stellaematutinae.org\/wp-content\/uploads\/2025\/04\/Almos-607x1024.jpg ,https:\/\/stellaematutinae.org\/wp-content\/uploads\/2025\/04\/Almos-scaled.jpg 780w, https:\/\/stellaematutinae.org\/wp-content\/uploads\/2025\/04\/Almos-scaled.jpg 360w\" sizes=\"auto, (max-width: 480px) 150px\" src=\"https:\/\/stellaematutinae.org\/wp-content\/uploads\/2025\/04\/Almos-607x1024.jpg\" alt=\"\" class=\"uag-image-3334\" width=\"564\" height=\"423\" title=\"Almos\" loading=\"lazy\" role=\"img\"\/><\/figure><\/div>\n\n\n\n<div class=\"wp-block-uagb-container uagb-layout-grid uagb-block-6679e300\">\n<div class=\"wp-block-uagb-info-box uagb-block-547f007a uagb-infobox__content-wrap  uagb-infobox-icon-above-title uagb-infobox-image-valign-top\"><div class=\"uagb-ifb-content\"><div class=\"uagb-ifb-title-wrap\"><p class=\"uagb-ifb-title-prefix\"><strong>\u00c1lmos L\u00e1szl\u00f3 Tall\u00f3s<\/strong> \u2013 <em>Von der Interpretation zur Inspiration<\/em><\/p><\/div><p class=\"uagb-ifb-desc\">1. Marcel Grandjany (1891-1975) &#8211; Rhapsodie, op. 10 (1921)<br><br>2. Germaine Tailleferre (1892-1983) &#8211; Romance (arr. Tall\u00f3s)<br><br>3. \u00c1lmos L\u00e1szl\u00f3 Tall\u00f3s (*2003) &#8211; Sonate pour harpe op. 6<br><\/p><\/div><\/div>\n<\/div>\n<\/div><\/div>\n\n\n\n<p><\/p>\n\n\n\n<div class=\"wp-block-uagb-container uagb-block-wlwubypj alignfull uagb-is-root-container\"><div class=\"uagb-container-inner-blocks-wrap\">\n<div class=\"wp-block-uagb-container uagb-block-zsjip89w\">\n<div class=\"wp-block-uagb-container uagb-block-nm4jnsvt\">\n<div class=\"wp-block-uagb-image alignleft uagb-block-oduollzr wp-block-uagb-image--layout-default wp-block-uagb-image--effect-static wp-block-uagb-image--align-left\"><figure class=\"wp-block-uagb-image__figure\"><img decoding=\"async\" srcset=\"https:\/\/stellaematutinae.org\/wp-content\/uploads\/2025\/04\/Namba2.jpg ,https:\/\/stellaematutinae.org\/wp-content\/uploads\/2025\/04\/Namba2.jpg 780w, https:\/\/stellaematutinae.org\/wp-content\/uploads\/2025\/04\/Namba2.jpg 360w\" sizes=\"auto, (max-width: 480px) 150px\" src=\"https:\/\/stellaematutinae.org\/wp-content\/uploads\/2025\/04\/Namba2.jpg\" alt=\"\" class=\"uag-image-3345\" width=\"368\" height=\"460\" title=\"Namba2\" loading=\"lazy\" role=\"img\"\/><\/figure><\/div>\n\n\n\n<div class=\"wp-block-uagb-info-box uagb-block-jzljlmq2 uagb-infobox__content-wrap  uagb-infobox-icon-above-title uagb-infobox-image-valign-top wp-block-uagb-info-box--has-margin\"><div class=\"uagb-infobox-margin-wrapper\"><div class=\"uagb-ifb-content\"><div class=\"uagb-ifb-title-wrap\"><p class=\"uagb-ifb-title\"><strong><strong>Mizuki Namba<\/strong><\/strong><\/p><\/div><p class=\"uagb-ifb-desc\">Mizuki Namba begann im Alter von drei Jahren mit dem Harfenspiel und wurde unter anderem von renommierten Lehrkr\u00e4ften wie Kazuko Shinozaki, Isabelle Moretti und Ghislaine Petit-Volta ausgebildet. Zudem erhielt sie Unterricht in Klavier, Kammermusik, Dirigieren und Gesang bei verschiedenen Lehrenden in Japan und Frankreich.<br><br>Sie gewann erste Preise bei mehreren internationalen Wettbewerben, darunter beim Leopold Bellan International Competition in Paris (Junior- und Profikategorie), beim Soka Japan International Harp Competition sowie beim Osaka International Music Competition. Stipendien erhielt sie unter anderem vom Cap Ferret Music Festival und der Harp Master Class. Im Rahmen des Tobitate Study Abroad JAPAN-Programms studierte sie in Paris und trat am Conservatoire de Vincennes auf.<br><br>Im Jahr 2022 gab sie ihr Deb\u00fct in der Suntory Hall beim Grand Concert <del>TOHO NEXT LEGEND<\/del>. Weitere Auftritte hatte sie beim Soka International Harp Festival, beim Chofu International Music Festival sowie bei einem Solorezital im Jahr 2023.<br><br>Sie tritt weiterhin regelm\u00e4\u00dfig sowohl solistisch als auch kammermusikalisch auf und studiert derzeit als Stipendiatin an der Toho Gakuen Musikschule. Mizuki ist Mitglied der Japan Harp Association, des World Harp Congress und der Japan Federation of Musicians.<\/p><\/div><\/div><\/div>\n<\/div>\n\n\n\n<div class=\"wp-block-uagb-container uagb-block-v5aiug1m\">\n<div class=\"wp-block-uagb-image alignleft uagb-block-qhc4vbvx wp-block-uagb-image--layout-default wp-block-uagb-image--effect-static wp-block-uagb-image--align-left\"><figure class=\"wp-block-uagb-image__figure\"><img decoding=\"async\" srcset=\"https:\/\/stellaematutinae.org\/wp-content\/uploads\/2025\/04\/Almos-2.jpg ,https:\/\/stellaematutinae.org\/wp-content\/uploads\/2025\/04\/Almos-2.jpg 780w, https:\/\/stellaematutinae.org\/wp-content\/uploads\/2025\/04\/Almos-2.jpg 360w\" sizes=\"auto, (max-width: 480px) 150px\" src=\"https:\/\/stellaematutinae.org\/wp-content\/uploads\/2025\/04\/Almos-2.jpg\" alt=\"\" class=\"uag-image-3333\" width=\"368\" height=\"460\" title=\"Almos 2\" loading=\"lazy\" role=\"img\"\/><\/figure><\/div>\n\n\n\n<div class=\"wp-block-uagb-info-box uagb-block-4t2lx86y uagb-infobox__content-wrap  uagb-infobox-icon-above-title uagb-infobox-image-valign-top wp-block-uagb-info-box--has-margin\"><div class=\"uagb-infobox-margin-wrapper\"><div class=\"uagb-ifb-content\"><div class=\"uagb-ifb-title-wrap\"><p class=\"uagb-ifb-title\"><strong><strong>\u00c1lmos L\u00e1szl\u00f3 Tall\u00f3s<\/strong><\/strong><\/p><\/div><p class=\"uagb-ifb-desc\">\u00c1lmos L\u00e1szl\u00f3 Tall\u00f3s, geboren 2003, begann im Alter von neun Jahren sein Harfenstudium an einer\nMusikschule unter der Leitung der Harfenlehrerin M\u00e1rta Szederk\u00e9nyi-Horv\u00e1th. Von 2017 bis 2021\nsetzte er seine Ausbildung am Szent Istv\u00e1n Musikgymnasium fort, wo Deborah Sipkay seine\nHarfenlehrerin war. Dort vertiefte er seine Kenntnisse in Musikliteratur, Musiktheorie, Solfeggio\nund sogar Komposition. In dieser Zeit sammelte er auch wertvolle Erfahrungen im Orchester- und\nKammermusikspiel. Im Laufe seines Studiums entwickelte er eine sehr produktive und\nmotivierende Beziehung zu seiner Lehrerin, die zu vielen erfolgreichen Konzerten und\nWettbewerben f\u00fchrte und ihm schlie\u00dflich die Zulassung zum akademischen Studium erm\u00f6glichte.\nSeit Oktober 2021 studiert \u00c1lmos bei Prof. Xavier de Maistre und Ana\u00eblle Tourret an der\nHochschule f\u00fcr Musik und Theater Hamburg.<br><br>Neben seiner Arbeit mit den aktuellen Lehrern hat er aktiv an Meisterkursen renommierter\nK\u00fcnstler wie Catherine Michel, Maria Graf, Marie-Pierre Langlamet, Aneleen Lenaerts, Alexander\nBoldachev, Manja Smits und Elisabeth Plank teilgenommen.<br><br>\u00c1lmos performs regularly as a soloist and with orchestras. In 2021 and 2022, he appeared as a soloist with the Szent Istv\u00e1n Philharmonic, performing&nbsp;Danse sacr\u00e9e et profane&nbsp;in the Grand Hall of the Liszt Ferenc Academy of Music in Budapest before embarking on a tour with the orchestra. In 2023, he performed Mozart\u2019s&nbsp;Double Concerto KV 299&nbsp;with the Hamburg Lawyers\u2019 Orchestra and gave successful solo recitals at the XXII Harp Festival in G\u00f6d\u00f6ll\u0151 and the Ars Sacra Festival in Budapest.<br><br>His competition achievements include top prizes in national and international harp competitions, such as the National Harp Competition of Music Schools in Budapest, the International Harp Competition in Szeged, and the Hong Kong International Harp Competition. He has also participated in prestigious events like the USA International Harp Competition and the ARD International Music Competition in Munich. In 2022, he was named a finalist for the&nbsp;Fanny Mendelssohn F\u00f6rderpreis&nbsp;for his proposed CD recording&nbsp;WELTTANZ. Since 2022, he has collaborated with&nbsp;LIVE MUSIC NOW HAMBURG, performing in solo and chamber music settings. In 2024, he was awarded the&nbsp;Elsie K\u00fchn-Leitz Scholarship, which includes concert invitations for the 2025\/26 season in Wetzlar and Avignon.<br><br>Nach Abschluss seiner akademischen Ausbildung strebt er an, ein vielseitiger K\u00fcnstler zu werden.\nNeben seiner Konzertt\u00e4tigkeit komponiert er eigene Werke und Arrangements. Bei seinen\nSoloauftritten spielt er oft seine eigenen St\u00fccke und hat das Ziel, zug\u00e4ngliche zeitgen\u00f6ssische Musik\nf\u00fcr die Harfe zu schaffen, um die vielf\u00e4ltigen M\u00f6glichkeiten des Instruments zu erkunden. Seine\nHauptinspirationen sind Henriette Reni\u00e9, Maurice Ravel und B\u00e9la Bart\u00f3k.<\/p><\/div><\/div><\/div>\n<\/div>\n<\/div>\n<\/div><\/div>","protected":false},"excerpt":{"rendered":"","protected":false},"author":1,"featured_media":0,"parent":0,"menu_order":0,"comment_status":"closed","ping_status":"closed","template":"","meta":{"_surecart_dashboard_logo_width":"180px","_surecart_dashboard_show_logo":true,"_surecart_dashboard_navigation_orders":true,"_surecart_dashboard_navigation_invoices":true,"_surecart_dashboard_navigation_subscriptions":true,"_surecart_dashboard_navigation_downloads":true,"_surecart_dashboard_navigation_billing":true,"_surecart_dashboard_navigation_account":true,"_uag_custom_page_level_css":"","site-sidebar-layout":"default","site-content-layout":"","ast-site-content-layout":"default","site-content-style":"default","site-sidebar-style":"default","ast-global-header-display":"","ast-banner-title-visibility":"","ast-main-header-display":"","ast-hfb-above-header-display":"","ast-hfb-below-header-display":"","ast-hfb-mobile-header-display":"","site-post-title":"","ast-breadcrumbs-content":"","ast-featured-img":"","footer-sml-layout":"","ast-disable-related-posts":"","theme-transparent-header-meta":"","adv-header-id-meta":"","stick-header-meta":"","header-above-stick-meta":"","header-main-stick-meta":"","header-below-stick-meta":"","astra-migrate-meta-layouts":"set","ast-page-background-enabled":"default","ast-page-background-meta":{"desktop":{"background-color":"var(--ast-global-color-4)","background-image":"","background-repeat":"repeat","background-position":"center center","background-size":"auto","background-attachment":"scroll","background-type":"","background-media":"","overlay-type":"","overlay-color":"","overlay-opacity":"","overlay-gradient":""},"tablet":{"background-color":"","background-image":"","background-repeat":"repeat","background-position":"center center","background-size":"auto","background-attachment":"scroll","background-type":"","background-media":"","overlay-type":"","overlay-color":"","overlay-opacity":"","overlay-gradient":""},"mobile":{"background-color":"","background-image":"","background-repeat":"repeat","background-position":"center center","background-size":"auto","background-attachment":"scroll","background-type":"","background-media":"","overlay-type":"","overlay-color":"","overlay-opacity":"","overlay-gradient":""}},"ast-content-background-meta":{"desktop":{"background-color":"var(--ast-global-color-5)","background-image":"","background-repeat":"repeat","background-position":"center center","background-size":"auto","background-attachment":"scroll","background-type":"","background-media":"","overlay-type":"","overlay-color":"","overlay-opacity":"","overlay-gradient":""},"tablet":{"background-color":"var(--ast-global-color-5)","background-image":"","background-repeat":"repeat","background-position":"center center","background-size":"auto","background-attachment":"scroll","background-type":"","background-media":"","overlay-type":"","overlay-color":"","overlay-opacity":"","overlay-gradient":""},"mobile":{"background-color":"var(--ast-global-color-5)","background-image":"","background-repeat":"repeat","background-position":"center center","background-size":"auto","background-attachment":"scroll","background-type":"","background-media":"","overlay-type":"","overlay-color":"","overlay-opacity":"","overlay-gradient":""}},"footnotes":""},"class_list":["post-3367","page","type-page","status-publish","hentry"],"featured_image_src":null,"yoast_head":"<!-- This site is optimized with the Yoast SEO plugin v27.5 - https:\/\/yoast.com\/product\/yoast-seo-wordpress\/ -->\n<title>Stars of Tomorrow IV - Stellae Matutinae - European Harp Symposium<\/title>\n<meta name=\"robots\" content=\"index, follow, max-snippet:-1, max-image-preview:large, max-video-preview:-1\" \/>\n<link rel=\"canonical\" href=\"https:\/\/stellaematutinae.org\/de\/stars-of-tomorrow-iv\/\" \/>\n<meta property=\"og:locale\" content=\"de_DE\" \/>\n<meta property=\"og:type\" content=\"article\" \/>\n<meta property=\"og:title\" content=\"Stars of Tomorrow IV - Stellae Matutinae - European Harp Symposium\" \/>\n<meta property=\"og:url\" content=\"https:\/\/stellaematutinae.org\/de\/stars-of-tomorrow-iv\/\" \/>\n<meta property=\"og:site_name\" content=\"Stellae Matutinae - European Harp Symposium\" \/>\n<meta property=\"article:publisher\" content=\"https:\/\/www.facebook.com\/stellaematutinae\" \/>\n<meta property=\"article:modified_time\" content=\"2025-04-04T07:23:22+00:00\" \/>\n<meta property=\"og:image\" content=\"https:\/\/stellaematutinae.org\/wp-content\/uploads\/2025\/04\/Namba-644x1024.jpg\" \/>\n<meta name=\"twitter:card\" content=\"summary_large_image\" \/>\n<meta name=\"twitter:label1\" content=\"Gesch\u00e4tzte Lesezeit\" \/>\n\t<meta name=\"twitter:data1\" content=\"4\u00a0Minuten\" \/>\n<script type=\"application\/ld+json\" class=\"yoast-schema-graph\">{\"@context\":\"https:\\\/\\\/schema.org\",\"@graph\":[{\"@type\":\"WebPage\",\"@id\":\"https:\\\/\\\/stellaematutinae.org\\\/stars-of-tomorrow-iv\\\/\",\"url\":\"https:\\\/\\\/stellaematutinae.org\\\/stars-of-tomorrow-iv\\\/\",\"name\":\"Stars of Tomorrow IV - Stellae Matutinae - European Harp Symposium\",\"isPartOf\":{\"@id\":\"https:\\\/\\\/stellaematutinae.org\\\/#website\"},\"primaryImageOfPage\":{\"@id\":\"https:\\\/\\\/stellaematutinae.org\\\/stars-of-tomorrow-iv\\\/#primaryimage\"},\"image\":{\"@id\":\"https:\\\/\\\/stellaematutinae.org\\\/stars-of-tomorrow-iv\\\/#primaryimage\"},\"thumbnailUrl\":\"https:\\\/\\\/stellaematutinae.org\\\/wp-content\\\/uploads\\\/2025\\\/04\\\/Namba-644x1024.jpg\",\"datePublished\":\"2025-04-02T13:59:07+00:00\",\"dateModified\":\"2025-04-04T07:23:22+00:00\",\"breadcrumb\":{\"@id\":\"https:\\\/\\\/stellaematutinae.org\\\/stars-of-tomorrow-iv\\\/#breadcrumb\"},\"inLanguage\":\"de\",\"potentialAction\":[{\"@type\":\"ReadAction\",\"target\":[\"https:\\\/\\\/stellaematutinae.org\\\/stars-of-tomorrow-iv\\\/\"]}]},{\"@type\":\"ImageObject\",\"inLanguage\":\"de\",\"@id\":\"https:\\\/\\\/stellaematutinae.org\\\/stars-of-tomorrow-iv\\\/#primaryimage\",\"url\":\"https:\\\/\\\/stellaematutinae.org\\\/wp-content\\\/uploads\\\/2025\\\/04\\\/Namba-644x1024.jpg\",\"contentUrl\":\"https:\\\/\\\/stellaematutinae.org\\\/wp-content\\\/uploads\\\/2025\\\/04\\\/Namba-644x1024.jpg\"},{\"@type\":\"BreadcrumbList\",\"@id\":\"https:\\\/\\\/stellaematutinae.org\\\/stars-of-tomorrow-iv\\\/#breadcrumb\",\"itemListElement\":[{\"@type\":\"ListItem\",\"position\":1,\"name\":\"Home\",\"item\":\"https:\\\/\\\/stellaematutinae.org\\\/\"},{\"@type\":\"ListItem\",\"position\":2,\"name\":\"Stars of Tomorrow IV\"}]},{\"@type\":\"WebSite\",\"@id\":\"https:\\\/\\\/stellaematutinae.org\\\/#website\",\"url\":\"https:\\\/\\\/stellaematutinae.org\\\/\",\"name\":\"Stellae Matutinae - European Harp Symposium\",\"description\":\"Folge den Sternen - Follow the Stars\",\"publisher\":{\"@id\":\"https:\\\/\\\/stellaematutinae.org\\\/#organization\"},\"alternateName\":\"European Harp Symposium 2025\",\"potentialAction\":[{\"@type\":\"SearchAction\",\"target\":{\"@type\":\"EntryPoint\",\"urlTemplate\":\"https:\\\/\\\/stellaematutinae.org\\\/?s={search_term_string}\"},\"query-input\":{\"@type\":\"PropertyValueSpecification\",\"valueRequired\":true,\"valueName\":\"search_term_string\"}}],\"inLanguage\":\"de\"},{\"@type\":\"Organization\",\"@id\":\"https:\\\/\\\/stellaematutinae.org\\\/#organization\",\"name\":\"Stellae Matutinae\",\"url\":\"https:\\\/\\\/stellaematutinae.org\\\/\",\"logo\":{\"@type\":\"ImageObject\",\"inLanguage\":\"de\",\"@id\":\"https:\\\/\\\/stellaematutinae.org\\\/#\\\/schema\\\/logo\\\/image\\\/\",\"url\":\"http:\\\/\\\/stellaematutinae.org\\\/wp-content\\\/uploads\\\/2024\\\/09\\\/cropped-nur-Stern.png\",\"contentUrl\":\"http:\\\/\\\/stellaematutinae.org\\\/wp-content\\\/uploads\\\/2024\\\/09\\\/cropped-nur-Stern.png\",\"width\":512,\"height\":512,\"caption\":\"Stellae Matutinae\"},\"image\":{\"@id\":\"https:\\\/\\\/stellaematutinae.org\\\/#\\\/schema\\\/logo\\\/image\\\/\"},\"sameAs\":[\"https:\\\/\\\/www.facebook.com\\\/stellaematutinae\",\"https:\\\/\\\/www.youtube.com\\\/@stellae_matutinae\",\"https:\\\/\\\/instagram.com\\\/stellaematutinae\"]}]}<\/script>\n<!-- \/ Yoast SEO plugin. -->","yoast_head_json":{"title":"Stars of Tomorrow IV - Stellae Matutinae - European Harp Symposium","robots":{"index":"index","follow":"follow","max-snippet":"max-snippet:-1","max-image-preview":"max-image-preview:large","max-video-preview":"max-video-preview:-1"},"canonical":"https:\/\/stellaematutinae.org\/de\/stars-of-tomorrow-iv\/","og_locale":"de_DE","og_type":"article","og_title":"Stars of Tomorrow IV - Stellae Matutinae - European Harp Symposium","og_url":"https:\/\/stellaematutinae.org\/de\/stars-of-tomorrow-iv\/","og_site_name":"Stellae Matutinae - European Harp Symposium","article_publisher":"https:\/\/www.facebook.com\/stellaematutinae","article_modified_time":"2025-04-04T07:23:22+00:00","og_image":[{"url":"https:\/\/stellaematutinae.org\/wp-content\/uploads\/2025\/04\/Namba-644x1024.jpg","type":"","width":"","height":""}],"twitter_card":"summary_large_image","twitter_misc":{"Gesch\u00e4tzte Lesezeit":"4\u00a0Minuten"},"schema":{"@context":"https:\/\/schema.org","@graph":[{"@type":"WebPage","@id":"https:\/\/stellaematutinae.org\/stars-of-tomorrow-iv\/","url":"https:\/\/stellaematutinae.org\/stars-of-tomorrow-iv\/","name":"Stars of Tomorrow IV - Stellae Matutinae - European Harp Symposium","isPartOf":{"@id":"https:\/\/stellaematutinae.org\/#website"},"primaryImageOfPage":{"@id":"https:\/\/stellaematutinae.org\/stars-of-tomorrow-iv\/#primaryimage"},"image":{"@id":"https:\/\/stellaematutinae.org\/stars-of-tomorrow-iv\/#primaryimage"},"thumbnailUrl":"https:\/\/stellaematutinae.org\/wp-content\/uploads\/2025\/04\/Namba-644x1024.jpg","datePublished":"2025-04-02T13:59:07+00:00","dateModified":"2025-04-04T07:23:22+00:00","breadcrumb":{"@id":"https:\/\/stellaematutinae.org\/stars-of-tomorrow-iv\/#breadcrumb"},"inLanguage":"de","potentialAction":[{"@type":"ReadAction","target":["https:\/\/stellaematutinae.org\/stars-of-tomorrow-iv\/"]}]},{"@type":"ImageObject","inLanguage":"de","@id":"https:\/\/stellaematutinae.org\/stars-of-tomorrow-iv\/#primaryimage","url":"https:\/\/stellaematutinae.org\/wp-content\/uploads\/2025\/04\/Namba-644x1024.jpg","contentUrl":"https:\/\/stellaematutinae.org\/wp-content\/uploads\/2025\/04\/Namba-644x1024.jpg"},{"@type":"BreadcrumbList","@id":"https:\/\/stellaematutinae.org\/stars-of-tomorrow-iv\/#breadcrumb","itemListElement":[{"@type":"ListItem","position":1,"name":"Home","item":"https:\/\/stellaematutinae.org\/"},{"@type":"ListItem","position":2,"name":"Stars of Tomorrow IV"}]},{"@type":"WebSite","@id":"https:\/\/stellaematutinae.org\/#website","url":"https:\/\/stellaematutinae.org\/","name":"Stellae Matutinae - European Harp Symposium","description":"Folge den Sternen - Follow the Stars","publisher":{"@id":"https:\/\/stellaematutinae.org\/#organization"},"alternateName":"European Harp Symposium 2025","potentialAction":[{"@type":"SearchAction","target":{"@type":"EntryPoint","urlTemplate":"https:\/\/stellaematutinae.org\/?s={search_term_string}"},"query-input":{"@type":"PropertyValueSpecification","valueRequired":true,"valueName":"search_term_string"}}],"inLanguage":"de"},{"@type":"Organization","@id":"https:\/\/stellaematutinae.org\/#organization","name":"Stellae Matutinae","url":"https:\/\/stellaematutinae.org\/","logo":{"@type":"ImageObject","inLanguage":"de","@id":"https:\/\/stellaematutinae.org\/#\/schema\/logo\/image\/","url":"http:\/\/stellaematutinae.org\/wp-content\/uploads\/2024\/09\/cropped-nur-Stern.png","contentUrl":"http:\/\/stellaematutinae.org\/wp-content\/uploads\/2024\/09\/cropped-nur-Stern.png","width":512,"height":512,"caption":"Stellae Matutinae"},"image":{"@id":"https:\/\/stellaematutinae.org\/#\/schema\/logo\/image\/"},"sameAs":["https:\/\/www.facebook.com\/stellaematutinae","https:\/\/www.youtube.com\/@stellae_matutinae","https:\/\/instagram.com\/stellaematutinae"]}]}},"uagb_featured_image_src":{"full":false,"thumbnail":false,"medium":false,"medium_large":false,"large":false,"1536x1536":false,"2048x2048":false,"trp-custom-language-flag":false,"tb-timeline-landscape":false,"tb-timeline-square":false},"uagb_author_info":{"display_name":"admin","author_link":"https:\/\/stellaematutinae.org\/de\/author\/admin\/"},"uagb_comment_info":0,"uagb_excerpt":null,"_links":{"self":[{"href":"https:\/\/stellaematutinae.org\/de\/wp-json\/wp\/v2\/pages\/3367","targetHints":{"allow":["GET"]}}],"collection":[{"href":"https:\/\/stellaematutinae.org\/de\/wp-json\/wp\/v2\/pages"}],"about":[{"href":"https:\/\/stellaematutinae.org\/de\/wp-json\/wp\/v2\/types\/page"}],"author":[{"embeddable":true,"href":"https:\/\/stellaematutinae.org\/de\/wp-json\/wp\/v2\/users\/1"}],"replies":[{"embeddable":true,"href":"https:\/\/stellaematutinae.org\/de\/wp-json\/wp\/v2\/comments?post=3367"}],"version-history":[{"count":3,"href":"https:\/\/stellaematutinae.org\/de\/wp-json\/wp\/v2\/pages\/3367\/revisions"}],"predecessor-version":[{"id":3398,"href":"https:\/\/stellaematutinae.org\/de\/wp-json\/wp\/v2\/pages\/3367\/revisions\/3398"}],"wp:attachment":[{"href":"https:\/\/stellaematutinae.org\/de\/wp-json\/wp\/v2\/media?parent=3367"}],"curies":[{"name":"wp","href":"https:\/\/api.w.org\/{rel}","templated":true}]}}