{"id":3365,"date":"2025-04-02T14:24:16","date_gmt":"2025-04-02T13:24:16","guid":{"rendered":"https:\/\/stellaematutinae.org\/?page_id=3365"},"modified":"2025-04-10T15:28:53","modified_gmt":"2025-04-10T14:28:53","slug":"stars-of-tomorrow-iii","status":"publish","type":"page","link":"https:\/\/stellaematutinae.org\/de\/stars-of-tomorrow-iii\/","title":{"rendered":"Stars of Tomorrow III"},"content":{"rendered":"<p><\/p>\n\n\n\n<div class=\"wp-block-uagb-container uagb-block-arx5ag0e alignfull uagb-is-root-container\"><div class=\"uagb-container-inner-blocks-wrap\">\n<div class=\"wp-block-uagb-info-box uagb-block-igxnvdc6 uagb-infobox__content-wrap  uagb-infobox-icon-above-title uagb-infobox-image-valign-top\"><div class=\"uagb-ifb-content\"><div class=\"uagb-ifb-title-wrap\"><h1 class=\"uagb-ifb-title\">STARS OF TOMORROW<br>KONZERT III<\/h1><\/div><p class=\"uagb-ifb-desc\"><strong>Zeynep Duru G\u00fcle\u00e7 <\/strong>\u2013 <em>Werke t\u00fcrkischer und internationaler Komponist*innen des 20<\/em><br><br><strong>Teodora Cotuna Rizea <\/strong>\u2013 <em>Von Sonaten zu Sinfonien f\u00fcr Harfe Solo<\/em><\/p><\/div><\/div>\n<\/div><\/div>\n\n\n\n<div style=\"height:0px\" aria-hidden=\"true\" class=\"wp-block-spacer\"><\/div>\n\n\n\n<div style=\"height:100px\" aria-hidden=\"true\" class=\"wp-block-spacer\"><\/div>\n\n\n\n<p><\/p>\n\n\n\n<div class=\"wp-block-uagb-container uagb-block-rqorbran alignfull uagb-is-root-container\"><div class=\"uagb-container-inner-blocks-wrap\">\n<div class=\"wp-block-uagb-image alignleft uagb-block-1f2f3169 wp-block-uagb-image--layout-default wp-block-uagb-image--effect-static wp-block-uagb-image--align-left\"><figure class=\"wp-block-uagb-image__figure\"><img decoding=\"async\" srcset=\"https:\/\/stellaematutinae.org\/wp-content\/uploads\/2025\/04\/Zeynep.jpg ,https:\/\/stellaematutinae.org\/wp-content\/uploads\/2025\/04\/Zeynep.jpg 780w, https:\/\/stellaematutinae.org\/wp-content\/uploads\/2025\/04\/Zeynep.jpg 360w\" sizes=\"auto, (max-width: 480px) 150px\" src=\"https:\/\/stellaematutinae.org\/wp-content\/uploads\/2025\/04\/Zeynep.jpg\" alt=\"\" class=\"uag-image-3349\" width=\"564\" height=\"423\" title=\"Zeynep\" loading=\"lazy\" role=\"img\"\/><\/figure><\/div>\n\n\n\n<div class=\"wp-block-uagb-container uagb-block-mivorbeu\">\n<div class=\"wp-block-uagb-info-box uagb-block-m1yykcpx uagb-infobox__content-wrap  uagb-infobox-icon-above-title uagb-infobox-image-valign-top\"><div class=\"uagb-ifb-content\"><div class=\"uagb-ifb-title-wrap\"><p class=\"uagb-ifb-title-prefix\"><strong>Zeynep Duru G\u00fcle\u00e7 <\/strong>\u2013 <em>Werke t\u00fcrkischer und internationaler Komponist*innen des 20<\/em><\/p><\/div><p class=\"uagb-ifb-desc\">1. Michael Mauldin (*1947) &#8211; Birds in Winter : Six Preludes for Harp<br><br>2. Albert Roussel (1869-1937) &#8211; Impromptu<br><br>3. Hasan U\u00e7arsu (*1965) &#8211; Blue Moon is Grey, Yellow Wall is Night<br><br>4. \u015eirin Pancaro\u011flu (*1968) &#8211; \u0130ntisab\u00a0<br><br>5. Carlos Salzedo (1885-1961) &#8211; Whirlwind<\/p><\/div><\/div>\n<\/div>\n<\/div><\/div>\n\n\n\n<div class=\"wp-block-uagb-container uagb-block-1e3702d0 alignfull uagb-is-root-container\"><div class=\"uagb-container-inner-blocks-wrap\">\n<div class=\"wp-block-uagb-image alignleft uagb-block-1f9f3bc4 wp-block-uagb-image--layout-default wp-block-uagb-image--effect-static wp-block-uagb-image--align-left\"><figure class=\"wp-block-uagb-image__figure\"><img decoding=\"async\" srcset=\"https:\/\/stellaematutinae.org\/wp-content\/uploads\/2025\/04\/Cotuna-497x1024.jpeg ,https:\/\/stellaematutinae.org\/wp-content\/uploads\/2025\/04\/Cotuna-scaled.jpeg 780w, https:\/\/stellaematutinae.org\/wp-content\/uploads\/2025\/04\/Cotuna-scaled.jpeg 360w\" sizes=\"auto, (max-width: 480px) 150px\" src=\"https:\/\/stellaematutinae.org\/wp-content\/uploads\/2025\/04\/Cotuna-497x1024.jpeg\" alt=\"\" class=\"uag-image-3335\" width=\"564\" height=\"423\" title=\"Cotuna\" loading=\"lazy\" role=\"img\"\/><\/figure><\/div>\n\n\n\n<div class=\"wp-block-uagb-container uagb-layout-grid uagb-block-6679e300\">\n<div class=\"wp-block-uagb-info-box uagb-block-547f007a uagb-infobox__content-wrap  uagb-infobox-icon-above-title uagb-infobox-image-valign-top\"><div class=\"uagb-ifb-content\"><div class=\"uagb-ifb-title-wrap\"><p class=\"uagb-ifb-title-prefix\"><strong>Teodora Cotuna Rizea <\/strong>\u2013 <em>Von Sonaten zu Sinfonien f\u00fcr Harfe Solo<\/em><\/p><\/div><p class=\"uagb-ifb-desc\">1. Domenico Scarlatti (1685-1757) &#8211; Sonata in F minor, K.466&nbsp;<br><br>2. Gabriel Faur\u00e9 (1854-1924) &#8211; Impromptu, Op.86<br><br>3. Andr\u00e9 Caplet (1878-1925) &#8211; Divertissement \u00e0 l\u2019espagnole<br><br>4. Henriette Reni\u00e9 (1875-1956) &#8211; Pi\u00e8ce Symphonique &#8211; En trois \u00e9pisodes (1907)<br><\/p><\/div><\/div>\n<\/div>\n<\/div><\/div>\n\n\n\n<p><\/p>\n\n\n\n<div class=\"wp-block-uagb-container uagb-block-wlwubypj alignfull uagb-is-root-container\"><div class=\"uagb-container-inner-blocks-wrap\">\n<div class=\"wp-block-uagb-container uagb-block-zsjip89w\">\n<div class=\"wp-block-uagb-container uagb-block-nm4jnsvt\">\n<div class=\"wp-block-uagb-image alignleft uagb-block-oduollzr wp-block-uagb-image--layout-default wp-block-uagb-image--effect-static wp-block-uagb-image--align-left\"><figure class=\"wp-block-uagb-image__figure\"><img decoding=\"async\" srcset=\"https:\/\/stellaematutinae.org\/wp-content\/uploads\/2025\/04\/Zeynep.jpg ,https:\/\/stellaematutinae.org\/wp-content\/uploads\/2025\/04\/Zeynep.jpg 780w, https:\/\/stellaematutinae.org\/wp-content\/uploads\/2025\/04\/Zeynep.jpg 360w\" sizes=\"auto, (max-width: 480px) 150px\" src=\"https:\/\/stellaematutinae.org\/wp-content\/uploads\/2025\/04\/Zeynep.jpg\" alt=\"\" class=\"uag-image-3349\" width=\"368\" height=\"460\" title=\"Zeynep\" loading=\"lazy\" role=\"img\"\/><\/figure><\/div>\n\n\n\n<div class=\"wp-block-uagb-info-box uagb-block-jzljlmq2 uagb-infobox__content-wrap  uagb-infobox-icon-above-title uagb-infobox-image-valign-top wp-block-uagb-info-box--has-margin\"><div class=\"uagb-infobox-margin-wrapper\"><div class=\"uagb-ifb-content\"><div class=\"uagb-ifb-title-wrap\"><p class=\"uagb-ifb-title\"><strong>Zeynep Duru G\u00fcle\u00e7<\/strong><\/p><\/div><p class=\"uagb-ifb-desc\">Zeynep Duru G\u00fcle\u00e7, geboren 2008 in Izmir, begann ihre Harfenausbildung 2018 bei \u015eirin Pancaro\u011flu in der Harfenabteilung des DEU State Conservatory. Im Jahr 2020 setzte sie ihr Studium bei Cansu \u00c7ine fort und arbeitet seit 2022 mit G\u00f6zde Ece Yava\u015f \u00d6zt\u00fcrk zusammen. <br><br>Bis heute hat sie an Meisterkursen von Anne Sophie Bertrand, Sioned Williams, Joel Von Lerber, Alexander Boldachev, Imogen Barford, Mara Galassi, Florence Sitruk, Dalibor Bernatovic, Deniz Esen, P\u0131nar Sivritepe, Anastasia Razvalyaeva, Engin Kansu, Yegane Tapdiqova und Meri\u00e7 D\u00f6n\u00fck teilgenommen. Sie arbeitete mit Marton Borsanyi in Barock-Workshops, mit Ann Rodiger in Alexander-Technik-Workshops und mit \u00c7a\u011fatay Akyol im Solo-Harfen-Meisterkurs beim Klasik Keyifler Musikfestival 2023. Im Rahmen des von Merve Kocabeyler organisierten ARP (Artistic Rediscovery Program) nahm sie 2022 und 2024 an Meisterkursen von Bahar G\u00f6ksu und Veronika Lemishenko teil. Au\u00dferdem besuchte sie die Symphonic Timbres Orchestra Academy (S.T.O.A.) in \u015eirince vom 26. Juni bis 2. Juli. Zwischen dem 29. Juli und 4. August nahm sie an einem Meisterkurs von Marie-Pierre Langlamet im Rahmen der 67\u00e8me Acad\u00e9mie Internationale d'\u00c9t\u00e9 de Nice teil. Vom 14. bis 19. Januar 2025 nahm sie an der 2. Ceren Necipo\u011flu International Harp Festival teil, wo sie am Orchester-Meisterkurs von Sioned Williams und am Alexander-Technik-Workshop von Imogen Barford mitwirkte. <br><br>Ihr erstes Solorezital gab sie am 21. M\u00e4rz 2023 in der Saint Vukolos Kirche in Izmir. Am 29. November 2023 folgte ein Solorezital im Hikmet \u015eim\u015fek Kunstzentrum, zudem trat sie in Rezitalen des Dokuz Eyl\u00fcl University State Conservatory auf. Sie war eine der 19 Musiker:innen, die beim Konzert Youth Stage is Yours im Ahmed Adnan Saygun Kunstzentrum auftraten. Am 23. Dezember 2023 wurde sie eingeladen, vor der Preisverleihung des International Mythology Film Festival zu spielen. Am 13. Januar 2024 gab sie ein Konzert im Han505 und am 15. April 2024 ein Rezital im Olten Konzert Haus. Am 23. Mai 2024 folgte ein Solorezital in der Kirche St. Helen. Ein weiteres Konzert gab sie am 11. Juni 2024 im Olten Konzert Haus, diesmal als Kontrabass-Harfen-Duo. Am 25. Juni 2024 folgte ein Solorezital in der \u0130bramaki Kunstgalerie der Gemeinde Ku\u015fadas\u0131. Zudem erhielt sie eine Einladung, am 29. Oktober 2024, dem Tag der Republik, ein Rezital im Izmir \u0130nciralt\u0131 Schiffsmuseum zu geben. Ihr erstes Konzert im Jahr 2025 gab sie am 8. Januar mit einem Solorezital im Han505. <br><br>Zeynep gewann im Juni 2022 den ersten Platz in der Performing Section Harp D-Kategorie der Music and Stars Awards, einem internationalen Online-Wettbewerb, und erhielt die Gold Star-Auszeichnung. Beim 6. International Competition of the Slovenian Harp Association, das vom 31. M\u00e4rz bis 2. April 2023 in Slowenien stattfand, wurde sie mit der Goldmedaille in der C-Kategorie und dem Sonderpreis Jury's Best Performed Obligated Composition ausgezeichnet. Am 27. Oktober 2023 gewann sie den ersten Platz in der D-Kategorie des Royal Maas Competition. Beim 2. Ceren Necipo\u011flu International Harp Competition im Januar 2025 wurde sie mit dem zweiten Preis ausgezeichnet.\n\nDerzeit setzt Zeynep ihr Studium in der 11. Klasse der Dokuz Eyl\u00fcl Universit\u00e4t, Harfenabteilung, unter der Leitung von G\u00f6zde Ece Yava\u015f \u00d6zt\u00fcrk fort.<\/p><\/div><\/div><\/div>\n<\/div>\n\n\n\n<div class=\"wp-block-uagb-container uagb-block-v5aiug1m\">\n<div class=\"wp-block-uagb-image alignleft uagb-block-qhc4vbvx wp-block-uagb-image--layout-default wp-block-uagb-image--effect-static wp-block-uagb-image--align-left\"><figure class=\"wp-block-uagb-image__figure\"><img decoding=\"async\" srcset=\"https:\/\/stellaematutinae.org\/wp-content\/uploads\/2025\/04\/Cotuna-497x1024.jpeg ,https:\/\/stellaematutinae.org\/wp-content\/uploads\/2025\/04\/Cotuna-scaled.jpeg 780w, https:\/\/stellaematutinae.org\/wp-content\/uploads\/2025\/04\/Cotuna-scaled.jpeg 360w\" sizes=\"auto, (max-width: 480px) 150px\" src=\"https:\/\/stellaematutinae.org\/wp-content\/uploads\/2025\/04\/Cotuna-497x1024.jpeg\" alt=\"\" class=\"uag-image-3335\" width=\"368\" height=\"460\" title=\"Cotuna\" loading=\"lazy\" role=\"img\"\/><\/figure><\/div>\n\n\n\n<div class=\"wp-block-uagb-info-box uagb-block-4t2lx86y uagb-infobox__content-wrap  uagb-infobox-icon-above-title uagb-infobox-image-valign-top wp-block-uagb-info-box--has-margin\"><div class=\"uagb-infobox-margin-wrapper\"><div class=\"uagb-ifb-content\"><div class=\"uagb-ifb-title-wrap\"><p class=\"uagb-ifb-title\"><strong>Teodora Cotuna Rizea<\/strong><\/p><\/div><p class=\"uagb-ifb-desc\">Teodora Cotuna Rizea wurde 2004 in Spanien geboren. Sie begann im Alter von sechs Jahren Harfe zu spielen und war Sch\u00fclerin von Ana Mart\u00ednez Cano am Conservatorio Profesional de M\u00fasica in Valencia, wo sie ihre Ausbildung mit dem Erhalt der professionellen Auszeichnungen in Harfe und Kammermusik sowie dem Ricardo Callejo Stipendium abschloss.<br><br>Von 2020 bis 2022 setzte sie ihre Ausbildung bei den Harfenistinnen Gabriella Dall\u2019Olio und Tiziana Tagliani fort.<br>Sie ist Preistr\u00e4gerin mehrerer nationaler und internationaler Wettbewerbe, darunter der Internationale Harfenwettbewerb \u201eSuoni d'Arpa\u201c (Italien), der Internationale Musikwettbewerb \u201ePetar Konjovic\u201c (Serbien), der Wettbewerb \u201eArpaPlus\u201c (Spanien) und der Internationale Wettbewerb f\u00fcr junge Interpreten \u201eCiutat de Ll\u00edria\u201c (Spanien).<br>Teodora erhielt Meisterkurse von renommierten Lehrenden wie Anneleen Lenaerts, Cristina Montes, Park Stickney oder Sylvain Blassel und nahm an Festivals wie MusicAlp (Frankreich) oder der Acad\u00e9mie Musicale de Gargilesse \u2018Pierre Jamet\u2019 teil.<br><br>Zwischen 2018 und 2020 war sie Mitglied des \u201eProyecto Talentos\u201c des Madrider Sinfonieorchesters und trat regelm\u00e4\u00dfig im Nationalen Auditorium Spaniens in verschiedenen kammermusikalischen und orchestralen Formationen auf.<br><br>Derzeit schlie\u00dft Teodora ihr Bachelorstudium bei Letizia Belmondo an der Haute \u00c9cole de Musique de Lausanne ab. Seit 2019 ist sie zudem Solo-Harfenistin des Jugendorchesters der Generalitat Valenciana (JOGV) und beteiligt sich regelm\u00e4\u00dfig an zahlreichen Orchesterprojekten in Spanien und der Schweiz.<br>K\u00fcrzlich gewann Teodora den 1. Preis beim Ceren Necipoglu Istanbul International Harp Festival in der T\u00fcrkei. Sp\u00e4ter in diesem Jahr wird sie beim Guildhall Summer Harp Festival und im Sioned Williams Harp Studio in London sowie im Borusan Music House in Istanbul auftreten.<\/p><\/div><\/div><\/div>\n<\/div>\n<\/div>\n<\/div><\/div>","protected":false},"excerpt":{"rendered":"","protected":false},"author":1,"featured_media":0,"parent":0,"menu_order":0,"comment_status":"closed","ping_status":"closed","template":"","meta":{"_surecart_dashboard_logo_width":"180px","_surecart_dashboard_show_logo":true,"_surecart_dashboard_navigation_orders":true,"_surecart_dashboard_navigation_invoices":true,"_surecart_dashboard_navigation_subscriptions":true,"_surecart_dashboard_navigation_downloads":true,"_surecart_dashboard_navigation_billing":true,"_surecart_dashboard_navigation_account":true,"_uag_custom_page_level_css":"","site-sidebar-layout":"default","site-content-layout":"","ast-site-content-layout":"default","site-content-style":"default","site-sidebar-style":"default","ast-global-header-display":"","ast-banner-title-visibility":"","ast-main-header-display":"","ast-hfb-above-header-display":"","ast-hfb-below-header-display":"","ast-hfb-mobile-header-display":"","site-post-title":"","ast-breadcrumbs-content":"","ast-featured-img":"","footer-sml-layout":"","ast-disable-related-posts":"","theme-transparent-header-meta":"","adv-header-id-meta":"","stick-header-meta":"","header-above-stick-meta":"","header-main-stick-meta":"","header-below-stick-meta":"","astra-migrate-meta-layouts":"set","ast-page-background-enabled":"default","ast-page-background-meta":{"desktop":{"background-color":"var(--ast-global-color-4)","background-image":"","background-repeat":"repeat","background-position":"center center","background-size":"auto","background-attachment":"scroll","background-type":"","background-media":"","overlay-type":"","overlay-color":"","overlay-opacity":"","overlay-gradient":""},"tablet":{"background-color":"","background-image":"","background-repeat":"repeat","background-position":"center center","background-size":"auto","background-attachment":"scroll","background-type":"","background-media":"","overlay-type":"","overlay-color":"","overlay-opacity":"","overlay-gradient":""},"mobile":{"background-color":"","background-image":"","background-repeat":"repeat","background-position":"center center","background-size":"auto","background-attachment":"scroll","background-type":"","background-media":"","overlay-type":"","overlay-color":"","overlay-opacity":"","overlay-gradient":""}},"ast-content-background-meta":{"desktop":{"background-color":"var(--ast-global-color-5)","background-image":"","background-repeat":"repeat","background-position":"center center","background-size":"auto","background-attachment":"scroll","background-type":"","background-media":"","overlay-type":"","overlay-color":"","overlay-opacity":"","overlay-gradient":""},"tablet":{"background-color":"var(--ast-global-color-5)","background-image":"","background-repeat":"repeat","background-position":"center center","background-size":"auto","background-attachment":"scroll","background-type":"","background-media":"","overlay-type":"","overlay-color":"","overlay-opacity":"","overlay-gradient":""},"mobile":{"background-color":"var(--ast-global-color-5)","background-image":"","background-repeat":"repeat","background-position":"center center","background-size":"auto","background-attachment":"scroll","background-type":"","background-media":"","overlay-type":"","overlay-color":"","overlay-opacity":"","overlay-gradient":""}},"footnotes":""},"class_list":["post-3365","page","type-page","status-publish","hentry"],"featured_image_src":null,"yoast_head":"<!-- This site is optimized with the Yoast SEO plugin v27.5 - https:\/\/yoast.com\/product\/yoast-seo-wordpress\/ -->\n<title>Stars of Tomorrow III - Stellae Matutinae - European Harp Symposium<\/title>\n<meta name=\"robots\" content=\"index, follow, max-snippet:-1, max-image-preview:large, max-video-preview:-1\" \/>\n<link rel=\"canonical\" href=\"https:\/\/stellaematutinae.org\/de\/stars-of-tomorrow-iii\/\" \/>\n<meta property=\"og:locale\" content=\"de_DE\" \/>\n<meta property=\"og:type\" content=\"article\" \/>\n<meta property=\"og:title\" content=\"Stars of Tomorrow III - Stellae Matutinae - European Harp Symposium\" \/>\n<meta property=\"og:url\" content=\"https:\/\/stellaematutinae.org\/de\/stars-of-tomorrow-iii\/\" \/>\n<meta property=\"og:site_name\" content=\"Stellae Matutinae - European Harp Symposium\" \/>\n<meta property=\"article:publisher\" content=\"https:\/\/www.facebook.com\/stellaematutinae\" \/>\n<meta property=\"article:modified_time\" content=\"2025-04-10T14:28:53+00:00\" \/>\n<meta property=\"og:image\" content=\"https:\/\/stellaematutinae.org\/wp-content\/uploads\/2025\/04\/Zeynep.jpg\" \/>\n<meta name=\"twitter:card\" content=\"summary_large_image\" \/>\n<meta name=\"twitter:label1\" content=\"Gesch\u00e4tzte Lesezeit\" \/>\n\t<meta name=\"twitter:data1\" content=\"5\u00a0Minuten\" \/>\n<script type=\"application\/ld+json\" class=\"yoast-schema-graph\">{\"@context\":\"https:\\\/\\\/schema.org\",\"@graph\":[{\"@type\":\"WebPage\",\"@id\":\"https:\\\/\\\/stellaematutinae.org\\\/stars-of-tomorrow-iii\\\/\",\"url\":\"https:\\\/\\\/stellaematutinae.org\\\/stars-of-tomorrow-iii\\\/\",\"name\":\"Stars of Tomorrow III - Stellae Matutinae - European Harp Symposium\",\"isPartOf\":{\"@id\":\"https:\\\/\\\/stellaematutinae.org\\\/#website\"},\"primaryImageOfPage\":{\"@id\":\"https:\\\/\\\/stellaematutinae.org\\\/stars-of-tomorrow-iii\\\/#primaryimage\"},\"image\":{\"@id\":\"https:\\\/\\\/stellaematutinae.org\\\/stars-of-tomorrow-iii\\\/#primaryimage\"},\"thumbnailUrl\":\"https:\\\/\\\/stellaematutinae.org\\\/wp-content\\\/uploads\\\/2025\\\/04\\\/Zeynep.jpg\",\"datePublished\":\"2025-04-02T13:24:16+00:00\",\"dateModified\":\"2025-04-10T14:28:53+00:00\",\"breadcrumb\":{\"@id\":\"https:\\\/\\\/stellaematutinae.org\\\/stars-of-tomorrow-iii\\\/#breadcrumb\"},\"inLanguage\":\"de\",\"potentialAction\":[{\"@type\":\"ReadAction\",\"target\":[\"https:\\\/\\\/stellaematutinae.org\\\/stars-of-tomorrow-iii\\\/\"]}]},{\"@type\":\"ImageObject\",\"inLanguage\":\"de\",\"@id\":\"https:\\\/\\\/stellaematutinae.org\\\/stars-of-tomorrow-iii\\\/#primaryimage\",\"url\":\"https:\\\/\\\/stellaematutinae.org\\\/wp-content\\\/uploads\\\/2025\\\/04\\\/Zeynep.jpg\",\"contentUrl\":\"https:\\\/\\\/stellaematutinae.org\\\/wp-content\\\/uploads\\\/2025\\\/04\\\/Zeynep.jpg\"},{\"@type\":\"BreadcrumbList\",\"@id\":\"https:\\\/\\\/stellaematutinae.org\\\/stars-of-tomorrow-iii\\\/#breadcrumb\",\"itemListElement\":[{\"@type\":\"ListItem\",\"position\":1,\"name\":\"Home\",\"item\":\"https:\\\/\\\/stellaematutinae.org\\\/\"},{\"@type\":\"ListItem\",\"position\":2,\"name\":\"Stars of Tomorrow III\"}]},{\"@type\":\"WebSite\",\"@id\":\"https:\\\/\\\/stellaematutinae.org\\\/#website\",\"url\":\"https:\\\/\\\/stellaematutinae.org\\\/\",\"name\":\"Stellae Matutinae - European Harp Symposium\",\"description\":\"Folge den Sternen - Follow the Stars\",\"publisher\":{\"@id\":\"https:\\\/\\\/stellaematutinae.org\\\/#organization\"},\"alternateName\":\"European Harp Symposium 2025\",\"potentialAction\":[{\"@type\":\"SearchAction\",\"target\":{\"@type\":\"EntryPoint\",\"urlTemplate\":\"https:\\\/\\\/stellaematutinae.org\\\/?s={search_term_string}\"},\"query-input\":{\"@type\":\"PropertyValueSpecification\",\"valueRequired\":true,\"valueName\":\"search_term_string\"}}],\"inLanguage\":\"de\"},{\"@type\":\"Organization\",\"@id\":\"https:\\\/\\\/stellaematutinae.org\\\/#organization\",\"name\":\"Stellae Matutinae\",\"url\":\"https:\\\/\\\/stellaematutinae.org\\\/\",\"logo\":{\"@type\":\"ImageObject\",\"inLanguage\":\"de\",\"@id\":\"https:\\\/\\\/stellaematutinae.org\\\/#\\\/schema\\\/logo\\\/image\\\/\",\"url\":\"http:\\\/\\\/stellaematutinae.org\\\/wp-content\\\/uploads\\\/2024\\\/09\\\/cropped-nur-Stern.png\",\"contentUrl\":\"http:\\\/\\\/stellaematutinae.org\\\/wp-content\\\/uploads\\\/2024\\\/09\\\/cropped-nur-Stern.png\",\"width\":512,\"height\":512,\"caption\":\"Stellae Matutinae\"},\"image\":{\"@id\":\"https:\\\/\\\/stellaematutinae.org\\\/#\\\/schema\\\/logo\\\/image\\\/\"},\"sameAs\":[\"https:\\\/\\\/www.facebook.com\\\/stellaematutinae\",\"https:\\\/\\\/www.youtube.com\\\/@stellae_matutinae\",\"https:\\\/\\\/instagram.com\\\/stellaematutinae\"]}]}<\/script>\n<!-- \/ Yoast SEO plugin. -->","yoast_head_json":{"title":"Stars of Tomorrow III - Stellae Matutinae - European Harp Symposium","robots":{"index":"index","follow":"follow","max-snippet":"max-snippet:-1","max-image-preview":"max-image-preview:large","max-video-preview":"max-video-preview:-1"},"canonical":"https:\/\/stellaematutinae.org\/de\/stars-of-tomorrow-iii\/","og_locale":"de_DE","og_type":"article","og_title":"Stars of Tomorrow III - Stellae Matutinae - European Harp Symposium","og_url":"https:\/\/stellaematutinae.org\/de\/stars-of-tomorrow-iii\/","og_site_name":"Stellae Matutinae - European Harp Symposium","article_publisher":"https:\/\/www.facebook.com\/stellaematutinae","article_modified_time":"2025-04-10T14:28:53+00:00","og_image":[{"url":"https:\/\/stellaematutinae.org\/wp-content\/uploads\/2025\/04\/Zeynep.jpg","type":"","width":"","height":""}],"twitter_card":"summary_large_image","twitter_misc":{"Gesch\u00e4tzte Lesezeit":"5\u00a0Minuten"},"schema":{"@context":"https:\/\/schema.org","@graph":[{"@type":"WebPage","@id":"https:\/\/stellaematutinae.org\/stars-of-tomorrow-iii\/","url":"https:\/\/stellaematutinae.org\/stars-of-tomorrow-iii\/","name":"Stars of Tomorrow III - Stellae Matutinae - European Harp Symposium","isPartOf":{"@id":"https:\/\/stellaematutinae.org\/#website"},"primaryImageOfPage":{"@id":"https:\/\/stellaematutinae.org\/stars-of-tomorrow-iii\/#primaryimage"},"image":{"@id":"https:\/\/stellaematutinae.org\/stars-of-tomorrow-iii\/#primaryimage"},"thumbnailUrl":"https:\/\/stellaematutinae.org\/wp-content\/uploads\/2025\/04\/Zeynep.jpg","datePublished":"2025-04-02T13:24:16+00:00","dateModified":"2025-04-10T14:28:53+00:00","breadcrumb":{"@id":"https:\/\/stellaematutinae.org\/stars-of-tomorrow-iii\/#breadcrumb"},"inLanguage":"de","potentialAction":[{"@type":"ReadAction","target":["https:\/\/stellaematutinae.org\/stars-of-tomorrow-iii\/"]}]},{"@type":"ImageObject","inLanguage":"de","@id":"https:\/\/stellaematutinae.org\/stars-of-tomorrow-iii\/#primaryimage","url":"https:\/\/stellaematutinae.org\/wp-content\/uploads\/2025\/04\/Zeynep.jpg","contentUrl":"https:\/\/stellaematutinae.org\/wp-content\/uploads\/2025\/04\/Zeynep.jpg"},{"@type":"BreadcrumbList","@id":"https:\/\/stellaematutinae.org\/stars-of-tomorrow-iii\/#breadcrumb","itemListElement":[{"@type":"ListItem","position":1,"name":"Home","item":"https:\/\/stellaematutinae.org\/"},{"@type":"ListItem","position":2,"name":"Stars of Tomorrow III"}]},{"@type":"WebSite","@id":"https:\/\/stellaematutinae.org\/#website","url":"https:\/\/stellaematutinae.org\/","name":"Stellae Matutinae - European Harp Symposium","description":"Folge den Sternen - Follow the Stars","publisher":{"@id":"https:\/\/stellaematutinae.org\/#organization"},"alternateName":"European Harp Symposium 2025","potentialAction":[{"@type":"SearchAction","target":{"@type":"EntryPoint","urlTemplate":"https:\/\/stellaematutinae.org\/?s={search_term_string}"},"query-input":{"@type":"PropertyValueSpecification","valueRequired":true,"valueName":"search_term_string"}}],"inLanguage":"de"},{"@type":"Organization","@id":"https:\/\/stellaematutinae.org\/#organization","name":"Stellae Matutinae","url":"https:\/\/stellaematutinae.org\/","logo":{"@type":"ImageObject","inLanguage":"de","@id":"https:\/\/stellaematutinae.org\/#\/schema\/logo\/image\/","url":"http:\/\/stellaematutinae.org\/wp-content\/uploads\/2024\/09\/cropped-nur-Stern.png","contentUrl":"http:\/\/stellaematutinae.org\/wp-content\/uploads\/2024\/09\/cropped-nur-Stern.png","width":512,"height":512,"caption":"Stellae Matutinae"},"image":{"@id":"https:\/\/stellaematutinae.org\/#\/schema\/logo\/image\/"},"sameAs":["https:\/\/www.facebook.com\/stellaematutinae","https:\/\/www.youtube.com\/@stellae_matutinae","https:\/\/instagram.com\/stellaematutinae"]}]}},"uagb_featured_image_src":{"full":false,"thumbnail":false,"medium":false,"medium_large":false,"large":false,"1536x1536":false,"2048x2048":false,"trp-custom-language-flag":false,"tb-timeline-landscape":false,"tb-timeline-square":false},"uagb_author_info":{"display_name":"admin","author_link":"https:\/\/stellaematutinae.org\/de\/author\/admin\/"},"uagb_comment_info":0,"uagb_excerpt":null,"_links":{"self":[{"href":"https:\/\/stellaematutinae.org\/de\/wp-json\/wp\/v2\/pages\/3365","targetHints":{"allow":["GET"]}}],"collection":[{"href":"https:\/\/stellaematutinae.org\/de\/wp-json\/wp\/v2\/pages"}],"about":[{"href":"https:\/\/stellaematutinae.org\/de\/wp-json\/wp\/v2\/types\/page"}],"author":[{"embeddable":true,"href":"https:\/\/stellaematutinae.org\/de\/wp-json\/wp\/v2\/users\/1"}],"replies":[{"embeddable":true,"href":"https:\/\/stellaematutinae.org\/de\/wp-json\/wp\/v2\/comments?post=3365"}],"version-history":[{"count":3,"href":"https:\/\/stellaematutinae.org\/de\/wp-json\/wp\/v2\/pages\/3365\/revisions"}],"predecessor-version":[{"id":3436,"href":"https:\/\/stellaematutinae.org\/de\/wp-json\/wp\/v2\/pages\/3365\/revisions\/3436"}],"wp:attachment":[{"href":"https:\/\/stellaematutinae.org\/de\/wp-json\/wp\/v2\/media?parent=3365"}],"curies":[{"name":"wp","href":"https:\/\/api.w.org\/{rel}","templated":true}]}}