{"id":3357,"date":"2025-04-02T12:41:44","date_gmt":"2025-04-02T11:41:44","guid":{"rendered":"https:\/\/stellaematutinae.org\/?page_id=3357"},"modified":"2025-04-02T13:36:02","modified_gmt":"2025-04-02T12:36:02","slug":"stars-of-tomorrow-ii","status":"publish","type":"page","link":"https:\/\/stellaematutinae.org\/de\/stars-of-tomorrow-ii\/","title":{"rendered":"Stars of Tomorrow II"},"content":{"rendered":"<p><\/p>\n\n\n\n<div class=\"wp-block-uagb-container uagb-block-arx5ag0e alignfull uagb-is-root-container\"><div class=\"uagb-container-inner-blocks-wrap\">\n<div class=\"wp-block-uagb-info-box uagb-block-igxnvdc6 uagb-infobox__content-wrap  uagb-infobox-icon-above-title uagb-infobox-image-valign-top\"><div class=\"uagb-ifb-content\"><div class=\"uagb-ifb-title-wrap\"><h1 class=\"uagb-ifb-title\">STARS OF TOMORROW<br>KONZERT II<\/h1><\/div><p class=\"uagb-ifb-desc\"><strong>Maria Pogolski <\/strong><em>Komponistinnen und Komponisten<\/em> <em>im Dialog<\/em><br><br><strong>Nadja Floder <\/strong>\u2013 <em>\u201cGrenzenlos \u2013 Ad Infinitum\u201d: Neue und Neueste Musik im Dialog mit Eigenkompositionen<\/em><\/p><\/div><\/div>\n<\/div><\/div>\n\n\n\n<div style=\"height:0px\" aria-hidden=\"true\" class=\"wp-block-spacer\"><\/div>\n\n\n\n<div style=\"height:100px\" aria-hidden=\"true\" class=\"wp-block-spacer\"><\/div>\n\n\n\n<p><\/p>\n\n\n\n<div class=\"wp-block-uagb-container uagb-block-rqorbran alignfull uagb-is-root-container\"><div class=\"uagb-container-inner-blocks-wrap\">\n<div class=\"wp-block-uagb-image alignleft uagb-block-zo3njjys wp-block-uagb-image--layout-default wp-block-uagb-image--effect-static wp-block-uagb-image--align-left\"><figure class=\"wp-block-uagb-image__figure\"><img decoding=\"async\" srcset=\"https:\/\/stellaematutinae.org\/wp-content\/uploads\/2025\/04\/Pogolski-2.jpg ,https:\/\/stellaematutinae.org\/wp-content\/uploads\/2025\/04\/Pogolski-2.jpg 780w, https:\/\/stellaematutinae.org\/wp-content\/uploads\/2025\/04\/Pogolski-2.jpg 360w\" sizes=\"auto, (max-width: 480px) 150px\" src=\"https:\/\/stellaematutinae.org\/wp-content\/uploads\/2025\/04\/Pogolski-2.jpg\" alt=\"\" class=\"uag-image-3347\" width=\"564\" height=\"423\" title=\"Pogolski 2\" loading=\"lazy\" role=\"img\"\/><\/figure><\/div>\n\n\n\n<div class=\"wp-block-uagb-container uagb-block-mivorbeu\">\n<div class=\"wp-block-uagb-info-box uagb-block-m1yykcpx uagb-infobox__content-wrap  uagb-infobox-icon-above-title uagb-infobox-image-valign-top\"><div class=\"uagb-ifb-content\"><div class=\"uagb-ifb-title-wrap\"><p class=\"uagb-ifb-title-prefix\"><strong>Maria Pogolski <\/strong><em>Komponistinnen und Komponisten<\/em> <em>im Dialog<\/em><\/p><\/div><p class=\"uagb-ifb-desc\">1. Domenico Scarlatti (1685-1757) &#8211; Sonata in D Minor K.213&nbsp;<br><br>2. Gabriel Piern\u00e9 (1863-1937) &#8211; Impromptu-Caprice Op.9 (1901)<br><br>3. Henriette Reni\u00e9 (1875-1956) &#8211; Pi\u00e8ce symphonique (1907)<br><br>4. Maria-Luisa Giannuzzi (-) Huayno: danza peruviana su tema originale<\/p><\/div><\/div>\n<\/div>\n<\/div><\/div>\n\n\n\n<div class=\"wp-block-uagb-container uagb-block-1e3702d0 alignfull uagb-is-root-container\"><div class=\"uagb-container-inner-blocks-wrap\">\n<div class=\"wp-block-uagb-image alignleft uagb-block-1f2f3169 wp-block-uagb-image--layout-default wp-block-uagb-image--effect-static wp-block-uagb-image--align-left\"><figure class=\"wp-block-uagb-image__figure\"><img decoding=\"async\" srcset=\"https:\/\/stellaematutinae.org\/wp-content\/uploads\/2025\/04\/Floder-1024x909.jpg ,https:\/\/stellaematutinae.org\/wp-content\/uploads\/2025\/04\/Floder-scaled.jpg 780w, https:\/\/stellaematutinae.org\/wp-content\/uploads\/2025\/04\/Floder-scaled.jpg 360w\" sizes=\"auto, (max-width: 480px) 150px\" src=\"https:\/\/stellaematutinae.org\/wp-content\/uploads\/2025\/04\/Floder-1024x909.jpg\" alt=\"\" class=\"uag-image-3339\" width=\"564\" height=\"423\" title=\"Floder\" loading=\"lazy\" role=\"img\"\/><\/figure><\/div>\n\n\n\n<div class=\"wp-block-uagb-container uagb-layout-grid uagb-block-6679e300\">\n<div class=\"wp-block-uagb-info-box uagb-block-547f007a uagb-infobox__content-wrap  uagb-infobox-icon-above-title uagb-infobox-image-valign-top\"><div class=\"uagb-ifb-content\"><div class=\"uagb-ifb-title-wrap\"><p class=\"uagb-ifb-title-prefix\"><strong>Nadja Floder <\/strong>\u2013 <em>\u201cGrenzenlos \u2013 Ad Infinitum\u201d: Neue und Neueste Musik im Dialog mit Eigenkompositionen<\/em><\/p><\/div><p class=\"uagb-ifb-desc\">1. Marcel Grandjany (1891-1975) &#8211; Rhapsodie, op. 10 (1921)<br><br>2. Uri Brener (*1974) &#8211; Northern Wind. Improvisation and Raga for Harp solo, op. 84 (2017)<br><br>3. Nadja Floder (*2003) &#8211; Longing for Eternity, op. 22 (2022)<br><\/p><\/div><\/div>\n<\/div>\n<\/div><\/div>\n\n\n\n<p><\/p>\n\n\n\n<div class=\"wp-block-uagb-container uagb-block-wlwubypj alignfull uagb-is-root-container\"><div class=\"uagb-container-inner-blocks-wrap\">\n<div class=\"wp-block-uagb-container uagb-block-zsjip89w\">\n<div class=\"wp-block-uagb-container uagb-block-nm4jnsvt\">\n<div class=\"wp-block-uagb-image alignleft uagb-block-oduollzr wp-block-uagb-image--layout-default wp-block-uagb-image--effect-static wp-block-uagb-image--align-left\"><figure class=\"wp-block-uagb-image__figure\"><img decoding=\"async\" srcset=\"https:\/\/stellaematutinae.org\/wp-content\/uploads\/2025\/04\/Pogolski-1.jpg ,https:\/\/stellaematutinae.org\/wp-content\/uploads\/2025\/04\/Pogolski-1.jpg 780w, https:\/\/stellaematutinae.org\/wp-content\/uploads\/2025\/04\/Pogolski-1.jpg 360w\" sizes=\"auto, (max-width: 480px) 150px\" src=\"https:\/\/stellaematutinae.org\/wp-content\/uploads\/2025\/04\/Pogolski-1.jpg\" alt=\"\" class=\"uag-image-3346\" width=\"368\" height=\"460\" title=\"OLYMPUS DIGITAL CAMERA\" loading=\"lazy\" role=\"img\"\/><\/figure><\/div>\n\n\n\n<div class=\"wp-block-uagb-info-box uagb-block-jzljlmq2 uagb-infobox__content-wrap  uagb-infobox-icon-above-title uagb-infobox-image-valign-top wp-block-uagb-info-box--has-margin\"><div class=\"uagb-infobox-margin-wrapper\"><div class=\"uagb-ifb-content\"><div class=\"uagb-ifb-title-wrap\"><p class=\"uagb-ifb-title\">Maria Pogolski<\/p><\/div><p class=\"uagb-ifb-desc\">Maria Pogolski, geboren am 17. August 2007 in eine Musikerfamilie, zeigte schon fr\u00fch ihre Hingabe zur Musik. Begeistert von Mozart und Bach begann sie im Alter von sechs Jahren mit dem Klavierunterricht. Mit zehn entdeckte sie ihre gro\u00dfe Leidenschaft f\u00fcr die Harfe. Sie wurde von Elena Faynberg, der ehemaligen Soloharfenistin der St. Petersburger Philharmoniker, unterrichtet. Bereits nach zwei Jahren erzielte sie ihre ersten Erfolge bei Jugend musiziert und gewann zahlreiche erste Preise, sowohl solistisch als auch im Duett.<br><br>Zus\u00e4tzlich nahm Maria an verschiedenen Online-Wettbewerben teil, darunter die International Music Competition Belgrade, bei der sie den ersten Preis gewann, sowie die Glowing Harp Competition, bei der sie erst k\u00fcrzlich im April 2024 den ersten Preis (AG 3) erhielt. Im selben Jahr erreichte sie den zweiten Preis beim Wettbewerb des Verbandes deutscher Harfenisten (VdH). Zu ihren Sonderpreisen geh\u00f6ren unter anderem Auszeichnungen der Berthold-Hummel-Stiftung (2023), der Stiftung Deutsches Musikleben (2023) sowie ein EMCY-Preis im Jahr 2024.<br><br>Erste professionelle Erfahrungen sammelte Maria 2022 bei ihrer Mitwirkung am Konzert Stars im Prinze mit dem VOLTA-Ensemble der Hochschule f\u00fcr Musik und Theater M\u00fcnchen. Begeistert vom Orchesterspiel wurde sie 2024 Mitglied des Bayerischen Landesjugendorchesters. Ihr Solo-Deb\u00fct gab sie im Oktober 2023 bei einem Preistr\u00e4gerkonzert des Bezirks Oberbayern mit den Bad Reichenhaller Philharmonikern. Ihren ersten Meisterkurs absolvierte sie 2024 an der Detmolder Sommerakademie bei Prof. Godelieve Schrama und Helene Sch\u00fctz.<br>Derzeit ist Maria Jungstudentin bei Prof. Cristina Bianchi und befindet sich in der letzten Phase ihrer schulischen Ausbildung am Gymnasium.<br>Neben ihrer Leidenschaft f\u00fcr die Musik interessiert sich Maria auch sehr f\u00fcr Kunst. Sie besucht mit gro\u00dfer Begeisterung Konzerte, Kunstausstellungen, Theater- und Filmvorstellungen in M\u00fcnchen. In ihrer Freizeit verbringt sie gerne Zeit in der Natur mit ihren zwei Hunden, liest, h\u00e4kelt und treibt Sport. <\/p><\/div><\/div><\/div>\n<\/div>\n\n\n\n<div class=\"wp-block-uagb-container uagb-block-v5aiug1m\">\n<div class=\"wp-block-uagb-image alignleft uagb-block-qhc4vbvx wp-block-uagb-image--layout-default wp-block-uagb-image--effect-static wp-block-uagb-image--align-left\"><figure class=\"wp-block-uagb-image__figure\"><img decoding=\"async\" srcset=\"https:\/\/stellaematutinae.org\/wp-content\/uploads\/2025\/04\/Floder-1024x909.jpg ,https:\/\/stellaematutinae.org\/wp-content\/uploads\/2025\/04\/Floder-scaled.jpg 780w, https:\/\/stellaematutinae.org\/wp-content\/uploads\/2025\/04\/Floder-scaled.jpg 360w\" sizes=\"auto, (max-width: 480px) 150px\" src=\"https:\/\/stellaematutinae.org\/wp-content\/uploads\/2025\/04\/Floder-1024x909.jpg\" alt=\"\" class=\"uag-image-3339\" width=\"368\" height=\"460\" title=\"Floder\" loading=\"lazy\" role=\"img\"\/><\/figure><\/div>\n\n\n\n<div class=\"wp-block-uagb-info-box uagb-block-4t2lx86y uagb-infobox__content-wrap  uagb-infobox-icon-above-title uagb-infobox-image-valign-top wp-block-uagb-info-box--has-margin\"><div class=\"uagb-infobox-margin-wrapper\"><div class=\"uagb-ifb-content\"><div class=\"uagb-ifb-title-wrap\"><p class=\"uagb-ifb-title\">Deborah Haag<\/p><\/div><p class=\"uagb-ifb-desc\">Solistin, Komponistin, P\u00e4dagogin \u2013 Nadja Lydia Floder ist weit mehr als \u201enur\u201c eine klassische Harfenistin:<br><br>Ihren ersten Musikunterricht erhielt Floder im Alter von vier Jahren bei ihrer Mutter Mag. Nora Arpa-Floder auf der Violine. Mit acht Jahren begann sie zus\u00e4tzlich bei Mag. Alicja Wojciechowska-Zapata Harfe zu lernen, sp\u00e4ter kamen klassischer Gesang und Klavier hinzu. Von 2015-2017 nahm sie Privatunterricht bei Mag. Rahel Pie\u00dflinger, Bakk.art. Bakk.art. Seit 2017 studiert Floder bei Univ.-Prof. Mirjam Schr\u00f6der-Feldhoff an der Universit\u00e4t f\u00fcr Musik und darstellende Kunst Wien, zuerst als Jungstudentin und seit 2021 im Konzertfach. Ihre Reifepr\u00fcfung legte sie 2021 am Oberstufenrealgymnasium Bogenhofen mit Auszeichnung ab.<br><br>Konzerte und Auftritte f\u00fchrten sie u.a. nach N\u00fcrnberg, Augsburg, Lund (Schweden), Salzburg, ins Konzerthaus Klagenfurt sowie in das \u00f6sterreichische Parlament vor den Bundesrat. Nadja Floder ist zudem mehrfache Preistr\u00e4gerin bei Prima la Musica, wo sie 2020 mit 100 Punkten Landessiegerin wurde. Erste Studioerfahrungen durfte sie durch Rundfunkaufnahmen des ORF sowie durch Videoprojekte von Bibelstream sammeln.<br>Auch kammermusikalisch ist Nadja Floder sehr aktiv: Mit ihrer Schwester Corina Floder, Bakk.art. tritt sie regelm\u00e4\u00dfig in den Kombinationen Harfe Duo, Gitarre-Violine, Cello-Klavier, Violine-Harfe, Harfe-Gitarre sowie Harfe-Cello auf. Beim Bundeswettbewerb \u201ePrima la Musica 2019\u201c erspielten sie gemeinsam als Duo Vielsaitig mit Harfe-Cello und Duo CONA con affetto mit Violine-Gitarre zwei erste Preise. Als Solistin mit Orchester durfte Nadja Floder bereits mehrere Harfenkonzerte verschiedener Komponisten auff\u00fchren: Georg Friedrich H\u00e4ndel, Carl Ditters von Dittersdorf, Fran\u00e7ois-Adrien Boieldieu oder Marcel Grandjany (Aria in Classic Style).<br><br>Zus\u00e4tzlich besuchte Floder Meisterkurse, z.B. bei Prof. Catherine Michel, Prof. Isabelle Perrin, Prof. Nicoletta Sanzin, Mag. Elisabeth Plank, Veronika Lemishenko oder Prof. Manja Smits. Seit ihrem 15. Lebensjahr gibt Nadja Floder auch selbst Unterricht in Harfe und Violine und war von 2023-2024 am Musikschulverband Oberes Mostviertel und der Regionalmusikschule Amstetten als Karenzvertretung t\u00e4tig.<br>Einen pers\u00f6nlichen Schwerpunkt sieht Nadja Floder im Komponieren: 2021 spielte sie ihre Komposition \u201eRhapsodie dans la Nuit\u201c bei den Vienna Harp Days, sp\u00e4ter folgten Auff\u00fchrungen von \u201eLonging for Eternity\u201c und \u201ePassacaglia oder \u00c9legie in C-Moll\u201c. Seit Sommer 2024 arbeitet sie an einem neuen mehrs\u00e4tzigen Werk f\u00fcr Orchester und obligatorische Harfe.<br><br>Aktuell bereitet Floder sich auf zwei Solokonzerte in Joji Hattori\u2019s Konzertserie \u201eStars of the Future\u201c in Kooperation mit Musica Juventutis vor, bei denen sie eine weitere neue Komposition \u201eImpromptu f\u00fcr Harfe solo\u201c pr\u00e4sentieren wird.<\/p><\/div><\/div><\/div>\n<\/div>\n<\/div>\n<\/div><\/div>","protected":false},"excerpt":{"rendered":"","protected":false},"author":1,"featured_media":0,"parent":0,"menu_order":0,"comment_status":"closed","ping_status":"closed","template":"","meta":{"_surecart_dashboard_logo_width":"180px","_surecart_dashboard_show_logo":true,"_surecart_dashboard_navigation_orders":true,"_surecart_dashboard_navigation_invoices":true,"_surecart_dashboard_navigation_subscriptions":true,"_surecart_dashboard_navigation_downloads":true,"_surecart_dashboard_navigation_billing":true,"_surecart_dashboard_navigation_account":true,"_uag_custom_page_level_css":"","site-sidebar-layout":"default","site-content-layout":"","ast-site-content-layout":"default","site-content-style":"default","site-sidebar-style":"default","ast-global-header-display":"","ast-banner-title-visibility":"","ast-main-header-display":"","ast-hfb-above-header-display":"","ast-hfb-below-header-display":"","ast-hfb-mobile-header-display":"","site-post-title":"","ast-breadcrumbs-content":"","ast-featured-img":"","footer-sml-layout":"","ast-disable-related-posts":"","theme-transparent-header-meta":"","adv-header-id-meta":"","stick-header-meta":"","header-above-stick-meta":"","header-main-stick-meta":"","header-below-stick-meta":"","astra-migrate-meta-layouts":"set","ast-page-background-enabled":"default","ast-page-background-meta":{"desktop":{"background-color":"var(--ast-global-color-4)","background-image":"","background-repeat":"repeat","background-position":"center center","background-size":"auto","background-attachment":"scroll","background-type":"","background-media":"","overlay-type":"","overlay-color":"","overlay-opacity":"","overlay-gradient":""},"tablet":{"background-color":"","background-image":"","background-repeat":"repeat","background-position":"center center","background-size":"auto","background-attachment":"scroll","background-type":"","background-media":"","overlay-type":"","overlay-color":"","overlay-opacity":"","overlay-gradient":""},"mobile":{"background-color":"","background-image":"","background-repeat":"repeat","background-position":"center center","background-size":"auto","background-attachment":"scroll","background-type":"","background-media":"","overlay-type":"","overlay-color":"","overlay-opacity":"","overlay-gradient":""}},"ast-content-background-meta":{"desktop":{"background-color":"var(--ast-global-color-5)","background-image":"","background-repeat":"repeat","background-position":"center center","background-size":"auto","background-attachment":"scroll","background-type":"","background-media":"","overlay-type":"","overlay-color":"","overlay-opacity":"","overlay-gradient":""},"tablet":{"background-color":"var(--ast-global-color-5)","background-image":"","background-repeat":"repeat","background-position":"center center","background-size":"auto","background-attachment":"scroll","background-type":"","background-media":"","overlay-type":"","overlay-color":"","overlay-opacity":"","overlay-gradient":""},"mobile":{"background-color":"var(--ast-global-color-5)","background-image":"","background-repeat":"repeat","background-position":"center center","background-size":"auto","background-attachment":"scroll","background-type":"","background-media":"","overlay-type":"","overlay-color":"","overlay-opacity":"","overlay-gradient":""}},"footnotes":""},"class_list":["post-3357","page","type-page","status-publish","hentry"],"featured_image_src":null,"yoast_head":"<!-- This site is optimized with the Yoast SEO plugin v27.5 - https:\/\/yoast.com\/product\/yoast-seo-wordpress\/ -->\n<title>Stars of Tomorrow II - Stellae Matutinae - European Harp Symposium<\/title>\n<meta name=\"robots\" content=\"index, follow, max-snippet:-1, max-image-preview:large, max-video-preview:-1\" \/>\n<link rel=\"canonical\" href=\"https:\/\/stellaematutinae.org\/de\/stars-of-tomorrow-ii\/\" \/>\n<meta property=\"og:locale\" content=\"de_DE\" \/>\n<meta property=\"og:type\" content=\"article\" \/>\n<meta property=\"og:title\" content=\"Stars of Tomorrow II - Stellae Matutinae - European Harp Symposium\" \/>\n<meta property=\"og:url\" content=\"https:\/\/stellaematutinae.org\/de\/stars-of-tomorrow-ii\/\" \/>\n<meta property=\"og:site_name\" content=\"Stellae Matutinae - European Harp Symposium\" \/>\n<meta property=\"article:publisher\" content=\"https:\/\/www.facebook.com\/stellaematutinae\" \/>\n<meta property=\"article:modified_time\" content=\"2025-04-02T12:36:02+00:00\" \/>\n<meta property=\"og:image\" content=\"https:\/\/stellaematutinae.org\/wp-content\/uploads\/2025\/04\/Pogolski-2.jpg\" \/>\n<meta name=\"twitter:card\" content=\"summary_large_image\" \/>\n<meta name=\"twitter:label1\" content=\"Gesch\u00e4tzte Lesezeit\" \/>\n\t<meta name=\"twitter:data1\" content=\"5\u00a0Minuten\" \/>\n<script type=\"application\/ld+json\" class=\"yoast-schema-graph\">{\"@context\":\"https:\\\/\\\/schema.org\",\"@graph\":[{\"@type\":\"WebPage\",\"@id\":\"https:\\\/\\\/stellaematutinae.org\\\/stars-of-tomorrow-ii\\\/\",\"url\":\"https:\\\/\\\/stellaematutinae.org\\\/stars-of-tomorrow-ii\\\/\",\"name\":\"Stars of Tomorrow II - Stellae Matutinae - European Harp Symposium\",\"isPartOf\":{\"@id\":\"https:\\\/\\\/stellaematutinae.org\\\/#website\"},\"primaryImageOfPage\":{\"@id\":\"https:\\\/\\\/stellaematutinae.org\\\/stars-of-tomorrow-ii\\\/#primaryimage\"},\"image\":{\"@id\":\"https:\\\/\\\/stellaematutinae.org\\\/stars-of-tomorrow-ii\\\/#primaryimage\"},\"thumbnailUrl\":\"https:\\\/\\\/stellaematutinae.org\\\/wp-content\\\/uploads\\\/2025\\\/04\\\/Pogolski-2.jpg\",\"datePublished\":\"2025-04-02T11:41:44+00:00\",\"dateModified\":\"2025-04-02T12:36:02+00:00\",\"breadcrumb\":{\"@id\":\"https:\\\/\\\/stellaematutinae.org\\\/stars-of-tomorrow-ii\\\/#breadcrumb\"},\"inLanguage\":\"de\",\"potentialAction\":[{\"@type\":\"ReadAction\",\"target\":[\"https:\\\/\\\/stellaematutinae.org\\\/stars-of-tomorrow-ii\\\/\"]}]},{\"@type\":\"ImageObject\",\"inLanguage\":\"de\",\"@id\":\"https:\\\/\\\/stellaematutinae.org\\\/stars-of-tomorrow-ii\\\/#primaryimage\",\"url\":\"https:\\\/\\\/stellaematutinae.org\\\/wp-content\\\/uploads\\\/2025\\\/04\\\/Pogolski-2.jpg\",\"contentUrl\":\"https:\\\/\\\/stellaematutinae.org\\\/wp-content\\\/uploads\\\/2025\\\/04\\\/Pogolski-2.jpg\"},{\"@type\":\"BreadcrumbList\",\"@id\":\"https:\\\/\\\/stellaematutinae.org\\\/stars-of-tomorrow-ii\\\/#breadcrumb\",\"itemListElement\":[{\"@type\":\"ListItem\",\"position\":1,\"name\":\"Home\",\"item\":\"https:\\\/\\\/stellaematutinae.org\\\/\"},{\"@type\":\"ListItem\",\"position\":2,\"name\":\"Stars of Tomorrow II\"}]},{\"@type\":\"WebSite\",\"@id\":\"https:\\\/\\\/stellaematutinae.org\\\/#website\",\"url\":\"https:\\\/\\\/stellaematutinae.org\\\/\",\"name\":\"Stellae Matutinae - European Harp Symposium\",\"description\":\"Folge den Sternen - Follow the Stars\",\"publisher\":{\"@id\":\"https:\\\/\\\/stellaematutinae.org\\\/#organization\"},\"alternateName\":\"European Harp Symposium 2025\",\"potentialAction\":[{\"@type\":\"SearchAction\",\"target\":{\"@type\":\"EntryPoint\",\"urlTemplate\":\"https:\\\/\\\/stellaematutinae.org\\\/?s={search_term_string}\"},\"query-input\":{\"@type\":\"PropertyValueSpecification\",\"valueRequired\":true,\"valueName\":\"search_term_string\"}}],\"inLanguage\":\"de\"},{\"@type\":\"Organization\",\"@id\":\"https:\\\/\\\/stellaematutinae.org\\\/#organization\",\"name\":\"Stellae Matutinae\",\"url\":\"https:\\\/\\\/stellaematutinae.org\\\/\",\"logo\":{\"@type\":\"ImageObject\",\"inLanguage\":\"de\",\"@id\":\"https:\\\/\\\/stellaematutinae.org\\\/#\\\/schema\\\/logo\\\/image\\\/\",\"url\":\"http:\\\/\\\/stellaematutinae.org\\\/wp-content\\\/uploads\\\/2024\\\/09\\\/cropped-nur-Stern.png\",\"contentUrl\":\"http:\\\/\\\/stellaematutinae.org\\\/wp-content\\\/uploads\\\/2024\\\/09\\\/cropped-nur-Stern.png\",\"width\":512,\"height\":512,\"caption\":\"Stellae Matutinae\"},\"image\":{\"@id\":\"https:\\\/\\\/stellaematutinae.org\\\/#\\\/schema\\\/logo\\\/image\\\/\"},\"sameAs\":[\"https:\\\/\\\/www.facebook.com\\\/stellaematutinae\",\"https:\\\/\\\/www.youtube.com\\\/@stellae_matutinae\",\"https:\\\/\\\/instagram.com\\\/stellaematutinae\"]}]}<\/script>\n<!-- \/ Yoast SEO plugin. -->","yoast_head_json":{"title":"Stars of Tomorrow II - Stellae Matutinae - European Harp Symposium","robots":{"index":"index","follow":"follow","max-snippet":"max-snippet:-1","max-image-preview":"max-image-preview:large","max-video-preview":"max-video-preview:-1"},"canonical":"https:\/\/stellaematutinae.org\/de\/stars-of-tomorrow-ii\/","og_locale":"de_DE","og_type":"article","og_title":"Stars of Tomorrow II - Stellae Matutinae - European Harp Symposium","og_url":"https:\/\/stellaematutinae.org\/de\/stars-of-tomorrow-ii\/","og_site_name":"Stellae Matutinae - European Harp Symposium","article_publisher":"https:\/\/www.facebook.com\/stellaematutinae","article_modified_time":"2025-04-02T12:36:02+00:00","og_image":[{"url":"https:\/\/stellaematutinae.org\/wp-content\/uploads\/2025\/04\/Pogolski-2.jpg","type":"","width":"","height":""}],"twitter_card":"summary_large_image","twitter_misc":{"Gesch\u00e4tzte Lesezeit":"5\u00a0Minuten"},"schema":{"@context":"https:\/\/schema.org","@graph":[{"@type":"WebPage","@id":"https:\/\/stellaematutinae.org\/stars-of-tomorrow-ii\/","url":"https:\/\/stellaematutinae.org\/stars-of-tomorrow-ii\/","name":"Stars of Tomorrow II - Stellae Matutinae - European Harp Symposium","isPartOf":{"@id":"https:\/\/stellaematutinae.org\/#website"},"primaryImageOfPage":{"@id":"https:\/\/stellaematutinae.org\/stars-of-tomorrow-ii\/#primaryimage"},"image":{"@id":"https:\/\/stellaematutinae.org\/stars-of-tomorrow-ii\/#primaryimage"},"thumbnailUrl":"https:\/\/stellaematutinae.org\/wp-content\/uploads\/2025\/04\/Pogolski-2.jpg","datePublished":"2025-04-02T11:41:44+00:00","dateModified":"2025-04-02T12:36:02+00:00","breadcrumb":{"@id":"https:\/\/stellaematutinae.org\/stars-of-tomorrow-ii\/#breadcrumb"},"inLanguage":"de","potentialAction":[{"@type":"ReadAction","target":["https:\/\/stellaematutinae.org\/stars-of-tomorrow-ii\/"]}]},{"@type":"ImageObject","inLanguage":"de","@id":"https:\/\/stellaematutinae.org\/stars-of-tomorrow-ii\/#primaryimage","url":"https:\/\/stellaematutinae.org\/wp-content\/uploads\/2025\/04\/Pogolski-2.jpg","contentUrl":"https:\/\/stellaematutinae.org\/wp-content\/uploads\/2025\/04\/Pogolski-2.jpg"},{"@type":"BreadcrumbList","@id":"https:\/\/stellaematutinae.org\/stars-of-tomorrow-ii\/#breadcrumb","itemListElement":[{"@type":"ListItem","position":1,"name":"Home","item":"https:\/\/stellaematutinae.org\/"},{"@type":"ListItem","position":2,"name":"Stars of Tomorrow II"}]},{"@type":"WebSite","@id":"https:\/\/stellaematutinae.org\/#website","url":"https:\/\/stellaematutinae.org\/","name":"Stellae Matutinae - European Harp Symposium","description":"Folge den Sternen - Follow the Stars","publisher":{"@id":"https:\/\/stellaematutinae.org\/#organization"},"alternateName":"European Harp Symposium 2025","potentialAction":[{"@type":"SearchAction","target":{"@type":"EntryPoint","urlTemplate":"https:\/\/stellaematutinae.org\/?s={search_term_string}"},"query-input":{"@type":"PropertyValueSpecification","valueRequired":true,"valueName":"search_term_string"}}],"inLanguage":"de"},{"@type":"Organization","@id":"https:\/\/stellaematutinae.org\/#organization","name":"Stellae Matutinae","url":"https:\/\/stellaematutinae.org\/","logo":{"@type":"ImageObject","inLanguage":"de","@id":"https:\/\/stellaematutinae.org\/#\/schema\/logo\/image\/","url":"http:\/\/stellaematutinae.org\/wp-content\/uploads\/2024\/09\/cropped-nur-Stern.png","contentUrl":"http:\/\/stellaematutinae.org\/wp-content\/uploads\/2024\/09\/cropped-nur-Stern.png","width":512,"height":512,"caption":"Stellae Matutinae"},"image":{"@id":"https:\/\/stellaematutinae.org\/#\/schema\/logo\/image\/"},"sameAs":["https:\/\/www.facebook.com\/stellaematutinae","https:\/\/www.youtube.com\/@stellae_matutinae","https:\/\/instagram.com\/stellaematutinae"]}]}},"uagb_featured_image_src":{"full":false,"thumbnail":false,"medium":false,"medium_large":false,"large":false,"1536x1536":false,"2048x2048":false,"trp-custom-language-flag":false,"tb-timeline-landscape":false,"tb-timeline-square":false},"uagb_author_info":{"display_name":"admin","author_link":"https:\/\/stellaematutinae.org\/de\/author\/admin\/"},"uagb_comment_info":0,"uagb_excerpt":null,"_links":{"self":[{"href":"https:\/\/stellaematutinae.org\/de\/wp-json\/wp\/v2\/pages\/3357","targetHints":{"allow":["GET"]}}],"collection":[{"href":"https:\/\/stellaematutinae.org\/de\/wp-json\/wp\/v2\/pages"}],"about":[{"href":"https:\/\/stellaematutinae.org\/de\/wp-json\/wp\/v2\/types\/page"}],"author":[{"embeddable":true,"href":"https:\/\/stellaematutinae.org\/de\/wp-json\/wp\/v2\/users\/1"}],"replies":[{"embeddable":true,"href":"https:\/\/stellaematutinae.org\/de\/wp-json\/wp\/v2\/comments?post=3357"}],"version-history":[{"count":7,"href":"https:\/\/stellaematutinae.org\/de\/wp-json\/wp\/v2\/pages\/3357\/revisions"}],"predecessor-version":[{"id":3364,"href":"https:\/\/stellaematutinae.org\/de\/wp-json\/wp\/v2\/pages\/3357\/revisions\/3364"}],"wp:attachment":[{"href":"https:\/\/stellaematutinae.org\/de\/wp-json\/wp\/v2\/media?parent=3357"}],"curies":[{"name":"wp","href":"https:\/\/api.w.org\/{rel}","templated":true}]}}