{"id":3319,"date":"2025-04-02T12:09:33","date_gmt":"2025-04-02T11:09:33","guid":{"rendered":"https:\/\/stellaematutinae.org\/?page_id=3319"},"modified":"2025-04-02T12:19:14","modified_gmt":"2025-04-02T11:19:14","slug":"stars-of-tomorrow-i","status":"publish","type":"page","link":"https:\/\/stellaematutinae.org\/de\/stars-of-tomorrow-i\/","title":{"rendered":"Stars of Tomorrow I"},"content":{"rendered":"<p><\/p>\n\n\n\n<div class=\"wp-block-uagb-container uagb-block-arx5ag0e alignfull uagb-is-root-container\"><div class=\"uagb-container-inner-blocks-wrap\">\n<div class=\"wp-block-uagb-info-box uagb-block-igxnvdc6 uagb-infobox__content-wrap  uagb-infobox-icon-above-title uagb-infobox-image-valign-top\"><div class=\"uagb-ifb-content\"><div class=\"uagb-ifb-title-wrap\"><h1 class=\"uagb-ifb-title\">STARS OF TOMORROW<br>KONZERT I<\/h1><\/div><p class=\"uagb-ifb-desc\"><strong>Henriette Urban<\/strong> \u2013 <em>Werke des 18. Jahrhunderts auf historischer Einfachpedalharfe<\/em><br><br><strong>Deborah Haag<\/strong> \u2013 <em>Zeitgen\u00f6ssisches und experimentelles auf der Harfe<\/em><\/p><\/div><\/div>\n<\/div><\/div>\n\n\n\n<div style=\"height:0px\" aria-hidden=\"true\" class=\"wp-block-spacer\"><\/div>\n\n\n\n<div style=\"height:100px\" aria-hidden=\"true\" class=\"wp-block-spacer\"><\/div>\n\n\n\n<p><\/p>\n\n\n\n<div class=\"wp-block-uagb-container uagb-block-rqorbran alignfull uagb-is-root-container\"><div class=\"uagb-container-inner-blocks-wrap\">\n<div class=\"wp-block-uagb-image alignleft uagb-block-zo3njjys wp-block-uagb-image--layout-default wp-block-uagb-image--effect-static wp-block-uagb-image--align-left\"><figure class=\"wp-block-uagb-image__figure\"><img decoding=\"async\" srcset=\"https:\/\/stellaematutinae.org\/wp-content\/uploads\/2025\/04\/Urban.jpg ,https:\/\/stellaematutinae.org\/wp-content\/uploads\/2025\/04\/Urban.jpg 780w, https:\/\/stellaematutinae.org\/wp-content\/uploads\/2025\/04\/Urban.jpg 360w\" sizes=\"auto, (max-width: 480px) 150px\" src=\"https:\/\/stellaematutinae.org\/wp-content\/uploads\/2025\/04\/Urban.jpg\" alt=\"\" class=\"uag-image-3348\" width=\"564\" height=\"423\" title=\"Urban\" loading=\"lazy\" role=\"img\"\/><\/figure><\/div>\n\n\n\n<div class=\"wp-block-uagb-container uagb-block-mivorbeu\">\n<div class=\"wp-block-uagb-info-box uagb-block-m1yykcpx uagb-infobox__content-wrap  uagb-infobox-icon-above-title uagb-infobox-image-valign-top\"><div class=\"uagb-ifb-content\"><div class=\"uagb-ifb-title-wrap\"><p class=\"uagb-ifb-title-prefix\"><strong>Henriette Urban<\/strong> \u2013 <strong><em>Werke des 18. Jahrhunderts auf historischer Einfachpedalharfe<\/em><\/strong><\/p><\/div><p class=\"uagb-ifb-desc\">1. Philippe-Jacques Meyer (1737-1819) &#8211; Sonata in C Dur<br><br>I. Allegro\u00a0<br>II. Andante, Non troppo\u00a0<br>III. Allegro<br><br>Aus: \u201cEssai sur la vrai mani\u00e8re de jouer de la harpe avec une m\u00e9thode de l\u2019accorder, Paris 1772\u201d<br><br>2. Jean-Baptiste Krumpholtz (1747-1790)<br><br>Pr\u00e9lude en la mineur<br>Romance en la mineur<br><br>Aus: \u201cPrincipes pour la harpe, Paris 1800\u201d<br><br>3. Philippe-Jacques Meyer (1737-1819)\u00a0<br><br>Giga in A Moll<br>Adagio in E Moll\u00a0<br><br>Aus: \u201cEssai sur la vrai mani\u00e8re de jouer de la harpe avec une m\u00e9thode de l\u2019accorder, Paris 1772\u201d<br><br>4. Jean-Baptiste Krumpholtz (1747-1790)\u00a0<br><br>Allegretto in E Moll\u00a0<br><br>5. Christian Hochbr\u00fccker (1727-1805) &#8211; Sonata 6 in D Dur\u00a0<br><br>I. Allegro\u00a0<br>II. Menuetto\u00a0<br>III. Allegro<br><br>Aus: \u201cSix Sonates pour la harpe, Paris 1762\u201d<\/p><\/div><\/div>\n<\/div>\n<\/div><\/div>\n\n\n\n<div class=\"wp-block-uagb-container uagb-block-1e3702d0 alignfull uagb-is-root-container\"><div class=\"uagb-container-inner-blocks-wrap\">\n<div class=\"wp-block-uagb-image alignleft uagb-block-1f2f3169 wp-block-uagb-image--layout-default wp-block-uagb-image--effect-static wp-block-uagb-image--align-left\"><figure class=\"wp-block-uagb-image__figure\"><img decoding=\"async\" srcset=\"https:\/\/stellaematutinae.org\/wp-content\/uploads\/2025\/04\/Haag-683x1024.jpg ,https:\/\/stellaematutinae.org\/wp-content\/uploads\/2025\/04\/Haag-scaled.jpg 780w, https:\/\/stellaematutinae.org\/wp-content\/uploads\/2025\/04\/Haag-scaled.jpg 360w\" sizes=\"auto, (max-width: 480px) 150px\" src=\"https:\/\/stellaematutinae.org\/wp-content\/uploads\/2025\/04\/Haag-683x1024.jpg\" alt=\"\" class=\"uag-image-3340\" width=\"564\" height=\"423\" title=\"Haag\" loading=\"lazy\" role=\"img\"\/><\/figure><\/div>\n\n\n\n<div class=\"wp-block-uagb-container uagb-layout-grid uagb-block-6679e300\">\n<div class=\"wp-block-uagb-info-box uagb-block-547f007a uagb-infobox__content-wrap  uagb-infobox-icon-above-title uagb-infobox-image-valign-top\"><div class=\"uagb-ifb-content\"><div class=\"uagb-ifb-title-wrap\"><p class=\"uagb-ifb-title-prefix\"><strong>Deborah Haag<\/strong> \u2013 <strong><em>Zeitgen\u00f6ssisches und experimentelles auf der Harfe<\/em><\/strong><\/p><\/div><p class=\"uagb-ifb-desc\">1. Heinrich Hartl (*1953) \u2013 aus: Drei Charakterst\u00fccke f\u00fcr Harfe (op. 24): I. Elegie, Langsam<br><br>2. Robert Delanoff (*1942) - Stromatolithen (1989) f\u00fcr Harfe und Orgel<br><br>3. Katia Mestrovic (*1989) &#8211; Araneae (2021)<br><\/p><\/div><\/div>\n<\/div>\n<\/div><\/div>\n\n\n\n<p><\/p>\n\n\n\n<div class=\"wp-block-uagb-container uagb-block-wlwubypj alignfull uagb-is-root-container\"><div class=\"uagb-container-inner-blocks-wrap\">\n<div class=\"wp-block-uagb-container uagb-block-zsjip89w\">\n<div class=\"wp-block-uagb-container uagb-block-nm4jnsvt\">\n<div class=\"wp-block-uagb-image alignleft uagb-block-oduollzr wp-block-uagb-image--layout-default wp-block-uagb-image--effect-static wp-block-uagb-image--align-left\"><figure class=\"wp-block-uagb-image__figure\"><img decoding=\"async\" srcset=\"https:\/\/stellaematutinae.org\/wp-content\/uploads\/2025\/04\/Urban.jpg ,https:\/\/stellaematutinae.org\/wp-content\/uploads\/2025\/04\/Urban.jpg 780w, https:\/\/stellaematutinae.org\/wp-content\/uploads\/2025\/04\/Urban.jpg 360w\" sizes=\"auto, (max-width: 480px) 150px\" src=\"https:\/\/stellaematutinae.org\/wp-content\/uploads\/2025\/04\/Urban.jpg\" alt=\"\" class=\"uag-image-3348\" width=\"368\" height=\"460\" title=\"Urban\" loading=\"lazy\" role=\"img\"\/><\/figure><\/div>\n\n\n\n<div class=\"wp-block-uagb-info-box uagb-block-jzljlmq2 uagb-infobox__content-wrap  uagb-infobox-icon-above-title uagb-infobox-image-valign-top wp-block-uagb-info-box--has-margin\"><div class=\"uagb-infobox-margin-wrapper\"><div class=\"uagb-ifb-content\"><div class=\"uagb-ifb-title-wrap\"><p class=\"uagb-ifb-title\">Henriette Urban<\/p><\/div><p class=\"uagb-ifb-desc\">Henriette Urban, geboren 2001, wuchs in der N\u00e4he von Hamburg auf. Im Alter von 11 Jahren begann sie ihre Ausbildung in historischer Harfe an der Staatlichen Jugendmusikschule Hamburg bei Monika Mandelartz. Im Jahr 2022 schloss sie ihr Bachelor-Studium f\u00fcr historische Harfe in der Klasse von Nicolas Achten am Conservatoire Royal de Bruxelles in Belgien mit Auszeichnung ab. <br><br>Im Juni 2024 schloss sie ihren Master of Performance in der Harfenklasse von Flora Papadopoulos an der Schola Cantorum in Basel, Schweiz, ab. Im November 2023 gewann sie den Wettbewerb \u201eCall for a Concert\u201c im Rahmen der 2. Harfenbiennale Innsbruck, organisiert von Magret Koell. Sie spielt auch in internationalen Ensembles wie Scherzi Musicali, La Cetra d'Orfeo, BachWerkVokal, Wroclav Baroque Ensemble und K\u00f6lner Akademie. Sie hat auch an Meisterkursen mit Johanna Seitz, Mara Galassi und John Griffiths teilgenommen und bei Festivals wie dem Coudenberg Sound Box Fest und den Innsbrucker Festwochen der Alten Musik gespielt. <br><br>Vor einem halben Jahr begann sie mit dem Erlernen der Single-Action-Pedalharfe und interessiert sich sehr f\u00fcr das Repertoire und die historisch informierte Interpretation dieses Instruments.<\/p><\/div><\/div><\/div>\n<\/div>\n\n\n\n<div class=\"wp-block-uagb-container uagb-block-v5aiug1m\">\n<div class=\"wp-block-uagb-image alignleft uagb-block-qhc4vbvx wp-block-uagb-image--layout-default wp-block-uagb-image--effect-static wp-block-uagb-image--align-left\"><figure class=\"wp-block-uagb-image__figure\"><img decoding=\"async\" srcset=\"https:\/\/stellaematutinae.org\/wp-content\/uploads\/2025\/04\/Haag-683x1024.jpg ,https:\/\/stellaematutinae.org\/wp-content\/uploads\/2025\/04\/Haag-scaled.jpg 780w, https:\/\/stellaematutinae.org\/wp-content\/uploads\/2025\/04\/Haag-scaled.jpg 360w\" sizes=\"auto, (max-width: 480px) 150px\" src=\"https:\/\/stellaematutinae.org\/wp-content\/uploads\/2025\/04\/Haag-683x1024.jpg\" alt=\"\" class=\"uag-image-3340\" width=\"368\" height=\"460\" title=\"Haag\" loading=\"lazy\" role=\"img\"\/><\/figure><\/div>\n\n\n\n<div class=\"wp-block-uagb-info-box uagb-block-4t2lx86y uagb-infobox__content-wrap  uagb-infobox-icon-above-title uagb-infobox-image-valign-top wp-block-uagb-info-box--has-margin\"><div class=\"uagb-infobox-margin-wrapper\"><div class=\"uagb-ifb-content\"><div class=\"uagb-ifb-title-wrap\"><p class=\"uagb-ifb-title\">Deborah Haag<\/p><\/div><p class=\"uagb-ifb-desc\">&#8220;<em>Mein erstes Treffen mit Deborah Haag fand schon einige Zeit vor ihrem Studium an der HfM Karlsruhe statt, bei dem ich eine sehr kluge und aufgeweckte Harfenistin vorfand, die einen fast unstillbaren Hunger auf die Harfenliteratur und deren Interpretation mitbrachte. Inzwischen studiert sie bei mir auf technisch hohem Niveau nicht nur die klassische Sololiteratur mit behender Geschwindigkeit, sondern sie entwickelt eine gro\u00dfe Neugierde f\u00fcr die Literatur der Moderne und hat schon einige Werke von Zeitgenossinnen erfolgreich zur Auff\u00fchrung gebracht.<\/em>&#8220;<br>\u2014 Prof. Maria Stange<br><br>Deborah Haag (2004*) lernte w\u00e4hrend ihrer Schulzeit seit 2010 Klavier bei Wolfgang Weber und seit 2012 Harfe an der Musikschule Unteres Remstal bei Irmela Soldner. Sie gewann mit der Harfe mehrmals den ersten Preis bei Jugend musiziert und bereicherte zahlreiche Veranstaltungen, Gottesdienste und (Benefiz-) Konzerte mit ihrem Harfenspiel. Insbesondere trat sie solistisch im Mozartsaal der Liederhalle und im Wei\u00dfen Saal im Neuen Schloss Stuttgart auf.<br><br>2020 wurde sie als Stipendiatin\/Teilnehmerin f\u00fcr die Kreativwoche der Kulturakademie Baden-W\u00fcrttemberg f\u00fcr begabte und interessierte junge Musiker*innen an der Musikhochschule Karlsruhe ausgew\u00e4hlt. Nach dem Abitur belegte sie 2022\/2023 in Rottenburg am Neckar die einj\u00e4hrige Ausbildung zur nebenberuflichen Kirchenmusikerin, die sie erfolgreich mit der C-Pr\u00fcfung abschloss. In dieser Zeit erhielt sie Klavierunterricht bei Nieneke Hamann, Orgelunterricht bei Georg Oberauer und Harfenunterricht bei Petra Kruse.<br><br>Seit Oktober 2023 studiert sie in Karlsruhe Schulmusik mit Hauptfach Harfe bei Maria Stange an der Hochschule f\u00fcr Musik Karlsruhe und Physik auf Lehramt am Karlsruher Institut f\u00fcr Technologie. Seit Januar 2025 wird sie als Stipendiatin der Hanns-Seidel-Stiftung gef\u00f6rdert und erh\u00e4lt fach\u00fcbergreifende Weiterbildungsm\u00f6glichkeiten.<br><br>Sie besuchte Meisterkurse bei Catherine Michel und Mirjam Schr\u00f6der. Als Harfinistin tritt sie als Solistin oder im Duo mit Mirjam Laetitia Haag (Organistin, Naumburg) bei verschiedenen Projekten und Konzerten auf. Darunter die letzten Orchester- und Kammermusikprojekte: deutsche Erstauff\u00fchrung Violakonzert Matthias Hutter, H\u00e4ndel Konzert, Urauff\u00fchrung Auftrag f\u00fcr Gesang und Harfe von Veronika Reutz Drobni\u0107, GEDOK K\u00fcnstlerinnenforum, Schulmusikorchester, Ensemble f\u00fcr Neue Musik der HfM Karlsruhe.<br><br>Deborah Haag engagiert sich au\u00dferdem in mehreren Kirchengemeinden als Harfinistin, Organistin, S\u00e4ngerin und Chorleiterin und ist Teil der KHG Karlsruhe.<\/p><\/div><\/div><\/div>\n<\/div>\n<\/div>\n<\/div><\/div>","protected":false},"excerpt":{"rendered":"","protected":false},"author":1,"featured_media":0,"parent":0,"menu_order":0,"comment_status":"closed","ping_status":"closed","template":"","meta":{"_surecart_dashboard_logo_width":"180px","_surecart_dashboard_show_logo":true,"_surecart_dashboard_navigation_orders":true,"_surecart_dashboard_navigation_invoices":true,"_surecart_dashboard_navigation_subscriptions":true,"_surecart_dashboard_navigation_downloads":true,"_surecart_dashboard_navigation_billing":true,"_surecart_dashboard_navigation_account":true,"_uag_custom_page_level_css":"","site-sidebar-layout":"default","site-content-layout":"","ast-site-content-layout":"default","site-content-style":"default","site-sidebar-style":"default","ast-global-header-display":"","ast-banner-title-visibility":"","ast-main-header-display":"","ast-hfb-above-header-display":"","ast-hfb-below-header-display":"","ast-hfb-mobile-header-display":"","site-post-title":"","ast-breadcrumbs-content":"","ast-featured-img":"","footer-sml-layout":"","ast-disable-related-posts":"","theme-transparent-header-meta":"","adv-header-id-meta":"","stick-header-meta":"","header-above-stick-meta":"","header-main-stick-meta":"","header-below-stick-meta":"","astra-migrate-meta-layouts":"set","ast-page-background-enabled":"default","ast-page-background-meta":{"desktop":{"background-color":"var(--ast-global-color-4)","background-image":"","background-repeat":"repeat","background-position":"center center","background-size":"auto","background-attachment":"scroll","background-type":"","background-media":"","overlay-type":"","overlay-color":"","overlay-opacity":"","overlay-gradient":""},"tablet":{"background-color":"","background-image":"","background-repeat":"repeat","background-position":"center center","background-size":"auto","background-attachment":"scroll","background-type":"","background-media":"","overlay-type":"","overlay-color":"","overlay-opacity":"","overlay-gradient":""},"mobile":{"background-color":"","background-image":"","background-repeat":"repeat","background-position":"center center","background-size":"auto","background-attachment":"scroll","background-type":"","background-media":"","overlay-type":"","overlay-color":"","overlay-opacity":"","overlay-gradient":""}},"ast-content-background-meta":{"desktop":{"background-color":"var(--ast-global-color-5)","background-image":"","background-repeat":"repeat","background-position":"center center","background-size":"auto","background-attachment":"scroll","background-type":"","background-media":"","overlay-type":"","overlay-color":"","overlay-opacity":"","overlay-gradient":""},"tablet":{"background-color":"var(--ast-global-color-5)","background-image":"","background-repeat":"repeat","background-position":"center center","background-size":"auto","background-attachment":"scroll","background-type":"","background-media":"","overlay-type":"","overlay-color":"","overlay-opacity":"","overlay-gradient":""},"mobile":{"background-color":"var(--ast-global-color-5)","background-image":"","background-repeat":"repeat","background-position":"center center","background-size":"auto","background-attachment":"scroll","background-type":"","background-media":"","overlay-type":"","overlay-color":"","overlay-opacity":"","overlay-gradient":""}},"footnotes":""},"class_list":["post-3319","page","type-page","status-publish","hentry"],"featured_image_src":null,"yoast_head":"<!-- This site is optimized with the Yoast SEO plugin v27.5 - https:\/\/yoast.com\/product\/yoast-seo-wordpress\/ -->\n<title>Stars of Tomorrow I - Stellae Matutinae - European Harp Symposium<\/title>\n<meta name=\"robots\" content=\"index, follow, max-snippet:-1, max-image-preview:large, max-video-preview:-1\" \/>\n<link rel=\"canonical\" href=\"https:\/\/stellaematutinae.org\/de\/stars-of-tomorrow-i\/\" \/>\n<meta property=\"og:locale\" content=\"de_DE\" \/>\n<meta property=\"og:type\" content=\"article\" \/>\n<meta property=\"og:title\" content=\"Stars of Tomorrow I - Stellae Matutinae - European Harp Symposium\" \/>\n<meta property=\"og:url\" content=\"https:\/\/stellaematutinae.org\/de\/stars-of-tomorrow-i\/\" \/>\n<meta property=\"og:site_name\" content=\"Stellae Matutinae - European Harp Symposium\" \/>\n<meta property=\"article:publisher\" content=\"https:\/\/www.facebook.com\/stellaematutinae\" \/>\n<meta property=\"article:modified_time\" content=\"2025-04-02T11:19:14+00:00\" \/>\n<meta property=\"og:image\" content=\"https:\/\/stellaematutinae.org\/wp-content\/uploads\/2025\/04\/Urban.jpg\" \/>\n<meta name=\"twitter:card\" content=\"summary_large_image\" \/>\n<meta name=\"twitter:label1\" content=\"Gesch\u00e4tzte Lesezeit\" \/>\n\t<meta name=\"twitter:data1\" content=\"5\u00a0Minuten\" \/>\n<script type=\"application\/ld+json\" class=\"yoast-schema-graph\">{\"@context\":\"https:\\\/\\\/schema.org\",\"@graph\":[{\"@type\":\"WebPage\",\"@id\":\"https:\\\/\\\/stellaematutinae.org\\\/stars-of-tomorrow-i\\\/\",\"url\":\"https:\\\/\\\/stellaematutinae.org\\\/stars-of-tomorrow-i\\\/\",\"name\":\"Stars of Tomorrow I - Stellae Matutinae - European Harp Symposium\",\"isPartOf\":{\"@id\":\"https:\\\/\\\/stellaematutinae.org\\\/#website\"},\"primaryImageOfPage\":{\"@id\":\"https:\\\/\\\/stellaematutinae.org\\\/stars-of-tomorrow-i\\\/#primaryimage\"},\"image\":{\"@id\":\"https:\\\/\\\/stellaematutinae.org\\\/stars-of-tomorrow-i\\\/#primaryimage\"},\"thumbnailUrl\":\"https:\\\/\\\/stellaematutinae.org\\\/wp-content\\\/uploads\\\/2025\\\/04\\\/Urban.jpg\",\"datePublished\":\"2025-04-02T11:09:33+00:00\",\"dateModified\":\"2025-04-02T11:19:14+00:00\",\"breadcrumb\":{\"@id\":\"https:\\\/\\\/stellaematutinae.org\\\/stars-of-tomorrow-i\\\/#breadcrumb\"},\"inLanguage\":\"de\",\"potentialAction\":[{\"@type\":\"ReadAction\",\"target\":[\"https:\\\/\\\/stellaematutinae.org\\\/stars-of-tomorrow-i\\\/\"]}]},{\"@type\":\"ImageObject\",\"inLanguage\":\"de\",\"@id\":\"https:\\\/\\\/stellaematutinae.org\\\/stars-of-tomorrow-i\\\/#primaryimage\",\"url\":\"https:\\\/\\\/stellaematutinae.org\\\/wp-content\\\/uploads\\\/2025\\\/04\\\/Urban.jpg\",\"contentUrl\":\"https:\\\/\\\/stellaematutinae.org\\\/wp-content\\\/uploads\\\/2025\\\/04\\\/Urban.jpg\"},{\"@type\":\"BreadcrumbList\",\"@id\":\"https:\\\/\\\/stellaematutinae.org\\\/stars-of-tomorrow-i\\\/#breadcrumb\",\"itemListElement\":[{\"@type\":\"ListItem\",\"position\":1,\"name\":\"Home\",\"item\":\"https:\\\/\\\/stellaematutinae.org\\\/\"},{\"@type\":\"ListItem\",\"position\":2,\"name\":\"Stars of Tomorrow I\"}]},{\"@type\":\"WebSite\",\"@id\":\"https:\\\/\\\/stellaematutinae.org\\\/#website\",\"url\":\"https:\\\/\\\/stellaematutinae.org\\\/\",\"name\":\"Stellae Matutinae - European Harp Symposium\",\"description\":\"Folge den Sternen - Follow the Stars\",\"publisher\":{\"@id\":\"https:\\\/\\\/stellaematutinae.org\\\/#organization\"},\"alternateName\":\"European Harp Symposium 2025\",\"potentialAction\":[{\"@type\":\"SearchAction\",\"target\":{\"@type\":\"EntryPoint\",\"urlTemplate\":\"https:\\\/\\\/stellaematutinae.org\\\/?s={search_term_string}\"},\"query-input\":{\"@type\":\"PropertyValueSpecification\",\"valueRequired\":true,\"valueName\":\"search_term_string\"}}],\"inLanguage\":\"de\"},{\"@type\":\"Organization\",\"@id\":\"https:\\\/\\\/stellaematutinae.org\\\/#organization\",\"name\":\"Stellae Matutinae\",\"url\":\"https:\\\/\\\/stellaematutinae.org\\\/\",\"logo\":{\"@type\":\"ImageObject\",\"inLanguage\":\"de\",\"@id\":\"https:\\\/\\\/stellaematutinae.org\\\/#\\\/schema\\\/logo\\\/image\\\/\",\"url\":\"http:\\\/\\\/stellaematutinae.org\\\/wp-content\\\/uploads\\\/2024\\\/09\\\/cropped-nur-Stern.png\",\"contentUrl\":\"http:\\\/\\\/stellaematutinae.org\\\/wp-content\\\/uploads\\\/2024\\\/09\\\/cropped-nur-Stern.png\",\"width\":512,\"height\":512,\"caption\":\"Stellae Matutinae\"},\"image\":{\"@id\":\"https:\\\/\\\/stellaematutinae.org\\\/#\\\/schema\\\/logo\\\/image\\\/\"},\"sameAs\":[\"https:\\\/\\\/www.facebook.com\\\/stellaematutinae\",\"https:\\\/\\\/www.youtube.com\\\/@stellae_matutinae\",\"https:\\\/\\\/instagram.com\\\/stellaematutinae\"]}]}<\/script>\n<!-- \/ Yoast SEO plugin. -->","yoast_head_json":{"title":"Stars of Tomorrow I - Stellae Matutinae - European Harp Symposium","robots":{"index":"index","follow":"follow","max-snippet":"max-snippet:-1","max-image-preview":"max-image-preview:large","max-video-preview":"max-video-preview:-1"},"canonical":"https:\/\/stellaematutinae.org\/de\/stars-of-tomorrow-i\/","og_locale":"de_DE","og_type":"article","og_title":"Stars of Tomorrow I - Stellae Matutinae - European Harp Symposium","og_url":"https:\/\/stellaematutinae.org\/de\/stars-of-tomorrow-i\/","og_site_name":"Stellae Matutinae - European Harp Symposium","article_publisher":"https:\/\/www.facebook.com\/stellaematutinae","article_modified_time":"2025-04-02T11:19:14+00:00","og_image":[{"url":"https:\/\/stellaematutinae.org\/wp-content\/uploads\/2025\/04\/Urban.jpg","type":"","width":"","height":""}],"twitter_card":"summary_large_image","twitter_misc":{"Gesch\u00e4tzte Lesezeit":"5\u00a0Minuten"},"schema":{"@context":"https:\/\/schema.org","@graph":[{"@type":"WebPage","@id":"https:\/\/stellaematutinae.org\/stars-of-tomorrow-i\/","url":"https:\/\/stellaematutinae.org\/stars-of-tomorrow-i\/","name":"Stars of Tomorrow I - Stellae Matutinae - European Harp Symposium","isPartOf":{"@id":"https:\/\/stellaematutinae.org\/#website"},"primaryImageOfPage":{"@id":"https:\/\/stellaematutinae.org\/stars-of-tomorrow-i\/#primaryimage"},"image":{"@id":"https:\/\/stellaematutinae.org\/stars-of-tomorrow-i\/#primaryimage"},"thumbnailUrl":"https:\/\/stellaematutinae.org\/wp-content\/uploads\/2025\/04\/Urban.jpg","datePublished":"2025-04-02T11:09:33+00:00","dateModified":"2025-04-02T11:19:14+00:00","breadcrumb":{"@id":"https:\/\/stellaematutinae.org\/stars-of-tomorrow-i\/#breadcrumb"},"inLanguage":"de","potentialAction":[{"@type":"ReadAction","target":["https:\/\/stellaematutinae.org\/stars-of-tomorrow-i\/"]}]},{"@type":"ImageObject","inLanguage":"de","@id":"https:\/\/stellaematutinae.org\/stars-of-tomorrow-i\/#primaryimage","url":"https:\/\/stellaematutinae.org\/wp-content\/uploads\/2025\/04\/Urban.jpg","contentUrl":"https:\/\/stellaematutinae.org\/wp-content\/uploads\/2025\/04\/Urban.jpg"},{"@type":"BreadcrumbList","@id":"https:\/\/stellaematutinae.org\/stars-of-tomorrow-i\/#breadcrumb","itemListElement":[{"@type":"ListItem","position":1,"name":"Home","item":"https:\/\/stellaematutinae.org\/"},{"@type":"ListItem","position":2,"name":"Stars of Tomorrow I"}]},{"@type":"WebSite","@id":"https:\/\/stellaematutinae.org\/#website","url":"https:\/\/stellaematutinae.org\/","name":"Stellae Matutinae - European Harp Symposium","description":"Folge den Sternen - Follow the Stars","publisher":{"@id":"https:\/\/stellaematutinae.org\/#organization"},"alternateName":"European Harp Symposium 2025","potentialAction":[{"@type":"SearchAction","target":{"@type":"EntryPoint","urlTemplate":"https:\/\/stellaematutinae.org\/?s={search_term_string}"},"query-input":{"@type":"PropertyValueSpecification","valueRequired":true,"valueName":"search_term_string"}}],"inLanguage":"de"},{"@type":"Organization","@id":"https:\/\/stellaematutinae.org\/#organization","name":"Stellae Matutinae","url":"https:\/\/stellaematutinae.org\/","logo":{"@type":"ImageObject","inLanguage":"de","@id":"https:\/\/stellaematutinae.org\/#\/schema\/logo\/image\/","url":"http:\/\/stellaematutinae.org\/wp-content\/uploads\/2024\/09\/cropped-nur-Stern.png","contentUrl":"http:\/\/stellaematutinae.org\/wp-content\/uploads\/2024\/09\/cropped-nur-Stern.png","width":512,"height":512,"caption":"Stellae Matutinae"},"image":{"@id":"https:\/\/stellaematutinae.org\/#\/schema\/logo\/image\/"},"sameAs":["https:\/\/www.facebook.com\/stellaematutinae","https:\/\/www.youtube.com\/@stellae_matutinae","https:\/\/instagram.com\/stellaematutinae"]}]}},"uagb_featured_image_src":{"full":false,"thumbnail":false,"medium":false,"medium_large":false,"large":false,"1536x1536":false,"2048x2048":false,"trp-custom-language-flag":false,"tb-timeline-landscape":false,"tb-timeline-square":false},"uagb_author_info":{"display_name":"admin","author_link":"https:\/\/stellaematutinae.org\/de\/author\/admin\/"},"uagb_comment_info":0,"uagb_excerpt":null,"_links":{"self":[{"href":"https:\/\/stellaematutinae.org\/de\/wp-json\/wp\/v2\/pages\/3319","targetHints":{"allow":["GET"]}}],"collection":[{"href":"https:\/\/stellaematutinae.org\/de\/wp-json\/wp\/v2\/pages"}],"about":[{"href":"https:\/\/stellaematutinae.org\/de\/wp-json\/wp\/v2\/types\/page"}],"author":[{"embeddable":true,"href":"https:\/\/stellaematutinae.org\/de\/wp-json\/wp\/v2\/users\/1"}],"replies":[{"embeddable":true,"href":"https:\/\/stellaematutinae.org\/de\/wp-json\/wp\/v2\/comments?post=3319"}],"version-history":[{"count":3,"href":"https:\/\/stellaematutinae.org\/de\/wp-json\/wp\/v2\/pages\/3319\/revisions"}],"predecessor-version":[{"id":3356,"href":"https:\/\/stellaematutinae.org\/de\/wp-json\/wp\/v2\/pages\/3319\/revisions\/3356"}],"wp:attachment":[{"href":"https:\/\/stellaematutinae.org\/de\/wp-json\/wp\/v2\/media?parent=3319"}],"curies":[{"name":"wp","href":"https:\/\/api.w.org\/{rel}","templated":true}]}}