{"id":3224,"date":"2025-02-26T15:11:08","date_gmt":"2025-02-26T14:11:08","guid":{"rendered":"https:\/\/stellaematutinae.org\/?page_id=3224"},"modified":"2025-02-26T15:11:09","modified_gmt":"2025-02-26T14:11:09","slug":"party","status":"publish","type":"page","link":"https:\/\/stellaematutinae.org\/de\/party\/","title":{"rendered":"PARTY"},"content":{"rendered":"<div class=\"wp-block-uagb-container uagb-block-nozrcroi alignfull uagb-is-root-container\"><div class=\"uagb-container-inner-blocks-wrap\">\n<div class=\"wp-block-uagb-container uagb-block-mzbk5ge9\">\n<div class=\"wp-block-uagb-info-box uagb-block-nosvut4v uagb-infobox__content-wrap  uagb-infobox-icon-above-title uagb-infobox-image-valign-top wp-block-uagb-info-box--has-margin\"><div class=\"uagb-infobox-margin-wrapper\"><div class=\"uagb-ifb-content\"><div class=\"uagb-ifb-title-wrap\"><h2 class=\"uagb-ifb-title\"><strong>PARTY<\/strong><\/h2><\/div><p class=\"uagb-ifb-desc\">Kultur braucht Raum um sich zu entwickeln, aber auch die gro\u00dfe B\u00fchne. Dort wo fr\u00fcher die Sch\u00fcler*innen der weltber\u00fchmten Stella Matutina ihre Bahnen zogen, bieten heute flexible Veranstaltungsr\u00e4umlichkeiten Platz f\u00fcr Vielfalt, Eigeninitiative, Experiment und\nKreativit\u00e4t.<br>\u00a0<br>40 Jahre Harfenklasse in Feldkirch \u2013 Das wird ein Fest! Mit einer Lounge im Foyer f\u00fcr Gespr\u00e4che, Disco mit DJ im Pool, einer Bar und Snacks sind alle zum Feiern und sich gegenseitig Kennenlernen eingeladen!<br>\u00a0<br>Catering auf eigene Kosten. Wenn es euch gefallen hat, steht eine Spendenbox bereit. Wir danken euch!<\/p><\/div><\/div><\/div>\n\n\n\n<div class=\"wp-block-uagb-info-box uagb-block-fft3bzol uagb-infobox__content-wrap  uagb-infobox-icon-above-title uagb-infobox-image-valign-top wp-block-uagb-info-box--has-margin\"><div class=\"uagb-infobox-margin-wrapper\"><div class=\"uagb-ifb-content\"><div class=\"uagb-ifb-title-wrap\"><\/div><\/div><\/div><\/div>\n<\/div>\n\n\n\n<div class=\"wp-block-uagb-container uagb-block-1bimh2vt\">\n<div class=\"wp-block-uagb-image alignleft uagb-block-kmbx8qg0 wp-block-uagb-image--layout-default wp-block-uagb-image--effect-static wp-block-uagb-image--align-left\"><figure class=\"wp-block-uagb-image__figure\"><img decoding=\"async\" srcset=\"https:\/\/stellaematutinae.org\/wp-content\/uploads\/2025\/02\/WhatsApp-Image-2025-02-16-at-18.36.50-1024x682.jpeg ,https:\/\/stellaematutinae.org\/wp-content\/uploads\/2025\/02\/WhatsApp-Image-2025-02-16-at-18.36.50.jpeg 780w, https:\/\/stellaematutinae.org\/wp-content\/uploads\/2025\/02\/WhatsApp-Image-2025-02-16-at-18.36.50.jpeg 360w\" sizes=\"auto, (max-width: 480px) 150px\" src=\"https:\/\/stellaematutinae.org\/wp-content\/uploads\/2025\/02\/WhatsApp-Image-2025-02-16-at-18.36.50-1024x682.jpeg\" alt=\"\" class=\"uag-image-3186\" width=\"564\" height=\"376\" title=\"WhatsApp Image 2025-02-16 at 18.36.50\" loading=\"lazy\" role=\"img\"\/><\/figure><\/div>\n\n\n\n<div class=\"wp-block-uagb-info-box uagb-block-8uazjqwt uagb-infobox__content-wrap  uagb-infobox-icon-above-title uagb-infobox-image-valign-top wp-block-uagb-info-box--has-margin\"><div class=\"uagb-infobox-margin-wrapper\"><div class=\"uagb-ifb-content\"><div class=\"uagb-ifb-title-wrap\"><\/div><\/div><\/div><\/div>\n<\/div>\n<\/div><\/div>","protected":false},"excerpt":{"rendered":"","protected":false},"author":1,"featured_media":0,"parent":0,"menu_order":0,"comment_status":"closed","ping_status":"closed","template":"","meta":{"_surecart_dashboard_logo_width":"180px","_surecart_dashboard_show_logo":true,"_surecart_dashboard_navigation_orders":true,"_surecart_dashboard_navigation_invoices":true,"_surecart_dashboard_navigation_subscriptions":true,"_surecart_dashboard_navigation_downloads":true,"_surecart_dashboard_navigation_billing":true,"_surecart_dashboard_navigation_account":true,"_uag_custom_page_level_css":"","site-sidebar-layout":"default","site-content-layout":"","ast-site-content-layout":"default","site-content-style":"default","site-sidebar-style":"default","ast-global-header-display":"","ast-banner-title-visibility":"","ast-main-header-display":"","ast-hfb-above-header-display":"","ast-hfb-below-header-display":"","ast-hfb-mobile-header-display":"","site-post-title":"","ast-breadcrumbs-content":"","ast-featured-img":"","footer-sml-layout":"","ast-disable-related-posts":"","theme-transparent-header-meta":"","adv-header-id-meta":"","stick-header-meta":"","header-above-stick-meta":"","header-main-stick-meta":"","header-below-stick-meta":"","astra-migrate-meta-layouts":"set","ast-page-background-enabled":"default","ast-page-background-meta":{"desktop":{"background-color":"var(--ast-global-color-4)","background-image":"","background-repeat":"repeat","background-position":"center center","background-size":"auto","background-attachment":"scroll","background-type":"","background-media":"","overlay-type":"","overlay-color":"","overlay-opacity":"","overlay-gradient":""},"tablet":{"background-color":"","background-image":"","background-repeat":"repeat","background-position":"center center","background-size":"auto","background-attachment":"scroll","background-type":"","background-media":"","overlay-type":"","overlay-color":"","overlay-opacity":"","overlay-gradient":""},"mobile":{"background-color":"","background-image":"","background-repeat":"repeat","background-position":"center center","background-size":"auto","background-attachment":"scroll","background-type":"","background-media":"","overlay-type":"","overlay-color":"","overlay-opacity":"","overlay-gradient":""}},"ast-content-background-meta":{"desktop":{"background-color":"var(--ast-global-color-5)","background-image":"","background-repeat":"repeat","background-position":"center center","background-size":"auto","background-attachment":"scroll","background-type":"","background-media":"","overlay-type":"","overlay-color":"","overlay-opacity":"","overlay-gradient":""},"tablet":{"background-color":"var(--ast-global-color-5)","background-image":"","background-repeat":"repeat","background-position":"center center","background-size":"auto","background-attachment":"scroll","background-type":"","background-media":"","overlay-type":"","overlay-color":"","overlay-opacity":"","overlay-gradient":""},"mobile":{"background-color":"var(--ast-global-color-5)","background-image":"","background-repeat":"repeat","background-position":"center center","background-size":"auto","background-attachment":"scroll","background-type":"","background-media":"","overlay-type":"","overlay-color":"","overlay-opacity":"","overlay-gradient":""}},"footnotes":""},"class_list":["post-3224","page","type-page","status-publish","hentry"],"featured_image_src":null,"yoast_head":"<!-- This site is optimized with the Yoast SEO plugin v27.5 - https:\/\/yoast.com\/product\/yoast-seo-wordpress\/ -->\n<title>PARTY - Stellae Matutinae - European Harp Symposium<\/title>\n<meta name=\"robots\" content=\"index, follow, max-snippet:-1, max-image-preview:large, max-video-preview:-1\" \/>\n<link rel=\"canonical\" href=\"https:\/\/stellaematutinae.org\/de\/party\/\" \/>\n<meta property=\"og:locale\" content=\"de_DE\" \/>\n<meta property=\"og:type\" content=\"article\" \/>\n<meta property=\"og:title\" content=\"PARTY - Stellae Matutinae - European Harp Symposium\" \/>\n<meta property=\"og:url\" content=\"https:\/\/stellaematutinae.org\/de\/party\/\" \/>\n<meta property=\"og:site_name\" content=\"Stellae Matutinae - European Harp Symposium\" \/>\n<meta property=\"article:publisher\" content=\"https:\/\/www.facebook.com\/stellaematutinae\" \/>\n<meta property=\"article:modified_time\" content=\"2025-02-26T14:11:09+00:00\" \/>\n<meta property=\"og:image\" content=\"https:\/\/stellaematutinae.org\/wp-content\/uploads\/2025\/02\/WhatsApp-Image-2025-02-16-at-18.36.50-1024x682.jpeg\" \/>\n<meta name=\"twitter:card\" content=\"summary_large_image\" \/>\n<meta name=\"twitter:label1\" content=\"Gesch\u00e4tzte Lesezeit\" \/>\n\t<meta name=\"twitter:data1\" content=\"1\u00a0Minute\" \/>\n<script type=\"application\/ld+json\" class=\"yoast-schema-graph\">{\"@context\":\"https:\\\/\\\/schema.org\",\"@graph\":[{\"@type\":\"WebPage\",\"@id\":\"https:\\\/\\\/stellaematutinae.org\\\/party\\\/\",\"url\":\"https:\\\/\\\/stellaematutinae.org\\\/party\\\/\",\"name\":\"PARTY - Stellae Matutinae - European Harp Symposium\",\"isPartOf\":{\"@id\":\"https:\\\/\\\/stellaematutinae.org\\\/#website\"},\"primaryImageOfPage\":{\"@id\":\"https:\\\/\\\/stellaematutinae.org\\\/party\\\/#primaryimage\"},\"image\":{\"@id\":\"https:\\\/\\\/stellaematutinae.org\\\/party\\\/#primaryimage\"},\"thumbnailUrl\":\"https:\\\/\\\/stellaematutinae.org\\\/wp-content\\\/uploads\\\/2025\\\/02\\\/WhatsApp-Image-2025-02-16-at-18.36.50-1024x682.jpeg\",\"datePublished\":\"2025-02-26T14:11:08+00:00\",\"dateModified\":\"2025-02-26T14:11:09+00:00\",\"breadcrumb\":{\"@id\":\"https:\\\/\\\/stellaematutinae.org\\\/party\\\/#breadcrumb\"},\"inLanguage\":\"de\",\"potentialAction\":[{\"@type\":\"ReadAction\",\"target\":[\"https:\\\/\\\/stellaematutinae.org\\\/party\\\/\"]}]},{\"@type\":\"ImageObject\",\"inLanguage\":\"de\",\"@id\":\"https:\\\/\\\/stellaematutinae.org\\\/party\\\/#primaryimage\",\"url\":\"https:\\\/\\\/stellaematutinae.org\\\/wp-content\\\/uploads\\\/2025\\\/02\\\/WhatsApp-Image-2025-02-16-at-18.36.50-1024x682.jpeg\",\"contentUrl\":\"https:\\\/\\\/stellaematutinae.org\\\/wp-content\\\/uploads\\\/2025\\\/02\\\/WhatsApp-Image-2025-02-16-at-18.36.50-1024x682.jpeg\"},{\"@type\":\"BreadcrumbList\",\"@id\":\"https:\\\/\\\/stellaematutinae.org\\\/party\\\/#breadcrumb\",\"itemListElement\":[{\"@type\":\"ListItem\",\"position\":1,\"name\":\"Home\",\"item\":\"https:\\\/\\\/stellaematutinae.org\\\/\"},{\"@type\":\"ListItem\",\"position\":2,\"name\":\"PARTY\"}]},{\"@type\":\"WebSite\",\"@id\":\"https:\\\/\\\/stellaematutinae.org\\\/#website\",\"url\":\"https:\\\/\\\/stellaematutinae.org\\\/\",\"name\":\"Stellae Matutinae - European Harp Symposium\",\"description\":\"Folge den Sternen - Follow the Stars\",\"publisher\":{\"@id\":\"https:\\\/\\\/stellaematutinae.org\\\/#organization\"},\"alternateName\":\"European Harp Symposium 2025\",\"potentialAction\":[{\"@type\":\"SearchAction\",\"target\":{\"@type\":\"EntryPoint\",\"urlTemplate\":\"https:\\\/\\\/stellaematutinae.org\\\/?s={search_term_string}\"},\"query-input\":{\"@type\":\"PropertyValueSpecification\",\"valueRequired\":true,\"valueName\":\"search_term_string\"}}],\"inLanguage\":\"de\"},{\"@type\":\"Organization\",\"@id\":\"https:\\\/\\\/stellaematutinae.org\\\/#organization\",\"name\":\"Stellae Matutinae\",\"url\":\"https:\\\/\\\/stellaematutinae.org\\\/\",\"logo\":{\"@type\":\"ImageObject\",\"inLanguage\":\"de\",\"@id\":\"https:\\\/\\\/stellaematutinae.org\\\/#\\\/schema\\\/logo\\\/image\\\/\",\"url\":\"http:\\\/\\\/stellaematutinae.org\\\/wp-content\\\/uploads\\\/2024\\\/09\\\/cropped-nur-Stern.png\",\"contentUrl\":\"http:\\\/\\\/stellaematutinae.org\\\/wp-content\\\/uploads\\\/2024\\\/09\\\/cropped-nur-Stern.png\",\"width\":512,\"height\":512,\"caption\":\"Stellae Matutinae\"},\"image\":{\"@id\":\"https:\\\/\\\/stellaematutinae.org\\\/#\\\/schema\\\/logo\\\/image\\\/\"},\"sameAs\":[\"https:\\\/\\\/www.facebook.com\\\/stellaematutinae\",\"https:\\\/\\\/www.youtube.com\\\/@stellae_matutinae\",\"https:\\\/\\\/instagram.com\\\/stellaematutinae\"]}]}<\/script>\n<!-- \/ Yoast SEO plugin. -->","yoast_head_json":{"title":"PARTY - Stellae Matutinae - European Harp Symposium","robots":{"index":"index","follow":"follow","max-snippet":"max-snippet:-1","max-image-preview":"max-image-preview:large","max-video-preview":"max-video-preview:-1"},"canonical":"https:\/\/stellaematutinae.org\/de\/party\/","og_locale":"de_DE","og_type":"article","og_title":"PARTY - Stellae Matutinae - European Harp Symposium","og_url":"https:\/\/stellaematutinae.org\/de\/party\/","og_site_name":"Stellae Matutinae - European Harp Symposium","article_publisher":"https:\/\/www.facebook.com\/stellaematutinae","article_modified_time":"2025-02-26T14:11:09+00:00","og_image":[{"url":"https:\/\/stellaematutinae.org\/wp-content\/uploads\/2025\/02\/WhatsApp-Image-2025-02-16-at-18.36.50-1024x682.jpeg","type":"","width":"","height":""}],"twitter_card":"summary_large_image","twitter_misc":{"Gesch\u00e4tzte Lesezeit":"1\u00a0Minute"},"schema":{"@context":"https:\/\/schema.org","@graph":[{"@type":"WebPage","@id":"https:\/\/stellaematutinae.org\/party\/","url":"https:\/\/stellaematutinae.org\/party\/","name":"PARTY - Stellae Matutinae - European Harp Symposium","isPartOf":{"@id":"https:\/\/stellaematutinae.org\/#website"},"primaryImageOfPage":{"@id":"https:\/\/stellaematutinae.org\/party\/#primaryimage"},"image":{"@id":"https:\/\/stellaematutinae.org\/party\/#primaryimage"},"thumbnailUrl":"https:\/\/stellaematutinae.org\/wp-content\/uploads\/2025\/02\/WhatsApp-Image-2025-02-16-at-18.36.50-1024x682.jpeg","datePublished":"2025-02-26T14:11:08+00:00","dateModified":"2025-02-26T14:11:09+00:00","breadcrumb":{"@id":"https:\/\/stellaematutinae.org\/party\/#breadcrumb"},"inLanguage":"de","potentialAction":[{"@type":"ReadAction","target":["https:\/\/stellaematutinae.org\/party\/"]}]},{"@type":"ImageObject","inLanguage":"de","@id":"https:\/\/stellaematutinae.org\/party\/#primaryimage","url":"https:\/\/stellaematutinae.org\/wp-content\/uploads\/2025\/02\/WhatsApp-Image-2025-02-16-at-18.36.50-1024x682.jpeg","contentUrl":"https:\/\/stellaematutinae.org\/wp-content\/uploads\/2025\/02\/WhatsApp-Image-2025-02-16-at-18.36.50-1024x682.jpeg"},{"@type":"BreadcrumbList","@id":"https:\/\/stellaematutinae.org\/party\/#breadcrumb","itemListElement":[{"@type":"ListItem","position":1,"name":"Home","item":"https:\/\/stellaematutinae.org\/"},{"@type":"ListItem","position":2,"name":"PARTY"}]},{"@type":"WebSite","@id":"https:\/\/stellaematutinae.org\/#website","url":"https:\/\/stellaematutinae.org\/","name":"Stellae Matutinae - European Harp Symposium","description":"Folge den Sternen - Follow the Stars","publisher":{"@id":"https:\/\/stellaematutinae.org\/#organization"},"alternateName":"European Harp Symposium 2025","potentialAction":[{"@type":"SearchAction","target":{"@type":"EntryPoint","urlTemplate":"https:\/\/stellaematutinae.org\/?s={search_term_string}"},"query-input":{"@type":"PropertyValueSpecification","valueRequired":true,"valueName":"search_term_string"}}],"inLanguage":"de"},{"@type":"Organization","@id":"https:\/\/stellaematutinae.org\/#organization","name":"Stellae Matutinae","url":"https:\/\/stellaematutinae.org\/","logo":{"@type":"ImageObject","inLanguage":"de","@id":"https:\/\/stellaematutinae.org\/#\/schema\/logo\/image\/","url":"http:\/\/stellaematutinae.org\/wp-content\/uploads\/2024\/09\/cropped-nur-Stern.png","contentUrl":"http:\/\/stellaematutinae.org\/wp-content\/uploads\/2024\/09\/cropped-nur-Stern.png","width":512,"height":512,"caption":"Stellae Matutinae"},"image":{"@id":"https:\/\/stellaematutinae.org\/#\/schema\/logo\/image\/"},"sameAs":["https:\/\/www.facebook.com\/stellaematutinae","https:\/\/www.youtube.com\/@stellae_matutinae","https:\/\/instagram.com\/stellaematutinae"]}]}},"uagb_featured_image_src":{"full":false,"thumbnail":false,"medium":false,"medium_large":false,"large":false,"1536x1536":false,"2048x2048":false,"trp-custom-language-flag":false,"tb-timeline-landscape":false,"tb-timeline-square":false},"uagb_author_info":{"display_name":"admin","author_link":"https:\/\/stellaematutinae.org\/de\/author\/admin\/"},"uagb_comment_info":0,"uagb_excerpt":null,"_links":{"self":[{"href":"https:\/\/stellaematutinae.org\/de\/wp-json\/wp\/v2\/pages\/3224","targetHints":{"allow":["GET"]}}],"collection":[{"href":"https:\/\/stellaematutinae.org\/de\/wp-json\/wp\/v2\/pages"}],"about":[{"href":"https:\/\/stellaematutinae.org\/de\/wp-json\/wp\/v2\/types\/page"}],"author":[{"embeddable":true,"href":"https:\/\/stellaematutinae.org\/de\/wp-json\/wp\/v2\/users\/1"}],"replies":[{"embeddable":true,"href":"https:\/\/stellaematutinae.org\/de\/wp-json\/wp\/v2\/comments?post=3224"}],"version-history":[{"count":1,"href":"https:\/\/stellaematutinae.org\/de\/wp-json\/wp\/v2\/pages\/3224\/revisions"}],"predecessor-version":[{"id":3225,"href":"https:\/\/stellaematutinae.org\/de\/wp-json\/wp\/v2\/pages\/3224\/revisions\/3225"}],"wp:attachment":[{"href":"https:\/\/stellaematutinae.org\/de\/wp-json\/wp\/v2\/media?parent=3224"}],"curies":[{"name":"wp","href":"https:\/\/api.w.org\/{rel}","templated":true}]}}