{"id":3126,"date":"2025-01-28T07:42:24","date_gmt":"2025-01-28T07:42:24","guid":{"rendered":"https:\/\/stellaematutinae.org\/?page_id=3126"},"modified":"2025-04-06T14:30:58","modified_gmt":"2025-04-06T13:30:58","slug":"partners","status":"publish","type":"page","link":"https:\/\/stellaematutinae.org\/de\/partners\/","title":{"rendered":"PARTNER"},"content":{"rendered":"<div class=\"wp-block-uagb-container uagb-block-p1mgbfq9 alignfull uagb-is-root-container\"><div class=\"uagb-container-inner-blocks-wrap\">\n<div class=\"wp-block-uagb-info-box uagb-block-biyla2nt uagb-infobox__content-wrap  uagb-infobox-icon-above-title uagb-infobox-image-valign-top\"><div class=\"uagb-ifb-content\"><div class=\"uagb-ifb-title-wrap\"><h1 class=\"uagb-ifb-title\">Dank an unsere Partner<\/h1><\/div><p class=\"uagb-ifb-desc\">Wir danken den Organisationen und Einzelpersonen, deren Unterst\u00fctzung diese Veranstaltung erm\u00f6glicht, von ganzem Herzen. Ihre Gro\u00dfz\u00fcgigkeit, ihr Engagement und ihre gemeinsame Leidenschaft f\u00fcr die K\u00fcnste bef\u00e4higen uns, die Sch\u00f6nheit und Vielseitigkeit der Harfe zu feiern und Kreativit\u00e4t und Zusammenarbeit in ganz Europa zu f\u00f6rdern.<br><br>Im Folgenden finden Sie eine Liste unserer gesch\u00e4tzten Sponsoren und Partner. Gemeinsam helfen sie uns, ein unvergessliches Erlebnis f\u00fcr Musiker, Publikum und Harfenliebhaber zu schaffen. Bitte schlie\u00dfen Sie sich uns an, um ihren au\u00dfergew\u00f6hnlichen Beitrag zum Europ\u00e4ischen Harfen-Symposium zu w\u00fcrdigen.<\/p><\/div><\/div>\n<\/div><\/div>\n\n\n\n<h2 class=\"wp-block-heading has-text-align-center\">Hauptsponsoren<\/h2>\n\n\n\n<div style=\"height:58px\" aria-hidden=\"true\" class=\"wp-block-spacer\"><\/div>\n\n\n\n<div class=\"wp-block-uagb-container uagb-block-0143b69d alignfull uagb-is-root-container\"><div class=\"uagb-container-inner-blocks-wrap\">\n<div class=\"wp-block-uagb-container uagb-block-39464a11\">\n<div class=\"wp-block-uagb-image uagb-block-4c21eec6 wp-block-uagb-image--layout-default wp-block-uagb-image--effect-static wp-block-uagb-image--align-none\"><figure class=\"wp-block-uagb-image__figure\"><img decoding=\"async\" srcset=\"https:\/\/stellaematutinae.org\/wp-content\/uploads\/2025\/01\/1-1024x1024.png ,https:\/\/stellaematutinae.org\/wp-content\/uploads\/2025\/01\/1.png 780w, https:\/\/stellaematutinae.org\/wp-content\/uploads\/2025\/01\/1.png 360w\" sizes=\"auto, (max-width: 480px) 150px\" src=\"https:\/\/stellaematutinae.org\/wp-content\/uploads\/2025\/01\/1-1024x1024.png\" alt=\"\" class=\"uag-image-3129\" width=\"1024\" height=\"1024\" title=\"1\" loading=\"lazy\" role=\"img\"\/><figcaption class=\"uagb-image-caption\">Salvi Harps &amp; Lyon &amp; Healy Harps<br><a href=\"https:\/\/www.salviharps.com\/\">https:\/\/www.salviharps.com\/<\/a> | <a href=\"https:\/\/www.lyonhealy.com\/\">https:\/\/www.lyonhealy.com\/<\/a><\/figcaption><\/figure><\/div>\n<\/div>\n\n\n\n<div class=\"wp-block-uagb-container uagb-block-e3b215b2\">\n<div class=\"wp-block-uagb-image uagb-block-a9a63927 wp-block-uagb-image--layout-default wp-block-uagb-image--effect-static wp-block-uagb-image--align-none\"><figure class=\"wp-block-uagb-image__figure\"><img decoding=\"async\" srcset=\"https:\/\/stellaematutinae.org\/wp-content\/uploads\/2025\/01\/2-2-1024x1024.png ,https:\/\/stellaematutinae.org\/wp-content\/uploads\/2025\/01\/2-2.png 780w, https:\/\/stellaematutinae.org\/wp-content\/uploads\/2025\/01\/2-2.png 360w\" sizes=\"auto, (max-width: 480px) 150px\" src=\"https:\/\/stellaematutinae.org\/wp-content\/uploads\/2025\/01\/2-2-1024x1024.png\" alt=\"\" class=\"uag-image-3130\" width=\"1024\" height=\"1024\" title=\"2\" loading=\"lazy\" role=\"img\"\/><figcaption class=\"uagb-image-caption\">Camac Harps<br><a href=\"https:\/\/www.camac-harps.com\/\">https:\/\/www.camac-harps.com\/<\/a><\/figcaption><\/figure><\/div>\n<\/div>\n<\/div><\/div>\n\n\n\n<div style=\"height:56px\" aria-hidden=\"true\" class=\"wp-block-spacer\"><\/div>\n\n\n\n<h2 class=\"wp-block-heading has-text-align-center\">Kulturf\u00f6rderung<\/h2>\n\n\n\n<div class=\"wp-block-uagb-image uagb-block-7fc92aa1 wp-block-uagb-image--layout-default wp-block-uagb-image--effect-static wp-block-uagb-image--align-none\"><figure class=\"wp-block-uagb-image__figure\"><img decoding=\"async\" srcset=\"https:\/\/stellaematutinae.org\/wp-content\/uploads\/2025\/02\/Logo-Stadt-Feldkirch_4c-300x84.png ,https:\/\/stellaematutinae.org\/wp-content\/uploads\/2025\/02\/Logo-Stadt-Feldkirch_4c.png 780w, https:\/\/stellaematutinae.org\/wp-content\/uploads\/2025\/02\/Logo-Stadt-Feldkirch_4c.png 360w\" sizes=\"auto, (max-width: 480px) 150px\" src=\"https:\/\/stellaematutinae.org\/wp-content\/uploads\/2025\/02\/Logo-Stadt-Feldkirch_4c-300x84.png\" alt=\"\" class=\"uag-image-3184\" width=\"300\" height=\"84\" title=\"Logo Stadt Feldkirch_4c\" loading=\"lazy\" role=\"img\"\/><\/figure><\/div>\n\n\n\n<div style=\"height:100px\" aria-hidden=\"true\" class=\"wp-block-spacer\"><\/div>\n\n\n\n<h2 class=\"wp-block-heading has-text-align-center\">Unterst\u00fctzer*innen des Symposiums<\/h2>\n\n\n\n<div style=\"height:52px\" aria-hidden=\"true\" class=\"wp-block-spacer\"><\/div>\n\n\n\n<div class=\"wp-block-uagb-container uagb-block-00aa321e alignfull uagb-is-root-container\"><div class=\"uagb-container-inner-blocks-wrap\">\n<div class=\"wp-block-uagb-container uagb-block-dedfd091\">\n<div class=\"wp-block-uagb-image aligncenter uagb-block-94f25dbc wp-block-uagb-image--layout-default wp-block-uagb-image--effect-static wp-block-uagb-image--align-center\"><figure class=\"wp-block-uagb-image__figure\"><img decoding=\"async\" srcset=\"https:\/\/stellaematutinae.org\/wp-content\/uploads\/2025\/01\/thumbnail-1024x421.png ,https:\/\/stellaematutinae.org\/wp-content\/uploads\/2025\/01\/thumbnail.png 780w, https:\/\/stellaematutinae.org\/wp-content\/uploads\/2025\/01\/thumbnail.png 360w\" sizes=\"auto, (max-width: 480px) 150px\" src=\"https:\/\/stellaematutinae.org\/wp-content\/uploads\/2025\/01\/thumbnail-1024x421.png\" alt=\"\" class=\"uag-image-3146\" width=\"2362\" height=\"972\" title=\"thumbnail\" loading=\"lazy\" role=\"img\"\/><figcaption class=\"uagb-image-caption\">Illwerke<br><a href=\"https:\/\/www.illwerkevkw.at\/\">https:\/\/www.illwerkevkw.at\/<\/a><\/figcaption><\/figure><\/div>\n<\/div>\n\n\n\n<div class=\"wp-block-uagb-container uagb-block-fcf06f60\">\n<div class=\"wp-block-uagb-image aligncenter uagb-block-a145bb56 wp-block-uagb-image--layout-default wp-block-uagb-image--effect-static wp-block-uagb-image--align-center\"><figure class=\"wp-block-uagb-image__figure\"><img decoding=\"async\" srcset=\"https:\/\/stellaematutinae.org\/wp-content\/uploads\/2025\/01\/Eclipse-Logo-Kopie-3-1024x318.jpeg ,https:\/\/stellaematutinae.org\/wp-content\/uploads\/2025\/01\/Eclipse-Logo-Kopie-3.jpeg 780w, https:\/\/stellaematutinae.org\/wp-content\/uploads\/2025\/01\/Eclipse-Logo-Kopie-3.jpeg 360w\" sizes=\"auto, (max-width: 480px) 150px\" src=\"https:\/\/stellaematutinae.org\/wp-content\/uploads\/2025\/01\/Eclipse-Logo-Kopie-3-1024x318.jpeg\" alt=\"\" class=\"uag-image-3147\" width=\"560\" height=\"173\" title=\"Eclipse-Logo-Kopie-3\" loading=\"lazy\" role=\"img\"\/><figcaption class=\"uagb-image-caption\">Andrea Pretzler &#8211; Eclipse Harp<br><a href=\"http:\/\/eclipse-harp.at\/\">http:\/\/eclipse-harp.at\/<\/a><\/figcaption><\/figure><\/div>\n<\/div>\n<\/div><\/div>\n\n\n\n<div class=\"wp-block-uagb-container uagb-block-a8642d54 alignfull uagb-is-root-container\"><div class=\"uagb-container-inner-blocks-wrap\">\n<div class=\"wp-block-uagb-container uagb-block-9e3deab0\">\n<div class=\"wp-block-uagb-image uagb-block-74a40dce wp-block-uagb-image--layout-default wp-block-uagb-image--effect-static wp-block-uagb-image--align-none\"><figure class=\"wp-block-uagb-image__figure\"><img decoding=\"async\" srcset=\"https:\/\/stellaematutinae.org\/wp-content\/uploads\/2025\/04\/DentlerHarfenLogo.png ,https:\/\/stellaematutinae.org\/wp-content\/uploads\/2025\/04\/DentlerHarfenLogo.png 780w, https:\/\/stellaematutinae.org\/wp-content\/uploads\/2025\/04\/DentlerHarfenLogo.png 360w\" sizes=\"auto, (max-width: 480px) 150px\" src=\"https:\/\/stellaematutinae.org\/wp-content\/uploads\/2025\/04\/DentlerHarfenLogo.png\" alt=\"\" class=\"uag-image-3401\" width=\"565\" height=\"165\" title=\"DentlerHarfenLogo\" loading=\"lazy\" role=\"img\"\/><figcaption class=\"uagb-image-caption\">Harfenbau Jonathan Dentler<br><a href=\"https:\/\/harfenbau-dentler.de\/\">https:\/\/harfenbau-dentler.de\/<\/a><\/figcaption><\/figure><\/div>\n<\/div>\n\n\n\n<div class=\"wp-block-uagb-container uagb-block-f554af93\">\n<div class=\"wp-block-uagb-image uagb-block-43fec196 wp-block-uagb-image--layout-default wp-block-uagb-image--effect-static wp-block-uagb-image--align-none\"><figure class=\"wp-block-uagb-image__figure\"><img decoding=\"async\" srcset=\"https:\/\/stellaematutinae.org\/wp-content\/uploads\/2025\/04\/svgexport-1.png ,https:\/\/stellaematutinae.org\/wp-content\/uploads\/2025\/04\/svgexport-1.png 780w, https:\/\/stellaematutinae.org\/wp-content\/uploads\/2025\/04\/svgexport-1.png 360w\" sizes=\"auto, (max-width: 480px) 150px\" src=\"https:\/\/stellaematutinae.org\/wp-content\/uploads\/2025\/04\/svgexport-1.png\" alt=\"\" class=\"uag-image-3403\" width=\"374\" height=\"168\" title=\"svgexport-1\" loading=\"lazy\" role=\"img\"\/><figcaption class=\"uagb-image-caption\">Horngacher Harps<br><a href=\"https:\/\/www.horngacherharps.com\/de\/\">https:\/\/www.horngacherharps.com\/de\/<\/a><\/figcaption><\/figure><\/div>\n<\/div>\n<\/div><\/div>\n\n\n\n<div style=\"height:70px\" aria-hidden=\"true\" class=\"wp-block-spacer\"><\/div>\n\n\n\n<p class=\"has-text-align-center has-medium-font-size\"><strong>Parfett&amp;St\u00fcbenrath<br>Francesca Di Nicola<\/strong><\/p>\n\n\n\n<p class=\"has-text-align-center\"><\/p>\n\n\n\n<div style=\"height:70px\" aria-hidden=\"true\" class=\"wp-block-spacer\"><\/div>\n\n\n\n<h2 class=\"wp-block-heading has-text-align-center\">Freunde des Symposiums<\/h2>\n\n\n\n<p class=\"has-text-align-center has-medium-font-size\"><strong>Georgeta-Rita and Petru Hartobanu<\/strong><\/p>\n\n\n\n<div style=\"height:70px\" aria-hidden=\"true\" class=\"wp-block-spacer\"><\/div>\n\n\n\n<p><\/p>","protected":false},"excerpt":{"rendered":"<p>Main Sponsors Cultural funding Supporters of the Symposium Parfett&amp;St\u00fcbenrathFrancesca Di Nicola Friends of the Symposium Georgeta-Rita and Petru Hartobanu<\/p>","protected":false},"author":1,"featured_media":0,"parent":0,"menu_order":0,"comment_status":"closed","ping_status":"closed","template":"","meta":{"_surecart_dashboard_logo_width":"180px","_surecart_dashboard_show_logo":true,"_surecart_dashboard_navigation_orders":true,"_surecart_dashboard_navigation_invoices":true,"_surecart_dashboard_navigation_subscriptions":true,"_surecart_dashboard_navigation_downloads":true,"_surecart_dashboard_navigation_billing":true,"_surecart_dashboard_navigation_account":true,"_uag_custom_page_level_css":"","site-sidebar-layout":"default","site-content-layout":"","ast-site-content-layout":"default","site-content-style":"default","site-sidebar-style":"default","ast-global-header-display":"","ast-banner-title-visibility":"","ast-main-header-display":"","ast-hfb-above-header-display":"","ast-hfb-below-header-display":"","ast-hfb-mobile-header-display":"","site-post-title":"","ast-breadcrumbs-content":"","ast-featured-img":"","footer-sml-layout":"","ast-disable-related-posts":"","theme-transparent-header-meta":"","adv-header-id-meta":"","stick-header-meta":"","header-above-stick-meta":"","header-main-stick-meta":"","header-below-stick-meta":"","astra-migrate-meta-layouts":"set","ast-page-background-enabled":"default","ast-page-background-meta":{"desktop":{"background-color":"var(--ast-global-color-4)","background-image":"","background-repeat":"repeat","background-position":"center center","background-size":"auto","background-attachment":"scroll","background-type":"","background-media":"","overlay-type":"","overlay-color":"","overlay-opacity":"","overlay-gradient":""},"tablet":{"background-color":"","background-image":"","background-repeat":"repeat","background-position":"center center","background-size":"auto","background-attachment":"scroll","background-type":"","background-media":"","overlay-type":"","overlay-color":"","overlay-opacity":"","overlay-gradient":""},"mobile":{"background-color":"","background-image":"","background-repeat":"repeat","background-position":"center center","background-size":"auto","background-attachment":"scroll","background-type":"","background-media":"","overlay-type":"","overlay-color":"","overlay-opacity":"","overlay-gradient":""}},"ast-content-background-meta":{"desktop":{"background-color":"var(--ast-global-color-5)","background-image":"","background-repeat":"repeat","background-position":"center center","background-size":"auto","background-attachment":"scroll","background-type":"","background-media":"","overlay-type":"","overlay-color":"","overlay-opacity":"","overlay-gradient":""},"tablet":{"background-color":"var(--ast-global-color-5)","background-image":"","background-repeat":"repeat","background-position":"center center","background-size":"auto","background-attachment":"scroll","background-type":"","background-media":"","overlay-type":"","overlay-color":"","overlay-opacity":"","overlay-gradient":""},"mobile":{"background-color":"var(--ast-global-color-5)","background-image":"","background-repeat":"repeat","background-position":"center center","background-size":"auto","background-attachment":"scroll","background-type":"","background-media":"","overlay-type":"","overlay-color":"","overlay-opacity":"","overlay-gradient":""}},"footnotes":""},"class_list":["post-3126","page","type-page","status-publish","hentry"],"featured_image_src":null,"yoast_head":"<!-- This site is optimized with the Yoast SEO plugin v27.5 - https:\/\/yoast.com\/product\/yoast-seo-wordpress\/ -->\n<title>PARTNERS - Stellae Matutinae - European Harp Symposium<\/title>\n<meta name=\"robots\" content=\"index, follow, max-snippet:-1, max-image-preview:large, max-video-preview:-1\" \/>\n<link rel=\"canonical\" href=\"https:\/\/stellaematutinae.org\/de\/partners\/\" \/>\n<meta property=\"og:locale\" content=\"de_DE\" \/>\n<meta property=\"og:type\" content=\"article\" \/>\n<meta property=\"og:title\" content=\"PARTNERS - Stellae Matutinae - European Harp Symposium\" \/>\n<meta property=\"og:description\" content=\"Main Sponsors Cultural funding Supporters of the Symposium Parfett&amp;St\u00fcbenrathFrancesca Di Nicola Friends of the Symposium Georgeta-Rita and Petru Hartobanu\" \/>\n<meta property=\"og:url\" content=\"https:\/\/stellaematutinae.org\/de\/partners\/\" \/>\n<meta property=\"og:site_name\" content=\"Stellae Matutinae - European Harp Symposium\" \/>\n<meta property=\"article:publisher\" content=\"https:\/\/www.facebook.com\/stellaematutinae\" \/>\n<meta property=\"article:modified_time\" content=\"2025-04-06T13:30:58+00:00\" \/>\n<meta property=\"og:image\" content=\"https:\/\/stellaematutinae.org\/wp-content\/uploads\/2025\/01\/1-1024x1024.png\" \/>\n<meta name=\"twitter:card\" content=\"summary_large_image\" \/>\n<meta name=\"twitter:label1\" content=\"Gesch\u00e4tzte Lesezeit\" \/>\n\t<meta name=\"twitter:data1\" content=\"2\u00a0Minuten\" \/>\n<script type=\"application\/ld+json\" class=\"yoast-schema-graph\">{\"@context\":\"https:\\\/\\\/schema.org\",\"@graph\":[{\"@type\":\"WebPage\",\"@id\":\"https:\\\/\\\/stellaematutinae.org\\\/partners\\\/\",\"url\":\"https:\\\/\\\/stellaematutinae.org\\\/partners\\\/\",\"name\":\"PARTNERS - Stellae Matutinae - European Harp Symposium\",\"isPartOf\":{\"@id\":\"https:\\\/\\\/stellaematutinae.org\\\/#website\"},\"primaryImageOfPage\":{\"@id\":\"https:\\\/\\\/stellaematutinae.org\\\/partners\\\/#primaryimage\"},\"image\":{\"@id\":\"https:\\\/\\\/stellaematutinae.org\\\/partners\\\/#primaryimage\"},\"thumbnailUrl\":\"https:\\\/\\\/stellaematutinae.org\\\/wp-content\\\/uploads\\\/2025\\\/01\\\/1-1024x1024.png\",\"datePublished\":\"2025-01-28T07:42:24+00:00\",\"dateModified\":\"2025-04-06T13:30:58+00:00\",\"breadcrumb\":{\"@id\":\"https:\\\/\\\/stellaematutinae.org\\\/partners\\\/#breadcrumb\"},\"inLanguage\":\"de\",\"potentialAction\":[{\"@type\":\"ReadAction\",\"target\":[\"https:\\\/\\\/stellaematutinae.org\\\/partners\\\/\"]}]},{\"@type\":\"ImageObject\",\"inLanguage\":\"de\",\"@id\":\"https:\\\/\\\/stellaematutinae.org\\\/partners\\\/#primaryimage\",\"url\":\"https:\\\/\\\/stellaematutinae.org\\\/wp-content\\\/uploads\\\/2025\\\/01\\\/1-1024x1024.png\",\"contentUrl\":\"https:\\\/\\\/stellaematutinae.org\\\/wp-content\\\/uploads\\\/2025\\\/01\\\/1-1024x1024.png\"},{\"@type\":\"BreadcrumbList\",\"@id\":\"https:\\\/\\\/stellaematutinae.org\\\/partners\\\/#breadcrumb\",\"itemListElement\":[{\"@type\":\"ListItem\",\"position\":1,\"name\":\"Home\",\"item\":\"https:\\\/\\\/stellaematutinae.org\\\/\"},{\"@type\":\"ListItem\",\"position\":2,\"name\":\"PARTNERS\"}]},{\"@type\":\"WebSite\",\"@id\":\"https:\\\/\\\/stellaematutinae.org\\\/#website\",\"url\":\"https:\\\/\\\/stellaematutinae.org\\\/\",\"name\":\"Stellae Matutinae - European Harp Symposium\",\"description\":\"Folge den Sternen - Follow the Stars\",\"publisher\":{\"@id\":\"https:\\\/\\\/stellaematutinae.org\\\/#organization\"},\"alternateName\":\"European Harp Symposium 2025\",\"potentialAction\":[{\"@type\":\"SearchAction\",\"target\":{\"@type\":\"EntryPoint\",\"urlTemplate\":\"https:\\\/\\\/stellaematutinae.org\\\/?s={search_term_string}\"},\"query-input\":{\"@type\":\"PropertyValueSpecification\",\"valueRequired\":true,\"valueName\":\"search_term_string\"}}],\"inLanguage\":\"de\"},{\"@type\":\"Organization\",\"@id\":\"https:\\\/\\\/stellaematutinae.org\\\/#organization\",\"name\":\"Stellae Matutinae\",\"url\":\"https:\\\/\\\/stellaematutinae.org\\\/\",\"logo\":{\"@type\":\"ImageObject\",\"inLanguage\":\"de\",\"@id\":\"https:\\\/\\\/stellaematutinae.org\\\/#\\\/schema\\\/logo\\\/image\\\/\",\"url\":\"http:\\\/\\\/stellaematutinae.org\\\/wp-content\\\/uploads\\\/2024\\\/09\\\/cropped-nur-Stern.png\",\"contentUrl\":\"http:\\\/\\\/stellaematutinae.org\\\/wp-content\\\/uploads\\\/2024\\\/09\\\/cropped-nur-Stern.png\",\"width\":512,\"height\":512,\"caption\":\"Stellae Matutinae\"},\"image\":{\"@id\":\"https:\\\/\\\/stellaematutinae.org\\\/#\\\/schema\\\/logo\\\/image\\\/\"},\"sameAs\":[\"https:\\\/\\\/www.facebook.com\\\/stellaematutinae\",\"https:\\\/\\\/www.youtube.com\\\/@stellae_matutinae\",\"https:\\\/\\\/instagram.com\\\/stellaematutinae\"]}]}<\/script>\n<!-- \/ Yoast SEO plugin. -->","yoast_head_json":{"title":"PARTNERS - Stellae Matutinae - European Harp Symposium","robots":{"index":"index","follow":"follow","max-snippet":"max-snippet:-1","max-image-preview":"max-image-preview:large","max-video-preview":"max-video-preview:-1"},"canonical":"https:\/\/stellaematutinae.org\/de\/partners\/","og_locale":"de_DE","og_type":"article","og_title":"PARTNERS - Stellae Matutinae - European Harp Symposium","og_description":"Main Sponsors Cultural funding Supporters of the Symposium Parfett&amp;St\u00fcbenrathFrancesca Di Nicola Friends of the Symposium Georgeta-Rita and Petru Hartobanu","og_url":"https:\/\/stellaematutinae.org\/de\/partners\/","og_site_name":"Stellae Matutinae - European Harp Symposium","article_publisher":"https:\/\/www.facebook.com\/stellaematutinae","article_modified_time":"2025-04-06T13:30:58+00:00","og_image":[{"url":"https:\/\/stellaematutinae.org\/wp-content\/uploads\/2025\/01\/1-1024x1024.png","type":"","width":"","height":""}],"twitter_card":"summary_large_image","twitter_misc":{"Gesch\u00e4tzte Lesezeit":"2\u00a0Minuten"},"schema":{"@context":"https:\/\/schema.org","@graph":[{"@type":"WebPage","@id":"https:\/\/stellaematutinae.org\/partners\/","url":"https:\/\/stellaematutinae.org\/partners\/","name":"PARTNERS - Stellae Matutinae - European Harp Symposium","isPartOf":{"@id":"https:\/\/stellaematutinae.org\/#website"},"primaryImageOfPage":{"@id":"https:\/\/stellaematutinae.org\/partners\/#primaryimage"},"image":{"@id":"https:\/\/stellaematutinae.org\/partners\/#primaryimage"},"thumbnailUrl":"https:\/\/stellaematutinae.org\/wp-content\/uploads\/2025\/01\/1-1024x1024.png","datePublished":"2025-01-28T07:42:24+00:00","dateModified":"2025-04-06T13:30:58+00:00","breadcrumb":{"@id":"https:\/\/stellaematutinae.org\/partners\/#breadcrumb"},"inLanguage":"de","potentialAction":[{"@type":"ReadAction","target":["https:\/\/stellaematutinae.org\/partners\/"]}]},{"@type":"ImageObject","inLanguage":"de","@id":"https:\/\/stellaematutinae.org\/partners\/#primaryimage","url":"https:\/\/stellaematutinae.org\/wp-content\/uploads\/2025\/01\/1-1024x1024.png","contentUrl":"https:\/\/stellaematutinae.org\/wp-content\/uploads\/2025\/01\/1-1024x1024.png"},{"@type":"BreadcrumbList","@id":"https:\/\/stellaematutinae.org\/partners\/#breadcrumb","itemListElement":[{"@type":"ListItem","position":1,"name":"Home","item":"https:\/\/stellaematutinae.org\/"},{"@type":"ListItem","position":2,"name":"PARTNERS"}]},{"@type":"WebSite","@id":"https:\/\/stellaematutinae.org\/#website","url":"https:\/\/stellaematutinae.org\/","name":"Stellae Matutinae - European Harp Symposium","description":"Folge den Sternen - Follow the Stars","publisher":{"@id":"https:\/\/stellaematutinae.org\/#organization"},"alternateName":"European Harp Symposium 2025","potentialAction":[{"@type":"SearchAction","target":{"@type":"EntryPoint","urlTemplate":"https:\/\/stellaematutinae.org\/?s={search_term_string}"},"query-input":{"@type":"PropertyValueSpecification","valueRequired":true,"valueName":"search_term_string"}}],"inLanguage":"de"},{"@type":"Organization","@id":"https:\/\/stellaematutinae.org\/#organization","name":"Stellae Matutinae","url":"https:\/\/stellaematutinae.org\/","logo":{"@type":"ImageObject","inLanguage":"de","@id":"https:\/\/stellaematutinae.org\/#\/schema\/logo\/image\/","url":"http:\/\/stellaematutinae.org\/wp-content\/uploads\/2024\/09\/cropped-nur-Stern.png","contentUrl":"http:\/\/stellaematutinae.org\/wp-content\/uploads\/2024\/09\/cropped-nur-Stern.png","width":512,"height":512,"caption":"Stellae Matutinae"},"image":{"@id":"https:\/\/stellaematutinae.org\/#\/schema\/logo\/image\/"},"sameAs":["https:\/\/www.facebook.com\/stellaematutinae","https:\/\/www.youtube.com\/@stellae_matutinae","https:\/\/instagram.com\/stellaematutinae"]}]}},"uagb_featured_image_src":{"full":false,"thumbnail":false,"medium":false,"medium_large":false,"large":false,"1536x1536":false,"2048x2048":false,"trp-custom-language-flag":false,"tb-timeline-landscape":false,"tb-timeline-square":false},"uagb_author_info":{"display_name":"admin","author_link":"https:\/\/stellaematutinae.org\/de\/author\/admin\/"},"uagb_comment_info":0,"uagb_excerpt":"Main Sponsors Cultural funding Supporters of the Symposium Parfett&amp;St\u00fcbenrathFrancesca Di Nicola Friends of the Symposium Georgeta-Rita and Petru Hartobanu","_links":{"self":[{"href":"https:\/\/stellaematutinae.org\/de\/wp-json\/wp\/v2\/pages\/3126","targetHints":{"allow":["GET"]}}],"collection":[{"href":"https:\/\/stellaematutinae.org\/de\/wp-json\/wp\/v2\/pages"}],"about":[{"href":"https:\/\/stellaematutinae.org\/de\/wp-json\/wp\/v2\/types\/page"}],"author":[{"embeddable":true,"href":"https:\/\/stellaematutinae.org\/de\/wp-json\/wp\/v2\/users\/1"}],"replies":[{"embeddable":true,"href":"https:\/\/stellaematutinae.org\/de\/wp-json\/wp\/v2\/comments?post=3126"}],"version-history":[{"count":14,"href":"https:\/\/stellaematutinae.org\/de\/wp-json\/wp\/v2\/pages\/3126\/revisions"}],"predecessor-version":[{"id":3404,"href":"https:\/\/stellaematutinae.org\/de\/wp-json\/wp\/v2\/pages\/3126\/revisions\/3404"}],"wp:attachment":[{"href":"https:\/\/stellaematutinae.org\/de\/wp-json\/wp\/v2\/media?parent=3126"}],"curies":[{"name":"wp","href":"https:\/\/api.w.org\/{rel}","templated":true}]}}