{"id":2975,"date":"2024-11-23T16:54:59","date_gmt":"2024-11-23T16:54:59","guid":{"rendered":"https:\/\/stellaematutinae.org\/?page_id=2975"},"modified":"2025-03-04T16:05:15","modified_gmt":"2025-03-04T15:05:15","slug":"adrian-nowak","status":"publish","type":"page","link":"https:\/\/stellaematutinae.org\/de\/adrian-nowak\/","title":{"rendered":"ADRIAN NOWAK"},"content":{"rendered":"<div class=\"wp-block-uagb-container uagb-block-nozrcroi alignfull uagb-is-root-container\"><div class=\"uagb-container-inner-blocks-wrap\">\n<div class=\"wp-block-uagb-container uagb-block-mzbk5ge9\">\n<div class=\"wp-block-uagb-info-box uagb-block-nosvut4v uagb-infobox__content-wrap  uagb-infobox-icon-above-title uagb-infobox-image-valign-top wp-block-uagb-info-box--has-margin\"><div class=\"uagb-infobox-margin-wrapper\"><div class=\"uagb-ifb-content\"><div class=\"uagb-ifb-title-wrap\"><h2 class=\"uagb-ifb-title\"><strong>Adrian Nowak<\/strong><\/h2><\/div><p class=\"uagb-ifb-desc\">&#8220;<em>Adrian dr\u00fcckt seine Gef\u00fchle nicht nur durch sein Harfenspiel aus. Er gibt uns die M\u00f6glichkeit, in seine Welt einzutreten und dort unsere eigenen Erfahrungen und Gef\u00fchle zu konfrontieren<\/em>.&#8221;<br>- Les\u0142aw Czapli\u0144ski (Rezension zu seinem Theaterst\u00fcck \u201eReflection\u201c im Nationaltheater in Krakau)<br><br>Adrian Nowak begann im Alter von 18 Jahren unter der Leitung der Harfenistin der Podkarpacka Philharmonie, Joanna Supranowicz, Harfe zu spielen. Er studierte bei Florence Sitruk und Irena Czubek-Davidson an der Krakauer Musikakademie und schloss sein Studium 2019 mit einem MMus mit Auszeichnung ab. Er entwickelte seine F\u00e4higkeiten bei Margit-Anna S\u00fc\u00df-Schellenberger an der Universit\u00e4t f\u00fcr Musik und darstellende Kunst in Graz (\u00d6sterreich) und an der Hochschule f\u00fcr Musik \u201eHanns Eisler\u201c in Berlin (Deutschland). Seit 2023 unterrichtet er an der Krzysztof-Penderecki-Musikakademie in Krakau, wo er 2024 den DMA-Doktortitel erwarb. Seine wissenschaftliche und k\u00fcnstlerische Arbeit konzentriert sich auf die Rolle der Harfe in Kammermusikgruppen. Seine Doktorarbeit tr\u00e4gt den Titel<em>Kammermusik f\u00fcr Harfe, Fl\u00f6te und Streichtrio, inspiriert von der Geschichte des Quintette Instrumental de Paris. Vergessene St\u00fccke.<\/em>\u2019<br><br>Er hat an zahlreichen Meisterkursen und internationalen Projekten teilgenommen, unter anderem unter der Leitung von Isabelle Moretti, Isabelle Perrin und Arianna Savall. Seit 2018 studiert und arbeitet er regelm\u00e4\u00dfig mit Rita Costanzi zusammen, deren Pers\u00f6nlichkeit und Interpretationen einen gro\u00dfen Einfluss auf seine k\u00fcnstlerische Arbeit und Entwicklung aus\u00fcben.<br><br>Adrian Nowak konzertierte u. a. in der neuen Spielst\u00e4tte des NOSPR, in der Lemberger Oper und in der Lemberger Orgelhalle sowie bei zahlreichen Festivals in Polen (Musik auf den H\u00f6hen in Zakopane, Tyniec Chamber Music Recitals, Krakauer Musikherbst) und im Ausland (Arpa GRAZiosa in Graz, \u00d6sterreich, und Festival de M\u00fasica de Santa Catarina in Jaragu\u00e1 do Sul, Brasilien). Er hat u. a. mit dem Beethoven Academy Orchestra, der Krakauer Philharmonie, der Capella Cracoviensis, der Sinfonietta Cracovia und dem Brandenburgischen Staatsorchester Frankfurt zusammengearbeitet.<br><br>Mitbegr\u00fcnder und Mitglied des Krakauer Harfenquintetts und des Mauris Ensembles, mit denen er sich auf die Erforschung und F\u00f6rderung des Kammermusikrepertoires mit Harfe konzentriert. Er arbeitet regelm\u00e4\u00dfig mit polnischen und ausl\u00e4ndischen Komponisten bei der Urauff\u00fchrung ihrer Solo-, Kammer- und Orchesterwerke zusammen. Er f\u00fchrt auch Memoria Mea auf, eine Sammlung seiner eigenen Harfenminiaturen, die er in Solo- und Kammermusikversionen pr\u00e4sentiert. Neben der klassischen Musik ist er an verschiedenen Projekten beteiligt, darunter LIQUID (das improvisierte, elektronische und experimentelle Musikauff\u00fchrungen mit der Verkostung von Naturweinen verbindet).<br><\/p><\/div><\/div><\/div>\n\n\n\n<div class=\"wp-block-uagb-image alignleft uagb-block-fevk6p4n wp-block-uagb-image--layout-default wp-block-uagb-image--effect-static wp-block-uagb-image--align-left\"><figure class=\"wp-block-uagb-image__figure\"><img decoding=\"async\" srcset=\"https:\/\/stellaematutinae.org\/wp-content\/uploads\/2024\/11\/IMG_7664-1024x683.jpg ,https:\/\/stellaematutinae.org\/wp-content\/uploads\/2024\/11\/IMG_7664.jpg 780w, https:\/\/stellaematutinae.org\/wp-content\/uploads\/2024\/11\/IMG_7664.jpg 360w\" sizes=\"auto, (max-width: 480px) 150px\" src=\"https:\/\/stellaematutinae.org\/wp-content\/uploads\/2024\/11\/IMG_7664-1024x683.jpg\" alt=\"\" class=\"uag-image-2976\" width=\"564\" height=\"376\" title=\"Adrian Nowak\" loading=\"lazy\" role=\"img\"\/><\/figure><\/div>\n\n\n\n<div class=\"wp-block-uagb-info-box uagb-block-fft3bzol uagb-infobox__content-wrap  uagb-infobox-icon-above-title uagb-infobox-image-valign-top wp-block-uagb-info-box--has-margin\"><div class=\"uagb-infobox-margin-wrapper\"><div class=\"uagb-ifb-content\"><div class=\"uagb-ifb-title-wrap\"><\/div><\/div><\/div><\/div>\n<\/div>\n\n\n\n<div class=\"wp-block-uagb-container uagb-block-1bimh2vt\">\n<div class=\"wp-block-uagb-image alignleft uagb-block-kmbx8qg0 wp-block-uagb-image--layout-default wp-block-uagb-image--effect-static wp-block-uagb-image--align-left\"><figure class=\"wp-block-uagb-image__figure\"><img decoding=\"async\" srcset=\"https:\/\/stellaematutinae.org\/wp-content\/uploads\/2024\/11\/PHOTO2-1024x683.jpg ,https:\/\/stellaematutinae.org\/wp-content\/uploads\/2024\/11\/PHOTO2-scaled.jpg 780w, https:\/\/stellaematutinae.org\/wp-content\/uploads\/2024\/11\/PHOTO2-scaled.jpg 360w\" sizes=\"auto, (max-width: 480px) 150px\" src=\"https:\/\/stellaematutinae.org\/wp-content\/uploads\/2024\/11\/PHOTO2-1024x683.jpg\" alt=\"\" class=\"uag-image-2867\" width=\"564\" height=\"376\" title=\"Adrian Nowak - Harp\" loading=\"lazy\" role=\"img\"\/><\/figure><\/div>\n\n\n\n<div class=\"wp-block-uagb-info-box uagb-block-8uazjqwt uagb-infobox__content-wrap  uagb-infobox-icon-above-title uagb-infobox-image-valign-top wp-block-uagb-info-box--has-margin\"><div class=\"uagb-infobox-margin-wrapper\"><div class=\"uagb-ifb-content\"><div class=\"uagb-ifb-title-wrap\"><h3 class=\"uagb-ifb-title\">Foto von Klaudyna Schubert<\/h3><\/div><\/div><\/div><\/div>\n\n\n\n<figure class=\"wp-block-embed is-type-video is-provider-youtube wp-block-embed-youtube wp-embed-aspect-4-3 wp-has-aspect-ratio\"><div class=\"wp-block-embed__wrapper\">\n<iframe loading=\"lazy\" title=\"Introduction &amp; Rhapsody: I. Introduction\" width=\"500\" height=\"375\" src=\"https:\/\/www.youtube.com\/embed\/Rg3aMx5Aydw?feature=oembed\" frameborder=\"0\" allow=\"accelerometer; autoplay; clipboard-write; encrypted-media; gyroscope; picture-in-picture; web-share\" referrerpolicy=\"strict-origin-when-cross-origin\" allowfullscreen><\/iframe>\n<\/div><\/figure>\n\n\n\n<div class=\"wp-block-uagb-info-box uagb-block-sjiorxpf uagb-infobox__content-wrap  uagb-infobox-icon-above-title uagb-infobox-image-valign-top wp-block-uagb-info-box--has-margin\"><div class=\"uagb-infobox-margin-wrapper\"><div class=\"uagb-ifb-content\"><div class=\"uagb-ifb-title-wrap\"><h3 class=\"uagb-ifb-title\">Artur Gelbrun &#8211; Introduction &amp; Rhapsody: I. Introduction<\/h3><\/div><p class=\"uagb-ifb-desc\">Introduction &amp; Rhapsody: I. Introduction \u00b7 Adrian Nowak \u00b7 Artur Gelbrun Reflection \u2117 2024 CD Accord<\/p><\/div><\/div><\/div>\n<\/div>\n<\/div><\/div>","protected":false},"excerpt":{"rendered":"","protected":false},"author":1,"featured_media":0,"parent":0,"menu_order":0,"comment_status":"closed","ping_status":"closed","template":"","meta":{"_surecart_dashboard_logo_width":"180px","_surecart_dashboard_show_logo":true,"_surecart_dashboard_navigation_orders":true,"_surecart_dashboard_navigation_invoices":true,"_surecart_dashboard_navigation_subscriptions":true,"_surecart_dashboard_navigation_downloads":true,"_surecart_dashboard_navigation_billing":true,"_surecart_dashboard_navigation_account":true,"_uag_custom_page_level_css":"","site-sidebar-layout":"default","site-content-layout":"","ast-site-content-layout":"default","site-content-style":"default","site-sidebar-style":"default","ast-global-header-display":"","ast-banner-title-visibility":"","ast-main-header-display":"","ast-hfb-above-header-display":"","ast-hfb-below-header-display":"","ast-hfb-mobile-header-display":"","site-post-title":"","ast-breadcrumbs-content":"","ast-featured-img":"","footer-sml-layout":"","ast-disable-related-posts":"","theme-transparent-header-meta":"","adv-header-id-meta":"","stick-header-meta":"","header-above-stick-meta":"","header-main-stick-meta":"","header-below-stick-meta":"","astra-migrate-meta-layouts":"set","ast-page-background-enabled":"default","ast-page-background-meta":{"desktop":{"background-color":"var(--ast-global-color-4)","background-image":"","background-repeat":"repeat","background-position":"center center","background-size":"auto","background-attachment":"scroll","background-type":"","background-media":"","overlay-type":"","overlay-color":"","overlay-opacity":"","overlay-gradient":""},"tablet":{"background-color":"","background-image":"","background-repeat":"repeat","background-position":"center center","background-size":"auto","background-attachment":"scroll","background-type":"","background-media":"","overlay-type":"","overlay-color":"","overlay-opacity":"","overlay-gradient":""},"mobile":{"background-color":"","background-image":"","background-repeat":"repeat","background-position":"center center","background-size":"auto","background-attachment":"scroll","background-type":"","background-media":"","overlay-type":"","overlay-color":"","overlay-opacity":"","overlay-gradient":""}},"ast-content-background-meta":{"desktop":{"background-color":"var(--ast-global-color-5)","background-image":"","background-repeat":"repeat","background-position":"center center","background-size":"auto","background-attachment":"scroll","background-type":"","background-media":"","overlay-type":"","overlay-color":"","overlay-opacity":"","overlay-gradient":""},"tablet":{"background-color":"var(--ast-global-color-5)","background-image":"","background-repeat":"repeat","background-position":"center center","background-size":"auto","background-attachment":"scroll","background-type":"","background-media":"","overlay-type":"","overlay-color":"","overlay-opacity":"","overlay-gradient":""},"mobile":{"background-color":"var(--ast-global-color-5)","background-image":"","background-repeat":"repeat","background-position":"center center","background-size":"auto","background-attachment":"scroll","background-type":"","background-media":"","overlay-type":"","overlay-color":"","overlay-opacity":"","overlay-gradient":""}},"footnotes":""},"class_list":["post-2975","page","type-page","status-publish","hentry"],"featured_image_src":null,"yoast_head":"<!-- This site is optimized with the Yoast SEO plugin v27.5 - https:\/\/yoast.com\/product\/yoast-seo-wordpress\/ -->\n<title>ADRIAN NOWAK - Stellae Matutinae - European Harp Symposium<\/title>\n<meta name=\"robots\" content=\"index, follow, max-snippet:-1, max-image-preview:large, max-video-preview:-1\" \/>\n<link rel=\"canonical\" href=\"https:\/\/stellaematutinae.org\/de\/adrian-nowak\/\" \/>\n<meta property=\"og:locale\" content=\"de_DE\" \/>\n<meta property=\"og:type\" content=\"article\" \/>\n<meta property=\"og:title\" content=\"ADRIAN NOWAK - Stellae Matutinae - European Harp Symposium\" \/>\n<meta property=\"og:url\" content=\"https:\/\/stellaematutinae.org\/de\/adrian-nowak\/\" \/>\n<meta property=\"og:site_name\" content=\"Stellae Matutinae - European Harp Symposium\" \/>\n<meta property=\"article:publisher\" content=\"https:\/\/www.facebook.com\/stellaematutinae\" \/>\n<meta property=\"article:modified_time\" content=\"2025-03-04T15:05:15+00:00\" \/>\n<meta property=\"og:image\" content=\"https:\/\/stellaematutinae.org\/wp-content\/uploads\/2024\/11\/IMG_7664-1024x683.jpg\" \/>\n<meta name=\"twitter:card\" content=\"summary_large_image\" \/>\n<meta name=\"twitter:label1\" content=\"Gesch\u00e4tzte Lesezeit\" \/>\n\t<meta name=\"twitter:data1\" content=\"3\u00a0Minuten\" \/>\n<script type=\"application\/ld+json\" class=\"yoast-schema-graph\">{\"@context\":\"https:\\\/\\\/schema.org\",\"@graph\":[{\"@type\":\"WebPage\",\"@id\":\"https:\\\/\\\/stellaematutinae.org\\\/adrian-nowak\\\/\",\"url\":\"https:\\\/\\\/stellaematutinae.org\\\/adrian-nowak\\\/\",\"name\":\"ADRIAN NOWAK - Stellae Matutinae - European Harp Symposium\",\"isPartOf\":{\"@id\":\"https:\\\/\\\/stellaematutinae.org\\\/#website\"},\"primaryImageOfPage\":{\"@id\":\"https:\\\/\\\/stellaematutinae.org\\\/adrian-nowak\\\/#primaryimage\"},\"image\":{\"@id\":\"https:\\\/\\\/stellaematutinae.org\\\/adrian-nowak\\\/#primaryimage\"},\"thumbnailUrl\":\"https:\\\/\\\/stellaematutinae.org\\\/wp-content\\\/uploads\\\/2024\\\/11\\\/IMG_7664-1024x683.jpg\",\"datePublished\":\"2024-11-23T16:54:59+00:00\",\"dateModified\":\"2025-03-04T15:05:15+00:00\",\"breadcrumb\":{\"@id\":\"https:\\\/\\\/stellaematutinae.org\\\/adrian-nowak\\\/#breadcrumb\"},\"inLanguage\":\"de\",\"potentialAction\":[{\"@type\":\"ReadAction\",\"target\":[\"https:\\\/\\\/stellaematutinae.org\\\/adrian-nowak\\\/\"]}]},{\"@type\":\"ImageObject\",\"inLanguage\":\"de\",\"@id\":\"https:\\\/\\\/stellaematutinae.org\\\/adrian-nowak\\\/#primaryimage\",\"url\":\"https:\\\/\\\/stellaematutinae.org\\\/wp-content\\\/uploads\\\/2024\\\/11\\\/IMG_7664-1024x683.jpg\",\"contentUrl\":\"https:\\\/\\\/stellaematutinae.org\\\/wp-content\\\/uploads\\\/2024\\\/11\\\/IMG_7664-1024x683.jpg\"},{\"@type\":\"BreadcrumbList\",\"@id\":\"https:\\\/\\\/stellaematutinae.org\\\/adrian-nowak\\\/#breadcrumb\",\"itemListElement\":[{\"@type\":\"ListItem\",\"position\":1,\"name\":\"Home\",\"item\":\"https:\\\/\\\/stellaematutinae.org\\\/\"},{\"@type\":\"ListItem\",\"position\":2,\"name\":\"ADRIAN NOWAK\"}]},{\"@type\":\"WebSite\",\"@id\":\"https:\\\/\\\/stellaematutinae.org\\\/#website\",\"url\":\"https:\\\/\\\/stellaematutinae.org\\\/\",\"name\":\"Stellae Matutinae - European Harp Symposium\",\"description\":\"Folge den Sternen - Follow the Stars\",\"publisher\":{\"@id\":\"https:\\\/\\\/stellaematutinae.org\\\/#organization\"},\"alternateName\":\"European Harp Symposium 2025\",\"potentialAction\":[{\"@type\":\"SearchAction\",\"target\":{\"@type\":\"EntryPoint\",\"urlTemplate\":\"https:\\\/\\\/stellaematutinae.org\\\/?s={search_term_string}\"},\"query-input\":{\"@type\":\"PropertyValueSpecification\",\"valueRequired\":true,\"valueName\":\"search_term_string\"}}],\"inLanguage\":\"de\"},{\"@type\":\"Organization\",\"@id\":\"https:\\\/\\\/stellaematutinae.org\\\/#organization\",\"name\":\"Stellae Matutinae\",\"url\":\"https:\\\/\\\/stellaematutinae.org\\\/\",\"logo\":{\"@type\":\"ImageObject\",\"inLanguage\":\"de\",\"@id\":\"https:\\\/\\\/stellaematutinae.org\\\/#\\\/schema\\\/logo\\\/image\\\/\",\"url\":\"http:\\\/\\\/stellaematutinae.org\\\/wp-content\\\/uploads\\\/2024\\\/09\\\/cropped-nur-Stern.png\",\"contentUrl\":\"http:\\\/\\\/stellaematutinae.org\\\/wp-content\\\/uploads\\\/2024\\\/09\\\/cropped-nur-Stern.png\",\"width\":512,\"height\":512,\"caption\":\"Stellae Matutinae\"},\"image\":{\"@id\":\"https:\\\/\\\/stellaematutinae.org\\\/#\\\/schema\\\/logo\\\/image\\\/\"},\"sameAs\":[\"https:\\\/\\\/www.facebook.com\\\/stellaematutinae\",\"https:\\\/\\\/www.youtube.com\\\/@stellae_matutinae\",\"https:\\\/\\\/instagram.com\\\/stellaematutinae\"]}]}<\/script>\n<!-- \/ Yoast SEO plugin. -->","yoast_head_json":{"title":"ADRIAN NOWAK - Stellae Matutinae - European Harp Symposium","robots":{"index":"index","follow":"follow","max-snippet":"max-snippet:-1","max-image-preview":"max-image-preview:large","max-video-preview":"max-video-preview:-1"},"canonical":"https:\/\/stellaematutinae.org\/de\/adrian-nowak\/","og_locale":"de_DE","og_type":"article","og_title":"ADRIAN NOWAK - Stellae Matutinae - European Harp Symposium","og_url":"https:\/\/stellaematutinae.org\/de\/adrian-nowak\/","og_site_name":"Stellae Matutinae - European Harp Symposium","article_publisher":"https:\/\/www.facebook.com\/stellaematutinae","article_modified_time":"2025-03-04T15:05:15+00:00","og_image":[{"url":"https:\/\/stellaematutinae.org\/wp-content\/uploads\/2024\/11\/IMG_7664-1024x683.jpg","type":"","width":"","height":""}],"twitter_card":"summary_large_image","twitter_misc":{"Gesch\u00e4tzte Lesezeit":"3\u00a0Minuten"},"schema":{"@context":"https:\/\/schema.org","@graph":[{"@type":"WebPage","@id":"https:\/\/stellaematutinae.org\/adrian-nowak\/","url":"https:\/\/stellaematutinae.org\/adrian-nowak\/","name":"ADRIAN NOWAK - Stellae Matutinae - European Harp Symposium","isPartOf":{"@id":"https:\/\/stellaematutinae.org\/#website"},"primaryImageOfPage":{"@id":"https:\/\/stellaematutinae.org\/adrian-nowak\/#primaryimage"},"image":{"@id":"https:\/\/stellaematutinae.org\/adrian-nowak\/#primaryimage"},"thumbnailUrl":"https:\/\/stellaematutinae.org\/wp-content\/uploads\/2024\/11\/IMG_7664-1024x683.jpg","datePublished":"2024-11-23T16:54:59+00:00","dateModified":"2025-03-04T15:05:15+00:00","breadcrumb":{"@id":"https:\/\/stellaematutinae.org\/adrian-nowak\/#breadcrumb"},"inLanguage":"de","potentialAction":[{"@type":"ReadAction","target":["https:\/\/stellaematutinae.org\/adrian-nowak\/"]}]},{"@type":"ImageObject","inLanguage":"de","@id":"https:\/\/stellaematutinae.org\/adrian-nowak\/#primaryimage","url":"https:\/\/stellaematutinae.org\/wp-content\/uploads\/2024\/11\/IMG_7664-1024x683.jpg","contentUrl":"https:\/\/stellaematutinae.org\/wp-content\/uploads\/2024\/11\/IMG_7664-1024x683.jpg"},{"@type":"BreadcrumbList","@id":"https:\/\/stellaematutinae.org\/adrian-nowak\/#breadcrumb","itemListElement":[{"@type":"ListItem","position":1,"name":"Home","item":"https:\/\/stellaematutinae.org\/"},{"@type":"ListItem","position":2,"name":"ADRIAN NOWAK"}]},{"@type":"WebSite","@id":"https:\/\/stellaematutinae.org\/#website","url":"https:\/\/stellaematutinae.org\/","name":"Stellae Matutinae - European Harp Symposium","description":"Folge den Sternen - Follow the Stars","publisher":{"@id":"https:\/\/stellaematutinae.org\/#organization"},"alternateName":"European Harp Symposium 2025","potentialAction":[{"@type":"SearchAction","target":{"@type":"EntryPoint","urlTemplate":"https:\/\/stellaematutinae.org\/?s={search_term_string}"},"query-input":{"@type":"PropertyValueSpecification","valueRequired":true,"valueName":"search_term_string"}}],"inLanguage":"de"},{"@type":"Organization","@id":"https:\/\/stellaematutinae.org\/#organization","name":"Stellae Matutinae","url":"https:\/\/stellaematutinae.org\/","logo":{"@type":"ImageObject","inLanguage":"de","@id":"https:\/\/stellaematutinae.org\/#\/schema\/logo\/image\/","url":"http:\/\/stellaematutinae.org\/wp-content\/uploads\/2024\/09\/cropped-nur-Stern.png","contentUrl":"http:\/\/stellaematutinae.org\/wp-content\/uploads\/2024\/09\/cropped-nur-Stern.png","width":512,"height":512,"caption":"Stellae Matutinae"},"image":{"@id":"https:\/\/stellaematutinae.org\/#\/schema\/logo\/image\/"},"sameAs":["https:\/\/www.facebook.com\/stellaematutinae","https:\/\/www.youtube.com\/@stellae_matutinae","https:\/\/instagram.com\/stellaematutinae"]}]}},"uagb_featured_image_src":{"full":false,"thumbnail":false,"medium":false,"medium_large":false,"large":false,"1536x1536":false,"2048x2048":false,"trp-custom-language-flag":false,"tb-timeline-landscape":false,"tb-timeline-square":false},"uagb_author_info":{"display_name":"admin","author_link":"https:\/\/stellaematutinae.org\/de\/author\/admin\/"},"uagb_comment_info":0,"uagb_excerpt":null,"_links":{"self":[{"href":"https:\/\/stellaematutinae.org\/de\/wp-json\/wp\/v2\/pages\/2975","targetHints":{"allow":["GET"]}}],"collection":[{"href":"https:\/\/stellaematutinae.org\/de\/wp-json\/wp\/v2\/pages"}],"about":[{"href":"https:\/\/stellaematutinae.org\/de\/wp-json\/wp\/v2\/types\/page"}],"author":[{"embeddable":true,"href":"https:\/\/stellaematutinae.org\/de\/wp-json\/wp\/v2\/users\/1"}],"replies":[{"embeddable":true,"href":"https:\/\/stellaematutinae.org\/de\/wp-json\/wp\/v2\/comments?post=2975"}],"version-history":[{"count":4,"href":"https:\/\/stellaematutinae.org\/de\/wp-json\/wp\/v2\/pages\/2975\/revisions"}],"predecessor-version":[{"id":3241,"href":"https:\/\/stellaematutinae.org\/de\/wp-json\/wp\/v2\/pages\/2975\/revisions\/3241"}],"wp:attachment":[{"href":"https:\/\/stellaematutinae.org\/de\/wp-json\/wp\/v2\/media?parent=2975"}],"curies":[{"name":"wp","href":"https:\/\/api.w.org\/{rel}","templated":true}]}}