{"id":2733,"date":"2024-10-29T05:53:17","date_gmt":"2024-10-29T05:53:17","guid":{"rendered":"https:\/\/stellaematutinae.org\/?page_id=2733"},"modified":"2024-11-19T22:24:28","modified_gmt":"2024-11-19T22:24:28","slug":"chube","status":"publish","type":"page","link":"https:\/\/stellaematutinae.org\/de\/chube\/","title":{"rendered":"CHUBE"},"content":{"rendered":"<div class=\"wp-block-uagb-container uagb-block-nozrcroi alignfull uagb-is-root-container\"><div class=\"uagb-container-inner-blocks-wrap\">\n<div class=\"wp-block-uagb-container uagb-block-mzbk5ge9\">\n<div class=\"wp-block-uagb-info-box uagb-block-nosvut4v uagb-infobox__content-wrap  uagb-infobox-icon-above-title uagb-infobox-image-valign-top wp-block-uagb-info-box--has-margin\"><div class=\"uagb-infobox-margin-wrapper\"><div class=\"uagb-ifb-content\"><div class=\"uagb-ifb-title-wrap\"><h2 class=\"uagb-ifb-title\"><strong>Chube<\/strong><\/h2><\/div><p class=\"uagb-ifb-desc\"><strong>Harfe\/Klavier \u2013 Ben Creighton Griffiths <br>Bass - Ashley John Long<br>Schlagzeug \u2013 John Bradford-Jones<\/strong><br><br>Chube wurde 2015 von Ben Creighton Griffiths (Harfe, Keys) und Matt Williams (Schlagzeug, Technik) gegr\u00fcndet. Sie schrieben ihre ersten Tracks im Jahr 2016, bevor sie sich f\u00fcr die Aufnahme ihrer ersten EP im Sommer 2017 mit Aeddan Williams am Bass zusammentaten, bevor sie sie 2018 bei einer exklusiven Show im Tiny Rebel Cardiff ver\u00f6ffentlichten. Seitdem hat sich das Projekt immer weiter entwickelt. Nach der Covid-Pandemie wurde Ben von Ashley John Long am Bass und Jon Bradford Jones am Schlagzeug unterst\u00fctzt, w\u00e4hrend Matt als Produzent und Tontechniker bei der Gruppe bleibt.<br><br>Chube ist bei einer Reihe von Festivals aufgetreten, darunter Harp on Wight, Aberjazz und Wall2Wall Jazz Festivals - bei letzterem gab er ein einzigartiges Konzert mit dem Ehrengast Dennis Rollins MBE an der Posaune. Sie traten auch in Musikzentren im ganzen Land auf, darunter Pizza Express Jazz Club Soho, Tiny Rebel Cardiff, Black Mountain Jazz Club, Gwdihw Cardiff, Matt &amp; Phreds Jazz Club Manchester, OCC Malvern, The Fleece Bristol und das Bridport Arts Centre.<br><br>St\u00fccke von Chube, einschlie\u00dflich ihrer Remix-Zusammenarbeit mit BESPA, wurden auf BBC Radio Wales Introducing mit Adam Walton, BBC Radio 3 Jazz Now, BBC Cymru mit Lisa Gwilym und Radio Cardiff mehrfach gespielt. Im Jahr 2019 war Chube Finalist f\u00fcr den Peter Whittingham Jazz Award. Im August 2023 ver\u00f6ffentlichten Chube ihre zweite EP, mit der sie neue Wege beschritten, positive Kritiken erhielten und ihren Sound und ihre Stilmischung noch weiter entwickelten.<br><br>Benjamin Creighton Griffiths ist ein international t\u00e4tiger Jazz- und klassischer Harfenist aus Wales. Urspr\u00fcnglich klassisch ausgebildet, hat er sich jetzt auf Jazz spezialisiert, sowohl als Solist als auch mit seinen Bands - dem Transatlantic Hot Club und Chube. Seine Karriere f\u00fchrte ihn durch die ganze Welt, u. a. nach Kanada, in die Karibik, nach Hongkong, Indien, Brasilien und quer durch Europa, und er arbeitete mit hervorragenden Musikern aus der Welt der Klassik und des Jazz zusammen. Er ist nicht nur als Musiker t\u00e4tig, sondern auch als Komponist und hat k\u00fcrzlich einen Konzertplan f\u00fcr sein eigenes Konzert f\u00fcr Jazz Harp und Symphonieorchester entwickelt.<\/p><\/div><\/div><\/div>\n\n\n\n<div class=\"wp-block-uagb-image alignleft uagb-block-fevk6p4n wp-block-uagb-image--layout-default wp-block-uagb-image--effect-static wp-block-uagb-image--align-left\"><figure class=\"wp-block-uagb-image__figure\"><img decoding=\"async\" srcset=\"https:\/\/stellaematutinae.org\/wp-content\/uploads\/2024\/10\/Chube-OCC-Malvern-No-Credit-1024x750.jpg ,https:\/\/stellaematutinae.org\/wp-content\/uploads\/2024\/10\/Chube-OCC-Malvern-No-Credit.jpg 780w, https:\/\/stellaematutinae.org\/wp-content\/uploads\/2024\/10\/Chube-OCC-Malvern-No-Credit.jpg 360w\" sizes=\"auto, (max-width: 480px) 150px\" src=\"https:\/\/stellaematutinae.org\/wp-content\/uploads\/2024\/10\/Chube-OCC-Malvern-No-Credit-1024x750.jpg\" alt=\"\" class=\"uag-image-2748\" width=\"564\" height=\"376\" title=\"Chube OCC Malvern (No Credit)\" loading=\"lazy\" role=\"img\"\/><\/figure><\/div>\n\n\n\n<div class=\"wp-block-uagb-info-box uagb-block-fft3bzol uagb-infobox__content-wrap  uagb-infobox-icon-above-title uagb-infobox-image-valign-top wp-block-uagb-info-box--has-margin\"><div class=\"uagb-infobox-margin-wrapper\"><div class=\"uagb-ifb-content\"><div class=\"uagb-ifb-title-wrap\"><\/div><\/div><\/div><\/div>\n<\/div>\n\n\n\n<div class=\"wp-block-uagb-container uagb-block-1bimh2vt\">\n<div class=\"wp-block-uagb-image alignleft uagb-block-kmbx8qg0 wp-block-uagb-image--layout-default wp-block-uagb-image--effect-static wp-block-uagb-image--align-left\"><figure class=\"wp-block-uagb-image__figure\"><img decoding=\"async\" srcset=\"https:\/\/stellaematutinae.org\/wp-content\/uploads\/2024\/10\/Chube-Elliott-Cooper-old-lineup-1024x683.jpg ,https:\/\/stellaematutinae.org\/wp-content\/uploads\/2024\/10\/Chube-Elliott-Cooper-old-lineup-scaled.jpg 780w, https:\/\/stellaematutinae.org\/wp-content\/uploads\/2024\/10\/Chube-Elliott-Cooper-old-lineup-scaled.jpg 360w\" sizes=\"auto, (max-width: 480px) 150px\" src=\"https:\/\/stellaematutinae.org\/wp-content\/uploads\/2024\/10\/Chube-Elliott-Cooper-old-lineup-1024x683.jpg\" alt=\"\" class=\"uag-image-2740\" width=\"564\" height=\"376\" title=\"Chube Elliott Cooper (old lineup)\" loading=\"lazy\" role=\"img\"\/><\/figure><\/div>\n\n\n\n<div class=\"wp-block-uagb-info-box uagb-block-8uazjqwt uagb-infobox__content-wrap  uagb-infobox-icon-above-title uagb-infobox-image-valign-top wp-block-uagb-info-box--has-margin\"><div class=\"uagb-infobox-margin-wrapper\"><div class=\"uagb-ifb-content\"><div class=\"uagb-ifb-title-wrap\"><\/div><\/div><\/div><\/div>\n\n\n\n<figure class=\"wp-block-embed is-type-video is-provider-youtube wp-block-embed-youtube wp-embed-aspect-16-9 wp-has-aspect-ratio\"><div class=\"wp-block-embed__wrapper\">\n<iframe loading=\"lazy\" title=\"Chube - Hey Ya (Outkast Cover)\" width=\"500\" height=\"281\" src=\"https:\/\/www.youtube.com\/embed\/u_7azGCOYro?feature=oembed\" frameborder=\"0\" allow=\"accelerometer; autoplay; clipboard-write; encrypted-media; gyroscope; picture-in-picture; web-share\" referrerpolicy=\"strict-origin-when-cross-origin\" allowfullscreen><\/iframe>\n<\/div><\/figure>\n\n\n\n<div class=\"wp-block-uagb-info-box uagb-block-sjiorxpf uagb-infobox__content-wrap  uagb-infobox-icon-above-title uagb-infobox-image-valign-top wp-block-uagb-info-box--has-margin\"><div class=\"uagb-infobox-margin-wrapper\"><div class=\"uagb-ifb-content\"><div class=\"uagb-ifb-title-wrap\"><h3 class=\"uagb-ifb-title\">Chube &#8211; Hey Ya (Outkast Cover)<\/h3><\/div><p class=\"uagb-ifb-desc\">Geschrieben von Andre Benjamin, Cover-Arrangement von Chube.<br>Ben Creighton Griffiths - Harfe und Keyboards<br>Matt Williams - Schlagzeug<br>Aeddan Williams - Bass<br>Aufgenommen in den Fieldgate Studios, August 2017<br>Produziert und gemischt von Matt Williams<br>Gefilmt in Tiny Rebel Cardiff, April 2018<br>Video gefilmt von Joe Marvelly und Sam Tomlinson<br>Herausgegeben von Joe Marvelly<br>Logo von Sara-Jane Waters<br>Produziert von Chube<\/p><\/div><\/div><\/div>\n<\/div>\n<\/div><\/div>\n\n\n\n<div class=\"inherit-container-width wp-block-group alignfull has-background-background-color has-background is-layout-constrained wp-container-core-group-is-layout-7276a2bb wp-block-group-is-layout-constrained\" style=\"margin-top:0;margin-bottom:0;padding-top:var(--wp--preset--spacing--60);padding-right:var(--wp--preset--spacing--30);padding-bottom:var(--wp--preset--spacing--60);padding-left:var(--wp--preset--spacing--30)\">\n<div class=\"wp-block-columns alignwide is-layout-flex wp-container-core-columns-is-layout-d0846407 wp-block-columns-is-layout-flex\">\n<div class=\"wp-block-column is-layout-flow wp-block-column-is-layout-flow\">\n<figure class=\"wp-block-image size-full is-style-rounded\"><img loading=\"lazy\" decoding=\"async\" width=\"2560\" height=\"2024\" src=\"https:\/\/stellaematutinae.org\/wp-content\/uploads\/2024\/10\/Bass-Tatiana-Gorilovsky-scaled.jpg\" alt=\"\" class=\"wp-image-2734\" style=\"aspect-ratio:1;object-fit:cover\" srcset=\"https:\/\/stellaematutinae.org\/wp-content\/uploads\/2024\/10\/Bass-Tatiana-Gorilovsky-scaled.jpg 2560w, https:\/\/stellaematutinae.org\/wp-content\/uploads\/2024\/10\/Bass-Tatiana-Gorilovsky-300x237.jpg 300w, https:\/\/stellaematutinae.org\/wp-content\/uploads\/2024\/10\/Bass-Tatiana-Gorilovsky-1024x810.jpg 1024w, https:\/\/stellaematutinae.org\/wp-content\/uploads\/2024\/10\/Bass-Tatiana-Gorilovsky-768x607.jpg 768w, https:\/\/stellaematutinae.org\/wp-content\/uploads\/2024\/10\/Bass-Tatiana-Gorilovsky-1536x1214.jpg 1536w, https:\/\/stellaematutinae.org\/wp-content\/uploads\/2024\/10\/Bass-Tatiana-Gorilovsky-2048x1619.jpg 2048w, https:\/\/stellaematutinae.org\/wp-content\/uploads\/2024\/10\/Bass-Tatiana-Gorilovsky-15x12.jpg 15w\" sizes=\"auto, (max-width: 2560px) 100vw, 2560px\" \/><\/figure>\n\n\n\n<h4 class=\"wp-block-heading has-text-align-center\" style=\"margin-top:20px;font-size:20px\"><strong>Ashley John Long<\/strong><\/h4>\n\n\n\n<p class=\"has-text-align-center has-primary-color has-text-color has-small-font-size\" style=\"margin-top:4px\">DOPPELBASS<\/p>\n\n\n\n<p class=\"has-text-align-center has-small-font-size\" style=\"margin-top:12px\">Ashley John Long ist ein preisgekr\u00f6nter virtuoser Kontrabassist und Komponist, der in einer Vielzahl von Musikrichtungen t\u00e4tig ist, darunter Jazz und Improvisation, alte und zeitgen\u00f6ssische Kammermusik, sowie als Solist. Er ist international mit einigen der f\u00fchrenden Jazzmusiker Gro\u00dfbritanniens aufgetreten und hat Aufnahmen mit ihnen gemacht sowie internationale Gastk\u00fcnstler begleitet, w\u00e4hrend er als Solist zahlreiche neue Werke f\u00fcr Solobass uraufgef\u00fchrt hat.<\/p>\n\n\n\n<p class=\"has-text-align-center has-small-font-size\" style=\"margin-top:12px\">As a composer, Ash has carved a reputation as a creator of innovative scores that balance fine detail with freedom and flexibility whilst retaining a strong melodic sense. 2018-2019 saw him participating in the London Philharmonic Orchestra\u2019s young composers scheme which culminated in the orchestral work <em>Lunea <\/em>(2019). Er studierte an der RWCMD (BMus) und an der Cardiff University (PhD), wo er \u00fcber zeitgen\u00f6ssische Auff\u00fchrungspraxis und Komposition forschte und auch Musikwissenschaft, Auff\u00fchrung und Komposition unterrichtet.<\/p>\n\n\n\n<ul class=\"wp-block-social-links has-small-icon-size has-icon-color is-style-logos-only is-content-justification-center is-layout-flex wp-container-core-social-links-is-layout-ce9397e5 wp-block-social-links-is-layout-flex\" style=\"margin-top:24px\"><li style=\"color:#0B0620;\" class=\"wp-social-link wp-social-link-twitter has-foreground-color wp-block-social-link\"><a href=\"#\" class=\"wp-block-social-link-anchor\"><svg width=\"24\" height=\"24\" viewbox=\"0 0 24 24\" version=\"1.1\" xmlns=\"http:\/\/www.w3.org\/2000\/svg\" aria-hidden=\"true\" focusable=\"false\"><path d=\"M22.23,5.924c-0.736,0.326-1.527,0.547-2.357,0.646c0.847-0.508,1.498-1.312,1.804-2.27 c-0.793,0.47-1.671,0.812-2.606,0.996C18.324,4.498,17.257,4,16.077,4c-2.266,0-4.103,1.837-4.103,4.103 c0,0.322,0.036,0.635,0.106,0.935C8.67,8.867,5.647,7.234,3.623,4.751C3.27,5.357,3.067,6.062,3.067,6.814 c0,1.424,0.724,2.679,1.825,3.415c-0.673-0.021-1.305-0.206-1.859-0.513c0,0.017,0,0.034,0,0.052c0,1.988,1.414,3.647,3.292,4.023 c-0.344,0.094-0.707,0.144-1.081,0.144c-0.264,0-0.521-0.026-0.772-0.074c0.522,1.63,2.038,2.816,3.833,2.85 c-1.404,1.1-3.174,1.756-5.096,1.756c-0.331,0-0.658-0.019-0.979-0.057c1.816,1.164,3.973,1.843,6.29,1.843 c7.547,0,11.675-6.252,11.675-11.675c0-0.178-0.004-0.355-0.012-0.531C20.985,7.47,21.68,6.747,22.23,5.924z\"><\/path><\/svg><span class=\"wp-block-social-link-label screen-reader-text\">Twitter<\/span><\/a><\/li>\n\n<li style=\"color:#0B0620;\" class=\"wp-social-link wp-social-link-linkedin has-foreground-color wp-block-social-link\"><a href=\"#\" class=\"wp-block-social-link-anchor\"><svg width=\"24\" height=\"24\" viewbox=\"0 0 24 24\" version=\"1.1\" xmlns=\"http:\/\/www.w3.org\/2000\/svg\" aria-hidden=\"true\" focusable=\"false\"><path d=\"M19.7,3H4.3C3.582,3,3,3.582,3,4.3v15.4C3,20.418,3.582,21,4.3,21h15.4c0.718,0,1.3-0.582,1.3-1.3V4.3 C21,3.582,20.418,3,19.7,3z M8.339,18.338H5.667v-8.59h2.672V18.338z M7.004,8.574c-0.857,0-1.549-0.694-1.549-1.548 c0-0.855,0.691-1.548,1.549-1.548c0.854,0,1.547,0.694,1.547,1.548C8.551,7.881,7.858,8.574,7.004,8.574z M18.339,18.338h-2.669 v-4.177c0-0.996-0.017-2.278-1.387-2.278c-1.389,0-1.601,1.086-1.601,2.206v4.249h-2.667v-8.59h2.559v1.174h0.037 c0.356-0.675,1.227-1.387,2.526-1.387c2.703,0,3.203,1.779,3.203,4.092V18.338z\"><\/path><\/svg><span class=\"wp-block-social-link-label screen-reader-text\">LinkedIn<\/span><\/a><\/li><\/ul>\n<\/div>\n\n\n\n<div class=\"wp-block-column is-layout-flow wp-block-column-is-layout-flow\">\n<figure class=\"wp-block-image size-large is-style-rounded\"><img loading=\"lazy\" decoding=\"async\" width=\"1024\" height=\"592\" src=\"https:\/\/stellaematutinae.org\/wp-content\/uploads\/2024\/10\/Ben-Pizza-No-Credit-1-1024x592.jpg\" alt=\"\" class=\"wp-image-2736\" style=\"aspect-ratio:1;object-fit:cover\" srcset=\"https:\/\/stellaematutinae.org\/wp-content\/uploads\/2024\/10\/Ben-Pizza-No-Credit-1-1024x592.jpg 1024w, https:\/\/stellaematutinae.org\/wp-content\/uploads\/2024\/10\/Ben-Pizza-No-Credit-1-300x173.jpg 300w, https:\/\/stellaematutinae.org\/wp-content\/uploads\/2024\/10\/Ben-Pizza-No-Credit-1-768x444.jpg 768w, https:\/\/stellaematutinae.org\/wp-content\/uploads\/2024\/10\/Ben-Pizza-No-Credit-1-1536x888.jpg 1536w, https:\/\/stellaematutinae.org\/wp-content\/uploads\/2024\/10\/Ben-Pizza-No-Credit-1-18x10.jpg 18w, https:\/\/stellaematutinae.org\/wp-content\/uploads\/2024\/10\/Ben-Pizza-No-Credit-1.jpg 1600w\" sizes=\"auto, (max-width: 1024px) 100vw, 1024px\" \/><\/figure>\n\n\n\n<h4 class=\"wp-block-heading has-text-align-center\" style=\"margin-top:20px;font-size:20px\"><strong>Benjamin Creighton Griffiths<\/strong><\/h4>\n\n\n\n<p class=\"has-text-align-center has-primary-color has-text-color has-small-font-size\" style=\"margin-top:4px\">HARFE<\/p>\n\n\n\n<p class=\"has-text-align-center has-small-font-size\" style=\"margin-top:12px\">Benjamin Creighton Griffiths ist ein international t\u00e4tiger Jazz- und klassischer Harfenist aus Wales. Sein internationales Deb\u00fct gab er 2004 beim 1er Concours International de Harpe in Nantes, Frankreich, wo er im Alter von 7 Jahren den zweiten Platz in der U18-Division belegte. Im Jahr 2006 gewann er die U13-Division des Wales International Harp Festival, bevor er 2008 den Junior Lily Laskine Wettbewerb in Paris gewann und dabei eine Konzertharfe erhielt.<\/p>\n\n\n\n<p class=\"has-text-align-center has-small-font-size\"><em>Urspr\u00fcnglich klassisch ausgebildet, hat er sich heute sowohl als Solist als auch mit seinen Bands auf Jazz spezialisiert - <\/em>dem Transatlantic Hot Club und Chube. Seine Karriere f\u00fchrte ihn durch die ganze Welt, u. a. in die USA, nach Kanada, in die Karibik, nach Hongkong, Indien, Brasilien und durch ganz Europa, und er arbeitete mit gro\u00dfen Musikern und Ensembles aus der Welt der Klassik und des Jazz zusammen. Er ist nicht nur als Musiker t\u00e4tig, sondern auch als Komponist, der vor kurzem ein Konzertprogramm f\u00fcr sein eigenes Konzert f\u00fcr Jazz-Harfe und Symphonieorchester entwickelt hat.<\/p>\n\n\n\n<p class=\"has-text-align-center has-small-font-size\" style=\"margin-top:12px\">Bevorstehende Auftritte sind eine Transatlantic Hot Club UK Tour und die walisische Premiere seines Konzerts mit der Cardiff Philharmonic in der BBC Hoddinott Hall.<\/p>\n\n\n\n<ul class=\"wp-block-social-links has-small-icon-size has-icon-color is-style-logos-only is-content-justification-center is-layout-flex wp-container-core-social-links-is-layout-ce9397e5 wp-block-social-links-is-layout-flex\" style=\"margin-top:24px\"><li style=\"color:#0B0620;\" class=\"wp-social-link wp-social-link-twitter has-foreground-color wp-block-social-link\"><a href=\"#\" class=\"wp-block-social-link-anchor\"><svg width=\"24\" height=\"24\" viewbox=\"0 0 24 24\" version=\"1.1\" xmlns=\"http:\/\/www.w3.org\/2000\/svg\" aria-hidden=\"true\" focusable=\"false\"><path d=\"M22.23,5.924c-0.736,0.326-1.527,0.547-2.357,0.646c0.847-0.508,1.498-1.312,1.804-2.27 c-0.793,0.47-1.671,0.812-2.606,0.996C18.324,4.498,17.257,4,16.077,4c-2.266,0-4.103,1.837-4.103,4.103 c0,0.322,0.036,0.635,0.106,0.935C8.67,8.867,5.647,7.234,3.623,4.751C3.27,5.357,3.067,6.062,3.067,6.814 c0,1.424,0.724,2.679,1.825,3.415c-0.673-0.021-1.305-0.206-1.859-0.513c0,0.017,0,0.034,0,0.052c0,1.988,1.414,3.647,3.292,4.023 c-0.344,0.094-0.707,0.144-1.081,0.144c-0.264,0-0.521-0.026-0.772-0.074c0.522,1.63,2.038,2.816,3.833,2.85 c-1.404,1.1-3.174,1.756-5.096,1.756c-0.331,0-0.658-0.019-0.979-0.057c1.816,1.164,3.973,1.843,6.29,1.843 c7.547,0,11.675-6.252,11.675-11.675c0-0.178-0.004-0.355-0.012-0.531C20.985,7.47,21.68,6.747,22.23,5.924z\"><\/path><\/svg><span class=\"wp-block-social-link-label screen-reader-text\">Twitter<\/span><\/a><\/li>\n\n<li style=\"color:#0B0620;\" class=\"wp-social-link wp-social-link-linkedin has-foreground-color wp-block-social-link\"><a href=\"#\" class=\"wp-block-social-link-anchor\"><svg width=\"24\" height=\"24\" viewbox=\"0 0 24 24\" version=\"1.1\" xmlns=\"http:\/\/www.w3.org\/2000\/svg\" aria-hidden=\"true\" focusable=\"false\"><path d=\"M19.7,3H4.3C3.582,3,3,3.582,3,4.3v15.4C3,20.418,3.582,21,4.3,21h15.4c0.718,0,1.3-0.582,1.3-1.3V4.3 C21,3.582,20.418,3,19.7,3z M8.339,18.338H5.667v-8.59h2.672V18.338z M7.004,8.574c-0.857,0-1.549-0.694-1.549-1.548 c0-0.855,0.691-1.548,1.549-1.548c0.854,0,1.547,0.694,1.547,1.548C8.551,7.881,7.858,8.574,7.004,8.574z M18.339,18.338h-2.669 v-4.177c0-0.996-0.017-2.278-1.387-2.278c-1.389,0-1.601,1.086-1.601,2.206v4.249h-2.667v-8.59h2.559v1.174h0.037 c0.356-0.675,1.227-1.387,2.526-1.387c2.703,0,3.203,1.779,3.203,4.092V18.338z\"><\/path><\/svg><span class=\"wp-block-social-link-label screen-reader-text\">LinkedIn<\/span><\/a><\/li><\/ul>\n<\/div>\n\n\n\n<div class=\"wp-block-column is-layout-flow wp-block-column-is-layout-flow\">\n<figure class=\"wp-block-image size-large is-style-rounded\"><img loading=\"lazy\" decoding=\"async\" width=\"1024\" height=\"768\" src=\"https:\/\/stellaematutinae.org\/wp-content\/uploads\/2024\/10\/Jon-Studio-No-Credit-1024x768.jpeg\" alt=\"\" class=\"wp-image-2738\" style=\"aspect-ratio:1;object-fit:cover\" srcset=\"https:\/\/stellaematutinae.org\/wp-content\/uploads\/2024\/10\/Jon-Studio-No-Credit-1024x768.jpeg 1024w, https:\/\/stellaematutinae.org\/wp-content\/uploads\/2024\/10\/Jon-Studio-No-Credit-300x225.jpeg 300w, https:\/\/stellaematutinae.org\/wp-content\/uploads\/2024\/10\/Jon-Studio-No-Credit-768x576.jpeg 768w, https:\/\/stellaematutinae.org\/wp-content\/uploads\/2024\/10\/Jon-Studio-No-Credit-1536x1152.jpeg 1536w, https:\/\/stellaematutinae.org\/wp-content\/uploads\/2024\/10\/Jon-Studio-No-Credit-2048x1536.jpeg 2048w, https:\/\/stellaematutinae.org\/wp-content\/uploads\/2024\/10\/Jon-Studio-No-Credit-16x12.jpeg 16w\" sizes=\"auto, (max-width: 1024px) 100vw, 1024px\" \/><\/figure>\n\n\n\n<h4 class=\"wp-block-heading has-text-align-center\" style=\"margin-top:20px;font-size:20px\"><strong>Jon Bradford-Jones<\/strong><\/h4>\n\n\n\n<p class=\"has-text-align-center has-primary-color has-text-color has-small-font-size\" style=\"margin-top:4px\">DRUMS<\/p>\n\n\n\n<p class=\"has-text-align-center has-small-font-size\" style=\"margin-top:12px\">Jon Bradford-Jones ist ein professioneller Schlagzeuger\/Percussionist aus S\u00fcdwales, Vereinigtes K\u00f6nigreich. Er begann schon als Kind Schlagzeug zu spielen und entschied sich nach der High School, Musik als Beruf zu studieren. Jon studierte Musik und darstellende Kunst am College Gwent, Crosskeys, und studierte anschlie\u00dfend Jazz am Royal Welsh College of Music and Drama, wo er 2008 seinen Abschluss machte. Neben dem Studium trat er mit verschiedenen Bands, Ensembles und K\u00fcnstlern auf. 2009 zog er nach London, um eine Karriere als freiberuflicher Session-Schlagzeuger zu verfolgen, wo er in einigen der f\u00fchrenden Jazz-Locations der Stadt auftrat und auch verschiedene Stellvertreterrollen bei einigen der f\u00fchrenden Londoner West End Shows \u00fcbernahm. In den letzten zehn Jahren hat Jon neben regelm\u00e4\u00dfigen Auftritten in Theatershows und kleinen Jazz-Ensembles auf der ganzen Welt auch Studio-Sessions durchgef\u00fchrt. Zuletzt war er als Schlagzeuger\/Percussionist in der erfolgreichen Broadway-Produktion Burn The Floor zu sehen.<\/p>\n\n\n\n<ul class=\"wp-block-social-links has-small-icon-size has-icon-color is-style-logos-only is-content-justification-center is-layout-flex wp-container-core-social-links-is-layout-ce9397e5 wp-block-social-links-is-layout-flex\" style=\"margin-top:24px\"><li style=\"color:#0B0620;\" class=\"wp-social-link wp-social-link-twitter has-foreground-color wp-block-social-link\"><a href=\"#\" class=\"wp-block-social-link-anchor\"><svg width=\"24\" height=\"24\" viewbox=\"0 0 24 24\" version=\"1.1\" xmlns=\"http:\/\/www.w3.org\/2000\/svg\" aria-hidden=\"true\" focusable=\"false\"><path d=\"M22.23,5.924c-0.736,0.326-1.527,0.547-2.357,0.646c0.847-0.508,1.498-1.312,1.804-2.27 c-0.793,0.47-1.671,0.812-2.606,0.996C18.324,4.498,17.257,4,16.077,4c-2.266,0-4.103,1.837-4.103,4.103 c0,0.322,0.036,0.635,0.106,0.935C8.67,8.867,5.647,7.234,3.623,4.751C3.27,5.357,3.067,6.062,3.067,6.814 c0,1.424,0.724,2.679,1.825,3.415c-0.673-0.021-1.305-0.206-1.859-0.513c0,0.017,0,0.034,0,0.052c0,1.988,1.414,3.647,3.292,4.023 c-0.344,0.094-0.707,0.144-1.081,0.144c-0.264,0-0.521-0.026-0.772-0.074c0.522,1.63,2.038,2.816,3.833,2.85 c-1.404,1.1-3.174,1.756-5.096,1.756c-0.331,0-0.658-0.019-0.979-0.057c1.816,1.164,3.973,1.843,6.29,1.843 c7.547,0,11.675-6.252,11.675-11.675c0-0.178-0.004-0.355-0.012-0.531C20.985,7.47,21.68,6.747,22.23,5.924z\"><\/path><\/svg><span class=\"wp-block-social-link-label screen-reader-text\">Twitter<\/span><\/a><\/li>\n\n<li style=\"color:#0B0620;\" class=\"wp-social-link wp-social-link-linkedin has-foreground-color wp-block-social-link\"><a href=\"#\" class=\"wp-block-social-link-anchor\"><svg width=\"24\" height=\"24\" viewbox=\"0 0 24 24\" version=\"1.1\" xmlns=\"http:\/\/www.w3.org\/2000\/svg\" aria-hidden=\"true\" focusable=\"false\"><path d=\"M19.7,3H4.3C3.582,3,3,3.582,3,4.3v15.4C3,20.418,3.582,21,4.3,21h15.4c0.718,0,1.3-0.582,1.3-1.3V4.3 C21,3.582,20.418,3,19.7,3z M8.339,18.338H5.667v-8.59h2.672V18.338z M7.004,8.574c-0.857,0-1.549-0.694-1.549-1.548 c0-0.855,0.691-1.548,1.549-1.548c0.854,0,1.547,0.694,1.547,1.548C8.551,7.881,7.858,8.574,7.004,8.574z M18.339,18.338h-2.669 v-4.177c0-0.996-0.017-2.278-1.387-2.278c-1.389,0-1.601,1.086-1.601,2.206v4.249h-2.667v-8.59h2.559v1.174h0.037 c0.356-0.675,1.227-1.387,2.526-1.387c2.703,0,3.203,1.779,3.203,4.092V18.338z\"><\/path><\/svg><span class=\"wp-block-social-link-label screen-reader-text\">LinkedIn<\/span><\/a><\/li><\/ul>\n<\/div>\n<\/div>\n<\/div>\n\n\n\n<p><\/p>","protected":false},"excerpt":{"rendered":"<p>Ashley John Long DOUBLE BASS Ashley John Long is an award-winning virtuoso double bassist and composer active in a diverse range of musical idioms including jazz and improvisation, early and [&hellip;]<\/p>\n","protected":false},"author":1,"featured_media":0,"parent":0,"menu_order":0,"comment_status":"closed","ping_status":"closed","template":"","meta":{"_surecart_dashboard_logo_width":"180px","_surecart_dashboard_show_logo":true,"_surecart_dashboard_navigation_orders":true,"_surecart_dashboard_navigation_invoices":true,"_surecart_dashboard_navigation_subscriptions":true,"_surecart_dashboard_navigation_downloads":true,"_surecart_dashboard_navigation_billing":true,"_surecart_dashboard_navigation_account":true,"_uag_custom_page_level_css":"","site-sidebar-layout":"default","site-content-layout":"","ast-site-content-layout":"default","site-content-style":"default","site-sidebar-style":"default","ast-global-header-display":"","ast-banner-title-visibility":"","ast-main-header-display":"","ast-hfb-above-header-display":"","ast-hfb-below-header-display":"","ast-hfb-mobile-header-display":"","site-post-title":"disabled","ast-breadcrumbs-content":"","ast-featured-img":"","footer-sml-layout":"","ast-disable-related-posts":"","theme-transparent-header-meta":"","adv-header-id-meta":"","stick-header-meta":"","header-above-stick-meta":"","header-main-stick-meta":"","header-below-stick-meta":"","astra-migrate-meta-layouts":"set","ast-page-background-enabled":"default","ast-page-background-meta":{"desktop":{"background-color":"var(--ast-global-color-4)","background-image":"","background-repeat":"repeat","background-position":"center center","background-size":"auto","background-attachment":"scroll","background-type":"","background-media":"","overlay-type":"","overlay-color":"","overlay-opacity":"","overlay-gradient":""},"tablet":{"background-color":"","background-image":"","background-repeat":"repeat","background-position":"center center","background-size":"auto","background-attachment":"scroll","background-type":"","background-media":"","overlay-type":"","overlay-color":"","overlay-opacity":"","overlay-gradient":""},"mobile":{"background-color":"","background-image":"","background-repeat":"repeat","background-position":"center center","background-size":"auto","background-attachment":"scroll","background-type":"","background-media":"","overlay-type":"","overlay-color":"","overlay-opacity":"","overlay-gradient":""}},"ast-content-background-meta":{"desktop":{"background-color":"var(--ast-global-color-5)","background-image":"","background-repeat":"repeat","background-position":"center center","background-size":"auto","background-attachment":"scroll","background-type":"","background-media":"","overlay-type":"","overlay-color":"","overlay-opacity":"","overlay-gradient":""},"tablet":{"background-color":"var(--ast-global-color-5)","background-image":"","background-repeat":"repeat","background-position":"center center","background-size":"auto","background-attachment":"scroll","background-type":"","background-media":"","overlay-type":"","overlay-color":"","overlay-opacity":"","overlay-gradient":""},"mobile":{"background-color":"var(--ast-global-color-5)","background-image":"","background-repeat":"repeat","background-position":"center center","background-size":"auto","background-attachment":"scroll","background-type":"","background-media":"","overlay-type":"","overlay-color":"","overlay-opacity":"","overlay-gradient":""}},"footnotes":""},"class_list":["post-2733","page","type-page","status-publish","hentry"],"featured_image_src":null,"yoast_head":"<!-- This site is optimized with the Yoast SEO plugin v27.5 - https:\/\/yoast.com\/product\/yoast-seo-wordpress\/ -->\n<title>CHUBE - Stellae Matutinae - European Harp Symposium<\/title>\n<meta name=\"robots\" content=\"index, follow, max-snippet:-1, max-image-preview:large, max-video-preview:-1\" \/>\n<link rel=\"canonical\" href=\"https:\/\/stellaematutinae.org\/de\/chube\/\" \/>\n<meta property=\"og:locale\" content=\"de_DE\" \/>\n<meta property=\"og:type\" content=\"article\" \/>\n<meta property=\"og:title\" content=\"CHUBE - Stellae Matutinae - European Harp Symposium\" \/>\n<meta property=\"og:description\" content=\"Ashley John Long DOUBLE BASS Ashley John Long is an award-winning virtuoso double bassist and composer active in a diverse range of musical idioms including jazz and improvisation, early and [&hellip;]\" \/>\n<meta property=\"og:url\" content=\"https:\/\/stellaematutinae.org\/de\/chube\/\" \/>\n<meta property=\"og:site_name\" content=\"Stellae Matutinae - European Harp Symposium\" \/>\n<meta property=\"article:publisher\" content=\"https:\/\/www.facebook.com\/stellaematutinae\" \/>\n<meta property=\"article:modified_time\" content=\"2024-11-19T22:24:28+00:00\" \/>\n<meta property=\"og:image\" content=\"https:\/\/stellaematutinae.org\/wp-content\/uploads\/2024\/10\/Chube-OCC-Malvern-No-Credit-1024x750.jpg\" \/>\n<meta name=\"twitter:card\" content=\"summary_large_image\" \/>\n<meta name=\"twitter:label1\" content=\"Gesch\u00e4tzte Lesezeit\" \/>\n\t<meta name=\"twitter:data1\" content=\"6\u00a0Minuten\" \/>\n<script type=\"application\/ld+json\" class=\"yoast-schema-graph\">{\"@context\":\"https:\\\/\\\/schema.org\",\"@graph\":[{\"@type\":\"WebPage\",\"@id\":\"https:\\\/\\\/stellaematutinae.org\\\/chube\\\/\",\"url\":\"https:\\\/\\\/stellaematutinae.org\\\/chube\\\/\",\"name\":\"CHUBE - Stellae Matutinae - European Harp Symposium\",\"isPartOf\":{\"@id\":\"https:\\\/\\\/stellaematutinae.org\\\/#website\"},\"primaryImageOfPage\":{\"@id\":\"https:\\\/\\\/stellaematutinae.org\\\/chube\\\/#primaryimage\"},\"image\":{\"@id\":\"https:\\\/\\\/stellaematutinae.org\\\/chube\\\/#primaryimage\"},\"thumbnailUrl\":\"https:\\\/\\\/stellaematutinae.org\\\/wp-content\\\/uploads\\\/2024\\\/10\\\/Chube-OCC-Malvern-No-Credit-1024x750.jpg\",\"datePublished\":\"2024-10-29T05:53:17+00:00\",\"dateModified\":\"2024-11-19T22:24:28+00:00\",\"breadcrumb\":{\"@id\":\"https:\\\/\\\/stellaematutinae.org\\\/chube\\\/#breadcrumb\"},\"inLanguage\":\"de\",\"potentialAction\":[{\"@type\":\"ReadAction\",\"target\":[\"https:\\\/\\\/stellaematutinae.org\\\/chube\\\/\"]}]},{\"@type\":\"ImageObject\",\"inLanguage\":\"de\",\"@id\":\"https:\\\/\\\/stellaematutinae.org\\\/chube\\\/#primaryimage\",\"url\":\"https:\\\/\\\/stellaematutinae.org\\\/wp-content\\\/uploads\\\/2024\\\/10\\\/Chube-OCC-Malvern-No-Credit-1024x750.jpg\",\"contentUrl\":\"https:\\\/\\\/stellaematutinae.org\\\/wp-content\\\/uploads\\\/2024\\\/10\\\/Chube-OCC-Malvern-No-Credit-1024x750.jpg\"},{\"@type\":\"BreadcrumbList\",\"@id\":\"https:\\\/\\\/stellaematutinae.org\\\/chube\\\/#breadcrumb\",\"itemListElement\":[{\"@type\":\"ListItem\",\"position\":1,\"name\":\"Home\",\"item\":\"https:\\\/\\\/stellaematutinae.org\\\/\"},{\"@type\":\"ListItem\",\"position\":2,\"name\":\"CHUBE\"}]},{\"@type\":\"WebSite\",\"@id\":\"https:\\\/\\\/stellaematutinae.org\\\/#website\",\"url\":\"https:\\\/\\\/stellaematutinae.org\\\/\",\"name\":\"Stellae Matutinae - European Harp Symposium\",\"description\":\"Folge den Sternen - Follow the Stars\",\"publisher\":{\"@id\":\"https:\\\/\\\/stellaematutinae.org\\\/#organization\"},\"alternateName\":\"European Harp Symposium 2025\",\"potentialAction\":[{\"@type\":\"SearchAction\",\"target\":{\"@type\":\"EntryPoint\",\"urlTemplate\":\"https:\\\/\\\/stellaematutinae.org\\\/?s={search_term_string}\"},\"query-input\":{\"@type\":\"PropertyValueSpecification\",\"valueRequired\":true,\"valueName\":\"search_term_string\"}}],\"inLanguage\":\"de\"},{\"@type\":\"Organization\",\"@id\":\"https:\\\/\\\/stellaematutinae.org\\\/#organization\",\"name\":\"Stellae Matutinae\",\"url\":\"https:\\\/\\\/stellaematutinae.org\\\/\",\"logo\":{\"@type\":\"ImageObject\",\"inLanguage\":\"de\",\"@id\":\"https:\\\/\\\/stellaematutinae.org\\\/#\\\/schema\\\/logo\\\/image\\\/\",\"url\":\"http:\\\/\\\/stellaematutinae.org\\\/wp-content\\\/uploads\\\/2024\\\/09\\\/cropped-nur-Stern.png\",\"contentUrl\":\"http:\\\/\\\/stellaematutinae.org\\\/wp-content\\\/uploads\\\/2024\\\/09\\\/cropped-nur-Stern.png\",\"width\":512,\"height\":512,\"caption\":\"Stellae Matutinae\"},\"image\":{\"@id\":\"https:\\\/\\\/stellaematutinae.org\\\/#\\\/schema\\\/logo\\\/image\\\/\"},\"sameAs\":[\"https:\\\/\\\/www.facebook.com\\\/stellaematutinae\",\"https:\\\/\\\/www.youtube.com\\\/@stellae_matutinae\",\"https:\\\/\\\/instagram.com\\\/stellaematutinae\"]}]}<\/script>\n<!-- \/ Yoast SEO plugin. -->","yoast_head_json":{"title":"CHUBE - Stellae Matutinae - European Harp Symposium","robots":{"index":"index","follow":"follow","max-snippet":"max-snippet:-1","max-image-preview":"max-image-preview:large","max-video-preview":"max-video-preview:-1"},"canonical":"https:\/\/stellaematutinae.org\/de\/chube\/","og_locale":"de_DE","og_type":"article","og_title":"CHUBE - Stellae Matutinae - European Harp Symposium","og_description":"Ashley John Long DOUBLE BASS Ashley John Long is an award-winning virtuoso double bassist and composer active in a diverse range of musical idioms including jazz and improvisation, early and [&hellip;]","og_url":"https:\/\/stellaematutinae.org\/de\/chube\/","og_site_name":"Stellae Matutinae - European Harp Symposium","article_publisher":"https:\/\/www.facebook.com\/stellaematutinae","article_modified_time":"2024-11-19T22:24:28+00:00","og_image":[{"url":"https:\/\/stellaematutinae.org\/wp-content\/uploads\/2024\/10\/Chube-OCC-Malvern-No-Credit-1024x750.jpg","type":"","width":"","height":""}],"twitter_card":"summary_large_image","twitter_misc":{"Gesch\u00e4tzte Lesezeit":"6\u00a0Minuten"},"schema":{"@context":"https:\/\/schema.org","@graph":[{"@type":"WebPage","@id":"https:\/\/stellaematutinae.org\/chube\/","url":"https:\/\/stellaematutinae.org\/chube\/","name":"CHUBE - Stellae Matutinae - European Harp Symposium","isPartOf":{"@id":"https:\/\/stellaematutinae.org\/#website"},"primaryImageOfPage":{"@id":"https:\/\/stellaematutinae.org\/chube\/#primaryimage"},"image":{"@id":"https:\/\/stellaematutinae.org\/chube\/#primaryimage"},"thumbnailUrl":"https:\/\/stellaematutinae.org\/wp-content\/uploads\/2024\/10\/Chube-OCC-Malvern-No-Credit-1024x750.jpg","datePublished":"2024-10-29T05:53:17+00:00","dateModified":"2024-11-19T22:24:28+00:00","breadcrumb":{"@id":"https:\/\/stellaematutinae.org\/chube\/#breadcrumb"},"inLanguage":"de","potentialAction":[{"@type":"ReadAction","target":["https:\/\/stellaematutinae.org\/chube\/"]}]},{"@type":"ImageObject","inLanguage":"de","@id":"https:\/\/stellaematutinae.org\/chube\/#primaryimage","url":"https:\/\/stellaematutinae.org\/wp-content\/uploads\/2024\/10\/Chube-OCC-Malvern-No-Credit-1024x750.jpg","contentUrl":"https:\/\/stellaematutinae.org\/wp-content\/uploads\/2024\/10\/Chube-OCC-Malvern-No-Credit-1024x750.jpg"},{"@type":"BreadcrumbList","@id":"https:\/\/stellaematutinae.org\/chube\/#breadcrumb","itemListElement":[{"@type":"ListItem","position":1,"name":"Home","item":"https:\/\/stellaematutinae.org\/"},{"@type":"ListItem","position":2,"name":"CHUBE"}]},{"@type":"WebSite","@id":"https:\/\/stellaematutinae.org\/#website","url":"https:\/\/stellaematutinae.org\/","name":"Stellae Matutinae - European Harp Symposium","description":"Folge den Sternen - Follow the Stars","publisher":{"@id":"https:\/\/stellaematutinae.org\/#organization"},"alternateName":"European Harp Symposium 2025","potentialAction":[{"@type":"SearchAction","target":{"@type":"EntryPoint","urlTemplate":"https:\/\/stellaematutinae.org\/?s={search_term_string}"},"query-input":{"@type":"PropertyValueSpecification","valueRequired":true,"valueName":"search_term_string"}}],"inLanguage":"de"},{"@type":"Organization","@id":"https:\/\/stellaematutinae.org\/#organization","name":"Stellae Matutinae","url":"https:\/\/stellaematutinae.org\/","logo":{"@type":"ImageObject","inLanguage":"de","@id":"https:\/\/stellaematutinae.org\/#\/schema\/logo\/image\/","url":"http:\/\/stellaematutinae.org\/wp-content\/uploads\/2024\/09\/cropped-nur-Stern.png","contentUrl":"http:\/\/stellaematutinae.org\/wp-content\/uploads\/2024\/09\/cropped-nur-Stern.png","width":512,"height":512,"caption":"Stellae Matutinae"},"image":{"@id":"https:\/\/stellaematutinae.org\/#\/schema\/logo\/image\/"},"sameAs":["https:\/\/www.facebook.com\/stellaematutinae","https:\/\/www.youtube.com\/@stellae_matutinae","https:\/\/instagram.com\/stellaematutinae"]}]}},"uagb_featured_image_src":{"full":false,"thumbnail":false,"medium":false,"medium_large":false,"large":false,"1536x1536":false,"2048x2048":false,"trp-custom-language-flag":false,"tb-timeline-landscape":false,"tb-timeline-square":false},"uagb_author_info":{"display_name":"admin","author_link":"https:\/\/stellaematutinae.org\/de\/author\/admin\/"},"uagb_comment_info":0,"uagb_excerpt":"Ashley John Long DOUBLE BASS Ashley John Long is an award-winning virtuoso double bassist and composer active in a diverse range of musical idioms including jazz and improvisation, early and [&hellip;]","_links":{"self":[{"href":"https:\/\/stellaematutinae.org\/de\/wp-json\/wp\/v2\/pages\/2733","targetHints":{"allow":["GET"]}}],"collection":[{"href":"https:\/\/stellaematutinae.org\/de\/wp-json\/wp\/v2\/pages"}],"about":[{"href":"https:\/\/stellaematutinae.org\/de\/wp-json\/wp\/v2\/types\/page"}],"author":[{"embeddable":true,"href":"https:\/\/stellaematutinae.org\/de\/wp-json\/wp\/v2\/users\/1"}],"replies":[{"embeddable":true,"href":"https:\/\/stellaematutinae.org\/de\/wp-json\/wp\/v2\/comments?post=2733"}],"version-history":[{"count":6,"href":"https:\/\/stellaematutinae.org\/de\/wp-json\/wp\/v2\/pages\/2733\/revisions"}],"predecessor-version":[{"id":2854,"href":"https:\/\/stellaematutinae.org\/de\/wp-json\/wp\/v2\/pages\/2733\/revisions\/2854"}],"wp:attachment":[{"href":"https:\/\/stellaematutinae.org\/de\/wp-json\/wp\/v2\/media?parent=2733"}],"curies":[{"name":"wp","href":"https:\/\/api.w.org\/{rel}","templated":true}]}}