{"id":2455,"date":"2024-10-01T14:12:32","date_gmt":"2024-10-01T14:12:32","guid":{"rendered":"https:\/\/stellaematutinae.org\/?page_id=2455"},"modified":"2025-03-30T17:06:46","modified_gmt":"2025-03-30T16:06:46","slug":"cracow-harp-quintet","status":"publish","type":"page","link":"https:\/\/stellaematutinae.org\/de\/cracow-harp-quintet\/","title":{"rendered":"Krakauer Harfenquintett"},"content":{"rendered":"<div class=\"wp-block-uagb-container uagb-block-nozrcroi alignfull uagb-is-root-container\"><div class=\"uagb-container-inner-blocks-wrap\">\n<div class=\"wp-block-uagb-container uagb-block-mzbk5ge9\">\n<div class=\"wp-block-uagb-info-box uagb-block-nosvut4v uagb-infobox__content-wrap  uagb-infobox-icon-above-title uagb-infobox-image-valign-top wp-block-uagb-info-box--has-margin\"><div class=\"uagb-infobox-margin-wrapper\"><div class=\"uagb-ifb-content\"><div class=\"uagb-ifb-title-wrap\"><h2 class=\"uagb-ifb-title\">Krakauer Harfenquintett<\/h2><\/div><p class=\"uagb-ifb-desc\">Das KRAKAUER HARFENQUINTETT besteht aus Harfenist Adrian Nowak, Fl\u00f6tistin Magdalena Di Blasi, Geigerin Barbara Mglej, Bratschist Jan Czy\u017cewski und Cellist Pawe\u0142 Czarakczew. Vereint durch eine gemeinsame Leidenschaft, treten sie in ganz Polen und international auf und erhielten unter anderem den zweiten Preis beim VII. Iberischen Kammermusikwettbewerb mit Harfe in Madrid im Jahr 2019. Als Polens einziges professionelles Kammerensemble mit dieser au\u00dfergew\u00f6hnlichen Besetzung widmet sich das Quintett der F\u00f6rderung von Werken, die f\u00fcr das legend\u00e4re Quintette Instrumental de Paris komponiert wurden. Ihre Interpretationen zeichnen sich durch die \u201eSanftheit der franz\u00f6sischen Spielweise\u201c sowie eine \u201eKlangf\u00fclle und Vielfalt, die einem Sinfonieorchester gleicht\u201c, aus.<br><br>Ihr Repertoire konzentriert sich auf Kompositionen aus dem sp\u00e4ten 19. und fr\u00fchen 20. Jahrhundert, insbesondere auf impressionistische Werke franz\u00f6sischer Komponisten wie Jean Cras, Jacques Pillois und Marcel Tournier. Zudem setzen sie sich f\u00fcr Werke polnischer Komponisten wie Aleksander Tansman ein. Stets auf der Suche nach neuen musikalischen Ausdrucksformen, erweitert das Ensemble kontinuierlich sein Repertoire durch eigene Arrangements und Projekte, die \u00fcber die Grenzen der klassischen Musik hinausgehen. Ihr Deb\u00fctalbum <em>Hommage<\/em>erschien im Mai 2022 beim DUX-Label.<br><br>Das Quintett hat bei renommierten Festivals gespielt, darunter das Arpa GRAZiosa in Graz, das erste Music at the Czartoryski Museum-Festival in Krakau und das Forum Neue Musik in Berlin. \u00dcber ihre Konzertt\u00e4tigkeit hinaus arbeitet das Cracow Harp Quintet mit Komponisten zusammen, die ihnen neue Werke widmen und so ihr vielf\u00e4ltiges Repertoire bereichern. Zudem engagieren sie sich in Kooperationen mit verschiedenen Organisationen und Pers\u00f6nlichkeiten, um ihre k\u00fcnstlerischen Projekte zu f\u00f6rdern und zu unterst\u00fctzen.<br><br>Offizielle Website: <a href=\"http:\/\/www.cracowharpquintet.com\">www.cracowharpquintet.com<\/a><\/p><\/div><\/div><\/div>\n\n\n\n<div class=\"wp-block-uagb-image alignleft uagb-block-fevk6p4n wp-block-uagb-image--layout-default wp-block-uagb-image--effect-static wp-block-uagb-image--align-left\"><figure class=\"wp-block-uagb-image__figure\"><img decoding=\"async\" srcset=\"https:\/\/stellaematutinae.org\/wp-content\/uploads\/2024\/10\/DSC7894_fot_klaudyna_schubert-1024x683.jpg ,https:\/\/stellaematutinae.org\/wp-content\/uploads\/2024\/10\/DSC7894_fot_klaudyna_schubert.jpg 780w, https:\/\/stellaematutinae.org\/wp-content\/uploads\/2024\/10\/DSC7894_fot_klaudyna_schubert.jpg 360w\" sizes=\"auto, (max-width: 480px) 150px\" src=\"https:\/\/stellaematutinae.org\/wp-content\/uploads\/2024\/10\/DSC7894_fot_klaudyna_schubert-1024x683.jpg\" alt=\"\" class=\"uag-image-2456\" width=\"564\" height=\"376\" title=\"_DSC7894_fot_klaudyna_schubert\" loading=\"lazy\" role=\"img\"\/><\/figure><\/div>\n\n\n\n<div class=\"wp-block-uagb-info-box uagb-block-fft3bzol uagb-infobox__content-wrap  uagb-infobox-icon-above-title uagb-infobox-image-valign-top wp-block-uagb-info-box--has-margin\"><div class=\"uagb-infobox-margin-wrapper\"><div class=\"uagb-ifb-content\"><div class=\"uagb-ifb-title-wrap\"><\/div><p class=\"uagb-ifb-desc\">Foto von Klaudyna Schubert<\/p><\/div><\/div><\/div>\n<\/div>\n\n\n\n<div class=\"wp-block-uagb-container uagb-block-1bimh2vt\">\n<div class=\"wp-block-uagb-image alignleft uagb-block-kmbx8qg0 wp-block-uagb-image--layout-default wp-block-uagb-image--effect-static wp-block-uagb-image--align-left\"><figure class=\"wp-block-uagb-image__figure\"><img decoding=\"async\" srcset=\"https:\/\/stellaematutinae.org\/wp-content\/uploads\/2024\/09\/DSC8041_fot_klaudyna_schubert-1024x683.jpg ,https:\/\/stellaematutinae.org\/wp-content\/uploads\/2024\/09\/DSC8041_fot_klaudyna_schubert.jpg 780w, https:\/\/stellaematutinae.org\/wp-content\/uploads\/2024\/09\/DSC8041_fot_klaudyna_schubert.jpg 360w\" sizes=\"auto, (max-width: 480px) 150px\" src=\"https:\/\/stellaematutinae.org\/wp-content\/uploads\/2024\/09\/DSC8041_fot_klaudyna_schubert-1024x683.jpg\" alt=\"\" class=\"uag-image-2394\" width=\"564\" height=\"376\" title=\"Krakauer Harfenquintett\" loading=\"lazy\" role=\"img\"\/><\/figure><\/div>\n\n\n\n<div class=\"wp-block-uagb-info-box uagb-block-8uazjqwt uagb-infobox__content-wrap  uagb-infobox-icon-above-title uagb-infobox-image-valign-top wp-block-uagb-info-box--has-margin\"><div class=\"uagb-infobox-margin-wrapper\"><div class=\"uagb-ifb-content\"><div class=\"uagb-ifb-title-wrap\"><\/div><p class=\"uagb-ifb-desc\">Foto von Klaudyna Schubert<\/p><\/div><\/div><\/div>\n\n\n\n<figure class=\"wp-block-embed is-type-video is-provider-youtube wp-block-embed-youtube wp-embed-aspect-16-9 wp-has-aspect-ratio\"><div class=\"wp-block-embed__wrapper\">\n<iframe loading=\"lazy\" title=\"Cracow Harp Quintet - HOMMAGE TRAILER\" width=\"500\" height=\"281\" src=\"https:\/\/www.youtube.com\/embed\/F7Xk7lxf1GY?feature=oembed\" frameborder=\"0\" allow=\"accelerometer; autoplay; clipboard-write; encrypted-media; gyroscope; picture-in-picture; web-share\" referrerpolicy=\"strict-origin-when-cross-origin\" allowfullscreen><\/iframe>\n<\/div><\/figure>\n\n\n\n<div class=\"wp-block-uagb-info-box uagb-block-sjiorxpf uagb-infobox__content-wrap  uagb-infobox-icon-above-title uagb-infobox-image-valign-top wp-block-uagb-info-box--has-margin\"><div class=\"uagb-infobox-margin-wrapper\"><div class=\"uagb-ifb-content\"><div class=\"uagb-ifb-title-wrap\"><h3 class=\"uagb-ifb-title\">Daniel-Lesur &#8211; Suite M\u00e9di\u00e9vale, Danse<\/h3><\/div><p class=\"uagb-ifb-desc\">Krakauer Harfenquintett<br>Jean-Yves Daniel-Lesur &#8211; Suite M\u00e9di\u00e9vale &#8211; V. Danse<br>Video : Rafa\u0142 Rudzki<br>Audio: Marcin Dom\u017ca\u0142 \/ DUX Recording Producers<br>Cracow Harp Quintet &#8211; HOMMAGE<\/p><\/div><\/div><\/div>\n<\/div>\n<\/div><\/div>\n\n\n\n<p><\/p>\n\n\n\n<div class=\"inherit-container-width wp-block-group alignfull has-background-background-color has-background is-layout-constrained wp-container-core-group-is-layout-7276a2bb wp-block-group-is-layout-constrained\" style=\"margin-top:0;margin-bottom:0;padding-top:var(--wp--preset--spacing--60);padding-right:var(--wp--preset--spacing--30);padding-bottom:var(--wp--preset--spacing--60);padding-left:var(--wp--preset--spacing--30)\">\n<div class=\"wp-block-columns alignwide is-layout-flex wp-container-core-columns-is-layout-d0846407 wp-block-columns-is-layout-flex\">\n<div class=\"wp-block-column is-layout-flow wp-block-column-is-layout-flow\">\n<figure class=\"wp-block-image size-full is-style-rounded\"><img loading=\"lazy\" decoding=\"async\" width=\"760\" height=\"1140\" src=\"https:\/\/stellaematutinae.org\/wp-content\/uploads\/2024\/10\/DSC7752_fot_klaudyna_schubert-edited.jpg\" alt=\"\" class=\"wp-image-2488\" style=\"aspect-ratio:1;object-fit:cover\" srcset=\"https:\/\/stellaematutinae.org\/wp-content\/uploads\/2024\/10\/DSC7752_fot_klaudyna_schubert-edited.jpg 760w, https:\/\/stellaematutinae.org\/wp-content\/uploads\/2024\/10\/DSC7752_fot_klaudyna_schubert-edited-200x300.jpg 200w, https:\/\/stellaematutinae.org\/wp-content\/uploads\/2024\/10\/DSC7752_fot_klaudyna_schubert-edited-683x1024.jpg 683w, https:\/\/stellaematutinae.org\/wp-content\/uploads\/2024\/10\/DSC7752_fot_klaudyna_schubert-edited-8x12.jpg 8w\" sizes=\"auto, (max-width: 760px) 100vw, 760px\" \/><\/figure>\n\n\n\n<h4 class=\"wp-block-heading has-text-align-center\" style=\"margin-top:20px;font-size:20px\">Adrian Nowak<\/h4>\n\n\n\n<p class=\"has-text-align-center has-primary-color has-text-color has-small-font-size\" style=\"margin-top:4px\">HARFE<\/p>\n\n\n\n<p class=\"has-text-align-center has-small-font-size\" style=\"margin-top:12px\">Harfenist des Krakauer Harfenquintetts und des Mauris-Ensembles. Dozent an der Krzysztof-Penderecki-Musikakademie in Krakau (Polen). <\/p>\n<\/div>\n\n\n\n<div class=\"wp-block-column is-layout-flow wp-block-column-is-layout-flow\">\n<figure class=\"wp-block-image size-large is-style-rounded\"><img loading=\"lazy\" decoding=\"async\" width=\"788\" height=\"789\" src=\"https:\/\/stellaematutinae.org\/wp-content\/uploads\/2024\/10\/DSC7465_fot_klaudyna_schubert_grain-edited-1.jpg\" alt=\"\" class=\"wp-image-2490\" style=\"aspect-ratio:1;object-fit:cover\" srcset=\"https:\/\/stellaematutinae.org\/wp-content\/uploads\/2024\/10\/DSC7465_fot_klaudyna_schubert_grain-edited-1.jpg 788w, https:\/\/stellaematutinae.org\/wp-content\/uploads\/2024\/10\/DSC7465_fot_klaudyna_schubert_grain-edited-1-300x300.jpg 300w, https:\/\/stellaematutinae.org\/wp-content\/uploads\/2024\/10\/DSC7465_fot_klaudyna_schubert_grain-edited-1-150x150.jpg 150w, https:\/\/stellaematutinae.org\/wp-content\/uploads\/2024\/10\/DSC7465_fot_klaudyna_schubert_grain-edited-1-768x769.jpg 768w, https:\/\/stellaematutinae.org\/wp-content\/uploads\/2024\/10\/DSC7465_fot_klaudyna_schubert_grain-edited-1-12x12.jpg 12w\" sizes=\"auto, (max-width: 788px) 100vw, 788px\" \/><\/figure>\n\n\n\n<h4 class=\"wp-block-heading has-text-align-center\" style=\"margin-top:20px;font-size:20px\">Magdalena Di Blasi<\/h4>\n\n\n\n<p class=\"has-text-align-center has-primary-color has-text-color has-small-font-size\" style=\"margin-top:4px\">FL\u00dcTE<\/p>\n\n\n\n<p class=\"has-text-align-center has-small-font-size\" style=\"margin-top:12px\">Fl\u00f6tistin des Krakauer Harfenquintetts und des Mauris-Ensembles. Hauptfl\u00f6tistin der Krakauer Philharmonie.<\/p>\n<\/div>\n\n\n\n<div class=\"wp-block-column is-layout-flow wp-block-column-is-layout-flow\">\n<figure class=\"wp-block-image size-large is-style-rounded\"><img loading=\"lazy\" decoding=\"async\" width=\"889\" height=\"890\" src=\"https:\/\/stellaematutinae.org\/wp-content\/uploads\/2024\/10\/DSC7381_fot_klaudyna_schubert-edited.jpg\" alt=\"\" class=\"wp-image-2491\" style=\"aspect-ratio:1;object-fit:cover\" srcset=\"https:\/\/stellaematutinae.org\/wp-content\/uploads\/2024\/10\/DSC7381_fot_klaudyna_schubert-edited.jpg 889w, https:\/\/stellaematutinae.org\/wp-content\/uploads\/2024\/10\/DSC7381_fot_klaudyna_schubert-edited-300x300.jpg 300w, https:\/\/stellaematutinae.org\/wp-content\/uploads\/2024\/10\/DSC7381_fot_klaudyna_schubert-edited-150x150.jpg 150w, https:\/\/stellaematutinae.org\/wp-content\/uploads\/2024\/10\/DSC7381_fot_klaudyna_schubert-edited-768x769.jpg 768w, https:\/\/stellaematutinae.org\/wp-content\/uploads\/2024\/10\/DSC7381_fot_klaudyna_schubert-edited-12x12.jpg 12w\" sizes=\"auto, (max-width: 889px) 100vw, 889px\" \/><\/figure>\n\n\n\n<h4 class=\"wp-block-heading has-text-align-center\" style=\"margin-top:20px;font-size:20px\">Barbara Mglej<\/h4>\n\n\n\n<p class=\"has-text-align-center has-primary-color has-text-color has-small-font-size\" style=\"margin-top:4px\">GEIGE<\/p>\n\n\n\n<p class=\"has-text-align-center has-small-font-size\" style=\"margin-top:12px\">Geigerin des Krakauer Harfenquintetts, des Sp\u00f3\u0142dzielnia Muzyczna Contemporary Ensemble und des Antarja Quartetts. Geigerin des Krakauer Philharmonischen Orchesters.<\/p>\n<\/div>\n<\/div>\n\n\n\n<div class=\"wp-block-columns alignwide is-layout-flex wp-container-core-columns-is-layout-d0846407 wp-block-columns-is-layout-flex\">\n<div class=\"wp-block-column is-layout-flow wp-block-column-is-layout-flow\">\n<figure class=\"wp-block-image size-large is-style-rounded\"><img loading=\"lazy\" decoding=\"async\" width=\"1008\" height=\"1008\" src=\"https:\/\/stellaematutinae.org\/wp-content\/uploads\/2024\/10\/DSC7547_fot_klaudyna_schubert-edited.jpg\" alt=\"\" class=\"wp-image-2492\" style=\"aspect-ratio:1;object-fit:cover\" srcset=\"https:\/\/stellaematutinae.org\/wp-content\/uploads\/2024\/10\/DSC7547_fot_klaudyna_schubert-edited.jpg 1008w, https:\/\/stellaematutinae.org\/wp-content\/uploads\/2024\/10\/DSC7547_fot_klaudyna_schubert-edited-300x300.jpg 300w, https:\/\/stellaematutinae.org\/wp-content\/uploads\/2024\/10\/DSC7547_fot_klaudyna_schubert-edited-150x150.jpg 150w, https:\/\/stellaematutinae.org\/wp-content\/uploads\/2024\/10\/DSC7547_fot_klaudyna_schubert-edited-768x768.jpg 768w, https:\/\/stellaematutinae.org\/wp-content\/uploads\/2024\/10\/DSC7547_fot_klaudyna_schubert-edited-12x12.jpg 12w\" sizes=\"auto, (max-width: 1008px) 100vw, 1008px\" \/><\/figure>\n\n\n\n<h4 class=\"wp-block-heading has-text-align-center\" style=\"margin-top:20px;font-size:20px\">Jan Czy\u017cewski<\/h4>\n\n\n\n<p class=\"has-text-align-center has-primary-color has-text-color has-small-font-size\" style=\"margin-top:4px\">BRATSCHE<\/p>\n\n\n\n<p class=\"has-text-align-center has-small-font-size\" style=\"margin-top:12px\">Bratscher des Krakauer Harfenquintetts und des Mauris-Ensembles. Bratscher des Polnischen Nationalen Radio-Sinfonieorchesters in Kattowitz.<\/p>\n<\/div>\n\n\n\n<div class=\"wp-block-column is-layout-flow wp-block-column-is-layout-flow\">\n<h4 class=\"wp-block-heading has-text-align-center\" style=\"margin-top:20px;font-size:20px\"><\/h4>\n\n\n\n<p class=\"has-text-align-center has-primary-color has-text-color has-small-font-size\" style=\"margin-top:4px\"><\/p>\n\n\n\n<p class=\"has-text-align-center has-small-font-size\" style=\"margin-top:12px\"><\/p>\n<\/div>\n\n\n\n<div class=\"wp-block-column is-layout-flow wp-block-column-is-layout-flow\">\n<figure class=\"wp-block-image size-large is-resized is-style-rounded\"><img loading=\"lazy\" decoding=\"async\" width=\"941\" height=\"941\" src=\"https:\/\/stellaematutinae.org\/wp-content\/uploads\/2024\/10\/DSC7649_fot_klaudyna_schubert-edited.jpg\" alt=\"\" class=\"wp-image-2493\" style=\"object-fit:cover;width:425px;height:auto\" srcset=\"https:\/\/stellaematutinae.org\/wp-content\/uploads\/2024\/10\/DSC7649_fot_klaudyna_schubert-edited.jpg 941w, https:\/\/stellaematutinae.org\/wp-content\/uploads\/2024\/10\/DSC7649_fot_klaudyna_schubert-edited-300x300.jpg 300w, https:\/\/stellaematutinae.org\/wp-content\/uploads\/2024\/10\/DSC7649_fot_klaudyna_schubert-edited-150x150.jpg 150w, https:\/\/stellaematutinae.org\/wp-content\/uploads\/2024\/10\/DSC7649_fot_klaudyna_schubert-edited-768x768.jpg 768w, https:\/\/stellaematutinae.org\/wp-content\/uploads\/2024\/10\/DSC7649_fot_klaudyna_schubert-edited-12x12.jpg 12w\" sizes=\"auto, (max-width: 941px) 100vw, 941px\" \/><\/figure>\n\n\n\n<h4 class=\"wp-block-heading has-text-align-center\" style=\"margin-top:20px;font-size:20px\">Pawe\u0142 Czarakcziew<\/h4>\n\n\n\n<p class=\"has-text-align-center has-primary-color has-text-color has-small-font-size\" style=\"margin-top:4px\">VIOLONCELLO<\/p>\n\n\n\n<p class=\"has-text-align-center has-small-font-size\" style=\"margin-top:12px\">Cellist des Krakauer Harfenquintetts und des Pawe\u0142 Czarakcziew &amp; Piotr Kowal Duos. Lehrer an der Bronis\u0142aw Rutkowski Musikschule in Krakau.<\/p>\n<\/div>\n<\/div>\n<\/div>\n\n\n\n<p><\/p>","protected":false},"excerpt":{"rendered":"<p>Adrian Nowak HARP Harpist of Cracow Harp Quintet and Mauris Ensemble. Teacher at the Krzysztof Penderecki Music Academy in Cracow (Poland). Magdalena Di Blasi FLUTE Flutist of Cracow Harp Quintet [&hellip;]<\/p>\n","protected":false},"author":1,"featured_media":0,"parent":0,"menu_order":0,"comment_status":"closed","ping_status":"closed","template":"","meta":{"_surecart_dashboard_logo_width":"180px","_surecart_dashboard_show_logo":true,"_surecart_dashboard_navigation_orders":true,"_surecart_dashboard_navigation_invoices":true,"_surecart_dashboard_navigation_subscriptions":true,"_surecart_dashboard_navigation_downloads":true,"_surecart_dashboard_navigation_billing":true,"_surecart_dashboard_navigation_account":true,"_uag_custom_page_level_css":"","site-sidebar-layout":"default","site-content-layout":"","ast-site-content-layout":"default","site-content-style":"default","site-sidebar-style":"default","ast-global-header-display":"","ast-banner-title-visibility":"","ast-main-header-display":"","ast-hfb-above-header-display":"","ast-hfb-below-header-display":"","ast-hfb-mobile-header-display":"","site-post-title":"","ast-breadcrumbs-content":"","ast-featured-img":"","footer-sml-layout":"","ast-disable-related-posts":"","theme-transparent-header-meta":"","adv-header-id-meta":"","stick-header-meta":"","header-above-stick-meta":"","header-main-stick-meta":"","header-below-stick-meta":"","astra-migrate-meta-layouts":"set","ast-page-background-enabled":"default","ast-page-background-meta":{"desktop":{"background-color":"var(--ast-global-color-4)","background-image":"","background-repeat":"repeat","background-position":"center center","background-size":"auto","background-attachment":"scroll","background-type":"","background-media":"","overlay-type":"","overlay-color":"","overlay-opacity":"","overlay-gradient":""},"tablet":{"background-color":"","background-image":"","background-repeat":"repeat","background-position":"center center","background-size":"auto","background-attachment":"scroll","background-type":"","background-media":"","overlay-type":"","overlay-color":"","overlay-opacity":"","overlay-gradient":""},"mobile":{"background-color":"","background-image":"","background-repeat":"repeat","background-position":"center center","background-size":"auto","background-attachment":"scroll","background-type":"","background-media":"","overlay-type":"","overlay-color":"","overlay-opacity":"","overlay-gradient":""}},"ast-content-background-meta":{"desktop":{"background-color":"var(--ast-global-color-5)","background-image":"","background-repeat":"repeat","background-position":"center center","background-size":"auto","background-attachment":"scroll","background-type":"","background-media":"","overlay-type":"","overlay-color":"","overlay-opacity":"","overlay-gradient":""},"tablet":{"background-color":"var(--ast-global-color-5)","background-image":"","background-repeat":"repeat","background-position":"center center","background-size":"auto","background-attachment":"scroll","background-type":"","background-media":"","overlay-type":"","overlay-color":"","overlay-opacity":"","overlay-gradient":""},"mobile":{"background-color":"var(--ast-global-color-5)","background-image":"","background-repeat":"repeat","background-position":"center center","background-size":"auto","background-attachment":"scroll","background-type":"","background-media":"","overlay-type":"","overlay-color":"","overlay-opacity":"","overlay-gradient":""}},"footnotes":""},"class_list":["post-2455","page","type-page","status-publish","hentry"],"featured_image_src":null,"yoast_head":"<!-- This site is optimized with the Yoast SEO plugin v27.5 - https:\/\/yoast.com\/product\/yoast-seo-wordpress\/ -->\n<title>Cracow Harp Quintet - Stellae Matutinae - European Harp Symposium<\/title>\n<meta name=\"robots\" content=\"index, follow, max-snippet:-1, max-image-preview:large, max-video-preview:-1\" \/>\n<link rel=\"canonical\" href=\"https:\/\/stellaematutinae.org\/de\/cracow-harp-quintet\/\" \/>\n<meta property=\"og:locale\" content=\"de_DE\" \/>\n<meta property=\"og:type\" content=\"article\" \/>\n<meta property=\"og:title\" content=\"Cracow Harp Quintet - Stellae Matutinae - European Harp Symposium\" \/>\n<meta property=\"og:description\" content=\"Adrian Nowak HARP Harpist of Cracow Harp Quintet and Mauris Ensemble. Teacher at the Krzysztof Penderecki Music Academy in Cracow (Poland). Magdalena Di Blasi FLUTE Flutist of Cracow Harp Quintet [&hellip;]\" \/>\n<meta property=\"og:url\" content=\"https:\/\/stellaematutinae.org\/de\/cracow-harp-quintet\/\" \/>\n<meta property=\"og:site_name\" content=\"Stellae Matutinae - European Harp Symposium\" \/>\n<meta property=\"article:publisher\" content=\"https:\/\/www.facebook.com\/stellaematutinae\" \/>\n<meta property=\"article:modified_time\" content=\"2025-03-30T16:06:46+00:00\" \/>\n<meta property=\"og:image\" content=\"http:\/\/stellaematutinae.org\/wp-content\/uploads\/2024\/10\/DSC7894_fot_klaudyna_schubert-1024x683.jpg\" \/>\n<meta name=\"twitter:card\" content=\"summary_large_image\" \/>\n<meta name=\"twitter:label1\" content=\"Gesch\u00e4tzte Lesezeit\" \/>\n\t<meta name=\"twitter:data1\" content=\"4\u00a0Minuten\" \/>\n<script type=\"application\/ld+json\" class=\"yoast-schema-graph\">{\"@context\":\"https:\\\/\\\/schema.org\",\"@graph\":[{\"@type\":\"WebPage\",\"@id\":\"https:\\\/\\\/stellaematutinae.org\\\/cracow-harp-quintet\\\/\",\"url\":\"https:\\\/\\\/stellaematutinae.org\\\/cracow-harp-quintet\\\/\",\"name\":\"Cracow Harp Quintet - Stellae Matutinae - European Harp Symposium\",\"isPartOf\":{\"@id\":\"https:\\\/\\\/stellaematutinae.org\\\/#website\"},\"primaryImageOfPage\":{\"@id\":\"https:\\\/\\\/stellaematutinae.org\\\/cracow-harp-quintet\\\/#primaryimage\"},\"image\":{\"@id\":\"https:\\\/\\\/stellaematutinae.org\\\/cracow-harp-quintet\\\/#primaryimage\"},\"thumbnailUrl\":\"http:\\\/\\\/stellaematutinae.org\\\/wp-content\\\/uploads\\\/2024\\\/10\\\/DSC7894_fot_klaudyna_schubert-1024x683.jpg\",\"datePublished\":\"2024-10-01T14:12:32+00:00\",\"dateModified\":\"2025-03-30T16:06:46+00:00\",\"breadcrumb\":{\"@id\":\"https:\\\/\\\/stellaematutinae.org\\\/cracow-harp-quintet\\\/#breadcrumb\"},\"inLanguage\":\"de\",\"potentialAction\":[{\"@type\":\"ReadAction\",\"target\":[\"https:\\\/\\\/stellaematutinae.org\\\/cracow-harp-quintet\\\/\"]}]},{\"@type\":\"ImageObject\",\"inLanguage\":\"de\",\"@id\":\"https:\\\/\\\/stellaematutinae.org\\\/cracow-harp-quintet\\\/#primaryimage\",\"url\":\"http:\\\/\\\/stellaematutinae.org\\\/wp-content\\\/uploads\\\/2024\\\/10\\\/DSC7894_fot_klaudyna_schubert-1024x683.jpg\",\"contentUrl\":\"http:\\\/\\\/stellaematutinae.org\\\/wp-content\\\/uploads\\\/2024\\\/10\\\/DSC7894_fot_klaudyna_schubert-1024x683.jpg\"},{\"@type\":\"BreadcrumbList\",\"@id\":\"https:\\\/\\\/stellaematutinae.org\\\/cracow-harp-quintet\\\/#breadcrumb\",\"itemListElement\":[{\"@type\":\"ListItem\",\"position\":1,\"name\":\"Home\",\"item\":\"https:\\\/\\\/stellaematutinae.org\\\/\"},{\"@type\":\"ListItem\",\"position\":2,\"name\":\"Cracow Harp Quintet\"}]},{\"@type\":\"WebSite\",\"@id\":\"https:\\\/\\\/stellaematutinae.org\\\/#website\",\"url\":\"https:\\\/\\\/stellaematutinae.org\\\/\",\"name\":\"Stellae Matutinae - European Harp Symposium\",\"description\":\"Folge den Sternen - Follow the Stars\",\"publisher\":{\"@id\":\"https:\\\/\\\/stellaematutinae.org\\\/#organization\"},\"alternateName\":\"European Harp Symposium 2025\",\"potentialAction\":[{\"@type\":\"SearchAction\",\"target\":{\"@type\":\"EntryPoint\",\"urlTemplate\":\"https:\\\/\\\/stellaematutinae.org\\\/?s={search_term_string}\"},\"query-input\":{\"@type\":\"PropertyValueSpecification\",\"valueRequired\":true,\"valueName\":\"search_term_string\"}}],\"inLanguage\":\"de\"},{\"@type\":\"Organization\",\"@id\":\"https:\\\/\\\/stellaematutinae.org\\\/#organization\",\"name\":\"Stellae Matutinae\",\"url\":\"https:\\\/\\\/stellaematutinae.org\\\/\",\"logo\":{\"@type\":\"ImageObject\",\"inLanguage\":\"de\",\"@id\":\"https:\\\/\\\/stellaematutinae.org\\\/#\\\/schema\\\/logo\\\/image\\\/\",\"url\":\"http:\\\/\\\/stellaematutinae.org\\\/wp-content\\\/uploads\\\/2024\\\/09\\\/cropped-nur-Stern.png\",\"contentUrl\":\"http:\\\/\\\/stellaematutinae.org\\\/wp-content\\\/uploads\\\/2024\\\/09\\\/cropped-nur-Stern.png\",\"width\":512,\"height\":512,\"caption\":\"Stellae Matutinae\"},\"image\":{\"@id\":\"https:\\\/\\\/stellaematutinae.org\\\/#\\\/schema\\\/logo\\\/image\\\/\"},\"sameAs\":[\"https:\\\/\\\/www.facebook.com\\\/stellaematutinae\",\"https:\\\/\\\/www.youtube.com\\\/@stellae_matutinae\",\"https:\\\/\\\/instagram.com\\\/stellaematutinae\"]}]}<\/script>\n<!-- \/ Yoast SEO plugin. -->","yoast_head_json":{"title":"Cracow Harp Quintet - Stellae Matutinae - European Harp Symposium","robots":{"index":"index","follow":"follow","max-snippet":"max-snippet:-1","max-image-preview":"max-image-preview:large","max-video-preview":"max-video-preview:-1"},"canonical":"https:\/\/stellaematutinae.org\/de\/cracow-harp-quintet\/","og_locale":"de_DE","og_type":"article","og_title":"Cracow Harp Quintet - Stellae Matutinae - European Harp Symposium","og_description":"Adrian Nowak HARP Harpist of Cracow Harp Quintet and Mauris Ensemble. Teacher at the Krzysztof Penderecki Music Academy in Cracow (Poland). Magdalena Di Blasi FLUTE Flutist of Cracow Harp Quintet [&hellip;]","og_url":"https:\/\/stellaematutinae.org\/de\/cracow-harp-quintet\/","og_site_name":"Stellae Matutinae - European Harp Symposium","article_publisher":"https:\/\/www.facebook.com\/stellaematutinae","article_modified_time":"2025-03-30T16:06:46+00:00","og_image":[{"url":"http:\/\/stellaematutinae.org\/wp-content\/uploads\/2024\/10\/DSC7894_fot_klaudyna_schubert-1024x683.jpg","type":"","width":"","height":""}],"twitter_card":"summary_large_image","twitter_misc":{"Gesch\u00e4tzte Lesezeit":"4\u00a0Minuten"},"schema":{"@context":"https:\/\/schema.org","@graph":[{"@type":"WebPage","@id":"https:\/\/stellaematutinae.org\/cracow-harp-quintet\/","url":"https:\/\/stellaematutinae.org\/cracow-harp-quintet\/","name":"Cracow Harp Quintet - Stellae Matutinae - European Harp Symposium","isPartOf":{"@id":"https:\/\/stellaematutinae.org\/#website"},"primaryImageOfPage":{"@id":"https:\/\/stellaematutinae.org\/cracow-harp-quintet\/#primaryimage"},"image":{"@id":"https:\/\/stellaematutinae.org\/cracow-harp-quintet\/#primaryimage"},"thumbnailUrl":"http:\/\/stellaematutinae.org\/wp-content\/uploads\/2024\/10\/DSC7894_fot_klaudyna_schubert-1024x683.jpg","datePublished":"2024-10-01T14:12:32+00:00","dateModified":"2025-03-30T16:06:46+00:00","breadcrumb":{"@id":"https:\/\/stellaematutinae.org\/cracow-harp-quintet\/#breadcrumb"},"inLanguage":"de","potentialAction":[{"@type":"ReadAction","target":["https:\/\/stellaematutinae.org\/cracow-harp-quintet\/"]}]},{"@type":"ImageObject","inLanguage":"de","@id":"https:\/\/stellaematutinae.org\/cracow-harp-quintet\/#primaryimage","url":"http:\/\/stellaematutinae.org\/wp-content\/uploads\/2024\/10\/DSC7894_fot_klaudyna_schubert-1024x683.jpg","contentUrl":"http:\/\/stellaematutinae.org\/wp-content\/uploads\/2024\/10\/DSC7894_fot_klaudyna_schubert-1024x683.jpg"},{"@type":"BreadcrumbList","@id":"https:\/\/stellaematutinae.org\/cracow-harp-quintet\/#breadcrumb","itemListElement":[{"@type":"ListItem","position":1,"name":"Home","item":"https:\/\/stellaematutinae.org\/"},{"@type":"ListItem","position":2,"name":"Cracow Harp Quintet"}]},{"@type":"WebSite","@id":"https:\/\/stellaematutinae.org\/#website","url":"https:\/\/stellaematutinae.org\/","name":"Stellae Matutinae - European Harp Symposium","description":"Folge den Sternen - Follow the Stars","publisher":{"@id":"https:\/\/stellaematutinae.org\/#organization"},"alternateName":"European Harp Symposium 2025","potentialAction":[{"@type":"SearchAction","target":{"@type":"EntryPoint","urlTemplate":"https:\/\/stellaematutinae.org\/?s={search_term_string}"},"query-input":{"@type":"PropertyValueSpecification","valueRequired":true,"valueName":"search_term_string"}}],"inLanguage":"de"},{"@type":"Organization","@id":"https:\/\/stellaematutinae.org\/#organization","name":"Stellae Matutinae","url":"https:\/\/stellaematutinae.org\/","logo":{"@type":"ImageObject","inLanguage":"de","@id":"https:\/\/stellaematutinae.org\/#\/schema\/logo\/image\/","url":"http:\/\/stellaematutinae.org\/wp-content\/uploads\/2024\/09\/cropped-nur-Stern.png","contentUrl":"http:\/\/stellaematutinae.org\/wp-content\/uploads\/2024\/09\/cropped-nur-Stern.png","width":512,"height":512,"caption":"Stellae Matutinae"},"image":{"@id":"https:\/\/stellaematutinae.org\/#\/schema\/logo\/image\/"},"sameAs":["https:\/\/www.facebook.com\/stellaematutinae","https:\/\/www.youtube.com\/@stellae_matutinae","https:\/\/instagram.com\/stellaematutinae"]}]}},"uagb_featured_image_src":{"full":false,"thumbnail":false,"medium":false,"medium_large":false,"large":false,"1536x1536":false,"2048x2048":false,"trp-custom-language-flag":false,"tb-timeline-landscape":false,"tb-timeline-square":false},"uagb_author_info":{"display_name":"admin","author_link":"https:\/\/stellaematutinae.org\/de\/author\/admin\/"},"uagb_comment_info":0,"uagb_excerpt":"Adrian Nowak HARP Harpist of Cracow Harp Quintet and Mauris Ensemble. Teacher at the Krzysztof Penderecki Music Academy in Cracow (Poland). Magdalena Di Blasi FLUTE Flutist of Cracow Harp Quintet [&hellip;]","_links":{"self":[{"href":"https:\/\/stellaematutinae.org\/de\/wp-json\/wp\/v2\/pages\/2455","targetHints":{"allow":["GET"]}}],"collection":[{"href":"https:\/\/stellaematutinae.org\/de\/wp-json\/wp\/v2\/pages"}],"about":[{"href":"https:\/\/stellaematutinae.org\/de\/wp-json\/wp\/v2\/types\/page"}],"author":[{"embeddable":true,"href":"https:\/\/stellaematutinae.org\/de\/wp-json\/wp\/v2\/users\/1"}],"replies":[{"embeddable":true,"href":"https:\/\/stellaematutinae.org\/de\/wp-json\/wp\/v2\/comments?post=2455"}],"version-history":[{"count":9,"href":"https:\/\/stellaematutinae.org\/de\/wp-json\/wp\/v2\/pages\/2455\/revisions"}],"predecessor-version":[{"id":3276,"href":"https:\/\/stellaematutinae.org\/de\/wp-json\/wp\/v2\/pages\/2455\/revisions\/3276"}],"wp:attachment":[{"href":"https:\/\/stellaematutinae.org\/de\/wp-json\/wp\/v2\/media?parent=2455"}],"curies":[{"name":"wp","href":"https:\/\/api.w.org\/{rel}","templated":true}]}}