{"id":2453,"date":"2024-10-01T13:48:50","date_gmt":"2024-10-01T13:48:50","guid":{"rendered":"https:\/\/stellaematutinae.org\/?page_id=2453"},"modified":"2025-03-30T12:39:58","modified_gmt":"2025-03-30T11:39:58","slug":"isabelle-moretti","status":"publish","type":"page","link":"https:\/\/stellaematutinae.org\/de\/isabelle-moretti\/","title":{"rendered":"Isabelle Moretti"},"content":{"rendered":"<div class=\"wp-block-uagb-container uagb-block-nozrcroi alignfull uagb-is-root-container\"><div class=\"uagb-container-inner-blocks-wrap\">\n<div class=\"wp-block-uagb-container uagb-block-mzbk5ge9\">\n<div class=\"wp-block-uagb-info-box uagb-block-nosvut4v uagb-infobox__content-wrap  uagb-infobox-icon-above-title uagb-infobox-image-valign-top wp-block-uagb-info-box--has-margin\"><div class=\"uagb-infobox-margin-wrapper\"><div class=\"uagb-ifb-content\"><div class=\"uagb-ifb-title-wrap\"><h2 class=\"uagb-ifb-title\">Isabelle Moretti<\/h2><\/div><p class=\"uagb-ifb-desc\">\u00ab\u00a0<em>F\u00fcr einen Komponisten gibt es keine intensivere Emotion, als sein Werk aufgef\u00fchrt zu h\u00f6ren\nwie sie es sich ertr\u00e4umen w\u00fcrden. Musikalisch war alles so, als ob es nicht anders sein k\u00f6nnte, und ich wusste nicht, was ich am meisten bewundern sollte: die Sch\u00f6nheit des Klangs, die stilistische Perfektion, die Tiefe und Eloquenz in ihrem Spiel. An diesem Abend wusste ich, dass Isabelle Moretti eine der gr\u00f6\u00dften K\u00fcnstlerinnen ist, die ich je kennenlernen durfte.<\/em>.\u00a0\u00bb<br>&#8211; <strong>Philippe Hersant, Komponist<\/strong><br><br>Philippe Hersants Worte beschreiben die Qualit\u00e4ten einer K\u00fcnstlerin, die eine Botschafterin der franz\u00f6sischen Harfe in der ganzen Welt ist und deren musikalische Neugier ein breites Repertoire vom 18. Jahrhundert bis zur Gegenwart umfasst.\u00a0<br><br>Seit Beginn ihrer au\u00dfergew\u00f6hnlichen Karriere wurde Isabelle Moretti von den wichtigsten Konzerts\u00e4len und Festivals eingeladen. Dazu geh\u00f6ren die Alice Tully Hall (New York), die Wigmore Hall und der King's Place (London), die M\u00fcnchner Philharmonie und der Herkulessaal, die Oper Frankfurt, das Auditorium du Louvre, die Op\u00e9ra Comique, das Arsenal de Metz, das Mus\u00e9e d'Orsay, das Maison de Radio-France, die Salle Gaveau, das Th\u00e9\u00e2tre des ChampsElys\u00e9es, die Festivals im Rheingau und Schleswig Holstein, die Folles Journ\u00e9es de Nantes, im El Sistema in Caracas, und das Festival December Nights von Svjatoslav Richter in Moskau.<br><br>Isabelle Morettis Bed\u00fcrfnis Musik zu teilen manifestiert sich auch in der Zusammenarbeit mit besonders affinen Kolleginnen wie Juliette Hurel, Magali Mosnier, dem Quatuor Eb\u00e8ne und Dame Felicity Lott oder dem Oboisten und Dirigenten Fran\u00e7ois Leleux, mit dem sie Mozarts ber\u00fchmtes Konzert f\u00fcr Fl\u00f6te und Harfe spielen durfte.\u00a0<br><br>Die ebenso reichhaltige wie abwechslungsreiche Diskografie von Isabelle Moretti erfreut sich in den Medien und in der Kritik gro\u00dfer Beliebtheit. Sie wurde mit einer Victoire de la Musique, dem Grand Prix de la Nouvelle Acad\u00e9mie du Disque, dem Prix Charles Cros, einem Choc du Monde de la Musique, einer 10\/10 von R\u00e9pertoire und ffff von T\u00e9l\u00e9rama ausgezeichnet.<br><br>Heutzutage engagiert sich Isabelle Moretti intensiv f\u00fcr die \u00d6kologie. Die K\u00fcnstlerin empfindet Pierre Rabhis Worte, als w\u00e4ren es ihre eigenen: \"Die Erde, ein stilles Wesen, zu dessen lebendigen Ausdrucksformen wir geh\u00f6ren, beherbergt ewige Werte, die aus dem bestehen, was am meisten fehlt: dem richtigen Rhythmus, dem Geschmack der Jahreszeiten und der Geduld.\" Isabelle Moretti kann ihre Mission als Musikerin nur in enger Verbindung mit ihren tiefsten \u00dcberzeugungen begreifen. Ihre poetische Erz\u00e4hlung \u201eParole de terre\u201c - \"Wort der Erde\", die ebenfalls von Rahbis Schriften inspiriert ist, ist ein anschauliches Beispiel daf\u00fcr.<br><br>Ihre Leidenschaft f\u00fcr das Unterrichten erf\u00fcllt sie durch ihre T\u00e4tigkeit als Professorin am Conservatoire National Sup\u00e9rieur de la Musique et de la Danse in Paris. Sie liebt es auch, die Welt zu bereisen und durch ihre zahlreichen Masterclasses junge Menschen aus allen Kulturen kennenzulernen.\u00a0<br><br>Isabelle Moretti ist Offizierin des franz\u00f6sischen Verdienstordens und Offizierin des Ordens der K\u00fcnste und Literatur.<br><\/p><\/div><\/div><\/div>\n\n\n\n<div class=\"wp-block-uagb-image alignleft uagb-block-fevk6p4n wp-block-uagb-image--layout-default wp-block-uagb-image--effect-static wp-block-uagb-image--align-left\"><figure class=\"wp-block-uagb-image__figure\"><img decoding=\"async\" srcset=\"https:\/\/stellaematutinae.org\/wp-content\/uploads\/2024\/09\/dsc_1537-edit.webp ,https:\/\/stellaematutinae.org\/wp-content\/uploads\/2024\/09\/dsc_1537-edit.webp 780w, https:\/\/stellaematutinae.org\/wp-content\/uploads\/2024\/09\/dsc_1537-edit.webp 360w\" sizes=\"auto, (max-width: 480px) 150px\" src=\"https:\/\/stellaematutinae.org\/wp-content\/uploads\/2024\/09\/dsc_1537-edit.webp\" alt=\"\" class=\"uag-image-2393\" width=\"564\" height=\"376\" title=\"dsc_1537-edit\" loading=\"lazy\" role=\"img\"\/><\/figure><\/div>\n\n\n\n<div class=\"wp-block-uagb-info-box uagb-block-fft3bzol uagb-infobox__content-wrap  uagb-infobox-icon-above-title uagb-infobox-image-valign-top wp-block-uagb-info-box--has-margin\"><div class=\"uagb-infobox-margin-wrapper\"><div class=\"uagb-ifb-content\"><div class=\"uagb-ifb-title-wrap\"><\/div><\/div><\/div><\/div>\n<\/div>\n\n\n\n<div class=\"wp-block-uagb-container uagb-block-1bimh2vt\">\n<div class=\"wp-block-uagb-image alignleft uagb-block-kmbx8qg0 wp-block-uagb-image--layout-default wp-block-uagb-image--effect-static wp-block-uagb-image--align-left\"><figure class=\"wp-block-uagb-image__figure\"><img decoding=\"async\" srcset=\"https:\/\/stellaematutinae.org\/wp-content\/uploads\/2024\/09\/dsc_1323-edit.webp ,https:\/\/stellaematutinae.org\/wp-content\/uploads\/2024\/09\/dsc_1323-edit.webp 780w, https:\/\/stellaematutinae.org\/wp-content\/uploads\/2024\/09\/dsc_1323-edit.webp 360w\" sizes=\"auto, (max-width: 480px) 150px\" src=\"https:\/\/stellaematutinae.org\/wp-content\/uploads\/2024\/09\/dsc_1323-edit.webp\" alt=\"\" class=\"uag-image-2399\" width=\"564\" height=\"376\" title=\"dsc_1323-edit\" loading=\"lazy\" role=\"img\"\/><\/figure><\/div>\n\n\n\n<div class=\"wp-block-uagb-info-box uagb-block-8uazjqwt uagb-infobox__content-wrap  uagb-infobox-icon-above-title uagb-infobox-image-valign-top wp-block-uagb-info-box--has-margin\"><div class=\"uagb-infobox-margin-wrapper\"><div class=\"uagb-ifb-content\"><div class=\"uagb-ifb-title-wrap\"><\/div><\/div><\/div><\/div>\n\n\n\n<figure class=\"wp-block-embed is-type-video is-provider-youtube wp-block-embed-youtube wp-embed-aspect-16-9 wp-has-aspect-ratio\"><div class=\"wp-block-embed__wrapper\">\n<iframe loading=\"lazy\" title=\"Les Jeudis classiques, concerts en ligne | Isabelle Moretti\" width=\"500\" height=\"281\" src=\"https:\/\/www.youtube.com\/embed\/xKjb_FaiKb0?feature=oembed\" frameborder=\"0\" allow=\"accelerometer; autoplay; clipboard-write; encrypted-media; gyroscope; picture-in-picture; web-share\" referrerpolicy=\"strict-origin-when-cross-origin\" allowfullscreen><\/iframe>\n<\/div><\/figure>\n\n\n\n<div class=\"wp-block-uagb-info-box uagb-block-sjiorxpf uagb-infobox__content-wrap  uagb-infobox-icon-above-title uagb-infobox-image-valign-top wp-block-uagb-info-box--has-margin\"><div class=\"uagb-infobox-margin-wrapper\"><div class=\"uagb-ifb-content\"><div class=\"uagb-ifb-title-wrap\"><h3 class=\"uagb-ifb-title\">Les Jeudis classiques, concerts en ligne | Isabelle Moretti<\/h3><\/div><p class=\"uagb-ifb-desc\">Johann Sebastian BACH (1685 &#8211; 1750) &#8211; Pr\u00e9lude n\u00b022 en Si b\u00e9mol mineur, BWV 867<br>Mikhail GLINKA (1804 &#8211; 1857) \/ Mily BALAKIREV (1837 &#8211; 1910) &#8211; L\u2019Alouette<br>Claude DEBUSSY (1862 &#8211; 1918) &#8211; Premi\u00e8re arabesque L. 66<br>Marcel TOURNIER (1879 &#8211; 1951) &#8211; Images, Suite n\u00b04 op. 39<br>La voli\u00e8re magique<br>Cloches sous la neige<br>La danse du moujik<\/p><\/div><\/div><\/div>\n<\/div>\n<\/div><\/div>\n\n\n\n<p><\/p>","protected":false},"excerpt":{"rendered":"","protected":false},"author":1,"featured_media":0,"parent":0,"menu_order":0,"comment_status":"closed","ping_status":"closed","template":"","meta":{"_surecart_dashboard_logo_width":"180px","_surecart_dashboard_show_logo":true,"_surecart_dashboard_navigation_orders":true,"_surecart_dashboard_navigation_invoices":true,"_surecart_dashboard_navigation_subscriptions":true,"_surecart_dashboard_navigation_downloads":true,"_surecart_dashboard_navigation_billing":true,"_surecart_dashboard_navigation_account":true,"_uag_custom_page_level_css":"","site-sidebar-layout":"default","site-content-layout":"","ast-site-content-layout":"default","site-content-style":"default","site-sidebar-style":"default","ast-global-header-display":"","ast-banner-title-visibility":"","ast-main-header-display":"","ast-hfb-above-header-display":"","ast-hfb-below-header-display":"","ast-hfb-mobile-header-display":"","site-post-title":"disabled","ast-breadcrumbs-content":"","ast-featured-img":"","footer-sml-layout":"","ast-disable-related-posts":"","theme-transparent-header-meta":"","adv-header-id-meta":"","stick-header-meta":"","header-above-stick-meta":"","header-main-stick-meta":"","header-below-stick-meta":"","astra-migrate-meta-layouts":"set","ast-page-background-enabled":"default","ast-page-background-meta":{"desktop":{"background-color":"var(--ast-global-color-4)","background-image":"","background-repeat":"repeat","background-position":"center center","background-size":"auto","background-attachment":"scroll","background-type":"","background-media":"","overlay-type":"","overlay-color":"","overlay-opacity":"","overlay-gradient":""},"tablet":{"background-color":"","background-image":"","background-repeat":"repeat","background-position":"center center","background-size":"auto","background-attachment":"scroll","background-type":"","background-media":"","overlay-type":"","overlay-color":"","overlay-opacity":"","overlay-gradient":""},"mobile":{"background-color":"","background-image":"","background-repeat":"repeat","background-position":"center center","background-size":"auto","background-attachment":"scroll","background-type":"","background-media":"","overlay-type":"","overlay-color":"","overlay-opacity":"","overlay-gradient":""}},"ast-content-background-meta":{"desktop":{"background-color":"var(--ast-global-color-5)","background-image":"","background-repeat":"repeat","background-position":"center center","background-size":"auto","background-attachment":"scroll","background-type":"","background-media":"","overlay-type":"","overlay-color":"","overlay-opacity":"","overlay-gradient":""},"tablet":{"background-color":"var(--ast-global-color-5)","background-image":"","background-repeat":"repeat","background-position":"center center","background-size":"auto","background-attachment":"scroll","background-type":"","background-media":"","overlay-type":"","overlay-color":"","overlay-opacity":"","overlay-gradient":""},"mobile":{"background-color":"var(--ast-global-color-5)","background-image":"","background-repeat":"repeat","background-position":"center center","background-size":"auto","background-attachment":"scroll","background-type":"","background-media":"","overlay-type":"","overlay-color":"","overlay-opacity":"","overlay-gradient":""}},"footnotes":""},"class_list":["post-2453","page","type-page","status-publish","hentry"],"featured_image_src":null,"yoast_head":"<!-- This site is optimized with the Yoast SEO plugin v27.5 - https:\/\/yoast.com\/product\/yoast-seo-wordpress\/ -->\n<title>Isabelle Moretti - Stellae Matutinae - European Harp Symposium<\/title>\n<meta name=\"robots\" content=\"index, follow, max-snippet:-1, max-image-preview:large, max-video-preview:-1\" \/>\n<link rel=\"canonical\" href=\"https:\/\/stellaematutinae.org\/de\/isabelle-moretti\/\" \/>\n<meta property=\"og:locale\" content=\"de_DE\" \/>\n<meta property=\"og:type\" content=\"article\" \/>\n<meta property=\"og:title\" content=\"Isabelle Moretti - Stellae Matutinae - European Harp Symposium\" \/>\n<meta property=\"og:url\" content=\"https:\/\/stellaematutinae.org\/de\/isabelle-moretti\/\" \/>\n<meta property=\"og:site_name\" content=\"Stellae Matutinae - European Harp Symposium\" \/>\n<meta property=\"article:publisher\" content=\"https:\/\/www.facebook.com\/stellaematutinae\" \/>\n<meta property=\"article:modified_time\" content=\"2025-03-30T11:39:58+00:00\" \/>\n<meta property=\"og:image\" content=\"http:\/\/stellaematutinae.org\/wp-content\/uploads\/2024\/09\/dsc_1537-edit.webp\" \/>\n<meta name=\"twitter:card\" content=\"summary_large_image\" \/>\n<meta name=\"twitter:label1\" content=\"Gesch\u00e4tzte Lesezeit\" \/>\n\t<meta name=\"twitter:data1\" content=\"3\u00a0Minuten\" \/>\n<script type=\"application\/ld+json\" class=\"yoast-schema-graph\">{\"@context\":\"https:\\\/\\\/schema.org\",\"@graph\":[{\"@type\":\"WebPage\",\"@id\":\"https:\\\/\\\/stellaematutinae.org\\\/isabelle-moretti\\\/\",\"url\":\"https:\\\/\\\/stellaematutinae.org\\\/isabelle-moretti\\\/\",\"name\":\"Isabelle Moretti - Stellae Matutinae - European Harp Symposium\",\"isPartOf\":{\"@id\":\"https:\\\/\\\/stellaematutinae.org\\\/#website\"},\"primaryImageOfPage\":{\"@id\":\"https:\\\/\\\/stellaematutinae.org\\\/isabelle-moretti\\\/#primaryimage\"},\"image\":{\"@id\":\"https:\\\/\\\/stellaematutinae.org\\\/isabelle-moretti\\\/#primaryimage\"},\"thumbnailUrl\":\"http:\\\/\\\/stellaematutinae.org\\\/wp-content\\\/uploads\\\/2024\\\/09\\\/dsc_1537-edit.webp\",\"datePublished\":\"2024-10-01T13:48:50+00:00\",\"dateModified\":\"2025-03-30T11:39:58+00:00\",\"breadcrumb\":{\"@id\":\"https:\\\/\\\/stellaematutinae.org\\\/isabelle-moretti\\\/#breadcrumb\"},\"inLanguage\":\"de\",\"potentialAction\":[{\"@type\":\"ReadAction\",\"target\":[\"https:\\\/\\\/stellaematutinae.org\\\/isabelle-moretti\\\/\"]}]},{\"@type\":\"ImageObject\",\"inLanguage\":\"de\",\"@id\":\"https:\\\/\\\/stellaematutinae.org\\\/isabelle-moretti\\\/#primaryimage\",\"url\":\"http:\\\/\\\/stellaematutinae.org\\\/wp-content\\\/uploads\\\/2024\\\/09\\\/dsc_1537-edit.webp\",\"contentUrl\":\"http:\\\/\\\/stellaematutinae.org\\\/wp-content\\\/uploads\\\/2024\\\/09\\\/dsc_1537-edit.webp\"},{\"@type\":\"BreadcrumbList\",\"@id\":\"https:\\\/\\\/stellaematutinae.org\\\/isabelle-moretti\\\/#breadcrumb\",\"itemListElement\":[{\"@type\":\"ListItem\",\"position\":1,\"name\":\"Home\",\"item\":\"https:\\\/\\\/stellaematutinae.org\\\/\"},{\"@type\":\"ListItem\",\"position\":2,\"name\":\"Isabelle Moretti\"}]},{\"@type\":\"WebSite\",\"@id\":\"https:\\\/\\\/stellaematutinae.org\\\/#website\",\"url\":\"https:\\\/\\\/stellaematutinae.org\\\/\",\"name\":\"Stellae Matutinae - European Harp Symposium\",\"description\":\"Folge den Sternen - Follow the Stars\",\"publisher\":{\"@id\":\"https:\\\/\\\/stellaematutinae.org\\\/#organization\"},\"alternateName\":\"European Harp Symposium 2025\",\"potentialAction\":[{\"@type\":\"SearchAction\",\"target\":{\"@type\":\"EntryPoint\",\"urlTemplate\":\"https:\\\/\\\/stellaematutinae.org\\\/?s={search_term_string}\"},\"query-input\":{\"@type\":\"PropertyValueSpecification\",\"valueRequired\":true,\"valueName\":\"search_term_string\"}}],\"inLanguage\":\"de\"},{\"@type\":\"Organization\",\"@id\":\"https:\\\/\\\/stellaematutinae.org\\\/#organization\",\"name\":\"Stellae Matutinae\",\"url\":\"https:\\\/\\\/stellaematutinae.org\\\/\",\"logo\":{\"@type\":\"ImageObject\",\"inLanguage\":\"de\",\"@id\":\"https:\\\/\\\/stellaematutinae.org\\\/#\\\/schema\\\/logo\\\/image\\\/\",\"url\":\"http:\\\/\\\/stellaematutinae.org\\\/wp-content\\\/uploads\\\/2024\\\/09\\\/cropped-nur-Stern.png\",\"contentUrl\":\"http:\\\/\\\/stellaematutinae.org\\\/wp-content\\\/uploads\\\/2024\\\/09\\\/cropped-nur-Stern.png\",\"width\":512,\"height\":512,\"caption\":\"Stellae Matutinae\"},\"image\":{\"@id\":\"https:\\\/\\\/stellaematutinae.org\\\/#\\\/schema\\\/logo\\\/image\\\/\"},\"sameAs\":[\"https:\\\/\\\/www.facebook.com\\\/stellaematutinae\",\"https:\\\/\\\/www.youtube.com\\\/@stellae_matutinae\",\"https:\\\/\\\/instagram.com\\\/stellaematutinae\"]}]}<\/script>\n<!-- \/ Yoast SEO plugin. -->","yoast_head_json":{"title":"Isabelle Moretti - Stellae Matutinae - European Harp Symposium","robots":{"index":"index","follow":"follow","max-snippet":"max-snippet:-1","max-image-preview":"max-image-preview:large","max-video-preview":"max-video-preview:-1"},"canonical":"https:\/\/stellaematutinae.org\/de\/isabelle-moretti\/","og_locale":"de_DE","og_type":"article","og_title":"Isabelle Moretti - Stellae Matutinae - European Harp Symposium","og_url":"https:\/\/stellaematutinae.org\/de\/isabelle-moretti\/","og_site_name":"Stellae Matutinae - European Harp Symposium","article_publisher":"https:\/\/www.facebook.com\/stellaematutinae","article_modified_time":"2025-03-30T11:39:58+00:00","og_image":[{"url":"http:\/\/stellaematutinae.org\/wp-content\/uploads\/2024\/09\/dsc_1537-edit.webp","type":"","width":"","height":""}],"twitter_card":"summary_large_image","twitter_misc":{"Gesch\u00e4tzte Lesezeit":"3\u00a0Minuten"},"schema":{"@context":"https:\/\/schema.org","@graph":[{"@type":"WebPage","@id":"https:\/\/stellaematutinae.org\/isabelle-moretti\/","url":"https:\/\/stellaematutinae.org\/isabelle-moretti\/","name":"Isabelle Moretti - Stellae Matutinae - European Harp Symposium","isPartOf":{"@id":"https:\/\/stellaematutinae.org\/#website"},"primaryImageOfPage":{"@id":"https:\/\/stellaematutinae.org\/isabelle-moretti\/#primaryimage"},"image":{"@id":"https:\/\/stellaematutinae.org\/isabelle-moretti\/#primaryimage"},"thumbnailUrl":"http:\/\/stellaematutinae.org\/wp-content\/uploads\/2024\/09\/dsc_1537-edit.webp","datePublished":"2024-10-01T13:48:50+00:00","dateModified":"2025-03-30T11:39:58+00:00","breadcrumb":{"@id":"https:\/\/stellaematutinae.org\/isabelle-moretti\/#breadcrumb"},"inLanguage":"de","potentialAction":[{"@type":"ReadAction","target":["https:\/\/stellaematutinae.org\/isabelle-moretti\/"]}]},{"@type":"ImageObject","inLanguage":"de","@id":"https:\/\/stellaematutinae.org\/isabelle-moretti\/#primaryimage","url":"http:\/\/stellaematutinae.org\/wp-content\/uploads\/2024\/09\/dsc_1537-edit.webp","contentUrl":"http:\/\/stellaematutinae.org\/wp-content\/uploads\/2024\/09\/dsc_1537-edit.webp"},{"@type":"BreadcrumbList","@id":"https:\/\/stellaematutinae.org\/isabelle-moretti\/#breadcrumb","itemListElement":[{"@type":"ListItem","position":1,"name":"Home","item":"https:\/\/stellaematutinae.org\/"},{"@type":"ListItem","position":2,"name":"Isabelle Moretti"}]},{"@type":"WebSite","@id":"https:\/\/stellaematutinae.org\/#website","url":"https:\/\/stellaematutinae.org\/","name":"Stellae Matutinae - European Harp Symposium","description":"Folge den Sternen - Follow the Stars","publisher":{"@id":"https:\/\/stellaematutinae.org\/#organization"},"alternateName":"European Harp Symposium 2025","potentialAction":[{"@type":"SearchAction","target":{"@type":"EntryPoint","urlTemplate":"https:\/\/stellaematutinae.org\/?s={search_term_string}"},"query-input":{"@type":"PropertyValueSpecification","valueRequired":true,"valueName":"search_term_string"}}],"inLanguage":"de"},{"@type":"Organization","@id":"https:\/\/stellaematutinae.org\/#organization","name":"Stellae Matutinae","url":"https:\/\/stellaematutinae.org\/","logo":{"@type":"ImageObject","inLanguage":"de","@id":"https:\/\/stellaematutinae.org\/#\/schema\/logo\/image\/","url":"http:\/\/stellaematutinae.org\/wp-content\/uploads\/2024\/09\/cropped-nur-Stern.png","contentUrl":"http:\/\/stellaematutinae.org\/wp-content\/uploads\/2024\/09\/cropped-nur-Stern.png","width":512,"height":512,"caption":"Stellae Matutinae"},"image":{"@id":"https:\/\/stellaematutinae.org\/#\/schema\/logo\/image\/"},"sameAs":["https:\/\/www.facebook.com\/stellaematutinae","https:\/\/www.youtube.com\/@stellae_matutinae","https:\/\/instagram.com\/stellaematutinae"]}]}},"uagb_featured_image_src":{"full":false,"thumbnail":false,"medium":false,"medium_large":false,"large":false,"1536x1536":false,"2048x2048":false,"trp-custom-language-flag":false,"tb-timeline-landscape":false,"tb-timeline-square":false},"uagb_author_info":{"display_name":"admin","author_link":"https:\/\/stellaematutinae.org\/de\/author\/admin\/"},"uagb_comment_info":0,"uagb_excerpt":null,"_links":{"self":[{"href":"https:\/\/stellaematutinae.org\/de\/wp-json\/wp\/v2\/pages\/2453","targetHints":{"allow":["GET"]}}],"collection":[{"href":"https:\/\/stellaematutinae.org\/de\/wp-json\/wp\/v2\/pages"}],"about":[{"href":"https:\/\/stellaematutinae.org\/de\/wp-json\/wp\/v2\/types\/page"}],"author":[{"embeddable":true,"href":"https:\/\/stellaematutinae.org\/de\/wp-json\/wp\/v2\/users\/1"}],"replies":[{"embeddable":true,"href":"https:\/\/stellaematutinae.org\/de\/wp-json\/wp\/v2\/comments?post=2453"}],"version-history":[{"count":5,"href":"https:\/\/stellaematutinae.org\/de\/wp-json\/wp\/v2\/pages\/2453\/revisions"}],"predecessor-version":[{"id":3254,"href":"https:\/\/stellaematutinae.org\/de\/wp-json\/wp\/v2\/pages\/2453\/revisions\/3254"}],"wp:attachment":[{"href":"https:\/\/stellaematutinae.org\/de\/wp-json\/wp\/v2\/media?parent=2453"}],"curies":[{"name":"wp","href":"https:\/\/api.w.org\/{rel}","templated":true}]}}