{"id":2450,"date":"2024-10-01T13:45:15","date_gmt":"2024-10-01T13:45:15","guid":{"rendered":"https:\/\/stellaematutinae.org\/?page_id=2450"},"modified":"2024-12-31T12:19:48","modified_gmt":"2024-12-31T12:19:48","slug":"sylvain-blassel","status":"publish","type":"page","link":"https:\/\/stellaematutinae.org\/de\/sylvain-blassel\/","title":{"rendered":"Sylvain Blassel"},"content":{"rendered":"<div class=\"wp-block-uagb-container uagb-block-nozrcroi alignfull uagb-is-root-container\"><div class=\"uagb-container-inner-blocks-wrap\">\n<div class=\"wp-block-uagb-container uagb-block-mzbk5ge9\">\n<div class=\"wp-block-uagb-info-box uagb-block-nosvut4v uagb-infobox__content-wrap  uagb-infobox-icon-above-title uagb-infobox-image-valign-top wp-block-uagb-info-box--has-margin\"><div class=\"uagb-infobox-margin-wrapper\"><div class=\"uagb-ifb-content\"><div class=\"uagb-ifb-title-wrap\"><h2 class=\"uagb-ifb-title\"><strong>Sylvain Blassel<\/strong><\/h2><\/div><p class=\"uagb-ifb-desc\">Sylvain Blassel ist Harfenist und Dirigent. Sehr fr\u00fch in seiner Karriere f\u00fchrte seine Position als Assistent von Pierre Boulez beim Ensemble InterContemporain zu vielen pr\u00e4genden Erfahrungen: Er arbeitete zum Beispiel mit Gy\u00f6rgy Kurtag, Gy\u00f6rgy Ligeti, Brian Ferneyhough und Helmut Lachenmann. Auch als Instrumentalist erm\u00f6glichten ihm die regelm\u00e4\u00dfigen Orchesterauftritte Sylvain Blassels viele pr\u00e4gende musikalische Momente - zum Beispiel mit Claudio Abbado, Sir Simon Rattle, Gustavo Dudamel, Valery Gergiev, Alan Gilbert, und anderen.<br><br>Um das Repertoire, das ihm als Harfenist zur Verf\u00fcgung steht, zu erweitern, hat sich Sylvain Blassel auf die virtuose Bearbeitung bisher ungeahnter Musik auf der Harfe spezialisiert. Er spielt nicht einfach nur Transkriptionen von verdaulichen Soli, sondern Giganten des Klavier- und Orchesterrepertoires. Diese spannen einen Bogen von Guillaume de Machaut bis in die Gegenwart und umfassen tiefe Erkundungen von Bach, Beethoven, Haydn und Liszt. Dazu geh\u00f6ren Werke, die die besten Pianisten fordern (Liszts Campanella, Ungarische Rhapsodien...), und vor allem Meisterwerke - wie die Goldberg-Variationen und die letzten Sonaten Beethovens.\u00a0\u00a0\u00a0<br><br>Sylvain Blassels Einspielung der Goldberg-Variationen (Lontano\/Warner) wurde von der Kritik weithin bejubelt - \"eine exquisite Lekt\u00fcre\" (Gramophone); \"spielte mit einem gro\u00dfen Gef\u00fchl f\u00fcr die Gesamtarchitektur und die innere Ausdruckskraft, die gleicherma\u00dfen an Hewitt und Tureck erinnert\". Diese CD wurde auf einer Erard-Harfe von 1904 aufgenommen, ohne eine Note der Originalpartitur zu ver\u00e4ndern.<br><br>Fasziniert von der organologischen Entwicklung seines Instruments, spielt er auch oft mit historischen Orchestern. Er verf\u00fcgt \u00fcber eine umfangreiche pers\u00f6nliche Instrumentensammlung und pr\u00e4sentiert im Rahmen seiner Rezitale oft mehrere Harfen.<br><br>Sylvain Blassel ist Professor f\u00fcr Harfe am <a href=\"https:\/\/www.koncon.nl\/en\/\" target=\"_blank\" rel=\"noreferrer noopener\">K\u00f6niglichen Konservatorium<\/a> in Den Haag, Niederlande. Er wird regelm\u00e4\u00dfig zu Meisterkursen in der ganzen Welt eingeladen: in New York, Tokio, Toronto, Hongkong, Hamburg, Berlin, Prag, Chicago, Seoul, Peking und Shanghai. Er war Mitglied der Jurys des 20. Internationalen Harfenwettbewerbs in Israel und des 11. Internationalen Harfenwettbewerbs der USA.<br><br>Sylvain Blassels Editionen umfassen die vollst\u00e4ndigen Kompositionen f\u00fcr Laute von JS Bach, mehrere Werke von Liszt und Wagner, Kadenzen f\u00fcr H\u00e4ndel, Mozart und Boieldieu Harfenkonzert, Francisco T\u00e1rregas Recuerdos De La Alhambra und Debussys Premi\u00e8re Rhapsodie f\u00fcr Klarinette sowie Saint-Sa\u00ebns' Danse Macabre. <em>Danse Macabre<\/em>.<\/p><\/div><\/div><\/div>\n\n\n\n<div class=\"wp-block-uagb-image alignleft uagb-block-fevk6p4n wp-block-uagb-image--layout-default wp-block-uagb-image--effect-static wp-block-uagb-image--align-left\"><figure class=\"wp-block-uagb-image__figure\"><img decoding=\"async\" srcset=\"https:\/\/stellaematutinae.org\/wp-content\/uploads\/2024\/09\/P1980901-1024x683.jpeg ,https:\/\/stellaematutinae.org\/wp-content\/uploads\/2024\/09\/P1980901.jpeg 780w, https:\/\/stellaematutinae.org\/wp-content\/uploads\/2024\/09\/P1980901.jpeg 360w\" sizes=\"auto, (max-width: 480px) 150px\" src=\"https:\/\/stellaematutinae.org\/wp-content\/uploads\/2024\/09\/P1980901-1024x683.jpeg\" alt=\"\" class=\"uag-image-2400\" width=\"564\" height=\"376\" title=\"P1980901\" loading=\"lazy\" role=\"img\"\/><\/figure><\/div>\n\n\n\n<div class=\"wp-block-uagb-info-box uagb-block-fft3bzol uagb-infobox__content-wrap  uagb-infobox-icon-above-title uagb-infobox-image-valign-top wp-block-uagb-info-box--has-margin\"><div class=\"uagb-infobox-margin-wrapper\"><div class=\"uagb-ifb-content\"><div class=\"uagb-ifb-title-wrap\"><\/div><\/div><\/div><\/div>\n<\/div>\n\n\n\n<div class=\"wp-block-uagb-container uagb-block-1bimh2vt\">\n<div class=\"wp-block-uagb-image alignleft uagb-block-kmbx8qg0 wp-block-uagb-image--layout-default wp-block-uagb-image--effect-static wp-block-uagb-image--align-left\"><figure class=\"wp-block-uagb-image__figure\"><img decoding=\"async\" srcset=\"https:\/\/stellaematutinae.org\/wp-content\/uploads\/2024\/10\/910fcb21-3311-41b3-a15f-b509670a3ca6-713x1024.jpg ,https:\/\/stellaematutinae.org\/wp-content\/uploads\/2024\/10\/910fcb21-3311-41b3-a15f-b509670a3ca6.jpg 780w, https:\/\/stellaematutinae.org\/wp-content\/uploads\/2024\/10\/910fcb21-3311-41b3-a15f-b509670a3ca6.jpg 360w\" sizes=\"auto, (max-width: 480px) 150px\" src=\"https:\/\/stellaematutinae.org\/wp-content\/uploads\/2024\/10\/910fcb21-3311-41b3-a15f-b509670a3ca6-713x1024.jpg\" alt=\"\" class=\"uag-image-2451\" width=\"564\" height=\"376\" title=\"910fcb21-3311-41b3-a15f-b509670a3ca6\" loading=\"lazy\" role=\"img\"\/><\/figure><\/div>\n\n\n\n<div class=\"wp-block-uagb-info-box uagb-block-8uazjqwt uagb-infobox__content-wrap  uagb-infobox-icon-above-title uagb-infobox-image-valign-top wp-block-uagb-info-box--has-margin\"><div class=\"uagb-infobox-margin-wrapper\"><div class=\"uagb-ifb-content\"><div class=\"uagb-ifb-title-wrap\"><\/div><\/div><\/div><\/div>\n\n\n\n<figure class=\"wp-block-embed is-type-video is-provider-youtube wp-block-embed-youtube wp-embed-aspect-16-9 wp-has-aspect-ratio\"><div class=\"wp-block-embed__wrapper\">\n<iframe loading=\"lazy\" title=\"Franz Liszt - La Campanella - Sylvain Blassel, harp\" width=\"500\" height=\"281\" src=\"https:\/\/www.youtube.com\/embed\/9q4A1zrSB_c?feature=oembed\" frameborder=\"0\" allow=\"accelerometer; autoplay; clipboard-write; encrypted-media; gyroscope; picture-in-picture; web-share\" referrerpolicy=\"strict-origin-when-cross-origin\" allowfullscreen><\/iframe>\n<\/div><\/figure>\n\n\n\n<div class=\"wp-block-uagb-info-box uagb-block-sjiorxpf uagb-infobox__content-wrap  uagb-infobox-icon-above-title uagb-infobox-image-valign-top wp-block-uagb-info-box--has-margin\"><div class=\"uagb-infobox-margin-wrapper\"><div class=\"uagb-ifb-content\"><div class=\"uagb-ifb-title-wrap\"><h3 class=\"uagb-ifb-title\">Franz Liszt &#8211; La Campanella<\/h3><\/div><p class=\"uagb-ifb-desc\">Liszts \u201eGro\u00dfe Paganini-Et\u00fcden\u201c aus dem Jahr 1851 sind eine \u00fcberarbeitete Fassung der \u201eTranszendenten Et\u00fcden nach Paganini\u201c (1838). In beiden Fassungen ist die dritte, La Campanella, eine Zusammenfassung der \u201eGro\u00dfen Fantasia di Bravura \u00fcber Paganinis Campanella\u201c (1834). La campanella (\u201eDie kleine Glocke\u201c) ist die einzige Et\u00fcde, bei der es sich nicht um die Transkription einer Paganini-Caprice f\u00fcr Violine handelt, sondern um eine Folge von Variationen \u00fcber das Thema des Rondos aus Paganinis zweitem Violinkonzert, eine wahre Meisterleistung. <br>Die Darbietung von Sylvain Blassel auf der Harfe ist eine Weltpremiere und stellt keineswegs eine Vereinfachung des Originalst\u00fccks f\u00fcr Klavier dar. Die Transkription basiert auf der Erstausgabe (Breitkopf, 1851) und bleibt dem didaktischen Geist der Et\u00fcde treu, um Flexibilit\u00e4t, Geschicklichkeit und Beweglichkeit zu f\u00f6rdern. Nur einige wenige Abschnitte, die auf der Harfe funktionell unm\u00f6glich zu spielen sind, wurden durch ebenso schwierige, aber m\u00f6gliche Abschnitte ersetzt. Wie Liszt wurde die Musik aus praktischen Gr\u00fcnden von h-Moll f\u00fcr die Violine nach gis f\u00fcr das Klavier und schlie\u00dflich nach g-Moll f\u00fcr die Harfe transponiert. <br><br>Sylvain Blassel spielt auf einer Erard-Harfe von 1929 im Stil von Louis XVI.<\/p><\/div><\/div><\/div>\n<\/div>\n<\/div><\/div>","protected":false},"excerpt":{"rendered":"","protected":false},"author":1,"featured_media":0,"parent":0,"menu_order":0,"comment_status":"closed","ping_status":"closed","template":"","meta":{"_surecart_dashboard_logo_width":"180px","_surecart_dashboard_show_logo":true,"_surecart_dashboard_navigation_orders":true,"_surecart_dashboard_navigation_invoices":true,"_surecart_dashboard_navigation_subscriptions":true,"_surecart_dashboard_navigation_downloads":true,"_surecart_dashboard_navigation_billing":true,"_surecart_dashboard_navigation_account":true,"_uag_custom_page_level_css":"","site-sidebar-layout":"default","site-content-layout":"","ast-site-content-layout":"default","site-content-style":"default","site-sidebar-style":"default","ast-global-header-display":"","ast-banner-title-visibility":"","ast-main-header-display":"","ast-hfb-above-header-display":"","ast-hfb-below-header-display":"","ast-hfb-mobile-header-display":"","site-post-title":"","ast-breadcrumbs-content":"","ast-featured-img":"","footer-sml-layout":"","ast-disable-related-posts":"","theme-transparent-header-meta":"","adv-header-id-meta":"","stick-header-meta":"","header-above-stick-meta":"","header-main-stick-meta":"","header-below-stick-meta":"","astra-migrate-meta-layouts":"set","ast-page-background-enabled":"default","ast-page-background-meta":{"desktop":{"background-color":"var(--ast-global-color-4)","background-image":"","background-repeat":"repeat","background-position":"center center","background-size":"auto","background-attachment":"scroll","background-type":"","background-media":"","overlay-type":"","overlay-color":"","overlay-opacity":"","overlay-gradient":""},"tablet":{"background-color":"","background-image":"","background-repeat":"repeat","background-position":"center center","background-size":"auto","background-attachment":"scroll","background-type":"","background-media":"","overlay-type":"","overlay-color":"","overlay-opacity":"","overlay-gradient":""},"mobile":{"background-color":"","background-image":"","background-repeat":"repeat","background-position":"center center","background-size":"auto","background-attachment":"scroll","background-type":"","background-media":"","overlay-type":"","overlay-color":"","overlay-opacity":"","overlay-gradient":""}},"ast-content-background-meta":{"desktop":{"background-color":"var(--ast-global-color-5)","background-image":"","background-repeat":"repeat","background-position":"center center","background-size":"auto","background-attachment":"scroll","background-type":"","background-media":"","overlay-type":"","overlay-color":"","overlay-opacity":"","overlay-gradient":""},"tablet":{"background-color":"var(--ast-global-color-5)","background-image":"","background-repeat":"repeat","background-position":"center center","background-size":"auto","background-attachment":"scroll","background-type":"","background-media":"","overlay-type":"","overlay-color":"","overlay-opacity":"","overlay-gradient":""},"mobile":{"background-color":"var(--ast-global-color-5)","background-image":"","background-repeat":"repeat","background-position":"center center","background-size":"auto","background-attachment":"scroll","background-type":"","background-media":"","overlay-type":"","overlay-color":"","overlay-opacity":"","overlay-gradient":""}},"footnotes":""},"class_list":["post-2450","page","type-page","status-publish","hentry"],"featured_image_src":null,"yoast_head":"<!-- This site is optimized with the Yoast SEO plugin v27.5 - https:\/\/yoast.com\/product\/yoast-seo-wordpress\/ -->\n<title>Sylvain Blassel - Stellae Matutinae - European Harp Symposium<\/title>\n<meta name=\"robots\" content=\"index, follow, max-snippet:-1, max-image-preview:large, max-video-preview:-1\" \/>\n<link rel=\"canonical\" href=\"https:\/\/stellaematutinae.org\/de\/sylvain-blassel\/\" \/>\n<meta property=\"og:locale\" content=\"de_DE\" \/>\n<meta property=\"og:type\" content=\"article\" \/>\n<meta property=\"og:title\" content=\"Sylvain Blassel - Stellae Matutinae - European Harp Symposium\" \/>\n<meta property=\"og:url\" content=\"https:\/\/stellaematutinae.org\/de\/sylvain-blassel\/\" \/>\n<meta property=\"og:site_name\" content=\"Stellae Matutinae - European Harp Symposium\" \/>\n<meta property=\"article:publisher\" content=\"https:\/\/www.facebook.com\/stellaematutinae\" \/>\n<meta property=\"article:modified_time\" content=\"2024-12-31T12:19:48+00:00\" \/>\n<meta property=\"og:image\" content=\"http:\/\/stellaematutinae.org\/wp-content\/uploads\/2024\/09\/P1980901-1024x683.jpeg\" \/>\n<meta name=\"twitter:card\" content=\"summary_large_image\" \/>\n<meta name=\"twitter:label1\" content=\"Gesch\u00e4tzte Lesezeit\" \/>\n\t<meta name=\"twitter:data1\" content=\"3\u00a0Minuten\" \/>\n<script type=\"application\/ld+json\" class=\"yoast-schema-graph\">{\"@context\":\"https:\\\/\\\/schema.org\",\"@graph\":[{\"@type\":\"WebPage\",\"@id\":\"https:\\\/\\\/stellaematutinae.org\\\/sylvain-blassel\\\/\",\"url\":\"https:\\\/\\\/stellaematutinae.org\\\/sylvain-blassel\\\/\",\"name\":\"Sylvain Blassel - Stellae Matutinae - European Harp Symposium\",\"isPartOf\":{\"@id\":\"https:\\\/\\\/stellaematutinae.org\\\/#website\"},\"primaryImageOfPage\":{\"@id\":\"https:\\\/\\\/stellaematutinae.org\\\/sylvain-blassel\\\/#primaryimage\"},\"image\":{\"@id\":\"https:\\\/\\\/stellaematutinae.org\\\/sylvain-blassel\\\/#primaryimage\"},\"thumbnailUrl\":\"http:\\\/\\\/stellaematutinae.org\\\/wp-content\\\/uploads\\\/2024\\\/09\\\/P1980901-1024x683.jpeg\",\"datePublished\":\"2024-10-01T13:45:15+00:00\",\"dateModified\":\"2024-12-31T12:19:48+00:00\",\"breadcrumb\":{\"@id\":\"https:\\\/\\\/stellaematutinae.org\\\/sylvain-blassel\\\/#breadcrumb\"},\"inLanguage\":\"de\",\"potentialAction\":[{\"@type\":\"ReadAction\",\"target\":[\"https:\\\/\\\/stellaematutinae.org\\\/sylvain-blassel\\\/\"]}]},{\"@type\":\"ImageObject\",\"inLanguage\":\"de\",\"@id\":\"https:\\\/\\\/stellaematutinae.org\\\/sylvain-blassel\\\/#primaryimage\",\"url\":\"http:\\\/\\\/stellaematutinae.org\\\/wp-content\\\/uploads\\\/2024\\\/09\\\/P1980901-1024x683.jpeg\",\"contentUrl\":\"http:\\\/\\\/stellaematutinae.org\\\/wp-content\\\/uploads\\\/2024\\\/09\\\/P1980901-1024x683.jpeg\"},{\"@type\":\"BreadcrumbList\",\"@id\":\"https:\\\/\\\/stellaematutinae.org\\\/sylvain-blassel\\\/#breadcrumb\",\"itemListElement\":[{\"@type\":\"ListItem\",\"position\":1,\"name\":\"Home\",\"item\":\"https:\\\/\\\/stellaematutinae.org\\\/\"},{\"@type\":\"ListItem\",\"position\":2,\"name\":\"Sylvain Blassel\"}]},{\"@type\":\"WebSite\",\"@id\":\"https:\\\/\\\/stellaematutinae.org\\\/#website\",\"url\":\"https:\\\/\\\/stellaematutinae.org\\\/\",\"name\":\"Stellae Matutinae - European Harp Symposium\",\"description\":\"Folge den Sternen - Follow the Stars\",\"publisher\":{\"@id\":\"https:\\\/\\\/stellaematutinae.org\\\/#organization\"},\"alternateName\":\"European Harp Symposium 2025\",\"potentialAction\":[{\"@type\":\"SearchAction\",\"target\":{\"@type\":\"EntryPoint\",\"urlTemplate\":\"https:\\\/\\\/stellaematutinae.org\\\/?s={search_term_string}\"},\"query-input\":{\"@type\":\"PropertyValueSpecification\",\"valueRequired\":true,\"valueName\":\"search_term_string\"}}],\"inLanguage\":\"de\"},{\"@type\":\"Organization\",\"@id\":\"https:\\\/\\\/stellaematutinae.org\\\/#organization\",\"name\":\"Stellae Matutinae\",\"url\":\"https:\\\/\\\/stellaematutinae.org\\\/\",\"logo\":{\"@type\":\"ImageObject\",\"inLanguage\":\"de\",\"@id\":\"https:\\\/\\\/stellaematutinae.org\\\/#\\\/schema\\\/logo\\\/image\\\/\",\"url\":\"http:\\\/\\\/stellaematutinae.org\\\/wp-content\\\/uploads\\\/2024\\\/09\\\/cropped-nur-Stern.png\",\"contentUrl\":\"http:\\\/\\\/stellaematutinae.org\\\/wp-content\\\/uploads\\\/2024\\\/09\\\/cropped-nur-Stern.png\",\"width\":512,\"height\":512,\"caption\":\"Stellae Matutinae\"},\"image\":{\"@id\":\"https:\\\/\\\/stellaematutinae.org\\\/#\\\/schema\\\/logo\\\/image\\\/\"},\"sameAs\":[\"https:\\\/\\\/www.facebook.com\\\/stellaematutinae\",\"https:\\\/\\\/www.youtube.com\\\/@stellae_matutinae\",\"https:\\\/\\\/instagram.com\\\/stellaematutinae\"]}]}<\/script>\n<!-- \/ Yoast SEO plugin. -->","yoast_head_json":{"title":"Sylvain Blassel - Stellae Matutinae - European Harp Symposium","robots":{"index":"index","follow":"follow","max-snippet":"max-snippet:-1","max-image-preview":"max-image-preview:large","max-video-preview":"max-video-preview:-1"},"canonical":"https:\/\/stellaematutinae.org\/de\/sylvain-blassel\/","og_locale":"de_DE","og_type":"article","og_title":"Sylvain Blassel - Stellae Matutinae - European Harp Symposium","og_url":"https:\/\/stellaematutinae.org\/de\/sylvain-blassel\/","og_site_name":"Stellae Matutinae - European Harp Symposium","article_publisher":"https:\/\/www.facebook.com\/stellaematutinae","article_modified_time":"2024-12-31T12:19:48+00:00","og_image":[{"url":"http:\/\/stellaematutinae.org\/wp-content\/uploads\/2024\/09\/P1980901-1024x683.jpeg","type":"","width":"","height":""}],"twitter_card":"summary_large_image","twitter_misc":{"Gesch\u00e4tzte Lesezeit":"3\u00a0Minuten"},"schema":{"@context":"https:\/\/schema.org","@graph":[{"@type":"WebPage","@id":"https:\/\/stellaematutinae.org\/sylvain-blassel\/","url":"https:\/\/stellaematutinae.org\/sylvain-blassel\/","name":"Sylvain Blassel - Stellae Matutinae - European Harp Symposium","isPartOf":{"@id":"https:\/\/stellaematutinae.org\/#website"},"primaryImageOfPage":{"@id":"https:\/\/stellaematutinae.org\/sylvain-blassel\/#primaryimage"},"image":{"@id":"https:\/\/stellaematutinae.org\/sylvain-blassel\/#primaryimage"},"thumbnailUrl":"http:\/\/stellaematutinae.org\/wp-content\/uploads\/2024\/09\/P1980901-1024x683.jpeg","datePublished":"2024-10-01T13:45:15+00:00","dateModified":"2024-12-31T12:19:48+00:00","breadcrumb":{"@id":"https:\/\/stellaematutinae.org\/sylvain-blassel\/#breadcrumb"},"inLanguage":"de","potentialAction":[{"@type":"ReadAction","target":["https:\/\/stellaematutinae.org\/sylvain-blassel\/"]}]},{"@type":"ImageObject","inLanguage":"de","@id":"https:\/\/stellaematutinae.org\/sylvain-blassel\/#primaryimage","url":"http:\/\/stellaematutinae.org\/wp-content\/uploads\/2024\/09\/P1980901-1024x683.jpeg","contentUrl":"http:\/\/stellaematutinae.org\/wp-content\/uploads\/2024\/09\/P1980901-1024x683.jpeg"},{"@type":"BreadcrumbList","@id":"https:\/\/stellaematutinae.org\/sylvain-blassel\/#breadcrumb","itemListElement":[{"@type":"ListItem","position":1,"name":"Home","item":"https:\/\/stellaematutinae.org\/"},{"@type":"ListItem","position":2,"name":"Sylvain Blassel"}]},{"@type":"WebSite","@id":"https:\/\/stellaematutinae.org\/#website","url":"https:\/\/stellaematutinae.org\/","name":"Stellae Matutinae - European Harp Symposium","description":"Folge den Sternen - Follow the Stars","publisher":{"@id":"https:\/\/stellaematutinae.org\/#organization"},"alternateName":"European Harp Symposium 2025","potentialAction":[{"@type":"SearchAction","target":{"@type":"EntryPoint","urlTemplate":"https:\/\/stellaematutinae.org\/?s={search_term_string}"},"query-input":{"@type":"PropertyValueSpecification","valueRequired":true,"valueName":"search_term_string"}}],"inLanguage":"de"},{"@type":"Organization","@id":"https:\/\/stellaematutinae.org\/#organization","name":"Stellae Matutinae","url":"https:\/\/stellaematutinae.org\/","logo":{"@type":"ImageObject","inLanguage":"de","@id":"https:\/\/stellaematutinae.org\/#\/schema\/logo\/image\/","url":"http:\/\/stellaematutinae.org\/wp-content\/uploads\/2024\/09\/cropped-nur-Stern.png","contentUrl":"http:\/\/stellaematutinae.org\/wp-content\/uploads\/2024\/09\/cropped-nur-Stern.png","width":512,"height":512,"caption":"Stellae Matutinae"},"image":{"@id":"https:\/\/stellaematutinae.org\/#\/schema\/logo\/image\/"},"sameAs":["https:\/\/www.facebook.com\/stellaematutinae","https:\/\/www.youtube.com\/@stellae_matutinae","https:\/\/instagram.com\/stellaematutinae"]}]}},"uagb_featured_image_src":{"full":false,"thumbnail":false,"medium":false,"medium_large":false,"large":false,"1536x1536":false,"2048x2048":false,"trp-custom-language-flag":false,"tb-timeline-landscape":false,"tb-timeline-square":false},"uagb_author_info":{"display_name":"admin","author_link":"https:\/\/stellaematutinae.org\/de\/author\/admin\/"},"uagb_comment_info":0,"uagb_excerpt":null,"_links":{"self":[{"href":"https:\/\/stellaematutinae.org\/de\/wp-json\/wp\/v2\/pages\/2450","targetHints":{"allow":["GET"]}}],"collection":[{"href":"https:\/\/stellaematutinae.org\/de\/wp-json\/wp\/v2\/pages"}],"about":[{"href":"https:\/\/stellaematutinae.org\/de\/wp-json\/wp\/v2\/types\/page"}],"author":[{"embeddable":true,"href":"https:\/\/stellaematutinae.org\/de\/wp-json\/wp\/v2\/users\/1"}],"replies":[{"embeddable":true,"href":"https:\/\/stellaematutinae.org\/de\/wp-json\/wp\/v2\/comments?post=2450"}],"version-history":[{"count":2,"href":"https:\/\/stellaematutinae.org\/de\/wp-json\/wp\/v2\/pages\/2450\/revisions"}],"predecessor-version":[{"id":3030,"href":"https:\/\/stellaematutinae.org\/de\/wp-json\/wp\/v2\/pages\/2450\/revisions\/3030"}],"wp:attachment":[{"href":"https:\/\/stellaematutinae.org\/de\/wp-json\/wp\/v2\/media?parent=2450"}],"curies":[{"name":"wp","href":"https:\/\/api.w.org\/{rel}","templated":true}]}}