{"id":2447,"date":"2024-10-01T13:41:41","date_gmt":"2024-10-01T13:41:41","guid":{"rendered":"https:\/\/stellaematutinae.org\/?page_id=2447"},"modified":"2025-03-31T10:53:41","modified_gmt":"2025-03-31T09:53:41","slug":"elisa-netzer","status":"publish","type":"page","link":"https:\/\/stellaematutinae.org\/de\/elisa-netzer\/","title":{"rendered":"Elisa Netzer"},"content":{"rendered":"<div class=\"wp-block-uagb-container uagb-block-nozrcroi alignfull uagb-is-root-container\"><div class=\"uagb-container-inner-blocks-wrap\">\n<div class=\"wp-block-uagb-container uagb-block-mzbk5ge9\">\n<div class=\"wp-block-uagb-info-box uagb-block-nosvut4v uagb-infobox__content-wrap  uagb-infobox-icon-above-title uagb-infobox-image-valign-top wp-block-uagb-info-box--has-margin\"><div class=\"uagb-infobox-margin-wrapper\"><div class=\"uagb-ifb-content\"><div class=\"uagb-ifb-title-wrap\"><h2 class=\"uagb-ifb-title\"><strong>Elisa Netzer<\/strong><\/h2><\/div><p class=\"uagb-ifb-desc\">Beschrieben als \"aussergew\u00f6hnliches Talent\" (BBC Music Magazine) und \"K\u00fcnstlerin aus Technik, Klang und unglaublichem Ausdruck (The Classic Review), ist Elisa Netzer eine Harfenistin, die die B\u00fchne immer wieder erobert.<br>In den vergangenen Spielzeiten deb\u00fctierte sie als erste Harfenistin am renommierten Lucerne Festival und vertrat die Schweiz am World Harp Congress in Hongkong.<br>Sie hielt Recitals in ganz Europa, Russland, Brasilien und China und trat als Solistin mit verschiedenen Formationen auf, darunter das Orchestra della Svizzera Italiana, das Benacus Chamber Orchestra, das Stadtorchester Vigevano, das Kammerorchester Parma und das Symphonieorchester ArturoToscanini.<br>&nbsp;<br>Seit 2016 arbeitet sie zusammen mit dem Orchestra della Svizzera Italiana, dem Tonhalle\nOrchester Z\u00fcrich sowie als Erg\u00e4nzung zu Produktionen der Luxembourg Philharmonie, des Malta Symphony Orchestra, des Foroya Symfoniorkestur, des Orchestra Sinfonica Siciliana, des Orchestra Crescendo Z\u00fcrich und des Symphonieorchesters Asti.<br>&nbsp;<br>A pupil of Judith Liber, Skaila Kanga, Fabrice Pierre, Elisa Netzer obtained a&nbsp; Bachelor&#8217;s degree with distinction at the Conservatory of Parma, a Master&#8217;s degree with distinction at the prestigious Royal Academy of Music in London, a Master&#8217;s degree at the Conservatory of Milan and a Master&#8217;s degree in music pedagogy at the Conservatory of Italian Switzerland. She is also the winner of numerous national and international competitions, including the &#8216;Guy McGrath harp prize&#8217; (UK), the &#8216;Schweizerische Jugend Musik Wettbewerb&#8217; (CH), the &#8216;Suoni d&#8217;arpa&#8217; competition, the &#8216;Best of Italian Conservatories&#8217; competition and the &#8216;Concorso Salieri&#8217;.<br>&nbsp;<br>Ihre erste Plattenarbeit Toccata erschien 2018 bei Naxos International und wurde von Kritikern und Publikum mit grossem Beifall aufgenommen.<br>&nbsp;<br>Seit jeher bem\u00fcht sie sich, aufrichtige und innovative Wege zu finden, um so vielen Menschen wie m\u00f6glich die Welt der klassischen Musik n\u00e4her zu bringen, durch die Pr\u00e4sentation ihrer Konzerte, durch Artikel, und mit Radio-\/TV-Interventionen. \nSeit 2016 ist sie Co-Moderatorin der Sendung Paganini, ein Programm zur Verbreitung von Kultur und klassischer Musik, das im Schweizer Fernsehen in italienischer Sprache (RSI) ausgestrahlt wird.<br>&nbsp;<br>Seit 2022 ist sie Mitarbeiterin des Conservatorio della Svizzera italiana, wo sie co-Leiterin den Bereich Performance ist.<\/p><\/div><\/div><\/div>\n\n\n\n<div class=\"wp-block-uagb-image alignleft uagb-block-fevk6p4n wp-block-uagb-image--layout-default wp-block-uagb-image--effect-static wp-block-uagb-image--align-left\"><figure class=\"wp-block-uagb-image__figure\"><img decoding=\"async\" srcset=\"https:\/\/stellaematutinae.org\/wp-content\/uploads\/2024\/10\/Zrzut-ekranu-2024-09-27-o-13.36.23-1024x651.png ,https:\/\/stellaematutinae.org\/wp-content\/uploads\/2024\/10\/Zrzut-ekranu-2024-09-27-o-13.36.23.png 780w, https:\/\/stellaematutinae.org\/wp-content\/uploads\/2024\/10\/Zrzut-ekranu-2024-09-27-o-13.36.23.png 360w\" sizes=\"auto, (max-width: 480px) 150px\" src=\"https:\/\/stellaematutinae.org\/wp-content\/uploads\/2024\/10\/Zrzut-ekranu-2024-09-27-o-13.36.23-1024x651.png\" alt=\"\" class=\"uag-image-2448\" width=\"564\" height=\"376\" title=\"Zrzut ekranu 2024-09-27 o 13.36.23\" loading=\"lazy\" role=\"img\"\/><\/figure><\/div>\n\n\n\n<div class=\"wp-block-uagb-info-box uagb-block-fft3bzol uagb-infobox__content-wrap  uagb-infobox-icon-above-title uagb-infobox-image-valign-top wp-block-uagb-info-box--has-margin\"><div class=\"uagb-infobox-margin-wrapper\"><div class=\"uagb-ifb-content\"><div class=\"uagb-ifb-title-wrap\"><\/div><\/div><\/div><\/div>\n<\/div>\n\n\n\n<div class=\"wp-block-uagb-container uagb-block-1bimh2vt\">\n<div class=\"wp-block-uagb-image alignleft uagb-block-kmbx8qg0 wp-block-uagb-image--layout-default wp-block-uagb-image--effect-static wp-block-uagb-image--align-left\"><figure class=\"wp-block-uagb-image__figure\"><img decoding=\"async\" srcset=\"https:\/\/stellaematutinae.org\/wp-content\/uploads\/2024\/09\/elisa-netzer-molinavisuals-3-1024x682.jpg ,https:\/\/stellaematutinae.org\/wp-content\/uploads\/2024\/09\/elisa-netzer-molinavisuals-3.jpg 780w, https:\/\/stellaematutinae.org\/wp-content\/uploads\/2024\/09\/elisa-netzer-molinavisuals-3.jpg 360w\" sizes=\"auto, (max-width: 480px) 150px\" src=\"https:\/\/stellaematutinae.org\/wp-content\/uploads\/2024\/09\/elisa-netzer-molinavisuals-3-1024x682.jpg\" alt=\"\" class=\"uag-image-2390\" width=\"564\" height=\"376\" title=\"elisa-netzer-molinavisuals-3\" loading=\"lazy\" role=\"img\"\/><\/figure><\/div>\n\n\n\n<div class=\"wp-block-uagb-info-box uagb-block-8uazjqwt uagb-infobox__content-wrap  uagb-infobox-icon-above-title uagb-infobox-image-valign-top wp-block-uagb-info-box--has-margin\"><div class=\"uagb-infobox-margin-wrapper\"><div class=\"uagb-ifb-content\"><div class=\"uagb-ifb-title-wrap\"><\/div><\/div><\/div><\/div>\n\n\n\n<figure class=\"wp-block-embed is-type-video is-provider-youtube wp-block-embed-youtube wp-embed-aspect-16-9 wp-has-aspect-ratio\"><div class=\"wp-block-embed__wrapper\">\n<iframe loading=\"lazy\" title=\"Debussy - Danse sacr\u00e9e et danse profane | Elisa Netzer - harp\" width=\"500\" height=\"281\" src=\"https:\/\/www.youtube.com\/embed\/qD7Z2Xp3OEg?feature=oembed\" frameborder=\"0\" allow=\"accelerometer; autoplay; clipboard-write; encrypted-media; gyroscope; picture-in-picture; web-share\" referrerpolicy=\"strict-origin-when-cross-origin\" allowfullscreen><\/iframe>\n<\/div><\/figure>\n\n\n\n<div class=\"wp-block-uagb-info-box uagb-block-sjiorxpf uagb-infobox__content-wrap  uagb-infobox-icon-above-title uagb-infobox-image-valign-top wp-block-uagb-info-box--has-margin\"><div class=\"uagb-infobox-margin-wrapper\"><div class=\"uagb-ifb-content\"><div class=\"uagb-ifb-title-wrap\"><h3 class=\"uagb-ifb-title\">Claude Debussy &#8211; Danses Sacr\u00e9e et Profane<\/h3><\/div><p class=\"uagb-ifb-desc\">United Soloist Orchestra conducted by Arseniy Shkaptsov<\/p><\/div><\/div><\/div>\n<\/div>\n<\/div><\/div>","protected":false},"excerpt":{"rendered":"","protected":false},"author":1,"featured_media":0,"parent":0,"menu_order":0,"comment_status":"closed","ping_status":"closed","template":"","meta":{"_surecart_dashboard_logo_width":"180px","_surecart_dashboard_show_logo":true,"_surecart_dashboard_navigation_orders":true,"_surecart_dashboard_navigation_invoices":true,"_surecart_dashboard_navigation_subscriptions":true,"_surecart_dashboard_navigation_downloads":true,"_surecart_dashboard_navigation_billing":true,"_surecart_dashboard_navigation_account":true,"_uag_custom_page_level_css":"","site-sidebar-layout":"default","site-content-layout":"","ast-site-content-layout":"default","site-content-style":"default","site-sidebar-style":"default","ast-global-header-display":"","ast-banner-title-visibility":"","ast-main-header-display":"","ast-hfb-above-header-display":"","ast-hfb-below-header-display":"","ast-hfb-mobile-header-display":"","site-post-title":"","ast-breadcrumbs-content":"","ast-featured-img":"","footer-sml-layout":"","ast-disable-related-posts":"","theme-transparent-header-meta":"","adv-header-id-meta":"","stick-header-meta":"","header-above-stick-meta":"","header-main-stick-meta":"","header-below-stick-meta":"","astra-migrate-meta-layouts":"set","ast-page-background-enabled":"default","ast-page-background-meta":{"desktop":{"background-color":"var(--ast-global-color-4)","background-image":"","background-repeat":"repeat","background-position":"center center","background-size":"auto","background-attachment":"scroll","background-type":"","background-media":"","overlay-type":"","overlay-color":"","overlay-opacity":"","overlay-gradient":""},"tablet":{"background-color":"","background-image":"","background-repeat":"repeat","background-position":"center center","background-size":"auto","background-attachment":"scroll","background-type":"","background-media":"","overlay-type":"","overlay-color":"","overlay-opacity":"","overlay-gradient":""},"mobile":{"background-color":"","background-image":"","background-repeat":"repeat","background-position":"center center","background-size":"auto","background-attachment":"scroll","background-type":"","background-media":"","overlay-type":"","overlay-color":"","overlay-opacity":"","overlay-gradient":""}},"ast-content-background-meta":{"desktop":{"background-color":"var(--ast-global-color-5)","background-image":"","background-repeat":"repeat","background-position":"center center","background-size":"auto","background-attachment":"scroll","background-type":"","background-media":"","overlay-type":"","overlay-color":"","overlay-opacity":"","overlay-gradient":""},"tablet":{"background-color":"var(--ast-global-color-5)","background-image":"","background-repeat":"repeat","background-position":"center center","background-size":"auto","background-attachment":"scroll","background-type":"","background-media":"","overlay-type":"","overlay-color":"","overlay-opacity":"","overlay-gradient":""},"mobile":{"background-color":"var(--ast-global-color-5)","background-image":"","background-repeat":"repeat","background-position":"center center","background-size":"auto","background-attachment":"scroll","background-type":"","background-media":"","overlay-type":"","overlay-color":"","overlay-opacity":"","overlay-gradient":""}},"footnotes":""},"class_list":["post-2447","page","type-page","status-publish","hentry"],"featured_image_src":null,"yoast_head":"<!-- This site is optimized with the Yoast SEO plugin v27.5 - https:\/\/yoast.com\/product\/yoast-seo-wordpress\/ -->\n<title>Elisa Netzer - Stellae Matutinae - European Harp Symposium<\/title>\n<meta name=\"robots\" content=\"index, follow, max-snippet:-1, max-image-preview:large, max-video-preview:-1\" \/>\n<link rel=\"canonical\" href=\"https:\/\/stellaematutinae.org\/de\/elisa-netzer\/\" \/>\n<meta property=\"og:locale\" content=\"de_DE\" \/>\n<meta property=\"og:type\" content=\"article\" \/>\n<meta property=\"og:title\" content=\"Elisa Netzer - Stellae Matutinae - European Harp Symposium\" \/>\n<meta property=\"og:url\" content=\"https:\/\/stellaematutinae.org\/de\/elisa-netzer\/\" \/>\n<meta property=\"og:site_name\" content=\"Stellae Matutinae - European Harp Symposium\" \/>\n<meta property=\"article:publisher\" content=\"https:\/\/www.facebook.com\/stellaematutinae\" \/>\n<meta property=\"article:modified_time\" content=\"2025-03-31T09:53:41+00:00\" \/>\n<meta property=\"og:image\" content=\"http:\/\/stellaematutinae.org\/wp-content\/uploads\/2024\/10\/Zrzut-ekranu-2024-09-27-o-13.36.23-1024x651.png\" \/>\n<meta name=\"twitter:card\" content=\"summary_large_image\" \/>\n<meta name=\"twitter:label1\" content=\"Gesch\u00e4tzte Lesezeit\" \/>\n\t<meta name=\"twitter:data1\" content=\"2\u00a0Minuten\" \/>\n<script type=\"application\/ld+json\" class=\"yoast-schema-graph\">{\"@context\":\"https:\\\/\\\/schema.org\",\"@graph\":[{\"@type\":\"WebPage\",\"@id\":\"https:\\\/\\\/stellaematutinae.org\\\/elisa-netzer\\\/\",\"url\":\"https:\\\/\\\/stellaematutinae.org\\\/elisa-netzer\\\/\",\"name\":\"Elisa Netzer - Stellae Matutinae - European Harp Symposium\",\"isPartOf\":{\"@id\":\"https:\\\/\\\/stellaematutinae.org\\\/#website\"},\"primaryImageOfPage\":{\"@id\":\"https:\\\/\\\/stellaematutinae.org\\\/elisa-netzer\\\/#primaryimage\"},\"image\":{\"@id\":\"https:\\\/\\\/stellaematutinae.org\\\/elisa-netzer\\\/#primaryimage\"},\"thumbnailUrl\":\"http:\\\/\\\/stellaematutinae.org\\\/wp-content\\\/uploads\\\/2024\\\/10\\\/Zrzut-ekranu-2024-09-27-o-13.36.23-1024x651.png\",\"datePublished\":\"2024-10-01T13:41:41+00:00\",\"dateModified\":\"2025-03-31T09:53:41+00:00\",\"breadcrumb\":{\"@id\":\"https:\\\/\\\/stellaematutinae.org\\\/elisa-netzer\\\/#breadcrumb\"},\"inLanguage\":\"de\",\"potentialAction\":[{\"@type\":\"ReadAction\",\"target\":[\"https:\\\/\\\/stellaematutinae.org\\\/elisa-netzer\\\/\"]}]},{\"@type\":\"ImageObject\",\"inLanguage\":\"de\",\"@id\":\"https:\\\/\\\/stellaematutinae.org\\\/elisa-netzer\\\/#primaryimage\",\"url\":\"http:\\\/\\\/stellaematutinae.org\\\/wp-content\\\/uploads\\\/2024\\\/10\\\/Zrzut-ekranu-2024-09-27-o-13.36.23-1024x651.png\",\"contentUrl\":\"http:\\\/\\\/stellaematutinae.org\\\/wp-content\\\/uploads\\\/2024\\\/10\\\/Zrzut-ekranu-2024-09-27-o-13.36.23-1024x651.png\"},{\"@type\":\"BreadcrumbList\",\"@id\":\"https:\\\/\\\/stellaematutinae.org\\\/elisa-netzer\\\/#breadcrumb\",\"itemListElement\":[{\"@type\":\"ListItem\",\"position\":1,\"name\":\"Home\",\"item\":\"https:\\\/\\\/stellaematutinae.org\\\/\"},{\"@type\":\"ListItem\",\"position\":2,\"name\":\"Elisa Netzer\"}]},{\"@type\":\"WebSite\",\"@id\":\"https:\\\/\\\/stellaematutinae.org\\\/#website\",\"url\":\"https:\\\/\\\/stellaematutinae.org\\\/\",\"name\":\"Stellae Matutinae - European Harp Symposium\",\"description\":\"Folge den Sternen - Follow the Stars\",\"publisher\":{\"@id\":\"https:\\\/\\\/stellaematutinae.org\\\/#organization\"},\"alternateName\":\"European Harp Symposium 2025\",\"potentialAction\":[{\"@type\":\"SearchAction\",\"target\":{\"@type\":\"EntryPoint\",\"urlTemplate\":\"https:\\\/\\\/stellaematutinae.org\\\/?s={search_term_string}\"},\"query-input\":{\"@type\":\"PropertyValueSpecification\",\"valueRequired\":true,\"valueName\":\"search_term_string\"}}],\"inLanguage\":\"de\"},{\"@type\":\"Organization\",\"@id\":\"https:\\\/\\\/stellaematutinae.org\\\/#organization\",\"name\":\"Stellae Matutinae\",\"url\":\"https:\\\/\\\/stellaematutinae.org\\\/\",\"logo\":{\"@type\":\"ImageObject\",\"inLanguage\":\"de\",\"@id\":\"https:\\\/\\\/stellaematutinae.org\\\/#\\\/schema\\\/logo\\\/image\\\/\",\"url\":\"http:\\\/\\\/stellaematutinae.org\\\/wp-content\\\/uploads\\\/2024\\\/09\\\/cropped-nur-Stern.png\",\"contentUrl\":\"http:\\\/\\\/stellaematutinae.org\\\/wp-content\\\/uploads\\\/2024\\\/09\\\/cropped-nur-Stern.png\",\"width\":512,\"height\":512,\"caption\":\"Stellae Matutinae\"},\"image\":{\"@id\":\"https:\\\/\\\/stellaematutinae.org\\\/#\\\/schema\\\/logo\\\/image\\\/\"},\"sameAs\":[\"https:\\\/\\\/www.facebook.com\\\/stellaematutinae\",\"https:\\\/\\\/www.youtube.com\\\/@stellae_matutinae\",\"https:\\\/\\\/instagram.com\\\/stellaematutinae\"]}]}<\/script>\n<!-- \/ Yoast SEO plugin. -->","yoast_head_json":{"title":"Elisa Netzer - Stellae Matutinae - European Harp Symposium","robots":{"index":"index","follow":"follow","max-snippet":"max-snippet:-1","max-image-preview":"max-image-preview:large","max-video-preview":"max-video-preview:-1"},"canonical":"https:\/\/stellaematutinae.org\/de\/elisa-netzer\/","og_locale":"de_DE","og_type":"article","og_title":"Elisa Netzer - Stellae Matutinae - European Harp Symposium","og_url":"https:\/\/stellaematutinae.org\/de\/elisa-netzer\/","og_site_name":"Stellae Matutinae - European Harp Symposium","article_publisher":"https:\/\/www.facebook.com\/stellaematutinae","article_modified_time":"2025-03-31T09:53:41+00:00","og_image":[{"url":"http:\/\/stellaematutinae.org\/wp-content\/uploads\/2024\/10\/Zrzut-ekranu-2024-09-27-o-13.36.23-1024x651.png","type":"","width":"","height":""}],"twitter_card":"summary_large_image","twitter_misc":{"Gesch\u00e4tzte Lesezeit":"2\u00a0Minuten"},"schema":{"@context":"https:\/\/schema.org","@graph":[{"@type":"WebPage","@id":"https:\/\/stellaematutinae.org\/elisa-netzer\/","url":"https:\/\/stellaematutinae.org\/elisa-netzer\/","name":"Elisa Netzer - Stellae Matutinae - European Harp Symposium","isPartOf":{"@id":"https:\/\/stellaematutinae.org\/#website"},"primaryImageOfPage":{"@id":"https:\/\/stellaematutinae.org\/elisa-netzer\/#primaryimage"},"image":{"@id":"https:\/\/stellaematutinae.org\/elisa-netzer\/#primaryimage"},"thumbnailUrl":"http:\/\/stellaematutinae.org\/wp-content\/uploads\/2024\/10\/Zrzut-ekranu-2024-09-27-o-13.36.23-1024x651.png","datePublished":"2024-10-01T13:41:41+00:00","dateModified":"2025-03-31T09:53:41+00:00","breadcrumb":{"@id":"https:\/\/stellaematutinae.org\/elisa-netzer\/#breadcrumb"},"inLanguage":"de","potentialAction":[{"@type":"ReadAction","target":["https:\/\/stellaematutinae.org\/elisa-netzer\/"]}]},{"@type":"ImageObject","inLanguage":"de","@id":"https:\/\/stellaematutinae.org\/elisa-netzer\/#primaryimage","url":"http:\/\/stellaematutinae.org\/wp-content\/uploads\/2024\/10\/Zrzut-ekranu-2024-09-27-o-13.36.23-1024x651.png","contentUrl":"http:\/\/stellaematutinae.org\/wp-content\/uploads\/2024\/10\/Zrzut-ekranu-2024-09-27-o-13.36.23-1024x651.png"},{"@type":"BreadcrumbList","@id":"https:\/\/stellaematutinae.org\/elisa-netzer\/#breadcrumb","itemListElement":[{"@type":"ListItem","position":1,"name":"Home","item":"https:\/\/stellaematutinae.org\/"},{"@type":"ListItem","position":2,"name":"Elisa Netzer"}]},{"@type":"WebSite","@id":"https:\/\/stellaematutinae.org\/#website","url":"https:\/\/stellaematutinae.org\/","name":"Stellae Matutinae - European Harp Symposium","description":"Folge den Sternen - Follow the Stars","publisher":{"@id":"https:\/\/stellaematutinae.org\/#organization"},"alternateName":"European Harp Symposium 2025","potentialAction":[{"@type":"SearchAction","target":{"@type":"EntryPoint","urlTemplate":"https:\/\/stellaematutinae.org\/?s={search_term_string}"},"query-input":{"@type":"PropertyValueSpecification","valueRequired":true,"valueName":"search_term_string"}}],"inLanguage":"de"},{"@type":"Organization","@id":"https:\/\/stellaematutinae.org\/#organization","name":"Stellae Matutinae","url":"https:\/\/stellaematutinae.org\/","logo":{"@type":"ImageObject","inLanguage":"de","@id":"https:\/\/stellaematutinae.org\/#\/schema\/logo\/image\/","url":"http:\/\/stellaematutinae.org\/wp-content\/uploads\/2024\/09\/cropped-nur-Stern.png","contentUrl":"http:\/\/stellaematutinae.org\/wp-content\/uploads\/2024\/09\/cropped-nur-Stern.png","width":512,"height":512,"caption":"Stellae Matutinae"},"image":{"@id":"https:\/\/stellaematutinae.org\/#\/schema\/logo\/image\/"},"sameAs":["https:\/\/www.facebook.com\/stellaematutinae","https:\/\/www.youtube.com\/@stellae_matutinae","https:\/\/instagram.com\/stellaematutinae"]}]}},"uagb_featured_image_src":{"full":false,"thumbnail":false,"medium":false,"medium_large":false,"large":false,"1536x1536":false,"2048x2048":false,"trp-custom-language-flag":false,"tb-timeline-landscape":false,"tb-timeline-square":false},"uagb_author_info":{"display_name":"admin","author_link":"https:\/\/stellaematutinae.org\/de\/author\/admin\/"},"uagb_comment_info":0,"uagb_excerpt":null,"_links":{"self":[{"href":"https:\/\/stellaematutinae.org\/de\/wp-json\/wp\/v2\/pages\/2447","targetHints":{"allow":["GET"]}}],"collection":[{"href":"https:\/\/stellaematutinae.org\/de\/wp-json\/wp\/v2\/pages"}],"about":[{"href":"https:\/\/stellaematutinae.org\/de\/wp-json\/wp\/v2\/types\/page"}],"author":[{"embeddable":true,"href":"https:\/\/stellaematutinae.org\/de\/wp-json\/wp\/v2\/users\/1"}],"replies":[{"embeddable":true,"href":"https:\/\/stellaematutinae.org\/de\/wp-json\/wp\/v2\/comments?post=2447"}],"version-history":[{"count":2,"href":"https:\/\/stellaematutinae.org\/de\/wp-json\/wp\/v2\/pages\/2447\/revisions"}],"predecessor-version":[{"id":3282,"href":"https:\/\/stellaematutinae.org\/de\/wp-json\/wp\/v2\/pages\/2447\/revisions\/3282"}],"wp:attachment":[{"href":"https:\/\/stellaematutinae.org\/de\/wp-json\/wp\/v2\/media?parent=2447"}],"curies":[{"name":"wp","href":"https:\/\/api.w.org\/{rel}","templated":true}]}}