{"id":2433,"date":"2024-10-01T13:21:17","date_gmt":"2024-10-01T13:21:17","guid":{"rendered":"https:\/\/stellaematutinae.org\/?page_id=2433"},"modified":"2025-03-30T12:33:53","modified_gmt":"2025-03-30T11:33:53","slug":"eva-curth","status":"publish","type":"page","link":"https:\/\/stellaematutinae.org\/de\/eva-curth\/","title":{"rendered":"Eva Curth"},"content":{"rendered":"<div class=\"wp-block-uagb-container uagb-block-nozrcroi alignfull uagb-is-root-container\"><div class=\"uagb-container-inner-blocks-wrap\">\n<div class=\"wp-block-uagb-container uagb-block-mzbk5ge9\">\n<div class=\"wp-block-uagb-call-to-action uagb-block-a05874ac wp-block-button\"><div class=\"uagb-cta__wrap\"><h3 class=\"uagb-cta__title\">\u201eKlein, aber oho!\u201c - Die ungeahnten M\u00f6glichkeiten der Mini-Hakenharfe<\/h3><p class=\"uagb-cta__desc\">Klicken Sie hier, um mehr \u00fcber den Workshop zu erfahren!<\/p><\/div><div class=\"uagb-cta__buttons\"><a href=\"https:\/\/stellaematutinae.org\/de\/small-but-mighty\/\" class=\"uagb-cta__button-link-wrapper wp-block-button__link\" target=\"_self\" rel=\"noopener noreferrer\">Mehr lesen<svg xmlns=\"https:\/\/www.w3.org\/2000\/svg\" viewbox=\"0 0 512 512\"><path d=\"M504.3 273.6l-112.1 104c-6.992 6.484-17.18 8.218-25.94 4.406c-8.758-3.812-14.42-12.45-14.42-21.1L351.9 288H32C14.33 288 .0002 273.7 .0002 255.1S14.33 224 32 224h319.9l0-72c0-9.547 5.66-18.19 14.42-22c8.754-3.809 18.95-2.075 25.94 4.41l112.1 104C514.6 247.9 514.6 264.1 504.3 273.6z\"><\/path><\/svg><\/a><\/div><\/div>\n\n\n\n<div class=\"wp-block-uagb-info-box uagb-block-nosvut4v uagb-infobox__content-wrap  uagb-infobox-icon-above-title uagb-infobox-image-valign-top wp-block-uagb-info-box--has-margin\"><div class=\"uagb-infobox-margin-wrapper\"><div class=\"uagb-ifb-content\"><div class=\"uagb-ifb-title-wrap\"><h2 class=\"uagb-ifb-title\">Eva Curth<\/h2><\/div><p class=\"uagb-ifb-desc\">Eva Curth ist eine der vielseitigsten Interpretinnen in der Welt der Harfenmusik. In Herford als Tochter eines Orchestermusikers geboren erhielt sie bereits als Kind eine umfangreiche musikalische Ausbildung, Klavier- und Gesangsunterricht. Ersten Harfenunterricht  erhielt sie im Alter von 15 Jahren bei Monika H\u00f6lters. Sie studierte Harfe an der Musikhochschule Detmold sowie an der Hochschule f\u00fcr Musik und Darstellende Kunst MOZARTEUM in Salzburg bei Prof. Edward Witsenburg und absolvierte ihr Solistendiplom mit Auszeichnung. Starke Impulse erhielt sie au\u00dferdem durch regelm\u00e4\u00dfigen Unterricht bei Alice Giles.  \n\nEva Curth war als Soloharfenistin zun\u00e4chst am Landestheater Detmold engagiert, dann 12 Jahre als Soloharfenistin am Theater am Potsdamer Platz in Berlin unter Vertrag. Sie verlie\u00df das Theater auf eigenen Wunsch, um sich ganz dem solistischen und kammermusikalischen Konzertieren und Unterrichten widmen zu k\u00f6nnen, was eine weiterhin rege Orchesteraushilfst\u00e4tigkeit jedoch mit einschlie\u00dft. Seit 2021 ist sie Teil der Wagner Cycles bei Concerto K\u00f6ln\/Dresdner Festspielorchester unter Kent Nagano, wo zum ersten mal seit der Urauff\u00fchrung der urspr\u00fcngliche Klang auf historischen Instrumenten erforscht und wiederbelebt wird.<br><br>Als Solistin und Kammermusikerin gastiert sie in der ganzen Welt. Sie spielte etliche Urauff\u00fchrungen sowie zahlreiche Rundfunk- und CD-Produktionen ein. 2014 wurde sie als K\u00fcnstlerin auf den Weltharfenkongress nach Sydney, Australien eingeladen, 2016 erfolgte die Wahl zur Stellvertretenden Vorsitzenden des Verbandes der Harfenisten in Deutschland.\n\nEva Curth leitete die Harfenklassen an der Musikschule Duisburg und der Schule f\u00fcr Musik und Kunst in G\u00fctersloh, seit 2008 ist sie Dozentin am Konservatorium Georg Philipp Telemann in Magdeburg und dar\u00fcber hinaus international eine gefragte Dozentin von Interpretationskursen, Workshops und privatem Unterricht.<br><br>Zus\u00e4tzlich zu ihrem klassischen Studium der Konzertharfe erarbeitete sie sich Kenntnisse, Repertoire und besondere Spieltechniken vieler anderer Harfenarten wie der irischen, der mittelalterlichen gotischen, der alpenl\u00e4ndische Volksharfe sowie von historischen Einfach- und Doppelpedalharfen und ist in jedem Gebiet eine gefragte Musikerin. Auch als M\u00e4rchenerz\u00e4hlerin mit Harfe hat sie sich einen Namen gemacht. Zahlreiche CD-Einspielungen spiegeln ihren musikalischen Werdegang.<\/p><\/div><\/div><\/div>\n\n\n\n<div class=\"wp-block-uagb-image alignleft uagb-block-fevk6p4n wp-block-uagb-image--layout-default wp-block-uagb-image--effect-static wp-block-uagb-image--align-left\"><figure class=\"wp-block-uagb-image__figure\"><img decoding=\"async\" srcset=\"https:\/\/stellaematutinae.org\/wp-content\/uploads\/2024\/11\/0226-1024x683.jpg ,https:\/\/stellaematutinae.org\/wp-content\/uploads\/2024\/11\/0226-scaled.jpg 780w, https:\/\/stellaematutinae.org\/wp-content\/uploads\/2024\/11\/0226-scaled.jpg 360w\" sizes=\"auto, (max-width: 480px) 150px\" src=\"https:\/\/stellaematutinae.org\/wp-content\/uploads\/2024\/11\/0226-1024x683.jpg\" alt=\"\" class=\"uag-image-2856\" width=\"564\" height=\"376\" title=\"Eva Curth\" loading=\"lazy\" role=\"img\"\/><\/figure><\/div>\n\n\n\n<div class=\"wp-block-uagb-info-box uagb-block-fft3bzol uagb-infobox__content-wrap  uagb-infobox-icon-above-title uagb-infobox-image-valign-top wp-block-uagb-info-box--has-margin\"><div class=\"uagb-infobox-margin-wrapper\"><div class=\"uagb-ifb-content\"><div class=\"uagb-ifb-title-wrap\"><\/div><\/div><\/div><\/div>\n<\/div>\n\n\n\n<div class=\"wp-block-uagb-container uagb-block-1bimh2vt\">\n<div class=\"wp-block-uagb-image alignleft uagb-block-kmbx8qg0 wp-block-uagb-image--layout-default wp-block-uagb-image--effect-static wp-block-uagb-image--align-left\"><figure class=\"wp-block-uagb-image__figure\"><img decoding=\"async\" srcset=\"https:\/\/stellaematutinae.org\/wp-content\/uploads\/2024\/11\/Eva-Curth-by-ddphotography.de-12580-JPG-sRGB-320dpi-60cm-Kopie-1024x683.jpg ,https:\/\/stellaematutinae.org\/wp-content\/uploads\/2024\/11\/Eva-Curth-by-ddphotography.de-12580-JPG-sRGB-320dpi-60cm-Kopie-scaled.jpg 780w, https:\/\/stellaematutinae.org\/wp-content\/uploads\/2024\/11\/Eva-Curth-by-ddphotography.de-12580-JPG-sRGB-320dpi-60cm-Kopie-scaled.jpg 360w\" sizes=\"auto, (max-width: 480px) 150px\" src=\"https:\/\/stellaematutinae.org\/wp-content\/uploads\/2024\/11\/Eva-Curth-by-ddphotography.de-12580-JPG-sRGB-320dpi-60cm-Kopie-1024x683.jpg\" alt=\"Eva Curth\" class=\"uag-image-2858\" width=\"564\" height=\"376\" title=\"Eva Curth by ddphotography.de 12580-JPG sRGB 320dpi-60cm Kopie\" loading=\"lazy\" role=\"img\"\/><\/figure><\/div>\n\n\n\n<div class=\"wp-block-uagb-info-box uagb-block-8uazjqwt uagb-infobox__content-wrap  uagb-infobox-icon-above-title uagb-infobox-image-valign-top wp-block-uagb-info-box--has-margin\"><div class=\"uagb-infobox-margin-wrapper\"><div class=\"uagb-ifb-content\"><div class=\"uagb-ifb-title-wrap\"><\/div><\/div><\/div><\/div>\n\n\n\n<figure class=\"wp-block-embed is-type-video is-provider-youtube wp-block-embed-youtube wp-embed-aspect-16-9 wp-has-aspect-ratio\"><div class=\"wp-block-embed__wrapper\">\n<iframe loading=\"lazy\" title=\"Romance (J. B. Krumpholtz\/Krumpholz) - played on Lever Harp by Eva Curth\" width=\"500\" height=\"281\" src=\"https:\/\/www.youtube.com\/embed\/ozGYB8VVRVI?feature=oembed\" frameborder=\"0\" allow=\"accelerometer; autoplay; clipboard-write; encrypted-media; gyroscope; picture-in-picture; web-share\" referrerpolicy=\"strict-origin-when-cross-origin\" allowfullscreen><\/iframe>\n<\/div><\/figure>\n\n\n\n<div class=\"wp-block-uagb-info-box uagb-block-sjiorxpf uagb-infobox__content-wrap  uagb-infobox-icon-above-title uagb-infobox-image-valign-top wp-block-uagb-info-box--has-margin\"><div class=\"uagb-infobox-margin-wrapper\"><div class=\"uagb-ifb-content\"><div class=\"uagb-ifb-title-wrap\"><h3 class=\"uagb-ifb-title\">Romance (J. B. Krumpholtz\/Krumpholz) - gespielt auf der Lever Harp von Eva Curth<\/h3><\/div><p class=\"uagb-ifb-desc\">Jean-Baptiste Krumpholz (1742-1790), Sonate Nr. I Opp. 113-114 B-Dur zweiter Satz Eingespielt von Ralf Kleemann.<\/p><\/div><\/div><\/div>\n<\/div>\n<\/div><\/div>","protected":false},"excerpt":{"rendered":"","protected":false},"author":1,"featured_media":0,"parent":0,"menu_order":0,"comment_status":"closed","ping_status":"closed","template":"","meta":{"_surecart_dashboard_logo_width":"180px","_surecart_dashboard_show_logo":true,"_surecart_dashboard_navigation_orders":true,"_surecart_dashboard_navigation_invoices":true,"_surecart_dashboard_navigation_subscriptions":true,"_surecart_dashboard_navigation_downloads":true,"_surecart_dashboard_navigation_billing":true,"_surecart_dashboard_navigation_account":true,"_uag_custom_page_level_css":"","site-sidebar-layout":"default","site-content-layout":"","ast-site-content-layout":"default","site-content-style":"default","site-sidebar-style":"default","ast-global-header-display":"","ast-banner-title-visibility":"","ast-main-header-display":"","ast-hfb-above-header-display":"","ast-hfb-below-header-display":"","ast-hfb-mobile-header-display":"","site-post-title":"","ast-breadcrumbs-content":"","ast-featured-img":"","footer-sml-layout":"","ast-disable-related-posts":"","theme-transparent-header-meta":"","adv-header-id-meta":"","stick-header-meta":"","header-above-stick-meta":"","header-main-stick-meta":"","header-below-stick-meta":"","astra-migrate-meta-layouts":"set","ast-page-background-enabled":"default","ast-page-background-meta":{"desktop":{"background-color":"var(--ast-global-color-4)","background-image":"","background-repeat":"repeat","background-position":"center center","background-size":"auto","background-attachment":"scroll","background-type":"","background-media":"","overlay-type":"","overlay-color":"","overlay-opacity":"","overlay-gradient":""},"tablet":{"background-color":"","background-image":"","background-repeat":"repeat","background-position":"center center","background-size":"auto","background-attachment":"scroll","background-type":"","background-media":"","overlay-type":"","overlay-color":"","overlay-opacity":"","overlay-gradient":""},"mobile":{"background-color":"","background-image":"","background-repeat":"repeat","background-position":"center center","background-size":"auto","background-attachment":"scroll","background-type":"","background-media":"","overlay-type":"","overlay-color":"","overlay-opacity":"","overlay-gradient":""}},"ast-content-background-meta":{"desktop":{"background-color":"var(--ast-global-color-5)","background-image":"","background-repeat":"repeat","background-position":"center center","background-size":"auto","background-attachment":"scroll","background-type":"","background-media":"","overlay-type":"","overlay-color":"","overlay-opacity":"","overlay-gradient":""},"tablet":{"background-color":"var(--ast-global-color-5)","background-image":"","background-repeat":"repeat","background-position":"center center","background-size":"auto","background-attachment":"scroll","background-type":"","background-media":"","overlay-type":"","overlay-color":"","overlay-opacity":"","overlay-gradient":""},"mobile":{"background-color":"var(--ast-global-color-5)","background-image":"","background-repeat":"repeat","background-position":"center center","background-size":"auto","background-attachment":"scroll","background-type":"","background-media":"","overlay-type":"","overlay-color":"","overlay-opacity":"","overlay-gradient":""}},"footnotes":""},"class_list":["post-2433","page","type-page","status-publish","hentry"],"featured_image_src":null,"yoast_head":"<!-- This site is optimized with the Yoast SEO plugin v27.5 - https:\/\/yoast.com\/product\/yoast-seo-wordpress\/ -->\n<title>Eva Curth - Stellae Matutinae - European Harp Symposium<\/title>\n<meta name=\"robots\" content=\"index, follow, max-snippet:-1, max-image-preview:large, max-video-preview:-1\" \/>\n<link rel=\"canonical\" href=\"https:\/\/stellaematutinae.org\/de\/eva-curth\/\" \/>\n<meta property=\"og:locale\" content=\"de_DE\" \/>\n<meta property=\"og:type\" content=\"article\" \/>\n<meta property=\"og:title\" content=\"Eva Curth - Stellae Matutinae - European Harp Symposium\" \/>\n<meta property=\"og:url\" content=\"https:\/\/stellaematutinae.org\/de\/eva-curth\/\" \/>\n<meta property=\"og:site_name\" content=\"Stellae Matutinae - European Harp Symposium\" \/>\n<meta property=\"article:publisher\" content=\"https:\/\/www.facebook.com\/stellaematutinae\" \/>\n<meta property=\"article:modified_time\" content=\"2025-03-30T11:33:53+00:00\" \/>\n<meta property=\"og:image\" content=\"https:\/\/stellaematutinae.org\/wp-content\/uploads\/2024\/11\/0226-1024x683.jpg\" \/>\n<meta name=\"twitter:card\" content=\"summary_large_image\" \/>\n<meta name=\"twitter:label1\" content=\"Gesch\u00e4tzte Lesezeit\" \/>\n\t<meta name=\"twitter:data1\" content=\"3\u00a0Minuten\" \/>\n<script type=\"application\/ld+json\" class=\"yoast-schema-graph\">{\"@context\":\"https:\\\/\\\/schema.org\",\"@graph\":[{\"@type\":\"WebPage\",\"@id\":\"https:\\\/\\\/stellaematutinae.org\\\/eva-curth\\\/\",\"url\":\"https:\\\/\\\/stellaematutinae.org\\\/eva-curth\\\/\",\"name\":\"Eva Curth - Stellae Matutinae - European Harp Symposium\",\"isPartOf\":{\"@id\":\"https:\\\/\\\/stellaematutinae.org\\\/#website\"},\"primaryImageOfPage\":{\"@id\":\"https:\\\/\\\/stellaematutinae.org\\\/eva-curth\\\/#primaryimage\"},\"image\":{\"@id\":\"https:\\\/\\\/stellaematutinae.org\\\/eva-curth\\\/#primaryimage\"},\"thumbnailUrl\":\"https:\\\/\\\/stellaematutinae.org\\\/wp-content\\\/uploads\\\/2024\\\/11\\\/0226-1024x683.jpg\",\"datePublished\":\"2024-10-01T13:21:17+00:00\",\"dateModified\":\"2025-03-30T11:33:53+00:00\",\"breadcrumb\":{\"@id\":\"https:\\\/\\\/stellaematutinae.org\\\/eva-curth\\\/#breadcrumb\"},\"inLanguage\":\"de\",\"potentialAction\":[{\"@type\":\"ReadAction\",\"target\":[\"https:\\\/\\\/stellaematutinae.org\\\/eva-curth\\\/\"]}]},{\"@type\":\"ImageObject\",\"inLanguage\":\"de\",\"@id\":\"https:\\\/\\\/stellaematutinae.org\\\/eva-curth\\\/#primaryimage\",\"url\":\"https:\\\/\\\/stellaematutinae.org\\\/wp-content\\\/uploads\\\/2024\\\/11\\\/0226-1024x683.jpg\",\"contentUrl\":\"https:\\\/\\\/stellaematutinae.org\\\/wp-content\\\/uploads\\\/2024\\\/11\\\/0226-1024x683.jpg\"},{\"@type\":\"BreadcrumbList\",\"@id\":\"https:\\\/\\\/stellaematutinae.org\\\/eva-curth\\\/#breadcrumb\",\"itemListElement\":[{\"@type\":\"ListItem\",\"position\":1,\"name\":\"Home\",\"item\":\"https:\\\/\\\/stellaematutinae.org\\\/\"},{\"@type\":\"ListItem\",\"position\":2,\"name\":\"Eva Curth\"}]},{\"@type\":\"WebSite\",\"@id\":\"https:\\\/\\\/stellaematutinae.org\\\/#website\",\"url\":\"https:\\\/\\\/stellaematutinae.org\\\/\",\"name\":\"Stellae Matutinae - European Harp Symposium\",\"description\":\"Folge den Sternen - Follow the Stars\",\"publisher\":{\"@id\":\"https:\\\/\\\/stellaematutinae.org\\\/#organization\"},\"alternateName\":\"European Harp Symposium 2025\",\"potentialAction\":[{\"@type\":\"SearchAction\",\"target\":{\"@type\":\"EntryPoint\",\"urlTemplate\":\"https:\\\/\\\/stellaematutinae.org\\\/?s={search_term_string}\"},\"query-input\":{\"@type\":\"PropertyValueSpecification\",\"valueRequired\":true,\"valueName\":\"search_term_string\"}}],\"inLanguage\":\"de\"},{\"@type\":\"Organization\",\"@id\":\"https:\\\/\\\/stellaematutinae.org\\\/#organization\",\"name\":\"Stellae Matutinae\",\"url\":\"https:\\\/\\\/stellaematutinae.org\\\/\",\"logo\":{\"@type\":\"ImageObject\",\"inLanguage\":\"de\",\"@id\":\"https:\\\/\\\/stellaematutinae.org\\\/#\\\/schema\\\/logo\\\/image\\\/\",\"url\":\"http:\\\/\\\/stellaematutinae.org\\\/wp-content\\\/uploads\\\/2024\\\/09\\\/cropped-nur-Stern.png\",\"contentUrl\":\"http:\\\/\\\/stellaematutinae.org\\\/wp-content\\\/uploads\\\/2024\\\/09\\\/cropped-nur-Stern.png\",\"width\":512,\"height\":512,\"caption\":\"Stellae Matutinae\"},\"image\":{\"@id\":\"https:\\\/\\\/stellaematutinae.org\\\/#\\\/schema\\\/logo\\\/image\\\/\"},\"sameAs\":[\"https:\\\/\\\/www.facebook.com\\\/stellaematutinae\",\"https:\\\/\\\/www.youtube.com\\\/@stellae_matutinae\",\"https:\\\/\\\/instagram.com\\\/stellaematutinae\"]}]}<\/script>\n<!-- \/ Yoast SEO plugin. -->","yoast_head_json":{"title":"Eva Curth - Stellae Matutinae - European Harp Symposium","robots":{"index":"index","follow":"follow","max-snippet":"max-snippet:-1","max-image-preview":"max-image-preview:large","max-video-preview":"max-video-preview:-1"},"canonical":"https:\/\/stellaematutinae.org\/de\/eva-curth\/","og_locale":"de_DE","og_type":"article","og_title":"Eva Curth - Stellae Matutinae - European Harp Symposium","og_url":"https:\/\/stellaematutinae.org\/de\/eva-curth\/","og_site_name":"Stellae Matutinae - European Harp Symposium","article_publisher":"https:\/\/www.facebook.com\/stellaematutinae","article_modified_time":"2025-03-30T11:33:53+00:00","og_image":[{"url":"https:\/\/stellaematutinae.org\/wp-content\/uploads\/2024\/11\/0226-1024x683.jpg","type":"","width":"","height":""}],"twitter_card":"summary_large_image","twitter_misc":{"Gesch\u00e4tzte Lesezeit":"3\u00a0Minuten"},"schema":{"@context":"https:\/\/schema.org","@graph":[{"@type":"WebPage","@id":"https:\/\/stellaematutinae.org\/eva-curth\/","url":"https:\/\/stellaematutinae.org\/eva-curth\/","name":"Eva Curth - Stellae Matutinae - European Harp Symposium","isPartOf":{"@id":"https:\/\/stellaematutinae.org\/#website"},"primaryImageOfPage":{"@id":"https:\/\/stellaematutinae.org\/eva-curth\/#primaryimage"},"image":{"@id":"https:\/\/stellaematutinae.org\/eva-curth\/#primaryimage"},"thumbnailUrl":"https:\/\/stellaematutinae.org\/wp-content\/uploads\/2024\/11\/0226-1024x683.jpg","datePublished":"2024-10-01T13:21:17+00:00","dateModified":"2025-03-30T11:33:53+00:00","breadcrumb":{"@id":"https:\/\/stellaematutinae.org\/eva-curth\/#breadcrumb"},"inLanguage":"de","potentialAction":[{"@type":"ReadAction","target":["https:\/\/stellaematutinae.org\/eva-curth\/"]}]},{"@type":"ImageObject","inLanguage":"de","@id":"https:\/\/stellaematutinae.org\/eva-curth\/#primaryimage","url":"https:\/\/stellaematutinae.org\/wp-content\/uploads\/2024\/11\/0226-1024x683.jpg","contentUrl":"https:\/\/stellaematutinae.org\/wp-content\/uploads\/2024\/11\/0226-1024x683.jpg"},{"@type":"BreadcrumbList","@id":"https:\/\/stellaematutinae.org\/eva-curth\/#breadcrumb","itemListElement":[{"@type":"ListItem","position":1,"name":"Home","item":"https:\/\/stellaematutinae.org\/"},{"@type":"ListItem","position":2,"name":"Eva Curth"}]},{"@type":"WebSite","@id":"https:\/\/stellaematutinae.org\/#website","url":"https:\/\/stellaematutinae.org\/","name":"Stellae Matutinae - European Harp Symposium","description":"Folge den Sternen - Follow the Stars","publisher":{"@id":"https:\/\/stellaematutinae.org\/#organization"},"alternateName":"European Harp Symposium 2025","potentialAction":[{"@type":"SearchAction","target":{"@type":"EntryPoint","urlTemplate":"https:\/\/stellaematutinae.org\/?s={search_term_string}"},"query-input":{"@type":"PropertyValueSpecification","valueRequired":true,"valueName":"search_term_string"}}],"inLanguage":"de"},{"@type":"Organization","@id":"https:\/\/stellaematutinae.org\/#organization","name":"Stellae Matutinae","url":"https:\/\/stellaematutinae.org\/","logo":{"@type":"ImageObject","inLanguage":"de","@id":"https:\/\/stellaematutinae.org\/#\/schema\/logo\/image\/","url":"http:\/\/stellaematutinae.org\/wp-content\/uploads\/2024\/09\/cropped-nur-Stern.png","contentUrl":"http:\/\/stellaematutinae.org\/wp-content\/uploads\/2024\/09\/cropped-nur-Stern.png","width":512,"height":512,"caption":"Stellae Matutinae"},"image":{"@id":"https:\/\/stellaematutinae.org\/#\/schema\/logo\/image\/"},"sameAs":["https:\/\/www.facebook.com\/stellaematutinae","https:\/\/www.youtube.com\/@stellae_matutinae","https:\/\/instagram.com\/stellaematutinae"]}]}},"uagb_featured_image_src":{"full":false,"thumbnail":false,"medium":false,"medium_large":false,"large":false,"1536x1536":false,"2048x2048":false,"trp-custom-language-flag":false,"tb-timeline-landscape":false,"tb-timeline-square":false},"uagb_author_info":{"display_name":"admin","author_link":"https:\/\/stellaematutinae.org\/de\/author\/admin\/"},"uagb_comment_info":0,"uagb_excerpt":null,"_links":{"self":[{"href":"https:\/\/stellaematutinae.org\/de\/wp-json\/wp\/v2\/pages\/2433","targetHints":{"allow":["GET"]}}],"collection":[{"href":"https:\/\/stellaematutinae.org\/de\/wp-json\/wp\/v2\/pages"}],"about":[{"href":"https:\/\/stellaematutinae.org\/de\/wp-json\/wp\/v2\/types\/page"}],"author":[{"embeddable":true,"href":"https:\/\/stellaematutinae.org\/de\/wp-json\/wp\/v2\/users\/1"}],"replies":[{"embeddable":true,"href":"https:\/\/stellaematutinae.org\/de\/wp-json\/wp\/v2\/comments?post=2433"}],"version-history":[{"count":5,"href":"https:\/\/stellaematutinae.org\/de\/wp-json\/wp\/v2\/pages\/2433\/revisions"}],"predecessor-version":[{"id":3250,"href":"https:\/\/stellaematutinae.org\/de\/wp-json\/wp\/v2\/pages\/2433\/revisions\/3250"}],"wp:attachment":[{"href":"https:\/\/stellaematutinae.org\/de\/wp-json\/wp\/v2\/media?parent=2433"}],"curies":[{"name":"wp","href":"https:\/\/api.w.org\/{rel}","templated":true}]}}