{"id":2430,"date":"2024-10-01T13:16:46","date_gmt":"2024-10-01T13:16:46","guid":{"rendered":"https:\/\/stellaematutinae.org\/?page_id=2430"},"modified":"2024-10-01T13:16:46","modified_gmt":"2024-10-01T13:16:46","slug":"emanuela-degli-esposti","status":"publish","type":"page","link":"https:\/\/stellaematutinae.org\/de\/emanuela-degli-esposti\/","title":{"rendered":"Emanuela Degli Esposti"},"content":{"rendered":"<div class=\"wp-block-uagb-container uagb-block-nozrcroi alignfull uagb-is-root-container\"><div class=\"uagb-container-inner-blocks-wrap\">\n<div class=\"wp-block-uagb-container uagb-block-mzbk5ge9\">\n<div class=\"wp-block-uagb-info-box uagb-block-nosvut4v uagb-infobox__content-wrap  uagb-infobox-icon-above-title uagb-infobox-image-valign-top wp-block-uagb-info-box--has-margin\"><div class=\"uagb-infobox-margin-wrapper\"><div class=\"uagb-ifb-content\"><div class=\"uagb-ifb-title-wrap\"><h2 class=\"uagb-ifb-title\"><strong>Emanuela Degli Esposti<\/strong><\/h2><\/div><p class=\"uagb-ifb-desc\">Emanuela Degli Esposti (geboren in Bologna, Italien) begann im Alter von f\u00fcnf Jahren mit dem Musikstudium und wurde eine Akkordeonvirtuosin. Sie studierte Harfe bei Professor Alba Novella Schirinzi und schloss ihr Studium am Konservatorium von Bologna mit Bestnote ab. Sie schloss ihr Studium an der Rubin-Akademie in Tel Aviv bei Professor Judith Liber ab und besuchte die Meisterkurse von Susanna Mildonian in Venedig, Fr\u00e9d\u00e9rique Cambreling in Sion und Mara Galassi in Mailand. Sie besuchte Alexander-Technik-Kurse bei Fran Robinson und Daniele Bottaro in Pisa, Venedig und Saluzzo (APM School).<br><br>Sie spielte als erste Harfe in den Orchestern von Florenz (Maggio Musicale Fiorentino), Mailand (RAI), Neapel (RAI A. Scarlatti), Genua (C. Felice), Bari (Petruzzelli) und im Schweizer Radio-Orchester von Lugano, wo sie mit Dirigenten wie Berio, Chailly, Delman, Ficher, Kuhn, Inbal, Mehta, Muti, Oren, Pr\u00eatre und vielen anderen zusammenarbeitete. Sie gewann den 1. Preis bei den internationalen Kammermusikwettbewerben in Stresa (1982-1985), Palmi (1982-1984) und Mailand (1985). Als Soloharfenistin mit Orchester spielte sie H\u00e4ndel, Mozart, Dittesdorf, Gossec, Reineke, Debussy, Ravel, Berio, Sheriff.<br><br>Als Solistin konzertierte sie bei verschiedenen Harfenfestivals in Italien und im Ausland. Im Duo mit dem Oboisten Marino Bedetti trat sie 2023 auf dem Harfenfestival in Rio auf. Zu ihren bemerkenswerten Aufnahmen geh\u00f6ren ein Album mit zeitgen\u00f6ssischen Komponisten f\u00fcr Fonit Cetra (1988), Mozarts Konzert KV 299 f\u00fcr The California Art Foundation (2000), ein Solo- und Kammermusikalbum mit dem Nocturne Quartett f\u00fcr Tactus (2008), vier Alben f\u00fcr La Bottega Discantica (Sonate Concertanti von Louis Spohr, 1998; Pedal Harp, Solo Recital, 2003; Duo d'Harpes au XVIII Siecle, 2007; und Valse, Solorezital, 2012), die Harfenalben Le Jardin F\u00e9erique (2015), Heliopolis (2016) und Nel dolce tempo (2023) im Duo mit Jeuan Jones mit Kompositionen von Daniele Garella und f\u00fcr Tactus ein Album mit Solosonaten von Giuseppe Millico (Soloharfe, 2017) sowie zwei Alben mit Kammermusikkompositionen von Marco Enrico Bossi (2018, 2021).<br><br>Als Solistin und Kammermusikerin arbeitet sie mit verschiedenen Ensembles zusammen (\u00dcberbrettl Ensemble, Chamber Orchestra of Europe, Geneva Chamber Orchestra, I Virtuosi Italiani, Octandre, I Cameristi della A. Scarlatti).\u202fSie ist Leiterin des Harfenorchesters Leonardo Primavera.<br>Emanuela Degli Esposti ver\u00f6ffentlichte ein Buch \u00fcber C. P. E. Bach und gab f\u00fcr UT Orpheus zahlreiche Urtextausgaben f\u00fcr Harfe heraus, die in die Programme internationaler Harfenwettbewerbe aufgenommen wurden, darunter der Internationale Harfenwettbewerb in Israel (2003-2009), der Internationale Amerikanische Harfenwettbewerb (2012), der Internationale Franz-Josef-Reinl-Harfenwettbewerb in M\u00fcnchen (2013) und der Internationale Harfenwettbewerb in Italien Suoni d'Arpa (2012-2016, 2019, 2022). Sie arbeitet auch mit Stella Mattutina (Florenz) zusammen und ver\u00f6ffentlicht Harfenmusik und f\u00fchrte die Urauff\u00fchrung ihrer eigenen Bearbeitung der Chaconne von J. S. Bach in der Sala Bossi des Konservatoriums von Bologna auf.<br><br>Emanuela Degli Esposti spielte Urauff\u00fchrungen bekannter zeitgen\u00f6ssischer Komponisten in Italien und im Ausland: Das Archiv des Octandre enth\u00e4lt zahlreiche Live-Aufnahmen von St\u00fccken mit Harfe, die in einem Zeitraum von 12 Jahren aufgef\u00fchrt wurden.<br>Emanuela Degli Esposti ist Professorin f\u00fcr Harfe am Konservatorium Arrigo Boito in Parma, Italien, und war Jurymitglied bei internationalen Harfenwettbewerben wie M\u00fcnchen (1999), Israel (1998-2003), Marcel Tournier International Harp Contest (2009-2012), Belgrad (2014), Novi Sad (2017), Rencontres Internationales de Harpe en \u00cele de France (2017), Arpa Plus Barcelona (2019), Internationaler Slowenischer Harfenwettbewerb (2019), St. Petersburg International Harp Competition (2019), AEDA International Harp Contest in Madrid (2022), J. Sibelius International Harp Contest in Turku, Finnland (2023).<br><br>Emanuela Degli Esposti organisierte von 1998 bis 2011 die Meisterkurse von Judith Liber in der Villa Camozzi am Comer See. Sie hielt internationale Meisterkurse in Varallo (1995), Como (Europ\u00e4ische Akademie Pomerio, 2000), Udine (Konservatorium, 2004), Assisi (Umbria Festival, 2009, 2010, 2011), Salsomaggiore Terme (2009), London (Royal College of Music, 2005, 2010, 2013), Lovere (Tadini Academy, 2012, 2013, 2014), Belgrad (Mokranjac Academy, 2014), Madrid (Real Conservatorio Superior de M\u00fasica, 2014, 2023), Sofia (National School of Music Lyubomir Pipkov, 2014, 2017 und Harpissima 2022), Riga (J\u0101zeps V\u012btols Latvian Academy of Music, 2015), Mailand (Villa Medici-Giulini, jedes Jahr von 2015 bis 2024), Bukarest University of Music (2016), St. Petersburg (2016), Vibo Valentia (2017), Bologna (2019), Glasbena matica, Triest (2019, 2023), Universit\u00e4t von Zagreb (2022), Stella Vorarlberg Privathochschule f\u00fcr Musik, Feldkirch (2023). Viele ihrer Studenten sind Preistr\u00e4ger von Wettbewerben und spielen in bedeutenden Orchestern.<br>Sie ist k\u00fcnstlerische Leiterin des Internationalen Harfenwettbewerbs in Italien und des Festivals \u201eSuoni d'Arpa\u201c (2009-2024), Vizepr\u00e4sidentin von Conoscere la Musica - Bologna und Pr\u00e4sidentin des italienischen Harfenverbandes.<\/p><\/div><\/div><\/div>\n\n\n\n<div class=\"wp-block-uagb-image alignleft uagb-block-fevk6p4n wp-block-uagb-image--layout-default wp-block-uagb-image--effect-static wp-block-uagb-image--align-left\"><figure class=\"wp-block-uagb-image__figure\"><img decoding=\"async\" srcset=\"https:\/\/stellaematutinae.org\/wp-content\/uploads\/2024\/10\/20314_483064475058400_1098154153_n.jpg ,https:\/\/stellaematutinae.org\/wp-content\/uploads\/2024\/10\/20314_483064475058400_1098154153_n.jpg 780w, https:\/\/stellaematutinae.org\/wp-content\/uploads\/2024\/10\/20314_483064475058400_1098154153_n.jpg 360w\" sizes=\"auto, (max-width: 480px) 150px\" src=\"https:\/\/stellaematutinae.org\/wp-content\/uploads\/2024\/10\/20314_483064475058400_1098154153_n.jpg\" alt=\"\" class=\"uag-image-2431\" width=\"564\" height=\"376\" title=\"20314_483064475058400_1098154153_n\" loading=\"lazy\" role=\"img\"\/><\/figure><\/div>\n\n\n\n<div class=\"wp-block-uagb-info-box uagb-block-fft3bzol uagb-infobox__content-wrap  uagb-infobox-icon-above-title uagb-infobox-image-valign-top wp-block-uagb-info-box--has-margin\"><div class=\"uagb-infobox-margin-wrapper\"><div class=\"uagb-ifb-content\"><div class=\"uagb-ifb-title-wrap\"><\/div><\/div><\/div><\/div>\n<\/div>\n\n\n\n<div class=\"wp-block-uagb-container uagb-block-1bimh2vt\">\n<div class=\"wp-block-uagb-image alignleft uagb-block-kmbx8qg0 wp-block-uagb-image--layout-default wp-block-uagb-image--effect-static wp-block-uagb-image--align-left\"><figure class=\"wp-block-uagb-image__figure\"><img decoding=\"async\" srcset=\"https:\/\/stellaematutinae.org\/wp-content\/uploads\/2024\/09\/sito-3-1024x666.jpg ,https:\/\/stellaematutinae.org\/wp-content\/uploads\/2024\/09\/sito-3.jpg 780w, https:\/\/stellaematutinae.org\/wp-content\/uploads\/2024\/09\/sito-3.jpg 360w\" sizes=\"auto, (max-width: 480px) 150px\" src=\"https:\/\/stellaematutinae.org\/wp-content\/uploads\/2024\/09\/sito-3-1024x666.jpg\" alt=\"\" class=\"uag-image-2357\" width=\"564\" height=\"376\" title=\"sito-3\" loading=\"lazy\" role=\"img\"\/><\/figure><\/div>\n\n\n\n<div class=\"wp-block-uagb-info-box uagb-block-8uazjqwt uagb-infobox__content-wrap  uagb-infobox-icon-above-title uagb-infobox-image-valign-top wp-block-uagb-info-box--has-margin\"><div class=\"uagb-infobox-margin-wrapper\"><div class=\"uagb-ifb-content\"><div class=\"uagb-ifb-title-wrap\"><\/div><\/div><\/div><\/div>\n\n\n\n<figure class=\"wp-block-embed is-type-video is-provider-youtube wp-block-embed-youtube wp-embed-aspect-16-9 wp-has-aspect-ratio\"><div class=\"wp-block-embed__wrapper\">\n<iframe loading=\"lazy\" title=\"Carl Philipp Emanuel Bach, Solo f\u00fcr die Harfe G dur (Emanuela Degli Esposti, harp)\" width=\"500\" height=\"281\" src=\"https:\/\/www.youtube.com\/embed\/8sxIDC2FtVc?feature=oembed\" frameborder=\"0\" allow=\"accelerometer; autoplay; clipboard-write; encrypted-media; gyroscope; picture-in-picture; web-share\" referrerpolicy=\"strict-origin-when-cross-origin\" allowfullscreen><\/iframe>\n<\/div><\/figure>\n\n\n\n<div class=\"wp-block-uagb-info-box uagb-block-sjiorxpf uagb-infobox__content-wrap  uagb-infobox-icon-above-title uagb-infobox-image-valign-top wp-block-uagb-info-box--has-margin\"><div class=\"uagb-infobox-margin-wrapper\"><div class=\"uagb-ifb-content\"><div class=\"uagb-ifb-title-wrap\"><h3 class=\"uagb-ifb-title\">Carl Philipp Emanuel Bach, Solo f\u00fcr die Harfe G dur (Emanuela Degli Esposti, harp)<\/h3><\/div><p class=\"uagb-ifb-desc\">Carl Philipp Emanuel Bach (1714-1788)<br>Solo f\u00fcr die Harfe G dur<br>Emanuela Degli Esposti, harp<br>CD Pedal Harp, Discantica 99<\/p><\/div><\/div><\/div>\n<\/div>\n<\/div><\/div>\n\n\n\n<p><\/p>","protected":false},"excerpt":{"rendered":"","protected":false},"author":1,"featured_media":0,"parent":0,"menu_order":0,"comment_status":"closed","ping_status":"closed","template":"","meta":{"_surecart_dashboard_logo_width":"180px","_surecart_dashboard_show_logo":true,"_surecart_dashboard_navigation_orders":true,"_surecart_dashboard_navigation_invoices":true,"_surecart_dashboard_navigation_subscriptions":true,"_surecart_dashboard_navigation_downloads":true,"_surecart_dashboard_navigation_billing":true,"_surecart_dashboard_navigation_account":true,"_uag_custom_page_level_css":"","site-sidebar-layout":"default","site-content-layout":"","ast-site-content-layout":"default","site-content-style":"default","site-sidebar-style":"default","ast-global-header-display":"","ast-banner-title-visibility":"","ast-main-header-display":"","ast-hfb-above-header-display":"","ast-hfb-below-header-display":"","ast-hfb-mobile-header-display":"","site-post-title":"","ast-breadcrumbs-content":"","ast-featured-img":"","footer-sml-layout":"","ast-disable-related-posts":"","theme-transparent-header-meta":"","adv-header-id-meta":"","stick-header-meta":"","header-above-stick-meta":"","header-main-stick-meta":"","header-below-stick-meta":"","astra-migrate-meta-layouts":"set","ast-page-background-enabled":"default","ast-page-background-meta":{"desktop":{"background-color":"var(--ast-global-color-4)","background-image":"","background-repeat":"repeat","background-position":"center center","background-size":"auto","background-attachment":"scroll","background-type":"","background-media":"","overlay-type":"","overlay-color":"","overlay-opacity":"","overlay-gradient":""},"tablet":{"background-color":"","background-image":"","background-repeat":"repeat","background-position":"center center","background-size":"auto","background-attachment":"scroll","background-type":"","background-media":"","overlay-type":"","overlay-color":"","overlay-opacity":"","overlay-gradient":""},"mobile":{"background-color":"","background-image":"","background-repeat":"repeat","background-position":"center center","background-size":"auto","background-attachment":"scroll","background-type":"","background-media":"","overlay-type":"","overlay-color":"","overlay-opacity":"","overlay-gradient":""}},"ast-content-background-meta":{"desktop":{"background-color":"var(--ast-global-color-5)","background-image":"","background-repeat":"repeat","background-position":"center center","background-size":"auto","background-attachment":"scroll","background-type":"","background-media":"","overlay-type":"","overlay-color":"","overlay-opacity":"","overlay-gradient":""},"tablet":{"background-color":"var(--ast-global-color-5)","background-image":"","background-repeat":"repeat","background-position":"center center","background-size":"auto","background-attachment":"scroll","background-type":"","background-media":"","overlay-type":"","overlay-color":"","overlay-opacity":"","overlay-gradient":""},"mobile":{"background-color":"var(--ast-global-color-5)","background-image":"","background-repeat":"repeat","background-position":"center center","background-size":"auto","background-attachment":"scroll","background-type":"","background-media":"","overlay-type":"","overlay-color":"","overlay-opacity":"","overlay-gradient":""}},"footnotes":""},"class_list":["post-2430","page","type-page","status-publish","hentry"],"featured_image_src":null,"yoast_head":"<!-- This site is optimized with the Yoast SEO plugin v27.5 - https:\/\/yoast.com\/product\/yoast-seo-wordpress\/ -->\n<title>Emanuela Degli Esposti - Stellae Matutinae - European Harp Symposium<\/title>\n<meta name=\"robots\" content=\"index, follow, max-snippet:-1, max-image-preview:large, max-video-preview:-1\" \/>\n<link rel=\"canonical\" href=\"https:\/\/stellaematutinae.org\/de\/emanuela-degli-esposti\/\" \/>\n<meta property=\"og:locale\" content=\"de_DE\" \/>\n<meta property=\"og:type\" content=\"article\" \/>\n<meta property=\"og:title\" content=\"Emanuela Degli Esposti - Stellae Matutinae - European Harp Symposium\" \/>\n<meta property=\"og:url\" content=\"https:\/\/stellaematutinae.org\/de\/emanuela-degli-esposti\/\" \/>\n<meta property=\"og:site_name\" content=\"Stellae Matutinae - European Harp Symposium\" \/>\n<meta property=\"article:publisher\" content=\"https:\/\/www.facebook.com\/stellaematutinae\" \/>\n<meta property=\"og:image\" content=\"http:\/\/stellaematutinae.org\/wp-content\/uploads\/2024\/10\/20314_483064475058400_1098154153_n.jpg\" \/>\n<meta name=\"twitter:card\" content=\"summary_large_image\" \/>\n<meta name=\"twitter:label1\" content=\"Gesch\u00e4tzte Lesezeit\" \/>\n\t<meta name=\"twitter:data1\" content=\"4\u00a0Minuten\" \/>\n<script type=\"application\/ld+json\" class=\"yoast-schema-graph\">{\"@context\":\"https:\\\/\\\/schema.org\",\"@graph\":[{\"@type\":\"WebPage\",\"@id\":\"https:\\\/\\\/stellaematutinae.org\\\/emanuela-degli-esposti\\\/\",\"url\":\"https:\\\/\\\/stellaematutinae.org\\\/emanuela-degli-esposti\\\/\",\"name\":\"Emanuela Degli Esposti - Stellae Matutinae - European Harp Symposium\",\"isPartOf\":{\"@id\":\"https:\\\/\\\/stellaematutinae.org\\\/#website\"},\"primaryImageOfPage\":{\"@id\":\"https:\\\/\\\/stellaematutinae.org\\\/emanuela-degli-esposti\\\/#primaryimage\"},\"image\":{\"@id\":\"https:\\\/\\\/stellaematutinae.org\\\/emanuela-degli-esposti\\\/#primaryimage\"},\"thumbnailUrl\":\"http:\\\/\\\/stellaematutinae.org\\\/wp-content\\\/uploads\\\/2024\\\/10\\\/20314_483064475058400_1098154153_n.jpg\",\"datePublished\":\"2024-10-01T13:16:46+00:00\",\"breadcrumb\":{\"@id\":\"https:\\\/\\\/stellaematutinae.org\\\/emanuela-degli-esposti\\\/#breadcrumb\"},\"inLanguage\":\"de\",\"potentialAction\":[{\"@type\":\"ReadAction\",\"target\":[\"https:\\\/\\\/stellaematutinae.org\\\/emanuela-degli-esposti\\\/\"]}]},{\"@type\":\"ImageObject\",\"inLanguage\":\"de\",\"@id\":\"https:\\\/\\\/stellaematutinae.org\\\/emanuela-degli-esposti\\\/#primaryimage\",\"url\":\"http:\\\/\\\/stellaematutinae.org\\\/wp-content\\\/uploads\\\/2024\\\/10\\\/20314_483064475058400_1098154153_n.jpg\",\"contentUrl\":\"http:\\\/\\\/stellaematutinae.org\\\/wp-content\\\/uploads\\\/2024\\\/10\\\/20314_483064475058400_1098154153_n.jpg\"},{\"@type\":\"BreadcrumbList\",\"@id\":\"https:\\\/\\\/stellaematutinae.org\\\/emanuela-degli-esposti\\\/#breadcrumb\",\"itemListElement\":[{\"@type\":\"ListItem\",\"position\":1,\"name\":\"Home\",\"item\":\"https:\\\/\\\/stellaematutinae.org\\\/\"},{\"@type\":\"ListItem\",\"position\":2,\"name\":\"Emanuela Degli Esposti\"}]},{\"@type\":\"WebSite\",\"@id\":\"https:\\\/\\\/stellaematutinae.org\\\/#website\",\"url\":\"https:\\\/\\\/stellaematutinae.org\\\/\",\"name\":\"Stellae Matutinae - European Harp Symposium\",\"description\":\"Folge den Sternen - Follow the Stars\",\"publisher\":{\"@id\":\"https:\\\/\\\/stellaematutinae.org\\\/#organization\"},\"alternateName\":\"European Harp Symposium 2025\",\"potentialAction\":[{\"@type\":\"SearchAction\",\"target\":{\"@type\":\"EntryPoint\",\"urlTemplate\":\"https:\\\/\\\/stellaematutinae.org\\\/?s={search_term_string}\"},\"query-input\":{\"@type\":\"PropertyValueSpecification\",\"valueRequired\":true,\"valueName\":\"search_term_string\"}}],\"inLanguage\":\"de\"},{\"@type\":\"Organization\",\"@id\":\"https:\\\/\\\/stellaematutinae.org\\\/#organization\",\"name\":\"Stellae Matutinae\",\"url\":\"https:\\\/\\\/stellaematutinae.org\\\/\",\"logo\":{\"@type\":\"ImageObject\",\"inLanguage\":\"de\",\"@id\":\"https:\\\/\\\/stellaematutinae.org\\\/#\\\/schema\\\/logo\\\/image\\\/\",\"url\":\"http:\\\/\\\/stellaematutinae.org\\\/wp-content\\\/uploads\\\/2024\\\/09\\\/cropped-nur-Stern.png\",\"contentUrl\":\"http:\\\/\\\/stellaematutinae.org\\\/wp-content\\\/uploads\\\/2024\\\/09\\\/cropped-nur-Stern.png\",\"width\":512,\"height\":512,\"caption\":\"Stellae Matutinae\"},\"image\":{\"@id\":\"https:\\\/\\\/stellaematutinae.org\\\/#\\\/schema\\\/logo\\\/image\\\/\"},\"sameAs\":[\"https:\\\/\\\/www.facebook.com\\\/stellaematutinae\",\"https:\\\/\\\/www.youtube.com\\\/@stellae_matutinae\",\"https:\\\/\\\/instagram.com\\\/stellaematutinae\"]}]}<\/script>\n<!-- \/ Yoast SEO plugin. -->","yoast_head_json":{"title":"Emanuela Degli Esposti - Stellae Matutinae - European Harp Symposium","robots":{"index":"index","follow":"follow","max-snippet":"max-snippet:-1","max-image-preview":"max-image-preview:large","max-video-preview":"max-video-preview:-1"},"canonical":"https:\/\/stellaematutinae.org\/de\/emanuela-degli-esposti\/","og_locale":"de_DE","og_type":"article","og_title":"Emanuela Degli Esposti - Stellae Matutinae - European Harp Symposium","og_url":"https:\/\/stellaematutinae.org\/de\/emanuela-degli-esposti\/","og_site_name":"Stellae Matutinae - European Harp Symposium","article_publisher":"https:\/\/www.facebook.com\/stellaematutinae","og_image":[{"url":"http:\/\/stellaematutinae.org\/wp-content\/uploads\/2024\/10\/20314_483064475058400_1098154153_n.jpg","type":"","width":"","height":""}],"twitter_card":"summary_large_image","twitter_misc":{"Gesch\u00e4tzte Lesezeit":"4\u00a0Minuten"},"schema":{"@context":"https:\/\/schema.org","@graph":[{"@type":"WebPage","@id":"https:\/\/stellaematutinae.org\/emanuela-degli-esposti\/","url":"https:\/\/stellaematutinae.org\/emanuela-degli-esposti\/","name":"Emanuela Degli Esposti - Stellae Matutinae - European Harp Symposium","isPartOf":{"@id":"https:\/\/stellaematutinae.org\/#website"},"primaryImageOfPage":{"@id":"https:\/\/stellaematutinae.org\/emanuela-degli-esposti\/#primaryimage"},"image":{"@id":"https:\/\/stellaematutinae.org\/emanuela-degli-esposti\/#primaryimage"},"thumbnailUrl":"http:\/\/stellaematutinae.org\/wp-content\/uploads\/2024\/10\/20314_483064475058400_1098154153_n.jpg","datePublished":"2024-10-01T13:16:46+00:00","breadcrumb":{"@id":"https:\/\/stellaematutinae.org\/emanuela-degli-esposti\/#breadcrumb"},"inLanguage":"de","potentialAction":[{"@type":"ReadAction","target":["https:\/\/stellaematutinae.org\/emanuela-degli-esposti\/"]}]},{"@type":"ImageObject","inLanguage":"de","@id":"https:\/\/stellaematutinae.org\/emanuela-degli-esposti\/#primaryimage","url":"http:\/\/stellaematutinae.org\/wp-content\/uploads\/2024\/10\/20314_483064475058400_1098154153_n.jpg","contentUrl":"http:\/\/stellaematutinae.org\/wp-content\/uploads\/2024\/10\/20314_483064475058400_1098154153_n.jpg"},{"@type":"BreadcrumbList","@id":"https:\/\/stellaematutinae.org\/emanuela-degli-esposti\/#breadcrumb","itemListElement":[{"@type":"ListItem","position":1,"name":"Home","item":"https:\/\/stellaematutinae.org\/"},{"@type":"ListItem","position":2,"name":"Emanuela Degli Esposti"}]},{"@type":"WebSite","@id":"https:\/\/stellaematutinae.org\/#website","url":"https:\/\/stellaematutinae.org\/","name":"Stellae Matutinae - European Harp Symposium","description":"Folge den Sternen - Follow the Stars","publisher":{"@id":"https:\/\/stellaematutinae.org\/#organization"},"alternateName":"European Harp Symposium 2025","potentialAction":[{"@type":"SearchAction","target":{"@type":"EntryPoint","urlTemplate":"https:\/\/stellaematutinae.org\/?s={search_term_string}"},"query-input":{"@type":"PropertyValueSpecification","valueRequired":true,"valueName":"search_term_string"}}],"inLanguage":"de"},{"@type":"Organization","@id":"https:\/\/stellaematutinae.org\/#organization","name":"Stellae Matutinae","url":"https:\/\/stellaematutinae.org\/","logo":{"@type":"ImageObject","inLanguage":"de","@id":"https:\/\/stellaematutinae.org\/#\/schema\/logo\/image\/","url":"http:\/\/stellaematutinae.org\/wp-content\/uploads\/2024\/09\/cropped-nur-Stern.png","contentUrl":"http:\/\/stellaematutinae.org\/wp-content\/uploads\/2024\/09\/cropped-nur-Stern.png","width":512,"height":512,"caption":"Stellae Matutinae"},"image":{"@id":"https:\/\/stellaematutinae.org\/#\/schema\/logo\/image\/"},"sameAs":["https:\/\/www.facebook.com\/stellaematutinae","https:\/\/www.youtube.com\/@stellae_matutinae","https:\/\/instagram.com\/stellaematutinae"]}]}},"uagb_featured_image_src":{"full":false,"thumbnail":false,"medium":false,"medium_large":false,"large":false,"1536x1536":false,"2048x2048":false,"trp-custom-language-flag":false,"tb-timeline-landscape":false,"tb-timeline-square":false},"uagb_author_info":{"display_name":"admin","author_link":"https:\/\/stellaematutinae.org\/de\/author\/admin\/"},"uagb_comment_info":0,"uagb_excerpt":null,"_links":{"self":[{"href":"https:\/\/stellaematutinae.org\/de\/wp-json\/wp\/v2\/pages\/2430","targetHints":{"allow":["GET"]}}],"collection":[{"href":"https:\/\/stellaematutinae.org\/de\/wp-json\/wp\/v2\/pages"}],"about":[{"href":"https:\/\/stellaematutinae.org\/de\/wp-json\/wp\/v2\/types\/page"}],"author":[{"embeddable":true,"href":"https:\/\/stellaematutinae.org\/de\/wp-json\/wp\/v2\/users\/1"}],"replies":[{"embeddable":true,"href":"https:\/\/stellaematutinae.org\/de\/wp-json\/wp\/v2\/comments?post=2430"}],"version-history":[{"count":1,"href":"https:\/\/stellaematutinae.org\/de\/wp-json\/wp\/v2\/pages\/2430\/revisions"}],"predecessor-version":[{"id":2432,"href":"https:\/\/stellaematutinae.org\/de\/wp-json\/wp\/v2\/pages\/2430\/revisions\/2432"}],"wp:attachment":[{"href":"https:\/\/stellaematutinae.org\/de\/wp-json\/wp\/v2\/media?parent=2430"}],"curies":[{"name":"wp","href":"https:\/\/api.w.org\/{rel}","templated":true}]}}