{"id":2428,"date":"2024-10-01T13:09:11","date_gmt":"2024-10-01T13:09:11","guid":{"rendered":"https:\/\/stellaematutinae.org\/?page_id=2428"},"modified":"2024-12-31T12:04:26","modified_gmt":"2024-12-31T12:04:26","slug":"viktor-hartobanu","status":"publish","type":"page","link":"https:\/\/stellaematutinae.org\/de\/viktor-hartobanu\/","title":{"rendered":"Viktor Hartobanu"},"content":{"rendered":"<div class=\"wp-block-uagb-container uagb-block-nozrcroi alignfull uagb-is-root-container\"><div class=\"uagb-container-inner-blocks-wrap\">\n<div class=\"wp-block-uagb-container uagb-block-mzbk5ge9\">\n<div class=\"wp-block-uagb-info-box uagb-block-nosvut4v uagb-infobox__content-wrap  uagb-infobox-icon-above-title uagb-infobox-image-valign-top wp-block-uagb-info-box--has-margin\"><div class=\"uagb-infobox-margin-wrapper\"><div class=\"uagb-ifb-content\"><div class=\"uagb-ifb-title-wrap\"><h2 class=\"uagb-ifb-title\">Viktor Hartobanu<\/h2><\/div><p class=\"uagb-ifb-desc\"><strong>Gewinner des Grand Prix beim internationalen Harfenwettbewerb \u201eF\u00e9lix Godefroid\u201c in Belgien, zweiter Preistr\u00e4ger beim internationalen Harfenwettbewerb der Franz Josef Reinl-Stiftung in Wien und Finalist beim Kompositionswettbewerb des USAIHC in Bloomington mit seinem Werk \u201eChants\u201c<\/strong><br>\u00a0<br>Viktor Hartobanu kam 1990 als Kind rum\u00e4nischer Musiker in Bernburg (Saale) zur Welt. Im Alter von 5 Jahren erhielt er seinen ersten Klavier- und Harfenunterricht von seiner Mutter. Mit 7 Jahren erhielt er Klavierunterricht bei Dorislava Kuntschewa an der \u201eHeinrich Berger\u201c Musikschule in Coswig, doch schon mit 9 Jahren wurde er in die Nachwuchsf\u00f6rderklasse der Musikhochschule Leipzig aufgenommen, wo er fortan von Prof. Max Koch an der Harfe und von Prof. Hanns-Martin Schreiber und Oriol Plans Casal am Klavier unterrichtet wurde.<br>\u00a0<br>Der 17-fache erste Preistr\u00e4ger beim Wettbewerb \u201eJugend musiziert\u201c war zwischen 2005 und 2008 zudem Stipendiat der J\u00fcrgen Ponto-Stiftung. Daneben gewann er das Hauptstipendium der Hans und Eugenia J\u00fctting-Stiftung und ein Stipendium des Wagner-Verbandes Heidelberg, das ihm den Besuch des \u201eRing der Nibelungen\u201c in Bayreuth erm\u00f6glichte.<br>\u00a0<br>2010 absolvierte Viktor sein Studium an der Musikhochschule Leipzig mit dem Diplom nach nur 4 Semestern und geh\u00f6rt somit nicht nur zu den j\u00fcngsten Absolventen der Hochschule, sondern auch zu jenen mit der k\u00fcrzesten Studienzeit. Im Anschluss daran unterrichtete er f\u00fcr ein Trimester an der k\u00f6niglichen Harfenschule \"Tamnak Prathom\" in Bangkok, Thailand, bevor er ab 2011 an der HEM in Genf bei Prof. Florence Sitruk und ab 2012 am KC in Br\u00fcssel bei Prof. Jana Bou\u0161kov\u00e1 jeweils im Master seine Studien vertiefte.<br>\u00a0<br>2013 gewann Viktor das Probespiel der Orchesterakademie bei der Staatskapelle Berlin, sodass er f\u00fcr insgesamt zwei Spielzeiten bei zahlreichen Opern- und Ballettauff\u00fchrungen, aber auch Konzerten der Staatskapelle mitwirkte. So trat er unter der Leitung von GMD Daniel Barenboim, Zubin Mehta, Sir Simon Rattle, Gustavo Dudamel, Daniel Harding und Paul Connelly, sowie mit Musikern wie Anna Netrebko, Placido Domingo, Anna Maria Westbroek, Peter Seiffert, Waltraud Meier, Siegfried Jerusalem, Hans Mazura, Klaus Florian Vogt u. a. auf. Ebenso gestaltete er viele Kammerkonzerte der Akademie mit, deren Sprecher er auch war. Als Gast wirkte er bei Rundfunk- und CD-Aufnahmen des MDR-Sinfonieorchesters und des Gewandhausorchesters mit. Seit 2021 ist er Teil des \u201eWagner-Lesarten\u201c-Projekts mit dem Concerto K\u00f6ln und dem Dresdner Festspielorchester unter der Leitung von Kent Nagano, bei dem bis 2026 der gesamte \u201eRing des Nibelungen\u201c auff\u00fchrungspraktisch aufgearbeitet und auf historischen Instrumenten gespielt und aufgenommen wird. 2023 folgten Konzerte und Aufnahmen mit der Orchestra La Scintilla, sowie 2024 mit dem J.S. Bach-Orchester St. Gallen mit \u201eEin deutsches Requiem\u201c von Brahms, ebenfalls auf historischen Instrumenten.<br>\u00a0<br>Er war Gast zahlreicher Festivals, so beim Mecklenburger Festspielfr\u00fchling, dem Schwetzinger Mozartfest, dem Bachfest Leipzig, dem Derbyshire Harp Festival, dem Harp Festival in Bukarest und dem Prah-a-harP Festival in Prag. Er trat bereits mit den Heidelberger Philharmonikern, dem Brandenburgischen Staatsorchester, der Staatsphilharmonie Oradea, der Anhaltischen Kammerphilharmonie und anderen Orchestern und Ensembles auf. Es folgten Auftritte f\u00fcr Rundfunk und Fernsehen, so f\u00fcr den ARD, ZDF, Br, MDR, BBC, ORF und TVRi.<br>\u00a0<br>Viktor besuchte Meisterkurse bei Isabelle Moretti, Germaine Lorenzini, David Watkins, Susann McDonald, Ion Ivan Roncea, Xavier de Maistre, Sylvain Blassel, Fabrice Pierre, Fr\u00e9d\u00e9rique Cambreling, Elisabeth Fontan-Binoche, Godelieve Schrama, Maria Luisa Rayan, Ursula Holliger u.a. Von 2013 bis 2017 unterrichtete er an der Musikschule Coswig (Anhalt) eine erfolgreiche Harfenklasse mit mehreren Gewinnern nationaler und internationaler Harfenwettbewerbe.<br>\u00a0<br>2017 wurde Viktor Hartobanu mit nur 26 Jahren zum Professor f\u00fcr Harfe am Vorarlberger Landeskonservatorium berufen. Zeitgleich \u00fcbernahm er die Leitung der Harfenklasse an der Musikschule Bregenzerwald, die er 2020 zugunsten des Koosha Music Centers in Teheran und der im Aufbau befindlichen Ginza Jujiya Harp Elite Academy in Tokio abgegeben hat. Im Rahmen der Aufbauarbeit entstand die erste ganzheitliche Harfenmethode f\u00fcr Anf\u00e4nger*innen. Seine zahlreichen Kompositionen und Arrangements tragen zur Erweiterung des Harfenrepertoires insbesondere in unterrepr\u00e4sentierten Bereichen bei.<br>Einladungen zu Meisterkursen und Wettbewerbsjurys brachten ihn in viele L\u00e4nder Europas und nach Asien. Ebenfalls seit 2020 ist er als Studiendirektor am Auf- und Ausbau der mittlerweile akkreditierten Stella Vorarlberg Privathochschule f\u00fcr Musik, der Nachfolgeinstitution des Vorarlberger Landeskonservatoriums, beteiligt. Nach zwei Jahren als Hochschuldozent bestand Viktor Hartobanu 2024 ein internes Berufungsverfahren zum Hochschulprofessor.<br>\u00a0<br>Viktor Hartobanu spielt eine Salvi \u201eIris\u201c genannt \u201eStella dell\u2019Est\u201c, eine \u00c9rard-Doppelpedalharfe aus dem Besitz der legend\u00e4ren Harfenistin Clelia Gatti-Aldrovandi von 1925, eine \u00c9rard-Einfachpedalharfe aus dem Besitz von David Watkins von 1825, sowie eine Obermayer von 1955.<br>\u00a0<br>Sein Youtube-Kanal erreicht tausende Musikliebhaber weltweit.<\/p><\/div><\/div><\/div>\n\n\n\n<div class=\"wp-block-uagb-image alignleft uagb-block-fevk6p4n wp-block-uagb-image--layout-default wp-block-uagb-image--effect-static wp-block-uagb-image--align-left\"><figure class=\"wp-block-uagb-image__figure\"><img decoding=\"async\" srcset=\"https:\/\/stellaematutinae.org\/wp-content\/uploads\/2024\/09\/14-Z61_8532-1-1024x681.jpg ,https:\/\/stellaematutinae.org\/wp-content\/uploads\/2024\/09\/14-Z61_8532-1-scaled.jpg 780w, https:\/\/stellaematutinae.org\/wp-content\/uploads\/2024\/09\/14-Z61_8532-1-scaled.jpg 360w\" sizes=\"auto, (max-width: 480px) 150px\" src=\"https:\/\/stellaematutinae.org\/wp-content\/uploads\/2024\/09\/14-Z61_8532-1-1024x681.jpg\" alt=\"\" class=\"uag-image-2370\" width=\"564\" height=\"376\" title=\"14 - Z61_8532\" loading=\"lazy\" role=\"img\"\/><\/figure><\/div>\n\n\n\n<div class=\"wp-block-uagb-info-box uagb-block-fft3bzol uagb-infobox__content-wrap  uagb-infobox-icon-above-title uagb-infobox-image-valign-top wp-block-uagb-info-box--has-margin\"><div class=\"uagb-infobox-margin-wrapper\"><div class=\"uagb-ifb-content\"><div class=\"uagb-ifb-title-wrap\"><\/div><\/div><\/div><\/div>\n<\/div>\n\n\n\n<div class=\"wp-block-uagb-container uagb-block-1bimh2vt\">\n<div class=\"wp-block-uagb-image alignleft uagb-block-kmbx8qg0 wp-block-uagb-image--layout-default wp-block-uagb-image--effect-static wp-block-uagb-image--align-left\"><figure class=\"wp-block-uagb-image__figure\"><img decoding=\"async\" srcset=\"https:\/\/stellaematutinae.org\/wp-content\/uploads\/2024\/09\/Hartobanu_FOTO.png ,https:\/\/stellaematutinae.org\/wp-content\/uploads\/2024\/09\/Hartobanu_FOTO.png 780w, https:\/\/stellaematutinae.org\/wp-content\/uploads\/2024\/09\/Hartobanu_FOTO.png 360w\" sizes=\"auto, (max-width: 480px) 150px\" src=\"https:\/\/stellaematutinae.org\/wp-content\/uploads\/2024\/09\/Hartobanu_FOTO.png\" alt=\"\" class=\"uag-image-2363\" width=\"564\" height=\"376\" title=\"Hartobanu_FOTO\" loading=\"lazy\" role=\"img\"\/><\/figure><\/div>\n\n\n\n<div class=\"wp-block-uagb-info-box uagb-block-8uazjqwt uagb-infobox__content-wrap  uagb-infobox-icon-above-title uagb-infobox-image-valign-top wp-block-uagb-info-box--has-margin\"><div class=\"uagb-infobox-margin-wrapper\"><div class=\"uagb-ifb-content\"><div class=\"uagb-ifb-title-wrap\"><\/div><\/div><\/div><\/div>\n\n\n\n<figure class=\"wp-block-embed is-type-video is-provider-youtube wp-block-embed-youtube wp-embed-aspect-16-9 wp-has-aspect-ratio\"><div class=\"wp-block-embed__wrapper\">\n<iframe loading=\"lazy\" title=\"Debussy: Clair de Lune - Viktor Hartobanu\" width=\"500\" height=\"281\" src=\"https:\/\/www.youtube.com\/embed\/5LZNDI7kB-M?feature=oembed\" frameborder=\"0\" allow=\"accelerometer; autoplay; clipboard-write; encrypted-media; gyroscope; picture-in-picture; web-share\" referrerpolicy=\"strict-origin-when-cross-origin\" allowfullscreen><\/iframe>\n<\/div><\/figure>\n\n\n\n<div class=\"wp-block-uagb-info-box uagb-block-sjiorxpf uagb-infobox__content-wrap  uagb-infobox-icon-above-title uagb-infobox-image-valign-top wp-block-uagb-info-box--has-margin\"><div class=\"uagb-infobox-margin-wrapper\"><div class=\"uagb-ifb-content\"><div class=\"uagb-ifb-title-wrap\"><h3 class=\"uagb-ifb-title\">Claude Debussy &#8211; Clair de Lune &#8211; Viktor Hartobanu<\/h3><\/div><\/div><\/div><\/div>\n<\/div>\n<\/div><\/div>","protected":false},"excerpt":{"rendered":"","protected":false},"author":1,"featured_media":0,"parent":0,"menu_order":0,"comment_status":"closed","ping_status":"closed","template":"","meta":{"_surecart_dashboard_logo_width":"180px","_surecart_dashboard_show_logo":true,"_surecart_dashboard_navigation_orders":true,"_surecart_dashboard_navigation_invoices":true,"_surecart_dashboard_navigation_subscriptions":true,"_surecart_dashboard_navigation_downloads":true,"_surecart_dashboard_navigation_billing":true,"_surecart_dashboard_navigation_account":true,"_uag_custom_page_level_css":"","site-sidebar-layout":"default","site-content-layout":"","ast-site-content-layout":"default","site-content-style":"default","site-sidebar-style":"default","ast-global-header-display":"","ast-banner-title-visibility":"","ast-main-header-display":"","ast-hfb-above-header-display":"","ast-hfb-below-header-display":"","ast-hfb-mobile-header-display":"","site-post-title":"","ast-breadcrumbs-content":"","ast-featured-img":"","footer-sml-layout":"","ast-disable-related-posts":"","theme-transparent-header-meta":"","adv-header-id-meta":"","stick-header-meta":"","header-above-stick-meta":"","header-main-stick-meta":"","header-below-stick-meta":"","astra-migrate-meta-layouts":"set","ast-page-background-enabled":"default","ast-page-background-meta":{"desktop":{"background-color":"var(--ast-global-color-4)","background-image":"","background-repeat":"repeat","background-position":"center center","background-size":"auto","background-attachment":"scroll","background-type":"","background-media":"","overlay-type":"","overlay-color":"","overlay-opacity":"","overlay-gradient":""},"tablet":{"background-color":"","background-image":"","background-repeat":"repeat","background-position":"center center","background-size":"auto","background-attachment":"scroll","background-type":"","background-media":"","overlay-type":"","overlay-color":"","overlay-opacity":"","overlay-gradient":""},"mobile":{"background-color":"","background-image":"","background-repeat":"repeat","background-position":"center center","background-size":"auto","background-attachment":"scroll","background-type":"","background-media":"","overlay-type":"","overlay-color":"","overlay-opacity":"","overlay-gradient":""}},"ast-content-background-meta":{"desktop":{"background-color":"var(--ast-global-color-5)","background-image":"","background-repeat":"repeat","background-position":"center center","background-size":"auto","background-attachment":"scroll","background-type":"","background-media":"","overlay-type":"","overlay-color":"","overlay-opacity":"","overlay-gradient":""},"tablet":{"background-color":"var(--ast-global-color-5)","background-image":"","background-repeat":"repeat","background-position":"center center","background-size":"auto","background-attachment":"scroll","background-type":"","background-media":"","overlay-type":"","overlay-color":"","overlay-opacity":"","overlay-gradient":""},"mobile":{"background-color":"var(--ast-global-color-5)","background-image":"","background-repeat":"repeat","background-position":"center center","background-size":"auto","background-attachment":"scroll","background-type":"","background-media":"","overlay-type":"","overlay-color":"","overlay-opacity":"","overlay-gradient":""}},"footnotes":""},"class_list":["post-2428","page","type-page","status-publish","hentry"],"featured_image_src":null,"yoast_head":"<!-- This site is optimized with the Yoast SEO plugin v27.5 - https:\/\/yoast.com\/product\/yoast-seo-wordpress\/ -->\n<title>Viktor Hartobanu - Stellae Matutinae - European Harp Symposium<\/title>\n<meta name=\"robots\" content=\"index, follow, max-snippet:-1, max-image-preview:large, max-video-preview:-1\" \/>\n<link rel=\"canonical\" href=\"https:\/\/stellaematutinae.org\/de\/viktor-hartobanu\/\" \/>\n<meta property=\"og:locale\" content=\"de_DE\" \/>\n<meta property=\"og:type\" content=\"article\" \/>\n<meta property=\"og:title\" content=\"Viktor Hartobanu - Stellae Matutinae - European Harp Symposium\" \/>\n<meta property=\"og:url\" content=\"https:\/\/stellaematutinae.org\/de\/viktor-hartobanu\/\" \/>\n<meta property=\"og:site_name\" content=\"Stellae Matutinae - European Harp Symposium\" \/>\n<meta property=\"article:publisher\" content=\"https:\/\/www.facebook.com\/stellaematutinae\" \/>\n<meta property=\"article:modified_time\" content=\"2024-12-31T12:04:26+00:00\" \/>\n<meta property=\"og:image\" content=\"http:\/\/stellaematutinae.org\/wp-content\/uploads\/2024\/09\/14-Z61_8532-1-1024x681.jpg\" \/>\n<meta name=\"twitter:card\" content=\"summary_large_image\" \/>\n<meta name=\"twitter:label1\" content=\"Gesch\u00e4tzte Lesezeit\" \/>\n\t<meta name=\"twitter:data1\" content=\"5\u00a0Minuten\" \/>\n<script type=\"application\/ld+json\" class=\"yoast-schema-graph\">{\"@context\":\"https:\\\/\\\/schema.org\",\"@graph\":[{\"@type\":\"WebPage\",\"@id\":\"https:\\\/\\\/stellaematutinae.org\\\/viktor-hartobanu\\\/\",\"url\":\"https:\\\/\\\/stellaematutinae.org\\\/viktor-hartobanu\\\/\",\"name\":\"Viktor Hartobanu - Stellae Matutinae - European Harp Symposium\",\"isPartOf\":{\"@id\":\"https:\\\/\\\/stellaematutinae.org\\\/#website\"},\"primaryImageOfPage\":{\"@id\":\"https:\\\/\\\/stellaematutinae.org\\\/viktor-hartobanu\\\/#primaryimage\"},\"image\":{\"@id\":\"https:\\\/\\\/stellaematutinae.org\\\/viktor-hartobanu\\\/#primaryimage\"},\"thumbnailUrl\":\"http:\\\/\\\/stellaematutinae.org\\\/wp-content\\\/uploads\\\/2024\\\/09\\\/14-Z61_8532-1-1024x681.jpg\",\"datePublished\":\"2024-10-01T13:09:11+00:00\",\"dateModified\":\"2024-12-31T12:04:26+00:00\",\"breadcrumb\":{\"@id\":\"https:\\\/\\\/stellaematutinae.org\\\/viktor-hartobanu\\\/#breadcrumb\"},\"inLanguage\":\"de\",\"potentialAction\":[{\"@type\":\"ReadAction\",\"target\":[\"https:\\\/\\\/stellaematutinae.org\\\/viktor-hartobanu\\\/\"]}]},{\"@type\":\"ImageObject\",\"inLanguage\":\"de\",\"@id\":\"https:\\\/\\\/stellaematutinae.org\\\/viktor-hartobanu\\\/#primaryimage\",\"url\":\"http:\\\/\\\/stellaematutinae.org\\\/wp-content\\\/uploads\\\/2024\\\/09\\\/14-Z61_8532-1-1024x681.jpg\",\"contentUrl\":\"http:\\\/\\\/stellaematutinae.org\\\/wp-content\\\/uploads\\\/2024\\\/09\\\/14-Z61_8532-1-1024x681.jpg\"},{\"@type\":\"BreadcrumbList\",\"@id\":\"https:\\\/\\\/stellaematutinae.org\\\/viktor-hartobanu\\\/#breadcrumb\",\"itemListElement\":[{\"@type\":\"ListItem\",\"position\":1,\"name\":\"Home\",\"item\":\"https:\\\/\\\/stellaematutinae.org\\\/\"},{\"@type\":\"ListItem\",\"position\":2,\"name\":\"Viktor Hartobanu\"}]},{\"@type\":\"WebSite\",\"@id\":\"https:\\\/\\\/stellaematutinae.org\\\/#website\",\"url\":\"https:\\\/\\\/stellaematutinae.org\\\/\",\"name\":\"Stellae Matutinae - European Harp Symposium\",\"description\":\"Folge den Sternen - Follow the Stars\",\"publisher\":{\"@id\":\"https:\\\/\\\/stellaematutinae.org\\\/#organization\"},\"alternateName\":\"European Harp Symposium 2025\",\"potentialAction\":[{\"@type\":\"SearchAction\",\"target\":{\"@type\":\"EntryPoint\",\"urlTemplate\":\"https:\\\/\\\/stellaematutinae.org\\\/?s={search_term_string}\"},\"query-input\":{\"@type\":\"PropertyValueSpecification\",\"valueRequired\":true,\"valueName\":\"search_term_string\"}}],\"inLanguage\":\"de\"},{\"@type\":\"Organization\",\"@id\":\"https:\\\/\\\/stellaematutinae.org\\\/#organization\",\"name\":\"Stellae Matutinae\",\"url\":\"https:\\\/\\\/stellaematutinae.org\\\/\",\"logo\":{\"@type\":\"ImageObject\",\"inLanguage\":\"de\",\"@id\":\"https:\\\/\\\/stellaematutinae.org\\\/#\\\/schema\\\/logo\\\/image\\\/\",\"url\":\"http:\\\/\\\/stellaematutinae.org\\\/wp-content\\\/uploads\\\/2024\\\/09\\\/cropped-nur-Stern.png\",\"contentUrl\":\"http:\\\/\\\/stellaematutinae.org\\\/wp-content\\\/uploads\\\/2024\\\/09\\\/cropped-nur-Stern.png\",\"width\":512,\"height\":512,\"caption\":\"Stellae Matutinae\"},\"image\":{\"@id\":\"https:\\\/\\\/stellaematutinae.org\\\/#\\\/schema\\\/logo\\\/image\\\/\"},\"sameAs\":[\"https:\\\/\\\/www.facebook.com\\\/stellaematutinae\",\"https:\\\/\\\/www.youtube.com\\\/@stellae_matutinae\",\"https:\\\/\\\/instagram.com\\\/stellaematutinae\"]}]}<\/script>\n<!-- \/ Yoast SEO plugin. -->","yoast_head_json":{"title":"Viktor Hartobanu - Stellae Matutinae - European Harp Symposium","robots":{"index":"index","follow":"follow","max-snippet":"max-snippet:-1","max-image-preview":"max-image-preview:large","max-video-preview":"max-video-preview:-1"},"canonical":"https:\/\/stellaematutinae.org\/de\/viktor-hartobanu\/","og_locale":"de_DE","og_type":"article","og_title":"Viktor Hartobanu - Stellae Matutinae - European Harp Symposium","og_url":"https:\/\/stellaematutinae.org\/de\/viktor-hartobanu\/","og_site_name":"Stellae Matutinae - European Harp Symposium","article_publisher":"https:\/\/www.facebook.com\/stellaematutinae","article_modified_time":"2024-12-31T12:04:26+00:00","og_image":[{"url":"http:\/\/stellaematutinae.org\/wp-content\/uploads\/2024\/09\/14-Z61_8532-1-1024x681.jpg","type":"","width":"","height":""}],"twitter_card":"summary_large_image","twitter_misc":{"Gesch\u00e4tzte Lesezeit":"5\u00a0Minuten"},"schema":{"@context":"https:\/\/schema.org","@graph":[{"@type":"WebPage","@id":"https:\/\/stellaematutinae.org\/viktor-hartobanu\/","url":"https:\/\/stellaematutinae.org\/viktor-hartobanu\/","name":"Viktor Hartobanu - Stellae Matutinae - European Harp Symposium","isPartOf":{"@id":"https:\/\/stellaematutinae.org\/#website"},"primaryImageOfPage":{"@id":"https:\/\/stellaematutinae.org\/viktor-hartobanu\/#primaryimage"},"image":{"@id":"https:\/\/stellaematutinae.org\/viktor-hartobanu\/#primaryimage"},"thumbnailUrl":"http:\/\/stellaematutinae.org\/wp-content\/uploads\/2024\/09\/14-Z61_8532-1-1024x681.jpg","datePublished":"2024-10-01T13:09:11+00:00","dateModified":"2024-12-31T12:04:26+00:00","breadcrumb":{"@id":"https:\/\/stellaematutinae.org\/viktor-hartobanu\/#breadcrumb"},"inLanguage":"de","potentialAction":[{"@type":"ReadAction","target":["https:\/\/stellaematutinae.org\/viktor-hartobanu\/"]}]},{"@type":"ImageObject","inLanguage":"de","@id":"https:\/\/stellaematutinae.org\/viktor-hartobanu\/#primaryimage","url":"http:\/\/stellaematutinae.org\/wp-content\/uploads\/2024\/09\/14-Z61_8532-1-1024x681.jpg","contentUrl":"http:\/\/stellaematutinae.org\/wp-content\/uploads\/2024\/09\/14-Z61_8532-1-1024x681.jpg"},{"@type":"BreadcrumbList","@id":"https:\/\/stellaematutinae.org\/viktor-hartobanu\/#breadcrumb","itemListElement":[{"@type":"ListItem","position":1,"name":"Home","item":"https:\/\/stellaematutinae.org\/"},{"@type":"ListItem","position":2,"name":"Viktor Hartobanu"}]},{"@type":"WebSite","@id":"https:\/\/stellaematutinae.org\/#website","url":"https:\/\/stellaematutinae.org\/","name":"Stellae Matutinae - European Harp Symposium","description":"Folge den Sternen - Follow the Stars","publisher":{"@id":"https:\/\/stellaematutinae.org\/#organization"},"alternateName":"European Harp Symposium 2025","potentialAction":[{"@type":"SearchAction","target":{"@type":"EntryPoint","urlTemplate":"https:\/\/stellaematutinae.org\/?s={search_term_string}"},"query-input":{"@type":"PropertyValueSpecification","valueRequired":true,"valueName":"search_term_string"}}],"inLanguage":"de"},{"@type":"Organization","@id":"https:\/\/stellaematutinae.org\/#organization","name":"Stellae Matutinae","url":"https:\/\/stellaematutinae.org\/","logo":{"@type":"ImageObject","inLanguage":"de","@id":"https:\/\/stellaematutinae.org\/#\/schema\/logo\/image\/","url":"http:\/\/stellaematutinae.org\/wp-content\/uploads\/2024\/09\/cropped-nur-Stern.png","contentUrl":"http:\/\/stellaematutinae.org\/wp-content\/uploads\/2024\/09\/cropped-nur-Stern.png","width":512,"height":512,"caption":"Stellae Matutinae"},"image":{"@id":"https:\/\/stellaematutinae.org\/#\/schema\/logo\/image\/"},"sameAs":["https:\/\/www.facebook.com\/stellaematutinae","https:\/\/www.youtube.com\/@stellae_matutinae","https:\/\/instagram.com\/stellaematutinae"]}]}},"uagb_featured_image_src":{"full":false,"thumbnail":false,"medium":false,"medium_large":false,"large":false,"1536x1536":false,"2048x2048":false,"trp-custom-language-flag":false,"tb-timeline-landscape":false,"tb-timeline-square":false},"uagb_author_info":{"display_name":"admin","author_link":"https:\/\/stellaematutinae.org\/de\/author\/admin\/"},"uagb_comment_info":0,"uagb_excerpt":null,"_links":{"self":[{"href":"https:\/\/stellaematutinae.org\/de\/wp-json\/wp\/v2\/pages\/2428","targetHints":{"allow":["GET"]}}],"collection":[{"href":"https:\/\/stellaematutinae.org\/de\/wp-json\/wp\/v2\/pages"}],"about":[{"href":"https:\/\/stellaematutinae.org\/de\/wp-json\/wp\/v2\/types\/page"}],"author":[{"embeddable":true,"href":"https:\/\/stellaematutinae.org\/de\/wp-json\/wp\/v2\/users\/1"}],"replies":[{"embeddable":true,"href":"https:\/\/stellaematutinae.org\/de\/wp-json\/wp\/v2\/comments?post=2428"}],"version-history":[{"count":2,"href":"https:\/\/stellaematutinae.org\/de\/wp-json\/wp\/v2\/pages\/2428\/revisions"}],"predecessor-version":[{"id":3025,"href":"https:\/\/stellaematutinae.org\/de\/wp-json\/wp\/v2\/pages\/2428\/revisions\/3025"}],"wp:attachment":[{"href":"https:\/\/stellaematutinae.org\/de\/wp-json\/wp\/v2\/media?parent=2428"}],"curies":[{"name":"wp","href":"https:\/\/api.w.org\/{rel}","templated":true}]}}