{"id":2408,"date":"2024-09-30T08:08:06","date_gmt":"2024-09-30T08:08:06","guid":{"rendered":"https:\/\/stellaematutinae.org\/?page_id=2408"},"modified":"2024-11-01T08:48:32","modified_gmt":"2024-11-01T08:48:32","slug":"jana-bouskova","status":"publish","type":"page","link":"https:\/\/stellaematutinae.org\/de\/jana-bouskova\/","title":{"rendered":"Jana Bou\u0161kov\u00e1"},"content":{"rendered":"<div class=\"wp-block-uagb-container uagb-block-nozrcroi alignfull uagb-is-root-container\"><div class=\"uagb-container-inner-blocks-wrap\">\n<div class=\"wp-block-uagb-container uagb-block-mzbk5ge9\">\n<div class=\"wp-block-uagb-info-box uagb-block-nosvut4v uagb-infobox__content-wrap  uagb-infobox-icon-above-title uagb-infobox-image-valign-top wp-block-uagb-info-box--has-margin\"><div class=\"uagb-infobox-margin-wrapper\"><div class=\"uagb-ifb-content\"><div class=\"uagb-ifb-title-wrap\"><h2 class=\"uagb-ifb-title\"><strong>Jana Bou\u0161kov\u00e1<\/strong><\/h2><\/div><p class=\"uagb-ifb-desc\">Jana Bou\u0161kov\u00e1 ist Absolventin des Prager Konservatoriums und der Universit\u00e4t Ostrava, wo sie in der Klasse von Prof. Libu\u0161e V\u00e1chalov\u00e1 studierte. Libu\u0161e V\u00e1chalov\u00e1 studierte. Anschlie\u00dfend studierte sie ein Jahr an der renommierten Indiana University bei Prof. Susann McDonald. Jana Bou\u0161kov\u00e1 ist die einzige tschechische Harfenistin, die die wichtigsten und anerkanntesten internationalen Harfenwettbewerbe der Welt gewonnen hat. So gewann sie 1992 in den USA und im selben Jahr in Israel den 2. Preis beim Wettbewerb mit der \u00e4ltesten Tradition der Welt.<br>Zu den weiteren zahlreichen Erfolgen geh\u00f6ren der 1. Preis beim Concours International de Musique de Chambre in Paris und der 1. Preis beim Torneo Internazionale di Musica in Italien.<br>Jana Bou\u0161kov\u00e1 wurde f\u00fcr ihre herausragenden Konzerterfolge und ihren Beitrag zur Harfenmusik in der Schweiz geehrt und ist Preistr\u00e4gerin des Juventus Festivals in Frankreich. In der Tschechischen Republik wurde sie mit dem Preis Talent des Jahres 1996 ausgezeichnet und als eine der zehn bedeutendsten tschechischen Frauen und als erste Interpretin der klassischen Musik \u00fcberhaupt wurde sie mit dem Preis Lady Pro ausgezeichnet.<br>\u200b<br>Dank ihrer ausgepr\u00e4gten k\u00fcnstlerischen Erfolge wurde Jana Bou\u0161kov\u00e1 schnell zu einer gefragten Harfenistin, die sowohl als Solistin als auch in Zusammenarbeit mit Interpreten wie Maxim Vengerov, Jurij Bashmet, Patrick Gallois, Ji\u0159\u00ed B\u00e1rta, Christian Tetzlaff, Sharon Kam oder Mstislav Rostropovi\u010d auf den gro\u00dfen B\u00fchnen der Welt auftritt. Dieser renommierte Cellovirtuose bat um den Kontakt zu Jana, nachdem er ihren Auftritt im Radio geh\u00f6rt hatte. Sp\u00e4ter f\u00fchrte Jana mit Mstislav Rostropovich unter anderem im Rahmen des Festivals in Evian (Frankreich) Kompositionen von Ravi Shankar auf.<br>\u200b<br>Neben ihrer Solokarriere widmet sich Jana Bou\u0161kov\u00e1 auch der p\u00e4dagogischen T\u00e4tigkeit. Seit September 2019 ist sie Professorin an der renommierten Musikhochschule Royal College of Music in London und seit 2007 an der Akademie der Darstellenden K\u00fcnste in Prag. Sie war 15 Jahre lang, von 2005 bis 2020, eine sehr erfolgreiche Professorin am K\u00f6niglichen Konservatorium in Br\u00fcssel und 19 Jahre lang, von 1993 bis 2012, am Konservatorium in Prag.<br>\u200b<br>Jana Bou\u0161kov\u00e1 wurde auch eingeladen, f\u00fcr einige Monate an der Indiana University in den USA und an der Haute Ecole de Musique de Gen\u00e8ve in der Schweiz zu unterrichten.<br>\u200b<br>Seit 2005 ist Jana Bou\u0161kov\u00e1 Soloharfenistin des Tschechischen Philharmonischen Orchesters. Sie wird regelm\u00e4\u00dfig zu weltweit renommierten Harfenkongressen und -symposien eingeladen, ist Jurymitglied bei internationalen Harfenwettbewerben in den USA, Frankreich, Italien, Israel und anderen L\u00e4ndern und leitet Meisterkurse in der ganzen Welt.<br>Im Jahr 1999 war sie die k\u00fcnstlerische Leiterin des 7. Weltharfenkongresses in Prag. Seit 2000 ist sie Mitglied des k\u00fcnstlerischen Beirats der Akademie der Darstellenden K\u00fcnste in Prag und der Tschechischen Philharmonie.<br>\u200b<br>Jana Bou\u0161kov\u00e1 hat mehr als 50 CDs f\u00fcr tschechische und internationale Labels, Radiosender und Fernsehanstalten aufgenommen. Die letzte CD - Ma vlast - bringt eine v\u00f6llig neue Vision auf der Harfe. Es handelt sich um eine einzigartige Aufnahme, die nirgendwo auf der Welt existiert und ausschlie\u00dflich Kompositionen tschechischer Meister wie Smetana, Dvo\u0159\u00e1k und Suk enth\u00e4lt. Die Originalst\u00fccke, die f\u00fcr Orchester oder Klavier geschrieben wurden, hat Jana Bou\u0161kov\u00e1 selbst f\u00fcr die Harfe solo arrangiert.<br>\u200b<br>2004 ver\u00f6ffentlichte EMI eine Aufnahme des Konzerts von Jana Bou\u0161kov\u00e1 im Rahmen des deutschen Festivals Spannungen.<br>Das Repertoire von Jana Bou\u0161kov\u00e1 umfasst Kompositionen aus allen Epochen. Zahlreiche tschechische und ausl\u00e4ndische zeitgen\u00f6ssische Komponisten haben Werke f\u00fcr sie geschrieben. Sonate f\u00fcr Cello und Harfe von Ravi Shankar (mit Mstislav Rostropovich), Konzert f\u00fcr Fl\u00f6te, Harfe, Viola und Orchester von Benjamin Yusupov (mit Maxim Vengerov), Konzert f\u00fcr zwei Harfen von Jan F. Fischer (mit Isabelle Moretti - 7. Weltharfenkongress in Prag, 1999), Konzert f\u00fcr Solo-Harfe Praharphona von Kry\u0161tof Ma\u0159atka (Urauff\u00fchrung in Kiel, BDR), Solo-Harfenkonzert von Luk\u00e1\u0161 Sommer, Jazzkonzert f\u00fcr Fl\u00f6te und Harfe von Emil Viklick\u00fd usw. z\u00e4hlen zu den Urauff\u00fchrungen.<br>Jana Bou\u0161kov\u00e1 ist die offizielle Spielerin des renommierten Harfenherstellers Lyon &amp; Healy und spielt das Instrument dieser US-Firma, das sie 1992 beim Internationalen Harfenwettbewerb in den USA gewann.<\/p><\/div><\/div><\/div>\n\n\n\n<div class=\"wp-block-uagb-image alignleft uagb-block-fevk6p4n wp-block-uagb-image--layout-default wp-block-uagb-image--effect-static wp-block-uagb-image--align-left\"><figure class=\"wp-block-uagb-image__figure\"><img decoding=\"async\" srcset=\"https:\/\/stellaematutinae.org\/wp-content\/uploads\/2024\/09\/Zrzut-ekranu-2024-09-30-o-10.05.01-1024x873.png ,https:\/\/stellaematutinae.org\/wp-content\/uploads\/2024\/09\/Zrzut-ekranu-2024-09-30-o-10.05.01.png 780w, https:\/\/stellaematutinae.org\/wp-content\/uploads\/2024\/09\/Zrzut-ekranu-2024-09-30-o-10.05.01.png 360w\" sizes=\"auto, (max-width: 480px) 150px\" src=\"https:\/\/stellaematutinae.org\/wp-content\/uploads\/2024\/09\/Zrzut-ekranu-2024-09-30-o-10.05.01-1024x873.png\" alt=\"\" class=\"uag-image-2412\" width=\"564\" height=\"376\" title=\"Jana Bouskova\" loading=\"lazy\" role=\"img\"\/><\/figure><\/div>\n\n\n\n<div class=\"wp-block-uagb-info-box uagb-block-fft3bzol uagb-infobox__content-wrap  uagb-infobox-icon-above-title uagb-infobox-image-valign-top wp-block-uagb-info-box--has-margin\"><div class=\"uagb-infobox-margin-wrapper\"><div class=\"uagb-ifb-content\"><div class=\"uagb-ifb-title-wrap\"><h3 class=\"uagb-ifb-title\"> <\/h3><\/div><p class=\"uagb-ifb-desc\"> <\/p><\/div><\/div><\/div>\n<\/div>\n\n\n\n<div class=\"wp-block-uagb-container uagb-block-1bimh2vt\">\n<div class=\"wp-block-uagb-image alignleft uagb-block-kmbx8qg0 wp-block-uagb-image--layout-default wp-block-uagb-image--effect-static wp-block-uagb-image--align-left\"><figure class=\"wp-block-uagb-image__figure\"><img decoding=\"async\" srcset=\"https:\/\/stellaematutinae.org\/wp-content\/uploads\/2024\/09\/05255.jpg ,https:\/\/stellaematutinae.org\/wp-content\/uploads\/2024\/09\/05255.jpg 780w, https:\/\/stellaematutinae.org\/wp-content\/uploads\/2024\/09\/05255.jpg 360w\" sizes=\"auto, (max-width: 480px) 150px\" src=\"https:\/\/stellaematutinae.org\/wp-content\/uploads\/2024\/09\/05255.jpg\" alt=\"\" class=\"uag-image-2348\" width=\"564\" height=\"376\" title=\"05255\" loading=\"lazy\" role=\"img\"\/><\/figure><\/div>\n\n\n\n<div class=\"wp-block-uagb-info-box uagb-block-8uazjqwt uagb-infobox__content-wrap  uagb-infobox-icon-above-title uagb-infobox-image-valign-top wp-block-uagb-info-box--has-margin\"><div class=\"uagb-infobox-margin-wrapper\"><div class=\"uagb-ifb-content\"><div class=\"uagb-ifb-title-wrap\"><\/div><\/div><\/div><\/div>\n\n\n\n<figure class=\"wp-block-embed is-type-video is-provider-youtube wp-block-embed-youtube wp-embed-aspect-16-9 wp-has-aspect-ratio\"><div class=\"wp-block-embed__wrapper\">\n<iframe loading=\"lazy\" title=\"Smetana: Vltava \u2022 Moldau (Jana Bou\u0161kov\u00e1 harfa\/harp)\" width=\"500\" height=\"281\" src=\"https:\/\/www.youtube.com\/embed\/NTKvvFwLUbA?feature=oembed\" frameborder=\"0\" allow=\"accelerometer; autoplay; clipboard-write; encrypted-media; gyroscope; picture-in-picture; web-share\" referrerpolicy=\"strict-origin-when-cross-origin\" allowfullscreen><\/iframe>\n<\/div><\/figure>\n\n\n\n<div class=\"wp-block-uagb-info-box uagb-block-sjiorxpf uagb-infobox__content-wrap  uagb-infobox-icon-above-title uagb-infobox-image-valign-top wp-block-uagb-info-box--has-margin\"><div class=\"uagb-infobox-margin-wrapper\"><div class=\"uagb-ifb-content\"><div class=\"uagb-ifb-title-wrap\"><h3 class=\"uagb-ifb-title\">Bed\u0159ich Smetana: The Moldau from cycle of symphonic poems My Homeland arranged for harp<\/h3><\/div><p class=\"uagb-ifb-desc\">Video from our benefit concert for hospitals. Recorded on 28th March 2020 in the Dvo\u0159\u00e1k Hall of the Rudolfinum.<\/p><\/div><\/div><\/div>\n<\/div>\n<\/div><\/div>","protected":false},"excerpt":{"rendered":"","protected":false},"author":1,"featured_media":0,"parent":0,"menu_order":0,"comment_status":"closed","ping_status":"closed","template":"","meta":{"_surecart_dashboard_logo_width":"180px","_surecart_dashboard_show_logo":true,"_surecart_dashboard_navigation_orders":true,"_surecart_dashboard_navigation_invoices":true,"_surecart_dashboard_navigation_subscriptions":true,"_surecart_dashboard_navigation_downloads":true,"_surecart_dashboard_navigation_billing":true,"_surecart_dashboard_navigation_account":true,"_uag_custom_page_level_css":"","site-sidebar-layout":"default","site-content-layout":"","ast-site-content-layout":"default","site-content-style":"default","site-sidebar-style":"default","ast-global-header-display":"","ast-banner-title-visibility":"","ast-main-header-display":"","ast-hfb-above-header-display":"","ast-hfb-below-header-display":"","ast-hfb-mobile-header-display":"","site-post-title":"","ast-breadcrumbs-content":"","ast-featured-img":"","footer-sml-layout":"","ast-disable-related-posts":"","theme-transparent-header-meta":"","adv-header-id-meta":"","stick-header-meta":"","header-above-stick-meta":"","header-main-stick-meta":"","header-below-stick-meta":"","astra-migrate-meta-layouts":"set","ast-page-background-enabled":"default","ast-page-background-meta":{"desktop":{"background-color":"var(--ast-global-color-4)","background-image":"","background-repeat":"repeat","background-position":"center center","background-size":"auto","background-attachment":"scroll","background-type":"","background-media":"","overlay-type":"","overlay-color":"","overlay-opacity":"","overlay-gradient":""},"tablet":{"background-color":"","background-image":"","background-repeat":"repeat","background-position":"center center","background-size":"auto","background-attachment":"scroll","background-type":"","background-media":"","overlay-type":"","overlay-color":"","overlay-opacity":"","overlay-gradient":""},"mobile":{"background-color":"","background-image":"","background-repeat":"repeat","background-position":"center center","background-size":"auto","background-attachment":"scroll","background-type":"","background-media":"","overlay-type":"","overlay-color":"","overlay-opacity":"","overlay-gradient":""}},"ast-content-background-meta":{"desktop":{"background-color":"var(--ast-global-color-5)","background-image":"","background-repeat":"repeat","background-position":"center center","background-size":"auto","background-attachment":"scroll","background-type":"","background-media":"","overlay-type":"","overlay-color":"","overlay-opacity":"","overlay-gradient":""},"tablet":{"background-color":"var(--ast-global-color-5)","background-image":"","background-repeat":"repeat","background-position":"center center","background-size":"auto","background-attachment":"scroll","background-type":"","background-media":"","overlay-type":"","overlay-color":"","overlay-opacity":"","overlay-gradient":""},"mobile":{"background-color":"var(--ast-global-color-5)","background-image":"","background-repeat":"repeat","background-position":"center center","background-size":"auto","background-attachment":"scroll","background-type":"","background-media":"","overlay-type":"","overlay-color":"","overlay-opacity":"","overlay-gradient":""}},"footnotes":""},"class_list":["post-2408","page","type-page","status-publish","hentry"],"featured_image_src":null,"yoast_head":"<!-- This site is optimized with the Yoast SEO plugin v27.5 - https:\/\/yoast.com\/product\/yoast-seo-wordpress\/ -->\n<title>Jana Bou\u0161kov\u00e1 - Stellae Matutinae - European Harp Symposium<\/title>\n<meta name=\"robots\" content=\"index, follow, max-snippet:-1, max-image-preview:large, max-video-preview:-1\" \/>\n<link rel=\"canonical\" href=\"https:\/\/stellaematutinae.org\/de\/jana-bouskova\/\" \/>\n<meta property=\"og:locale\" content=\"de_DE\" \/>\n<meta property=\"og:type\" content=\"article\" \/>\n<meta property=\"og:title\" content=\"Jana Bou\u0161kov\u00e1 - Stellae Matutinae - European Harp Symposium\" \/>\n<meta property=\"og:url\" content=\"https:\/\/stellaematutinae.org\/de\/jana-bouskova\/\" \/>\n<meta property=\"og:site_name\" content=\"Stellae Matutinae - European Harp Symposium\" \/>\n<meta property=\"article:publisher\" content=\"https:\/\/www.facebook.com\/stellaematutinae\" \/>\n<meta property=\"article:modified_time\" content=\"2024-11-01T08:48:32+00:00\" \/>\n<meta property=\"og:image\" content=\"http:\/\/stellaematutinae.org\/wp-content\/uploads\/2024\/09\/Zrzut-ekranu-2024-09-30-o-10.05.01-1024x873.png\" \/>\n<meta name=\"twitter:card\" content=\"summary_large_image\" \/>\n<meta name=\"twitter:label1\" content=\"Gesch\u00e4tzte Lesezeit\" \/>\n\t<meta name=\"twitter:data1\" content=\"4\u00a0Minuten\" \/>\n<script type=\"application\/ld+json\" class=\"yoast-schema-graph\">{\"@context\":\"https:\\\/\\\/schema.org\",\"@graph\":[{\"@type\":\"WebPage\",\"@id\":\"https:\\\/\\\/stellaematutinae.org\\\/jana-bouskova\\\/\",\"url\":\"https:\\\/\\\/stellaematutinae.org\\\/jana-bouskova\\\/\",\"name\":\"Jana Bou\u0161kov\u00e1 - Stellae Matutinae - European Harp Symposium\",\"isPartOf\":{\"@id\":\"https:\\\/\\\/stellaematutinae.org\\\/#website\"},\"primaryImageOfPage\":{\"@id\":\"https:\\\/\\\/stellaematutinae.org\\\/jana-bouskova\\\/#primaryimage\"},\"image\":{\"@id\":\"https:\\\/\\\/stellaematutinae.org\\\/jana-bouskova\\\/#primaryimage\"},\"thumbnailUrl\":\"http:\\\/\\\/stellaematutinae.org\\\/wp-content\\\/uploads\\\/2024\\\/09\\\/Zrzut-ekranu-2024-09-30-o-10.05.01-1024x873.png\",\"datePublished\":\"2024-09-30T08:08:06+00:00\",\"dateModified\":\"2024-11-01T08:48:32+00:00\",\"breadcrumb\":{\"@id\":\"https:\\\/\\\/stellaematutinae.org\\\/jana-bouskova\\\/#breadcrumb\"},\"inLanguage\":\"de\",\"potentialAction\":[{\"@type\":\"ReadAction\",\"target\":[\"https:\\\/\\\/stellaematutinae.org\\\/jana-bouskova\\\/\"]}]},{\"@type\":\"ImageObject\",\"inLanguage\":\"de\",\"@id\":\"https:\\\/\\\/stellaematutinae.org\\\/jana-bouskova\\\/#primaryimage\",\"url\":\"http:\\\/\\\/stellaematutinae.org\\\/wp-content\\\/uploads\\\/2024\\\/09\\\/Zrzut-ekranu-2024-09-30-o-10.05.01-1024x873.png\",\"contentUrl\":\"http:\\\/\\\/stellaematutinae.org\\\/wp-content\\\/uploads\\\/2024\\\/09\\\/Zrzut-ekranu-2024-09-30-o-10.05.01-1024x873.png\"},{\"@type\":\"BreadcrumbList\",\"@id\":\"https:\\\/\\\/stellaematutinae.org\\\/jana-bouskova\\\/#breadcrumb\",\"itemListElement\":[{\"@type\":\"ListItem\",\"position\":1,\"name\":\"Home\",\"item\":\"https:\\\/\\\/stellaematutinae.org\\\/\"},{\"@type\":\"ListItem\",\"position\":2,\"name\":\"Jana Bou\u0161kov\u00e1\"}]},{\"@type\":\"WebSite\",\"@id\":\"https:\\\/\\\/stellaematutinae.org\\\/#website\",\"url\":\"https:\\\/\\\/stellaematutinae.org\\\/\",\"name\":\"Stellae Matutinae - European Harp Symposium\",\"description\":\"Folge den Sternen - Follow the Stars\",\"publisher\":{\"@id\":\"https:\\\/\\\/stellaematutinae.org\\\/#organization\"},\"alternateName\":\"European Harp Symposium 2025\",\"potentialAction\":[{\"@type\":\"SearchAction\",\"target\":{\"@type\":\"EntryPoint\",\"urlTemplate\":\"https:\\\/\\\/stellaematutinae.org\\\/?s={search_term_string}\"},\"query-input\":{\"@type\":\"PropertyValueSpecification\",\"valueRequired\":true,\"valueName\":\"search_term_string\"}}],\"inLanguage\":\"de\"},{\"@type\":\"Organization\",\"@id\":\"https:\\\/\\\/stellaematutinae.org\\\/#organization\",\"name\":\"Stellae Matutinae\",\"url\":\"https:\\\/\\\/stellaematutinae.org\\\/\",\"logo\":{\"@type\":\"ImageObject\",\"inLanguage\":\"de\",\"@id\":\"https:\\\/\\\/stellaematutinae.org\\\/#\\\/schema\\\/logo\\\/image\\\/\",\"url\":\"http:\\\/\\\/stellaematutinae.org\\\/wp-content\\\/uploads\\\/2024\\\/09\\\/cropped-nur-Stern.png\",\"contentUrl\":\"http:\\\/\\\/stellaematutinae.org\\\/wp-content\\\/uploads\\\/2024\\\/09\\\/cropped-nur-Stern.png\",\"width\":512,\"height\":512,\"caption\":\"Stellae Matutinae\"},\"image\":{\"@id\":\"https:\\\/\\\/stellaematutinae.org\\\/#\\\/schema\\\/logo\\\/image\\\/\"},\"sameAs\":[\"https:\\\/\\\/www.facebook.com\\\/stellaematutinae\",\"https:\\\/\\\/www.youtube.com\\\/@stellae_matutinae\",\"https:\\\/\\\/instagram.com\\\/stellaematutinae\"]}]}<\/script>\n<!-- \/ Yoast SEO plugin. -->","yoast_head_json":{"title":"Jana Bou\u0161kov\u00e1 - Stellae Matutinae - European Harp Symposium","robots":{"index":"index","follow":"follow","max-snippet":"max-snippet:-1","max-image-preview":"max-image-preview:large","max-video-preview":"max-video-preview:-1"},"canonical":"https:\/\/stellaematutinae.org\/de\/jana-bouskova\/","og_locale":"de_DE","og_type":"article","og_title":"Jana Bou\u0161kov\u00e1 - Stellae Matutinae - European Harp Symposium","og_url":"https:\/\/stellaematutinae.org\/de\/jana-bouskova\/","og_site_name":"Stellae Matutinae - European Harp Symposium","article_publisher":"https:\/\/www.facebook.com\/stellaematutinae","article_modified_time":"2024-11-01T08:48:32+00:00","og_image":[{"url":"http:\/\/stellaematutinae.org\/wp-content\/uploads\/2024\/09\/Zrzut-ekranu-2024-09-30-o-10.05.01-1024x873.png","type":"","width":"","height":""}],"twitter_card":"summary_large_image","twitter_misc":{"Gesch\u00e4tzte Lesezeit":"4\u00a0Minuten"},"schema":{"@context":"https:\/\/schema.org","@graph":[{"@type":"WebPage","@id":"https:\/\/stellaematutinae.org\/jana-bouskova\/","url":"https:\/\/stellaematutinae.org\/jana-bouskova\/","name":"Jana Bou\u0161kov\u00e1 - Stellae Matutinae - European Harp Symposium","isPartOf":{"@id":"https:\/\/stellaematutinae.org\/#website"},"primaryImageOfPage":{"@id":"https:\/\/stellaematutinae.org\/jana-bouskova\/#primaryimage"},"image":{"@id":"https:\/\/stellaematutinae.org\/jana-bouskova\/#primaryimage"},"thumbnailUrl":"http:\/\/stellaematutinae.org\/wp-content\/uploads\/2024\/09\/Zrzut-ekranu-2024-09-30-o-10.05.01-1024x873.png","datePublished":"2024-09-30T08:08:06+00:00","dateModified":"2024-11-01T08:48:32+00:00","breadcrumb":{"@id":"https:\/\/stellaematutinae.org\/jana-bouskova\/#breadcrumb"},"inLanguage":"de","potentialAction":[{"@type":"ReadAction","target":["https:\/\/stellaematutinae.org\/jana-bouskova\/"]}]},{"@type":"ImageObject","inLanguage":"de","@id":"https:\/\/stellaematutinae.org\/jana-bouskova\/#primaryimage","url":"http:\/\/stellaematutinae.org\/wp-content\/uploads\/2024\/09\/Zrzut-ekranu-2024-09-30-o-10.05.01-1024x873.png","contentUrl":"http:\/\/stellaematutinae.org\/wp-content\/uploads\/2024\/09\/Zrzut-ekranu-2024-09-30-o-10.05.01-1024x873.png"},{"@type":"BreadcrumbList","@id":"https:\/\/stellaematutinae.org\/jana-bouskova\/#breadcrumb","itemListElement":[{"@type":"ListItem","position":1,"name":"Home","item":"https:\/\/stellaematutinae.org\/"},{"@type":"ListItem","position":2,"name":"Jana Bou\u0161kov\u00e1"}]},{"@type":"WebSite","@id":"https:\/\/stellaematutinae.org\/#website","url":"https:\/\/stellaematutinae.org\/","name":"Stellae Matutinae - European Harp Symposium","description":"Folge den Sternen - Follow the Stars","publisher":{"@id":"https:\/\/stellaematutinae.org\/#organization"},"alternateName":"European Harp Symposium 2025","potentialAction":[{"@type":"SearchAction","target":{"@type":"EntryPoint","urlTemplate":"https:\/\/stellaematutinae.org\/?s={search_term_string}"},"query-input":{"@type":"PropertyValueSpecification","valueRequired":true,"valueName":"search_term_string"}}],"inLanguage":"de"},{"@type":"Organization","@id":"https:\/\/stellaematutinae.org\/#organization","name":"Stellae Matutinae","url":"https:\/\/stellaematutinae.org\/","logo":{"@type":"ImageObject","inLanguage":"de","@id":"https:\/\/stellaematutinae.org\/#\/schema\/logo\/image\/","url":"http:\/\/stellaematutinae.org\/wp-content\/uploads\/2024\/09\/cropped-nur-Stern.png","contentUrl":"http:\/\/stellaematutinae.org\/wp-content\/uploads\/2024\/09\/cropped-nur-Stern.png","width":512,"height":512,"caption":"Stellae Matutinae"},"image":{"@id":"https:\/\/stellaematutinae.org\/#\/schema\/logo\/image\/"},"sameAs":["https:\/\/www.facebook.com\/stellaematutinae","https:\/\/www.youtube.com\/@stellae_matutinae","https:\/\/instagram.com\/stellaematutinae"]}]}},"uagb_featured_image_src":{"full":false,"thumbnail":false,"medium":false,"medium_large":false,"large":false,"1536x1536":false,"2048x2048":false,"trp-custom-language-flag":false,"tb-timeline-landscape":false,"tb-timeline-square":false},"uagb_author_info":{"display_name":"admin","author_link":"https:\/\/stellaematutinae.org\/de\/author\/admin\/"},"uagb_comment_info":0,"uagb_excerpt":null,"_links":{"self":[{"href":"https:\/\/stellaematutinae.org\/de\/wp-json\/wp\/v2\/pages\/2408","targetHints":{"allow":["GET"]}}],"collection":[{"href":"https:\/\/stellaematutinae.org\/de\/wp-json\/wp\/v2\/pages"}],"about":[{"href":"https:\/\/stellaematutinae.org\/de\/wp-json\/wp\/v2\/types\/page"}],"author":[{"embeddable":true,"href":"https:\/\/stellaematutinae.org\/de\/wp-json\/wp\/v2\/users\/1"}],"replies":[{"embeddable":true,"href":"https:\/\/stellaematutinae.org\/de\/wp-json\/wp\/v2\/comments?post=2408"}],"version-history":[{"count":3,"href":"https:\/\/stellaematutinae.org\/de\/wp-json\/wp\/v2\/pages\/2408\/revisions"}],"predecessor-version":[{"id":2777,"href":"https:\/\/stellaematutinae.org\/de\/wp-json\/wp\/v2\/pages\/2408\/revisions\/2777"}],"wp:attachment":[{"href":"https:\/\/stellaematutinae.org\/de\/wp-json\/wp\/v2\/media?parent=2408"}],"curies":[{"name":"wp","href":"https:\/\/api.w.org\/{rel}","templated":true}]}}