{"id":1324,"date":"2024-09-27T06:32:03","date_gmt":"2024-09-27T06:32:03","guid":{"rendered":"https:\/\/stellaematutinae.org\/about\/"},"modified":"2024-11-22T09:06:11","modified_gmt":"2024-11-22T09:06:11","slug":"about","status":"publish","type":"page","link":"https:\/\/stellaematutinae.org\/de\/about\/","title":{"rendered":"WILLKOMMEN!"},"content":{"rendered":"<div class=\"wp-block-uagb-container uagb-block-3ad17e27 alignfull uagb-is-root-container\"><div class=\"uagb-container-inner-blocks-wrap\">\n<div class=\"wp-block-uagb-advanced-heading uagb-block-8a1eebc0\"><h1 class=\"uagb-heading-text\">willkommen!<\/h1><\/div>\n<\/div><\/div>\n\n\n\n<div style=\"height:100px\" aria-hidden=\"true\" class=\"wp-block-spacer\"><\/div>\n\n\n\n<div class=\"inherit-container-width wp-block-group alignfull has-background-background-color has-background is-layout-constrained wp-container-core-group-is-layout-ab92b0a4 wp-block-group-is-layout-constrained\" style=\"margin-top:0;margin-bottom:0;padding-top:var(--wp--preset--spacing--30);padding-right:var(--wp--preset--spacing--30);padding-bottom:var(--wp--preset--spacing--60);padding-left:var(--wp--preset--spacing--30)\">\n<div class=\"wp-block-columns alignwide are-vertically-aligned-center is-layout-flex wp-container-core-columns-is-layout-47c06fe3 wp-block-columns-is-layout-flex\">\n<div class=\"wp-block-column is-vertically-aligned-center is-layout-flow wp-block-column-is-layout-flow\">\n<div class=\"wp-block-group is-layout-constrained wp-block-group-is-layout-constrained\">\n<h1 class=\"wp-block-heading has-text-align-center\" style=\"font-size:24px\"><strong>Die Harfe in Feldkirch, Vorarlberg und Europa<\/strong><\/h1>\n\n\n\n<p class=\"has-text-align-center\" style=\"margin-top:16px;font-size:15px\">Vorarlberg hat mit sch\u00e4tzungsweise 300 Harfenist*innen aller Leistungsstufen und Altersklassen eine au\u00dfergew\u00f6hnliche Dichte an Harfe spielenden Menschen und bietet mit der Stella Privathochschule f\u00fcr Musik in Feldkirch zudem geographisch einen sehr zentralen und leicht zu erreichenden Ort um Harfenist*innen und Liebhaber*innen aus ganz Europa anzuziehen.<br><br>Nicht zuletzt die seit 15 Jahren j\u00e4hrlich stattfindenden Feldkircher Harfentage zeigen mit ihren bis zu 50 aktiven Teilnehmer*innen, wie ein niederschwelliger, \u00fcberregionaler Austausch m\u00f6glich ist und weit in die Gesellschaft strahlt.<br><br>Seit 2007 hat es kein europ\u00e4isches Harfensymposium mehr gegeben. Damit fehlt eine Plattform, die den Austausch und die Vernetzung auch au\u00dferhalb von Wettbewerben oder in gr\u00f6\u00dferem Ma\u00dfstab erm\u00f6glicht. Neben zahlreichen kleineren Festivals ist nur der Weltharfenkongress geblieben, der nach 2008 in Amsterdam erst 2023 mit Cardiff wieder eine Stadt in Europa erreicht hat.<\/p>\n<\/div>\n<\/div>\n\n\n\n<div class=\"wp-block-column is-vertically-aligned-center is-layout-flow wp-block-column-is-layout-flow\">\n<figure class=\"wp-block-image size-large\"><img loading=\"lazy\" decoding=\"async\" width=\"1024\" height=\"565\" src=\"http:\/\/stellaematutinae.org\/wp-content\/uploads\/2024\/09\/building-3-scaled-1-1024x565.jpg\" alt=\"\" class=\"wp-image-2282\" style=\"aspect-ratio:1;object-fit:cover\" srcset=\"https:\/\/stellaematutinae.org\/wp-content\/uploads\/2024\/09\/building-3-scaled-1-1024x565.jpg 1024w, https:\/\/stellaematutinae.org\/wp-content\/uploads\/2024\/09\/building-3-scaled-1-300x166.jpg 300w, https:\/\/stellaematutinae.org\/wp-content\/uploads\/2024\/09\/building-3-scaled-1-768x424.jpg 768w, https:\/\/stellaematutinae.org\/wp-content\/uploads\/2024\/09\/building-3-scaled-1-1536x848.jpg 1536w, https:\/\/stellaematutinae.org\/wp-content\/uploads\/2024\/09\/building-3-scaled-1-2048x1130.jpg 2048w, https:\/\/stellaematutinae.org\/wp-content\/uploads\/2024\/09\/building-3-scaled-1-18x10.jpg 18w\" sizes=\"auto, (max-width: 1024px) 100vw, 1024px\" \/><\/figure>\n<\/div>\n<\/div>\n<\/div>\n\n\n\n<p><\/p>\n\n\n\n<div class=\"inherit-container-width wp-block-group alignfull has-background-background-color has-background is-layout-constrained wp-container-core-group-is-layout-ab92b0a4 wp-block-group-is-layout-constrained\" style=\"margin-top:0;margin-bottom:0;padding-top:var(--wp--preset--spacing--30);padding-right:var(--wp--preset--spacing--30);padding-bottom:var(--wp--preset--spacing--60);padding-left:var(--wp--preset--spacing--30)\">\n<div class=\"wp-block-columns alignwide are-vertically-aligned-center is-layout-flex wp-container-core-columns-is-layout-47c06fe3 wp-block-columns-is-layout-flex\">\n<div class=\"wp-block-column is-vertically-aligned-center is-layout-flow wp-block-column-is-layout-flow\">\n<figure class=\"wp-block-image size-large ext-aspect-portrait\"><img loading=\"lazy\" decoding=\"async\" width=\"768\" height=\"1024\" src=\"https:\/\/stellaematutinae.org\/wp-content\/uploads\/2024\/10\/20231019_091828-768x1024.jpg\" alt=\"\" class=\"wp-image-2693\" style=\"aspect-ratio:1;object-fit:cover\" srcset=\"https:\/\/stellaematutinae.org\/wp-content\/uploads\/2024\/10\/20231019_091828-768x1024.jpg 768w, https:\/\/stellaematutinae.org\/wp-content\/uploads\/2024\/10\/20231019_091828-225x300.jpg 225w, https:\/\/stellaematutinae.org\/wp-content\/uploads\/2024\/10\/20231019_091828-1152x1536.jpg 1152w, https:\/\/stellaematutinae.org\/wp-content\/uploads\/2024\/10\/20231019_091828-1536x2048.jpg 1536w, https:\/\/stellaematutinae.org\/wp-content\/uploads\/2024\/10\/20231019_091828-9x12.jpg 9w, https:\/\/stellaematutinae.org\/wp-content\/uploads\/2024\/10\/20231019_091828-scaled.jpg 1920w\" sizes=\"auto, (max-width: 768px) 100vw, 768px\" \/><\/figure>\n<\/div>\n\n\n\n<div class=\"wp-block-column is-vertically-aligned-center is-layout-flow wp-block-column-is-layout-flow\">\n<div class=\"wp-block-group is-layout-constrained wp-block-group-is-layout-constrained\">\n<h1 class=\"wp-block-heading has-text-align-center\" style=\"font-size:24px\"><strong>Die Initialz\u00fcndung<\/strong><\/h1>\n\n\n\n<p class=\"has-text-align-center\" style=\"margin-top:16px;font-size:15px\">Der 100. Geburtstag einer Harfe der legend\u00e4ren Firma Erard, die einst der ber\u00fchmten italienischen Harfenistin Clelia Gatti Aldrovandi geh\u00f6rte, ist der Anlass bei diesem Symposium die Harfe und ihre reiche Geschichte zu feiern. Dieses Instrument, welches mit seinen gotisch-viktorianisch Verzierungen einen Blick in die Vergangenheit gew\u00e4hrt, doch gleichzeitig unter den H\u00e4nden von Clelia Gatti Aldrovandi heutige Standardwerke von Hindemith, Casella, Rota und vielen anderen Komponisten der Avant Garde zur Urauff\u00fchrung gebracht hat, verbindet selbst die Vergangenheit mit der Zukunft in einer einzigartigen Weise. Dies soll Anlass und Ansporn f\u00fcr uns alle sein, unser Erbe zu pflegen, zu entwickeln und in die Zukunft zu tragen.<br><br>Gleichzeitig feiert die Harfenklasse in Feldkirch ihr 40-j\u00e4hriges Bestehen. Vom Landeskonservatorium f\u00fcr Vorarlberg bis zur heutigen Stella Privathochschule f\u00fcr Musik ist ein gro\u00dfes St\u00fcck Feldkircher und Vorarlberger Musikgeschichte geschrieben worden. Die alpenl\u00e4ndische Volksharfe hat dabei das Fundament geboten, auf dem nun internationale Studierende nach Feldkirch kommen und ihren Beitrag f\u00fcr die Weiterentwicklung leisten.<\/p>\n\n\n\n<p class=\"has-text-align-center has-small-font-size\" style=\"margin-top:16px\"><\/p>\n<\/div>\n<\/div>\n<\/div>\n<\/div>\n\n\n\n<div class=\"inherit-container-width wp-block-group alignfull has-background-background-color has-background is-layout-constrained wp-container-core-group-is-layout-ab92b0a4 wp-block-group-is-layout-constrained\" style=\"margin-top:0;margin-bottom:0;padding-top:var(--wp--preset--spacing--30);padding-right:var(--wp--preset--spacing--30);padding-bottom:var(--wp--preset--spacing--60);padding-left:var(--wp--preset--spacing--30)\">\n<div class=\"wp-block-columns alignwide are-vertically-aligned-center is-layout-flex wp-container-core-columns-is-layout-47c06fe3 wp-block-columns-is-layout-flex\">\n<div class=\"wp-block-column is-vertically-aligned-center is-layout-flow wp-block-column-is-layout-flow\">\n<div class=\"wp-block-group is-layout-constrained wp-block-group-is-layout-constrained\">\n<h1 class=\"wp-block-heading has-text-align-center\" style=\"font-size:24px\"><strong>Das Europ\u00e4ische Harfensymposium \u201eStellae Matutinae\u201c<\/strong><\/h1>\n\n\n\n<p class=\"has-text-align-center\" style=\"margin-top:16px;font-size:15px\">Der Geist der europ\u00e4ischen Harfensymposien war von Kollegialit\u00e4t, Offenheit und gemeinsamer Verantwortung gepr\u00e4gt. Durch sie kamen junge Talente mit ihren Vorbildern in Kontakt, wobei sie h\u00e4ufig die Rollen als Spielende und Zuh\u00f6rende tauschten. Durch Ausstellungen, sowie Seminare und Workshops, schaffte man eine Atmosph\u00e4re, in der Neugier befl\u00fcgelt, Inspiration geteilt und der ein oder andere Karrierewunsch gefasst wurde.<br><br>Da es nicht nur um den internen Austausch geht, sondern vielmehr um die Verankerung in der Gesellschaft, der Eroberung der B\u00fchnen und der Auseinandersetzung mit den Herausforderungen unserer Zeit, die uns alle betreffen, kann dieses Symposium Kreise in breitere Schichten Kunst- und Kulturinteressierter ziehen. Nicht zuletzt \u00fcberrascht die Vielfalt des Instruments immer wieder neu und belohnt die Zuh\u00f6renden mit Eindr\u00fccken, die lange nachwirken.<br><br>Die Geb\u00e4ude der fr\u00fcheren Stella Matutina bieten sich in nahezu schicksalhafter Weise an. Der Hinweis auf den Morgenstern, der den Tag ank\u00fcndigt und die Zukunft beschw\u00f6rt, die reiche Bildungsgeschichte des Orts und die junge Stella Vorarlberg Privathochschule f\u00fcr Musik bieten das perfekte Fundament f\u00fcr die Neuauflage des europ\u00e4ischen Harfensymposiums.<\/p>\n\n\n\n<p class=\"has-text-align-center has-small-font-size\" style=\"margin-top:16px\"><\/p>\n<\/div>\n<\/div>\n\n\n\n<div class=\"wp-block-column is-vertically-aligned-center is-layout-flow wp-block-column-is-layout-flow\">\n<figure class=\"wp-block-image size-large\"><img loading=\"lazy\" decoding=\"async\" width=\"1024\" height=\"576\" src=\"https:\/\/stellaematutinae.org\/wp-content\/uploads\/2024\/10\/Website-Large-1024x576.jpg\" alt=\"\" class=\"wp-image-2602\" style=\"aspect-ratio:1;object-fit:contain\" srcset=\"https:\/\/stellaematutinae.org\/wp-content\/uploads\/2024\/10\/Website-Large-1024x576.jpg 1024w, https:\/\/stellaematutinae.org\/wp-content\/uploads\/2024\/10\/Website-Large-300x169.jpg 300w, https:\/\/stellaematutinae.org\/wp-content\/uploads\/2024\/10\/Website-Large-768x432.jpg 768w, https:\/\/stellaematutinae.org\/wp-content\/uploads\/2024\/10\/Website-Large-1536x864.jpg 1536w, https:\/\/stellaematutinae.org\/wp-content\/uploads\/2024\/10\/Website-Large-2048x1152.jpg 2048w, https:\/\/stellaematutinae.org\/wp-content\/uploads\/2024\/10\/Website-Large-18x10.jpg 18w\" sizes=\"auto, (max-width: 1024px) 100vw, 1024px\" \/><\/figure>\n<\/div>\n<\/div>\n<\/div>\n\n\n\n<p><\/p>","protected":false},"excerpt":{"rendered":"<p>welcome! The harp in Feldkirch, Vorarlberg and Europe With an estimated 300 harpists of all levels and ages, Vorarlberg has an extraordinary density of harp-playing people and, with the Stella [&hellip;]<\/p>\n","protected":false},"author":1,"featured_media":0,"parent":0,"menu_order":0,"comment_status":"closed","ping_status":"closed","template":"","meta":{"_surecart_dashboard_logo_width":"180px","_surecart_dashboard_show_logo":true,"_surecart_dashboard_navigation_orders":true,"_surecart_dashboard_navigation_invoices":true,"_surecart_dashboard_navigation_subscriptions":true,"_surecart_dashboard_navigation_downloads":true,"_surecart_dashboard_navigation_billing":true,"_surecart_dashboard_navigation_account":true,"_uag_custom_page_level_css":"","site-sidebar-layout":"no-sidebar","site-content-layout":"page-builder","ast-site-content-layout":"full-width-container","site-content-style":"unboxed","site-sidebar-style":"default","ast-global-header-display":"","ast-banner-title-visibility":"","ast-main-header-display":"","ast-hfb-above-header-display":"","ast-hfb-below-header-display":"","ast-hfb-mobile-header-display":"","site-post-title":"disabled","ast-breadcrumbs-content":"","ast-featured-img":"disabled","footer-sml-layout":"","ast-disable-related-posts":"","theme-transparent-header-meta":"enabled","adv-header-id-meta":"","stick-header-meta":"","header-above-stick-meta":"","header-main-stick-meta":"","header-below-stick-meta":"","astra-migrate-meta-layouts":"set","ast-page-background-enabled":"default","ast-page-background-meta":{"desktop":{"background-color":"var(--ast-global-color-4)","background-image":"","background-repeat":"repeat","background-position":"center center","background-size":"auto","background-attachment":"scroll","background-type":"","background-media":"","overlay-type":"","overlay-color":"","overlay-opacity":"","overlay-gradient":""},"tablet":{"background-color":"","background-image":"","background-repeat":"repeat","background-position":"center center","background-size":"auto","background-attachment":"scroll","background-type":"","background-media":"","overlay-type":"","overlay-color":"","overlay-opacity":"","overlay-gradient":""},"mobile":{"background-color":"","background-image":"","background-repeat":"repeat","background-position":"center center","background-size":"auto","background-attachment":"scroll","background-type":"","background-media":"","overlay-type":"","overlay-color":"","overlay-opacity":"","overlay-gradient":""}},"ast-content-background-meta":{"desktop":{"background-color":"var(--ast-global-color-5)","background-image":"","background-repeat":"repeat","background-position":"center center","background-size":"auto","background-attachment":"scroll","background-type":"","background-media":"","overlay-type":"","overlay-color":"","overlay-opacity":"","overlay-gradient":""},"tablet":{"background-color":"var(--ast-global-color-5)","background-image":"","background-repeat":"repeat","background-position":"center center","background-size":"auto","background-attachment":"scroll","background-type":"","background-media":"","overlay-type":"","overlay-color":"","overlay-opacity":"","overlay-gradient":""},"mobile":{"background-color":"var(--ast-global-color-5)","background-image":"","background-repeat":"repeat","background-position":"center center","background-size":"auto","background-attachment":"scroll","background-type":"","background-media":"","overlay-type":"","overlay-color":"","overlay-opacity":"","overlay-gradient":""}},"footnotes":""},"class_list":["post-1324","page","type-page","status-publish","hentry"],"featured_image_src":null,"yoast_head":"<!-- This site is optimized with the Yoast SEO plugin v27.5 - https:\/\/yoast.com\/product\/yoast-seo-wordpress\/ -->\n<title>WELCOME! - Stellae Matutinae - European Harp Symposium<\/title>\n<meta name=\"description\" content=\"With an estimated 300 harpists of all levels and ages, Vorarlberg has an extraordinary density of harp-playing people and, with the Stella Private University of Music in Feldkirch, also offers a geographically very central and easily accessible place to attract harpists and enthusiasts from all over Europe.\" \/>\n<meta name=\"robots\" content=\"index, follow, max-snippet:-1, max-image-preview:large, max-video-preview:-1\" \/>\n<link rel=\"canonical\" href=\"https:\/\/stellaematutinae.org\/de\/about\/\" \/>\n<meta property=\"og:locale\" content=\"de_DE\" \/>\n<meta property=\"og:type\" content=\"article\" \/>\n<meta property=\"og:title\" content=\"WELCOME! - Stellae Matutinae - European Harp Symposium\" \/>\n<meta property=\"og:description\" content=\"With an estimated 300 harpists of all levels and ages, Vorarlberg has an extraordinary density of harp-playing people and, with the Stella Private University of Music in Feldkirch, also offers a geographically very central and easily accessible place to attract harpists and enthusiasts from all over Europe.\" \/>\n<meta property=\"og:url\" content=\"https:\/\/stellaematutinae.org\/de\/about\/\" \/>\n<meta property=\"og:site_name\" content=\"Stellae Matutinae - European Harp Symposium\" \/>\n<meta property=\"article:publisher\" content=\"https:\/\/www.facebook.com\/stellaematutinae\" \/>\n<meta property=\"article:modified_time\" content=\"2024-11-22T09:06:11+00:00\" \/>\n<meta property=\"og:image\" content=\"http:\/\/stellaematutinae.org\/wp-content\/uploads\/2024\/09\/building-3-scaled-1-1024x565.jpg\" \/>\n<meta name=\"twitter:card\" content=\"summary_large_image\" \/>\n<script type=\"application\/ld+json\" class=\"yoast-schema-graph\">{\"@context\":\"https:\\\/\\\/schema.org\",\"@graph\":[{\"@type\":\"WebPage\",\"@id\":\"https:\\\/\\\/stellaematutinae.org\\\/about\\\/\",\"url\":\"https:\\\/\\\/stellaematutinae.org\\\/about\\\/\",\"name\":\"WELCOME! - Stellae Matutinae - European Harp Symposium\",\"isPartOf\":{\"@id\":\"https:\\\/\\\/stellaematutinae.org\\\/#website\"},\"primaryImageOfPage\":{\"@id\":\"https:\\\/\\\/stellaematutinae.org\\\/about\\\/#primaryimage\"},\"image\":{\"@id\":\"https:\\\/\\\/stellaematutinae.org\\\/about\\\/#primaryimage\"},\"thumbnailUrl\":\"http:\\\/\\\/stellaematutinae.org\\\/wp-content\\\/uploads\\\/2024\\\/09\\\/building-3-scaled-1-1024x565.jpg\",\"datePublished\":\"2024-09-27T06:32:03+00:00\",\"dateModified\":\"2024-11-22T09:06:11+00:00\",\"description\":\"With an estimated 300 harpists of all levels and ages, Vorarlberg has an extraordinary density of harp-playing people and, with the Stella Private University of Music in Feldkirch, also offers a geographically very central and easily accessible place to attract harpists and enthusiasts from all over Europe.\",\"breadcrumb\":{\"@id\":\"https:\\\/\\\/stellaematutinae.org\\\/about\\\/#breadcrumb\"},\"inLanguage\":\"de\",\"potentialAction\":[{\"@type\":\"ReadAction\",\"target\":[\"https:\\\/\\\/stellaematutinae.org\\\/about\\\/\"]}]},{\"@type\":\"ImageObject\",\"inLanguage\":\"de\",\"@id\":\"https:\\\/\\\/stellaematutinae.org\\\/about\\\/#primaryimage\",\"url\":\"http:\\\/\\\/stellaematutinae.org\\\/wp-content\\\/uploads\\\/2024\\\/09\\\/building-3-scaled-1-1024x565.jpg\",\"contentUrl\":\"http:\\\/\\\/stellaematutinae.org\\\/wp-content\\\/uploads\\\/2024\\\/09\\\/building-3-scaled-1-1024x565.jpg\"},{\"@type\":\"BreadcrumbList\",\"@id\":\"https:\\\/\\\/stellaematutinae.org\\\/about\\\/#breadcrumb\",\"itemListElement\":[{\"@type\":\"ListItem\",\"position\":1,\"name\":\"Home\",\"item\":\"https:\\\/\\\/stellaematutinae.org\\\/\"},{\"@type\":\"ListItem\",\"position\":2,\"name\":\"WELCOME!\"}]},{\"@type\":\"WebSite\",\"@id\":\"https:\\\/\\\/stellaematutinae.org\\\/#website\",\"url\":\"https:\\\/\\\/stellaematutinae.org\\\/\",\"name\":\"Stellae Matutinae - European Harp Symposium\",\"description\":\"Folge den Sternen - Follow the Stars\",\"publisher\":{\"@id\":\"https:\\\/\\\/stellaematutinae.org\\\/#organization\"},\"alternateName\":\"European Harp Symposium 2025\",\"potentialAction\":[{\"@type\":\"SearchAction\",\"target\":{\"@type\":\"EntryPoint\",\"urlTemplate\":\"https:\\\/\\\/stellaematutinae.org\\\/?s={search_term_string}\"},\"query-input\":{\"@type\":\"PropertyValueSpecification\",\"valueRequired\":true,\"valueName\":\"search_term_string\"}}],\"inLanguage\":\"de\"},{\"@type\":\"Organization\",\"@id\":\"https:\\\/\\\/stellaematutinae.org\\\/#organization\",\"name\":\"Stellae Matutinae\",\"url\":\"https:\\\/\\\/stellaematutinae.org\\\/\",\"logo\":{\"@type\":\"ImageObject\",\"inLanguage\":\"de\",\"@id\":\"https:\\\/\\\/stellaematutinae.org\\\/#\\\/schema\\\/logo\\\/image\\\/\",\"url\":\"http:\\\/\\\/stellaematutinae.org\\\/wp-content\\\/uploads\\\/2024\\\/09\\\/cropped-nur-Stern.png\",\"contentUrl\":\"http:\\\/\\\/stellaematutinae.org\\\/wp-content\\\/uploads\\\/2024\\\/09\\\/cropped-nur-Stern.png\",\"width\":512,\"height\":512,\"caption\":\"Stellae Matutinae\"},\"image\":{\"@id\":\"https:\\\/\\\/stellaematutinae.org\\\/#\\\/schema\\\/logo\\\/image\\\/\"},\"sameAs\":[\"https:\\\/\\\/www.facebook.com\\\/stellaematutinae\",\"https:\\\/\\\/www.youtube.com\\\/@stellae_matutinae\",\"https:\\\/\\\/instagram.com\\\/stellaematutinae\"]}]}<\/script>\n<!-- \/ Yoast SEO plugin. -->","yoast_head_json":{"title":"WELCOME! - Stellae Matutinae - European Harp Symposium","description":"Vorarlberg hat mit sch\u00e4tzungsweise 300 Harfenist*innen aller Leistungsstufen und Altersklassen eine au\u00dfergew\u00f6hnliche Dichte an Harfe spielenden Menschen und bietet mit der Stella Privathochschule f\u00fcr Musik in Feldkirch zudem geographisch einen sehr zentralen und leicht zu erreichenden Ort um Harfenist*innen und Liebhaber*innen aus ganz Europa anzuziehen.","robots":{"index":"index","follow":"follow","max-snippet":"max-snippet:-1","max-image-preview":"max-image-preview:large","max-video-preview":"max-video-preview:-1"},"canonical":"https:\/\/stellaematutinae.org\/de\/about\/","og_locale":"de_DE","og_type":"article","og_title":"WELCOME! - Stellae Matutinae - European Harp Symposium","og_description":"With an estimated 300 harpists of all levels and ages, Vorarlberg has an extraordinary density of harp-playing people and, with the Stella Private University of Music in Feldkirch, also offers a geographically very central and easily accessible place to attract harpists and enthusiasts from all over Europe.","og_url":"https:\/\/stellaematutinae.org\/de\/about\/","og_site_name":"Stellae Matutinae - European Harp Symposium","article_publisher":"https:\/\/www.facebook.com\/stellaematutinae","article_modified_time":"2024-11-22T09:06:11+00:00","og_image":[{"url":"http:\/\/stellaematutinae.org\/wp-content\/uploads\/2024\/09\/building-3-scaled-1-1024x565.jpg","type":"","width":"","height":""}],"twitter_card":"summary_large_image","schema":{"@context":"https:\/\/schema.org","@graph":[{"@type":"WebPage","@id":"https:\/\/stellaematutinae.org\/about\/","url":"https:\/\/stellaematutinae.org\/about\/","name":"WELCOME! - Stellae Matutinae - European Harp Symposium","isPartOf":{"@id":"https:\/\/stellaematutinae.org\/#website"},"primaryImageOfPage":{"@id":"https:\/\/stellaematutinae.org\/about\/#primaryimage"},"image":{"@id":"https:\/\/stellaematutinae.org\/about\/#primaryimage"},"thumbnailUrl":"http:\/\/stellaematutinae.org\/wp-content\/uploads\/2024\/09\/building-3-scaled-1-1024x565.jpg","datePublished":"2024-09-27T06:32:03+00:00","dateModified":"2024-11-22T09:06:11+00:00","description":"Vorarlberg hat mit sch\u00e4tzungsweise 300 Harfenist*innen aller Leistungsstufen und Altersklassen eine au\u00dfergew\u00f6hnliche Dichte an Harfe spielenden Menschen und bietet mit der Stella Privathochschule f\u00fcr Musik in Feldkirch zudem geographisch einen sehr zentralen und leicht zu erreichenden Ort um Harfenist*innen und Liebhaber*innen aus ganz Europa anzuziehen.","breadcrumb":{"@id":"https:\/\/stellaematutinae.org\/about\/#breadcrumb"},"inLanguage":"de","potentialAction":[{"@type":"ReadAction","target":["https:\/\/stellaematutinae.org\/about\/"]}]},{"@type":"ImageObject","inLanguage":"de","@id":"https:\/\/stellaematutinae.org\/about\/#primaryimage","url":"http:\/\/stellaematutinae.org\/wp-content\/uploads\/2024\/09\/building-3-scaled-1-1024x565.jpg","contentUrl":"http:\/\/stellaematutinae.org\/wp-content\/uploads\/2024\/09\/building-3-scaled-1-1024x565.jpg"},{"@type":"BreadcrumbList","@id":"https:\/\/stellaematutinae.org\/about\/#breadcrumb","itemListElement":[{"@type":"ListItem","position":1,"name":"Home","item":"https:\/\/stellaematutinae.org\/"},{"@type":"ListItem","position":2,"name":"WELCOME!"}]},{"@type":"WebSite","@id":"https:\/\/stellaematutinae.org\/#website","url":"https:\/\/stellaematutinae.org\/","name":"Stellae Matutinae - European Harp Symposium","description":"Folge den Sternen - Follow the Stars","publisher":{"@id":"https:\/\/stellaematutinae.org\/#organization"},"alternateName":"European Harp Symposium 2025","potentialAction":[{"@type":"SearchAction","target":{"@type":"EntryPoint","urlTemplate":"https:\/\/stellaematutinae.org\/?s={search_term_string}"},"query-input":{"@type":"PropertyValueSpecification","valueRequired":true,"valueName":"search_term_string"}}],"inLanguage":"de"},{"@type":"Organization","@id":"https:\/\/stellaematutinae.org\/#organization","name":"Stellae Matutinae","url":"https:\/\/stellaematutinae.org\/","logo":{"@type":"ImageObject","inLanguage":"de","@id":"https:\/\/stellaematutinae.org\/#\/schema\/logo\/image\/","url":"http:\/\/stellaematutinae.org\/wp-content\/uploads\/2024\/09\/cropped-nur-Stern.png","contentUrl":"http:\/\/stellaematutinae.org\/wp-content\/uploads\/2024\/09\/cropped-nur-Stern.png","width":512,"height":512,"caption":"Stellae Matutinae"},"image":{"@id":"https:\/\/stellaematutinae.org\/#\/schema\/logo\/image\/"},"sameAs":["https:\/\/www.facebook.com\/stellaematutinae","https:\/\/www.youtube.com\/@stellae_matutinae","https:\/\/instagram.com\/stellaematutinae"]}]}},"uagb_featured_image_src":{"full":false,"thumbnail":false,"medium":false,"medium_large":false,"large":false,"1536x1536":false,"2048x2048":false,"trp-custom-language-flag":false,"tb-timeline-landscape":false,"tb-timeline-square":false},"uagb_author_info":{"display_name":"admin","author_link":"https:\/\/stellaematutinae.org\/de\/author\/admin\/"},"uagb_comment_info":0,"uagb_excerpt":"welcome! The harp in Feldkirch, Vorarlberg and Europe With an estimated 300 harpists of all levels and ages, Vorarlberg has an extraordinary density of harp-playing people and, with the Stella [&hellip;]","_links":{"self":[{"href":"https:\/\/stellaematutinae.org\/de\/wp-json\/wp\/v2\/pages\/1324","targetHints":{"allow":["GET"]}}],"collection":[{"href":"https:\/\/stellaematutinae.org\/de\/wp-json\/wp\/v2\/pages"}],"about":[{"href":"https:\/\/stellaematutinae.org\/de\/wp-json\/wp\/v2\/types\/page"}],"author":[{"embeddable":true,"href":"https:\/\/stellaematutinae.org\/de\/wp-json\/wp\/v2\/users\/1"}],"replies":[{"embeddable":true,"href":"https:\/\/stellaematutinae.org\/de\/wp-json\/wp\/v2\/comments?post=1324"}],"version-history":[{"count":17,"href":"https:\/\/stellaematutinae.org\/de\/wp-json\/wp\/v2\/pages\/1324\/revisions"}],"predecessor-version":[{"id":2919,"href":"https:\/\/stellaematutinae.org\/de\/wp-json\/wp\/v2\/pages\/1324\/revisions\/2919"}],"wp:attachment":[{"href":"https:\/\/stellaematutinae.org\/de\/wp-json\/wp\/v2\/media?parent=1324"}],"curies":[{"name":"wp","href":"https:\/\/api.w.org\/{rel}","templated":true}]}}